{"id":6945,"date":"2026-02-27T18:55:07","date_gmt":"2026-02-27T17:55:07","guid":{"rendered":"https:\/\/www.david-olkarny.com\/?page_id=6945"},"modified":"2026-03-22T23:21:13","modified_gmt":"2026-03-22T22:21:13","slug":"wedding","status":"publish","type":"page","link":"https:\/\/www.david-olkarny.com\/en\/wedding\/","title":{"rendered":"Wedding"},"content":{"rendered":"\t\t<div data-elementor-type=\"wp-page\" data-elementor-id=\"6945\" class=\"elementor elementor-6945\" data-elementor-post-type=\"page\">\n\t\t\t\t<div class=\"elementor-element elementor-element-5f0e1453 e-con-full e-flex elementor-invisible e-con e-parent\" data-id=\"5f0e1453\" data-element_type=\"container\" data-e-type=\"container\" data-settings=\"{&quot;animation&quot;:&quot;fadeIn&quot;}\">\n\t\t<div class=\"elementor-element elementor-element-5584177f e-con-full e-flex e-con e-child\" data-id=\"5584177f\" data-element_type=\"container\" data-e-type=\"container\">\n\t\t<div class=\"elementor-element elementor-element-15ee0646 e-con-full e-flex e-con e-child\" data-id=\"15ee0646\" data-element_type=\"container\" data-e-type=\"container\" id=\"desc-hero\">\n\t\t<div class=\"elementor-element elementor-element-200d5c1 e-con-full e-flex e-con e-child\" data-id=\"200d5c1\" data-element_type=\"container\" data-e-type=\"container\">\n\t\t\t\t<div class=\"elementor-element elementor-element-2ddc74b3 elementor-widget elementor-widget-heading\" data-id=\"2ddc74b3\" data-element_type=\"widget\" data-e-type=\"widget\" data-widget_type=\"heading.default\">\n\t\t\t\t<div class=\"elementor-widget-container\">\n\t\t\t\t\t<h6 class=\"elementor-heading-title elementor-size-default\">PORTFOLIO<\/h6>\t\t\t\t<\/div>\n\t\t\t\t<\/div>\n\t\t\t\t<div class=\"elementor-element elementor-element-16320092 elementor-widget elementor-widget-heading\" data-id=\"16320092\" data-element_type=\"widget\" data-e-type=\"widget\" data-widget_type=\"heading.default\">\n\t\t\t\t<div class=\"elementor-widget-container\">\n\t\t\t\t\t<h2 class=\"elementor-heading-title elementor-size-default\">Wedding\n<span class=\"highlighted\">Photographer<\/span><\/h2>\t\t\t\t<\/div>\n\t\t\t\t<\/div>\n\t\t\t\t<div class=\"elementor-element elementor-element-3190f224 elementor-widget elementor-widget-text-editor\" data-id=\"3190f224\" data-element_type=\"widget\" data-e-type=\"widget\" data-widget_type=\"text-editor.default\">\n\t\t\t\t<div class=\"elementor-widget-container\">\n\t\t\t\t\t\t\t\t\t<p>Your wedding deserves memories that reflect the significance of your story.<\/p>\t\t\t\t\t\t\t\t<\/div>\n\t\t\t\t<\/div>\n\t\t\t\t<\/div>\n\t\t\t\t<\/div>\n\t\t\t\t<\/div>\n\t\t<div class=\"elementor-element elementor-element-6cae7a6c e-con-full aspect-four e-flex e-con e-child\" data-id=\"6cae7a6c\" data-element_type=\"container\" data-e-type=\"container\" data-settings=\"{&quot;background_background&quot;:&quot;classic&quot;}\">\n\t\t\t\t<\/div>\n\t\t\t\t<\/div>\n\t\t<div class=\"elementor-element elementor-element-6241a3b3 e-con-full e-flex e-con e-parent\" data-id=\"6241a3b3\" data-element_type=\"container\" data-e-type=\"container\">\n\t\t<div class=\"elementor-element elementor-element-23f10616 e-con-full e-flex e-con e-child\" data-id=\"23f10616\" data-element_type=\"container\" data-e-type=\"container\">\n\t\t<div class=\"elementor-element elementor-element-621014e5 e-con-full e-flex e-con e-child\" data-id=\"621014e5\" data-element_type=\"container\" data-e-type=\"container\">\n\t\t<div class=\"elementor-element elementor-element-60847239 e-con-full e-flex elementor-invisible e-con e-child\" data-id=\"60847239\" data-element_type=\"container\" data-e-type=\"container\" data-settings=\"{&quot;animation&quot;:&quot;fadeInUp&quot;}\">\n\t\t\t\t<div class=\"elementor-element elementor-element-5fd7f82 elementor-widget elementor-widget-heading\" data-id=\"5fd7f82\" data-element_type=\"widget\" data-e-type=\"widget\" data-widget_type=\"heading.default\">\n\t\t\t\t<div class=\"elementor-widget-container\">\n\t\t\t\t\t<h4 class=\"elementor-heading-title elementor-size-default\">My values<\/h4>\t\t\t\t<\/div>\n\t\t\t\t<\/div>\n\t\t\t\t<\/div>\n\t\t\t\t<\/div>\n\t\t<div class=\"elementor-element elementor-element-293c3128 e-con-full e-flex e-con e-child\" data-id=\"293c3128\" data-element_type=\"container\" data-e-type=\"container\">\n\t\t\t\t<div class=\"elementor-element elementor-element-3659e741 elementor-widget elementor-widget-text-editor\" data-id=\"3659e741\" data-element_type=\"widget\" data-e-type=\"widget\" data-widget_type=\"text-editor.default\">\n\t\t\t\t<div class=\"elementor-widget-container\">\n\t\t\t\t\t\t\t\t\t<p>Attentive and caring, what drives me is telling your story through my images. As a wedding photographer in Brussels, I know how to blend into the background and make you feel comfortable, capturing stolen moments, spontaneity, and authenticity.<\/p><p>The photographs of this very special day should reflect your union and capture the intense emotions shared during this precious time. After discussing your desires, I will propose personalized setups that best convey the atmosphere of your wedding. The result will be natural, beautiful, and unique.<\/p>\t\t\t\t\t\t\t\t<\/div>\n\t\t\t\t<\/div>\n\t\t\t\t<\/div>\n\t\t\t\t<\/div>\n\t\t<div class=\"elementor-element elementor-element-7d71b983 e-con-full e-flex elementor-invisible e-con e-child\" data-id=\"7d71b983\" data-element_type=\"container\" data-e-type=\"container\" data-settings=\"{&quot;animation&quot;:&quot;fadeInUp&quot;}\">\n\t\t<div class=\"elementor-element elementor-element-1d0b1bbe e-con-full e-flex e-con e-child\" data-id=\"1d0b1bbe\" data-element_type=\"container\" data-e-type=\"container\">\n\t\t<div class=\"elementor-element elementor-element-15d69253 e-con-full e-flex e-con e-child\" data-id=\"15d69253\" data-element_type=\"container\" data-e-type=\"container\">\n\t\t\t\t<div class=\"elementor-element elementor-element-3b403199 elementor-widget elementor-widget-heading\" data-id=\"3b403199\" data-element_type=\"widget\" data-e-type=\"widget\" data-widget_type=\"heading.default\">\n\t\t\t\t<div class=\"elementor-widget-container\">\n\t\t\t\t\t<h4 class=\"elementor-heading-title elementor-size-default\">What does \nmy service include?<\/h4>\t\t\t\t<\/div>\n\t\t\t\t<\/div>\n\t\t\t\t<\/div>\n\t\t\t\t<\/div>\n\t\t<div class=\"elementor-element elementor-element-6a2751d8 e-con-full e-flex e-con e-child\" data-id=\"6a2751d8\" data-element_type=\"container\" data-e-type=\"container\">\n\t\t\t\t<div class=\"elementor-element elementor-element-6e0c397e elementor-icon-list--layout-traditional elementor-list-item-link-full_width elementor-widget elementor-widget-icon-list\" data-id=\"6e0c397e\" data-element_type=\"widget\" data-e-type=\"widget\" data-widget_type=\"icon-list.default\">\n\t\t\t\t<div class=\"elementor-widget-container\">\n\t\t\t\t\t\t\t<ul class=\"elementor-icon-list-items\">\n\t\t\t\t\t\t\t<li class=\"elementor-icon-list-item\">\n\t\t\t\t\t\t\t\t\t\t\t<span class=\"elementor-icon-list-icon\">\n\t\t\t\t\t\t\t<i aria-hidden=\"true\" class=\"fas fa-play\"><\/i>\t\t\t\t\t\t<\/span>\n\t\t\t\t\t\t\t\t\t\t<span class=\"elementor-icon-list-text\">My presence on-site on the big day: from the preparations (starting at 9 a.m.) until midnight.<\/span>\n\t\t\t\t\t\t\t\t\t<\/li>\n\t\t\t\t\t\t\t\t<li class=\"elementor-icon-list-item\">\n\t\t\t\t\t\t\t\t\t\t\t<span class=\"elementor-icon-list-icon\">\n\t\t\t\t\t\t\t<i aria-hidden=\"true\" class=\"fas fa-play\"><\/i>\t\t\t\t\t\t<\/span>\n\t\t\t\t\t\t\t\t\t\t<span class=\"elementor-icon-list-text\">1000 to 1400 professionally retouched photos in high definition.<\/span>\n\t\t\t\t\t\t\t\t\t<\/li>\n\t\t\t\t\t\t\t\t<li class=\"elementor-icon-list-item\">\n\t\t\t\t\t\t\t\t\t\t\t<span class=\"elementor-icon-list-icon\">\n\t\t\t\t\t\t\t<i aria-hidden=\"true\" class=\"fas fa-play\"><\/i>\t\t\t\t\t\t<\/span>\n\t\t\t\t\t\t\t\t\t\t<span class=\"elementor-icon-list-text\">A love session for the soon-to-be-married couple: a personalized setup to discuss together.<\/span>\n\t\t\t\t\t\t\t\t\t<\/li>\n\t\t\t\t\t\t\t\t<li class=\"elementor-icon-list-item\">\n\t\t\t\t\t\t\t\t\t\t\t<span class=\"elementor-icon-list-icon\">\n\t\t\t\t\t\t\t<i aria-hidden=\"true\" class=\"fas fa-play\"><\/i>\t\t\t\t\t\t<\/span>\n\t\t\t\t\t\t\t\t\t\t<span class=\"elementor-icon-list-text\">A beautiful website with your name, showcasing all the HD photos.<\/span>\n\t\t\t\t\t\t\t\t\t<\/li>\n\t\t\t\t\t\t\t\t<li class=\"elementor-icon-list-item\">\n\t\t\t\t\t\t\t\t\t\t\t<span class=\"elementor-icon-list-icon\">\n\t\t\t\t\t\t\t<i aria-hidden=\"true\" class=\"fas fa-play\"><\/i>\t\t\t\t\t\t<\/span>\n\t\t\t\t\t\t\t\t\t\t<span class=\"elementor-icon-list-text\">Conservation des photos sur mon serveur d\u2019une dur\u00e9e illimit\u00e9e.<\/span>\n\t\t\t\t\t\t\t\t\t<\/li>\n\t\t\t\t\t\t\t\t<li class=\"elementor-icon-list-item\">\n\t\t\t\t\t\t\t\t\t\t\t<span class=\"elementor-icon-list-icon\">\n\t\t\t\t\t\t\t<i aria-hidden=\"true\" class=\"fas fa-play\"><\/i>\t\t\t\t\t\t<\/span>\n\t\t\t\t\t\t\t\t\t\t<span class=\"elementor-icon-list-text\">My guidance throughout the day \u2013 I\u2019m familiar with all the wedding details and will guide you throughout the day.<\/span>\n\t\t\t\t\t\t\t\t\t<\/li>\n\t\t\t\t\t\t\t\t<li class=\"elementor-icon-list-item\">\n\t\t\t\t\t\t\t\t\t\t\t<span class=\"elementor-icon-list-icon\">\n\t\t\t\t\t\t\t<i aria-hidden=\"true\" class=\"fas fa-play\"><\/i>\t\t\t\t\t\t<\/span>\n\t\t\t\t\t\t\t\t\t\t<span class=\"elementor-icon-list-text\">My best smile and positive energy during our collaboration.<\/span>\n\t\t\t\t\t\t\t\t\t<\/li>\n\t\t\t\t\t\t<\/ul>\n\t\t\t\t\t\t<\/div>\n\t\t\t\t<\/div>\n\t\t\t\t<\/div>\n\t\t\t\t<\/div>\n\t\t<div class=\"elementor-element elementor-element-3f06dfc9 e-con-full e-flex elementor-invisible e-con e-child\" data-id=\"3f06dfc9\" data-element_type=\"container\" data-e-type=\"container\" data-settings=\"{&quot;animation&quot;:&quot;fadeInUp&quot;}\">\n\t\t<div class=\"elementor-element elementor-element-7ef13993 e-con-full e-flex e-con e-child\" data-id=\"7ef13993\" data-element_type=\"container\" data-e-type=\"container\">\n\t\t<div class=\"elementor-element elementor-element-6233ed3d e-con-full e-flex e-con e-child\" data-id=\"6233ed3d\" data-element_type=\"container\" data-e-type=\"container\">\n\t\t\t\t<div class=\"elementor-element elementor-element-6a883ee3 elementor-widget elementor-widget-heading\" data-id=\"6a883ee3\" data-element_type=\"widget\" data-e-type=\"widget\" data-widget_type=\"heading.default\">\n\t\t\t\t<div class=\"elementor-widget-container\">\n\t\t\t\t\t<h4 class=\"elementor-heading-title elementor-size-default\">Do you want \na photo album?<\/h4>\t\t\t\t<\/div>\n\t\t\t\t<\/div>\n\t\t\t\t<\/div>\n\t\t\t\t<\/div>\n\t\t<div class=\"elementor-element elementor-element-32c2bd2c e-con-full e-flex e-con e-child\" data-id=\"32c2bd2c\" data-element_type=\"container\" data-e-type=\"container\">\n\t\t\t\t<div class=\"elementor-element elementor-element-33f07b68 elementor-widget elementor-widget-text-editor\" data-id=\"33f07b68\" data-element_type=\"widget\" data-e-type=\"widget\" data-widget_type=\"text-editor.default\">\n\t\t\t\t<div class=\"elementor-widget-container\">\n\t\t\t\t\t\t\t\t\t<p>Just like your tastes, each project is unique. The price of an album ranges between <strong>\u20ac200 and \u20ac500<\/strong>, depending on your choices and expectations.<\/p><p>I favor a personalized approach rather than rigid \u201call- inclusive packages,\u201d which are often inflexible and not suited to your needs.<\/p>\t\t\t\t\t\t\t\t<\/div>\n\t\t\t\t<\/div>\n\t\t\t\t<\/div>\n\t\t\t\t<\/div>\n\t\t<div class=\"elementor-element elementor-element-4df70a5c e-con-full e-flex elementor-invisible e-con e-child\" data-id=\"4df70a5c\" data-element_type=\"container\" data-e-type=\"container\" data-settings=\"{&quot;animation&quot;:&quot;fadeInUp&quot;}\">\n\t\t<div class=\"elementor-element elementor-element-4f975de7 e-con-full e-flex e-con e-child\" data-id=\"4f975de7\" data-element_type=\"container\" data-e-type=\"container\">\n\t\t<div class=\"elementor-element elementor-element-74fec24 e-con-full e-flex e-con e-child\" data-id=\"74fec24\" data-element_type=\"container\" data-e-type=\"container\">\n\t\t\t\t<div class=\"elementor-element elementor-element-6698483d elementor-widget elementor-widget-heading\" data-id=\"6698483d\" data-element_type=\"widget\" data-e-type=\"widget\" data-widget_type=\"heading.default\">\n\t\t\t\t<div class=\"elementor-widget-container\">\n\t\t\t\t\t<h4 class=\"elementor-heading-title elementor-size-default\">Where do I travel?<\/h4>\t\t\t\t<\/div>\n\t\t\t\t<\/div>\n\t\t\t\t<\/div>\n\t\t\t\t<\/div>\n\t\t<div class=\"elementor-element elementor-element-7f6f4a71 e-con-full e-flex e-con e-child\" data-id=\"7f6f4a71\" data-element_type=\"container\" data-e-type=\"container\">\n\t\t\t\t<div class=\"elementor-element elementor-element-42b2114b elementor-widget elementor-widget-text-editor\" data-id=\"42b2114b\" data-element_type=\"widget\" data-e-type=\"widget\" data-widget_type=\"text-editor.default\">\n\t\t\t\t<div class=\"elementor-widget-container\">\n\t\t\t\t\t\t\t\t\t<p>I am available to accompany you anywhere in the world.<br \/>Travel expenses are the responsibility of the couple, and my service is fully personalized to meet your needs.<\/p><p>How much does a wedding photographer cost? My services start at <strong>\u20ac2000 VAT included<\/strong>. This price may vary depending on the scope of the reportage.<\/p><p>How do I book a photo session? Vous souhaitez que j\u2019immortalise votre mariage ? <a href=\"https:\/\/www.david-olkarny.com\/en\/contact\/\"><span style=\"text-decoration: underline;\">Contactez-moi<\/span><\/a>, j\u2019ai h\u00e2te de discuter avec vous.<\/p>\t\t\t\t\t\t\t\t<\/div>\n\t\t\t\t<\/div>\n\t\t\t\t<\/div>\n\t\t\t\t<\/div>\n\t\t<div class=\"elementor-element elementor-element-6b37aaac e-con-full e-flex elementor-invisible e-con e-child\" data-id=\"6b37aaac\" data-element_type=\"container\" data-e-type=\"container\" data-settings=\"{&quot;animation&quot;:&quot;fadeInUp&quot;}\">\n\t\t\t\t<div class=\"elementor-element elementor-element-304f189e elementor-widget elementor-widget-rhye-widget-button\" data-id=\"304f189e\" data-element_type=\"widget\" data-e-type=\"widget\" data-widget_type=\"rhye-widget-button.default\">\n\t\t\t\t<div class=\"elementor-widget-container\">\n\t\t\t\t\t\n\t\t\t\t\t<div class=\"section section-content\" data-arts-os-animation=\"true\">\n\t\t\t\t<div class=\"section-content__button\">\n\t\t\t\t\t<a class=\"elementor-button-link button button_bordered bg-dark-1\" href=\"https:\/\/www.david-olkarny.com\/contact\" data-hover=\"BOOK NOW\">\n\t\t\t\t\t\t<span class=\"button__label-hover\">BOOK NOW<\/span>\n\t\t\t\t\t<\/a>\n\t\t\t\t<\/div>\n\t\t\t<\/div>\n\t\t\n\t\t\t\t\t\t<\/div>\n\t\t\t\t<\/div>\n\t\t\t\t<\/div>\n\t\t\t\t<\/div>\n\t\t<div class=\"elementor-element elementor-element-1a8492cb e-flex e-con-boxed e-con e-parent\" data-id=\"1a8492cb\" data-element_type=\"container\" data-e-type=\"container\" data-settings=\"{&quot;background_background&quot;:&quot;classic&quot;}\">\n\t\t\t\t\t<div class=\"e-con-inner\">\n\t\t<div class=\"elementor-element elementor-element-1b80d2de e-con-full e-flex e-con e-child\" data-id=\"1b80d2de\" data-element_type=\"container\" data-e-type=\"container\">\n\t\t<div class=\"elementor-element elementor-element-fc1115d e-con-full e-flex elementor-invisible e-con e-child\" data-id=\"fc1115d\" data-element_type=\"container\" data-e-type=\"container\" data-settings=\"{&quot;animation&quot;:&quot;fadeIn&quot;}\">\n\t\t\t\t<div class=\"elementor-element elementor-element-33c9b189 elementor-widget elementor-widget-image\" data-id=\"33c9b189\" data-element_type=\"widget\" data-e-type=\"widget\" data-widget_type=\"image.default\">\n\t\t\t\t<div class=\"elementor-widget-container\">\n\t\t\t\t\t\t\t\t\t\t\t\t\t\t\t<img fetchpriority=\"high\" decoding=\"async\" width=\"800\" height=\"1200\" src=\"https:\/\/www.david-olkarny.com\/wp-content\/uploads\/2026\/02\/photographe-mariage-belgique-couple--800x1200.jpg\" class=\"attachment-large size-large wp-image-6696\" alt=\"\" srcset=\"https:\/\/www.david-olkarny.com\/wp-content\/uploads\/2026\/02\/photographe-mariage-belgique-couple--800x1200.jpg 800w, https:\/\/www.david-olkarny.com\/wp-content\/uploads\/2026\/02\/photographe-mariage-belgique-couple--333x500.jpg 333w, https:\/\/www.david-olkarny.com\/wp-content\/uploads\/2026\/02\/photographe-mariage-belgique-couple--768x1152.jpg 768w, https:\/\/www.david-olkarny.com\/wp-content\/uploads\/2026\/02\/photographe-mariage-belgique-couple--1024x1536.jpg 1024w, https:\/\/www.david-olkarny.com\/wp-content\/uploads\/2026\/02\/photographe-mariage-belgique-couple--600x900.jpg 600w, https:\/\/www.david-olkarny.com\/wp-content\/uploads\/2026\/02\/photographe-mariage-belgique-couple-.jpg 1067w\" sizes=\"(max-width: 800px) 100vw, 800px\" \/>\t\t\t\t\t\t\t\t\t\t\t\t\t\t\t<\/div>\n\t\t\t\t<\/div>\n\t\t\t\t<\/div>\n\t\t<div class=\"elementor-element elementor-element-431eeebd e-con-full e-flex elementor-invisible e-con e-child\" data-id=\"431eeebd\" data-element_type=\"container\" data-e-type=\"container\" data-settings=\"{&quot;animation&quot;:&quot;fadeIn&quot;}\">\n\t\t\t\t<div class=\"elementor-element elementor-element-7fb1e47f elementor-widget elementor-widget-heading\" data-id=\"7fb1e47f\" data-element_type=\"widget\" data-e-type=\"widget\" data-widget_type=\"heading.default\">\n\t\t\t\t<div class=\"elementor-widget-container\">\n\t\t\t\t\t<h6 class=\"elementor-heading-title elementor-size-default\">FREQUENTLY ASKED QUESTIONS<\/h6>\t\t\t\t<\/div>\n\t\t\t\t<\/div>\n\t\t\t\t<div class=\"elementor-element elementor-element-2fa78207 elementor-widget__width-inherit elementor-widget elementor-widget-toggle\" data-id=\"2fa78207\" data-element_type=\"widget\" data-e-type=\"widget\" data-widget_type=\"toggle.default\">\n\t\t\t\t<div class=\"elementor-widget-container\">\n\t\t\t\t\t\t\t<div class=\"elementor-toggle\">\n\t\t\t\t\t\t\t<div class=\"elementor-toggle-item\">\n\t\t\t\t\t<div id=\"elementor-tab-title-7991\" class=\"elementor-tab-title\" data-tab=\"1\" role=\"button\" aria-controls=\"elementor-tab-content-7991\" aria-expanded=\"false\">\n\t\t\t\t\t\t\t\t\t\t\t\t<a class=\"elementor-toggle-title\" tabindex=\"0\">Can we customize our wedding photo package?<\/a>\n\t\t\t\t\t<\/div>\n\n\t\t\t\t\t<div id=\"elementor-tab-content-7991\" class=\"elementor-tab-content elementor-clearfix\" data-tab=\"1\" role=\"region\" aria-labelledby=\"elementor-tab-title-7991\"><p>Yes, I offer flexible packages that can be tailored to your specific needs. Whether you\u2019re looking for extended coverage, photo albums, or an additional session, I\u2019m happy to adapt to your preferences so you get exactly what you\u2019re looking for.<\/p><\/div>\n\t\t\t\t<\/div>\n\t\t\t\t\t\t\t<div class=\"elementor-toggle-item\">\n\t\t\t\t\t<div id=\"elementor-tab-title-7992\" class=\"elementor-tab-title\" data-tab=\"2\" role=\"button\" aria-controls=\"elementor-tab-content-7992\" aria-expanded=\"false\">\n\t\t\t\t\t\t\t\t\t\t\t\t<a class=\"elementor-toggle-title\" tabindex=\"0\">Can you join s for photo session before or after the wedding?<\/a>\n\t\t\t\t\t<\/div>\n\n\t\t\t\t\t<div id=\"elementor-tab-content-7992\" class=\"elementor-tab-content elementor-clearfix\" data-tab=\"2\" role=\"region\" aria-labelledby=\"elementor-tab-title-7992\"><p>Absolutely! I offer engagement sessions as well as pre- or post-wedding shoots to capture intimate and relaxed moments. These sessions are also a great way to get comfortable in front of the camera before your big day.<\/p><\/div>\n\t\t\t\t<\/div>\n\t\t\t\t\t\t\t<div class=\"elementor-toggle-item\">\n\t\t\t\t\t<div id=\"elementor-tab-title-7993\" class=\"elementor-tab-title\" data-tab=\"3\" role=\"button\" aria-controls=\"elementor-tab-content-7993\" aria-expanded=\"false\">\n\t\t\t\t\t\t\t\t\t\t\t\t<a class=\"elementor-toggle-title\" tabindex=\"0\">What if the weather isn\u2019t ideal on the wedding day?<\/a>\n\t\t\t\t\t<\/div>\n\n\t\t\t\t\t<div id=\"elementor-tab-content-7993\" class=\"elementor-tab-content elementor-clearfix\" data-tab=\"3\" role=\"region\" aria-labelledby=\"elementor-tab-title-7993\"><p>No worries! Even if the weather doesn\u2019t cooperate, I\u2019m experienced in shooting in all conditions. I can adapt by arranging indoor photos or using creative accessories, like umbrellas or light effects, to bring some magic to the shots. The most important thing is that you feel happy and at ease, rain or shine. As a Belgian, I\u2019m well-versed in unpredictable weather!<\/p><\/div>\n\t\t\t\t<\/div>\n\t\t\t\t\t\t\t<div class=\"elementor-toggle-item\">\n\t\t\t\t\t<div id=\"elementor-tab-title-7994\" class=\"elementor-tab-title\" data-tab=\"4\" role=\"button\" aria-controls=\"elementor-tab-content-7994\" aria-expanded=\"false\">\n\t\t\t\t\t\t\t\t\t\t\t\t<a class=\"elementor-toggle-title\" tabindex=\"0\">What style of photos do you offer for a wedding?<\/a>\n\t\t\t\t\t<\/div>\n\n\t\t\t\t\t<div id=\"elementor-tab-content-7994\" class=\"elementor-tab-content elementor-clearfix\" data-tab=\"4\" role=\"region\" aria-labelledby=\"elementor-tab-title-7994\"><p>My approach combines documentary and artistic styles. I focus on capturing spontaneous, emotional moments while adding creative and elegant touches for portraits and group photos. Every image tells a story, blending natural moments, laughter, and tenderness.<\/p><\/div>\n\t\t\t\t<\/div>\n\t\t\t\t\t\t\t<div class=\"elementor-toggle-item\">\n\t\t\t\t\t<div id=\"elementor-tab-title-7995\" class=\"elementor-tab-title\" data-tab=\"5\" role=\"button\" aria-controls=\"elementor-tab-content-7995\" aria-expanded=\"false\">\n\t\t\t\t\t\t\t\t\t\t\t\t<a class=\"elementor-toggle-title\" tabindex=\"0\">Do we need to worry about posing during a  wedding photo session?<\/a>\n\t\t\t\t\t<\/div>\n\n\t\t\t\t\t<div id=\"elementor-tab-content-7995\" class=\"elementor-tab-content elementor-clearfix\" data-tab=\"5\" role=\"region\" aria-labelledby=\"elementor-tab-title-7995\"><p>Not at all! I prefer capturing natural and authentic moments. During the session, I\u2019ll gently guide you while encouraging you to be yourselves, so the photos reflect the love and connection you share. Spontaneous moments often result in the most beautiful images.<\/p><\/div>\n\t\t\t\t<\/div>\n\t\t\t\t\t\t\t<div class=\"elementor-toggle-item\">\n\t\t\t\t\t<div id=\"elementor-tab-title-7996\" class=\"elementor-tab-title\" data-tab=\"6\" role=\"button\" aria-controls=\"elementor-tab-content-7996\" aria-expanded=\"false\">\n\t\t\t\t\t\t\t\t\t\t\t\t<a class=\"elementor-toggle-title\" tabindex=\"0\">How much does a wedding photographer cost?<\/a>\n\t\t\t\t\t<\/div>\n\n\t\t\t\t\t<div id=\"elementor-tab-content-7996\" class=\"elementor-tab-content elementor-clearfix\" data-tab=\"6\" role=\"region\" aria-labelledby=\"elementor-tab-title-7996\"><p>My services start at \u20ac2000 (VAT included), and the price may vary depending on the coverage and package.<\/p><\/div>\n\t\t\t\t<\/div>\n\t\t\t\t\t\t\t<div class=\"elementor-toggle-item\">\n\t\t\t\t\t<div id=\"elementor-tab-title-7997\" class=\"elementor-tab-title\" data-tab=\"7\" role=\"button\" aria-controls=\"elementor-tab-content-7997\" aria-expanded=\"false\">\n\t\t\t\t\t\t\t\t\t\t\t\t<a class=\"elementor-toggle-title\" tabindex=\"0\">Proposez-vous \u00e9galement un service de vid\u00e9aste  en plus de la photo ?<\/a>\n\t\t\t\t\t<\/div>\n\n\t\t\t\t\t<div id=\"elementor-tab-content-7997\" class=\"elementor-tab-content elementor-clearfix\" data-tab=\"7\" role=\"region\" aria-labelledby=\"elementor-tab-title-7997\"><p>Oui ! La vid\u00e9o est assur\u00e9e par mon fid\u00e8le acolyte, qui travaille en mon nom. On arrive ensemble, on repart ensemble, avec drone et good vibes inclus. Voici le\u00a0<strong><a href=\"https:\/\/www.david-olkarny.com\/en\/wedding-videos\/\">portfolio video<\/a>.<\/strong><\/p><\/div>\n\t\t\t\t<\/div>\n\t\t\t\t\t\t\t<div class=\"elementor-toggle-item\">\n\t\t\t\t\t<div id=\"elementor-tab-title-7998\" class=\"elementor-tab-title\" data-tab=\"8\" role=\"button\" aria-controls=\"elementor-tab-content-7998\" aria-expanded=\"false\">\n\t\t\t\t\t\t\t\t\t\t\t\t<a class=\"elementor-toggle-title\" tabindex=\"0\">How do we book a photographer for our wedding?<\/a>\n\t\t\t\t\t<\/div>\n\n\t\t\t\t\t<div id=\"elementor-tab-content-7998\" class=\"elementor-tab-content elementor-clearfix\" data-tab=\"8\" role=\"region\" aria-labelledby=\"elementor-tab-title-7998\"><p>Whether it\u2019s for your wedding or an engagement session, I\u2019m here with a touch of creativity to bring your vision to life. Feel free to reach out via email for more details. I look forward to hearing from you and meeting you.<\/p><\/div>\n\t\t\t\t<\/div>\n\t\t\t\t\t\t\t\t<\/div>\n\t\t\t\t\t\t<\/div>\n\t\t\t\t<\/div>\n\t\t\t\t<\/div>\n\t\t\t\t<\/div>\n\t\t\t\t\t<\/div>\n\t\t\t\t<\/div>\n\t\t<div class=\"elementor-element elementor-element-233717f3 e-flex e-con-boxed e-con e-parent\" data-id=\"233717f3\" data-element_type=\"container\" data-e-type=\"container\">\n\t\t\t\t\t<div class=\"e-con-inner\">\n\t\t<div class=\"elementor-element elementor-element-13b9d6c8 e-con-full e-flex e-con e-child\" data-id=\"13b9d6c8\" data-element_type=\"container\" data-e-type=\"container\">\n\t\t\t\t<div class=\"elementor-element elementor-element-1768bfe1 elementor-widget elementor-widget-rhye-widget-masonry-grid\" data-id=\"1768bfe1\" data-element_type=\"widget\" data-e-type=\"widget\" data-settings=\"{&quot;columns&quot;:4,&quot;columns_tablet&quot;:6,&quot;columns_mobile&quot;:12}\" data-widget_type=\"rhye-widget-masonry-grid.default\">\n\t\t\t\t<div class=\"elementor-widget-container\">\n\t\t\t\t\t\n\t\t\t\t\t<div class=\"section section-grid\" data-grid-columns=\"3\" data-grid-columns-tablet=\"2\" data-grid-columns-mobile=\"1\" data-arts-os-animation=\"true\">\n\t\t\t\t<div class=\"grid js-grid grid_fancy js-gallery\">\n\t\t\t\t\t<div class=\"grid__sizer js-grid__sizer grid__item_desktop-4 grid__item_tablet-6 grid__item_mobile-12\"><\/div>\n\t\t\t\t\t\t\t\t\t\t\t\t\t\t\t\t\t\t\t\t<div class=\"grid__item js-grid__item grid__item_desktop-4 grid__item_tablet-6 grid__item_mobile-12 \">\n\t\t\t\t\t\t\t\t\t\t\t\t\t\t\t\t<div class=\"section-grid__item\">\n\t\t\t\t\t\t\t\t\t<a data-arts-cursor=\"true\" data-arts-cursor-scale=\"1.6\" data-arts-cursor-hide-native=\"true\" data-arts-cursor-icon=\"material-icons add\" class=\"hover-zoom grid__item-link\" href=\"https:\/\/www.david-olkarny.com\/wp-content\/uploads\/2026\/02\/photographe-mariage-belgique-robe-nature-fleur-couple.jpg\" data-size=\"1280x1600\" data-elementor-open-lightbox=\"no\">\n\t\t\t\t\t\t\t\t\t\t<div class=\"hover-zoom__inner\">\n\t\t\t\t\t\t\t\t\t\t\t<div class=\"hover-zoom__zoom\">\n\t\t\t\t\t\t\t\t\t\t\t\t\t\t\t\t\t<div class=\"section section-image figure-image\" data-arts-parallax=true data-arts-parallax-factor=0.1>\n\t\t\t\t\t\t\t\t\t\t\t\t\t\t<div class=\"section-image__wrapper overflow mask-reveal lazy\"  style=\"padding-bottom: calc( (1600 \/ 1280) * 100% ); height: 0;\">\n\t\t\t\t\t\t\t\t\t\t\t\t\t<div class=\"mask-reveal__layer mask-reveal__layer-1\">\n\t\t\t\t\t\t<div class=\"mask-reveal__layer mask-reveal__layer-2\">\n\t\t\t\t\t\t\t\t\t\t\t\t\t\t\t\t\t\t<img decoding=\"async\" class=\"\" src=\"data:image\/png;base64,iVBORw0KGgoAAAANSUhEUgAAAAEAAAABCAQAAAHCGzyUAAAABGdBTUEAALGPC\/xhBQAAADhlWElmTU0AKgAAAAgAAYdpAAQAAAABAAAAGgAAAAAAAqACAAQAAAABAAAAAaADAAQAAAABAAAAAQAAAADa6r\/EAAAAC0lEQVQI12NolQQAASYAn89qhTcAAAAASUVORK5CYII=\" data-id=\"6716\" data-src=\"https:\/\/www.david-olkarny.com\/wp-content\/uploads\/2026\/02\/photographe-mariage-belgique-robe-nature-fleur-couple.jpg\" width=\"1280\" height=\"1600\"  data-srcset=\"https:\/\/www.david-olkarny.com\/wp-content\/uploads\/2026\/02\/photographe-mariage-belgique-robe-nature-fleur-couple.jpg 1280w, https:\/\/www.david-olkarny.com\/wp-content\/uploads\/2026\/02\/photographe-mariage-belgique-robe-nature-fleur-couple-400x500.jpg 400w, https:\/\/www.david-olkarny.com\/wp-content\/uploads\/2026\/02\/photographe-mariage-belgique-robe-nature-fleur-couple-960x1200.jpg 960w, https:\/\/www.david-olkarny.com\/wp-content\/uploads\/2026\/02\/photographe-mariage-belgique-robe-nature-fleur-couple-768x960.jpg 768w, https:\/\/www.david-olkarny.com\/wp-content\/uploads\/2026\/02\/photographe-mariage-belgique-robe-nature-fleur-couple-1229x1536.jpg 1229w, https:\/\/www.david-olkarny.com\/wp-content\/uploads\/2026\/02\/photographe-mariage-belgique-robe-nature-fleur-couple-600x750.jpg 600w\"   data-sizes=\"(max-width: 1280px) 100vw, 1280px\"  alt=\"\"\/>\n\t\t\t\t\t\t\t\t\t\t\t\t\t\t\t\t\t\t\t\t\t\t\t\t\t\t\t\t\t\t\t\t\t\t<\/div>\n\t\t\t\t\t<\/div>\n\t\t\t\t\t\t\t\t<\/div>\n\t\t\t\t\t\t\t\t\t\t\t\t\t\t<\/div>\n\t\t\t\t\t\t\t\t\t\t\t\t\t\t\t<\/div>\n\t\t\t\t\t\t\t\t\t\t<\/div>\n\t\t\t\t\t\t\t\t\t\t\t\t\t\t\t\t\t\t\t<\/a>\n\t\t\t\t\t\t\t\t<\/div>\n\t\t\t\t\t\t\t<\/div>\n\t\t\t\t\t\t\t\t\t\t\t\t\t\t\t\t\t\t\t\t<div class=\"grid__item js-grid__item grid__item_desktop-4 grid__item_tablet-6 grid__item_mobile-12 \">\n\t\t\t\t\t\t\t\t\t\t\t\t\t\t\t\t<div class=\"section-grid__item\">\n\t\t\t\t\t\t\t\t\t<a data-arts-cursor=\"true\" data-arts-cursor-scale=\"1.6\" data-arts-cursor-hide-native=\"true\" data-arts-cursor-icon=\"material-icons add\" class=\"hover-zoom grid__item-link\" href=\"https:\/\/www.david-olkarny.com\/wp-content\/uploads\/2026\/02\/photographe-mariage-belgique-robe-escalier.jpg\" data-size=\"1184x1600\" data-elementor-open-lightbox=\"no\">\n\t\t\t\t\t\t\t\t\t\t<div class=\"hover-zoom__inner\">\n\t\t\t\t\t\t\t\t\t\t\t<div class=\"hover-zoom__zoom\">\n\t\t\t\t\t\t\t\t\t\t\t\t\t\t\t\t\t<div class=\"section section-image figure-image\" data-arts-parallax=true data-arts-parallax-factor=0.1>\n\t\t\t\t\t\t\t\t\t\t\t\t\t\t<div class=\"section-image__wrapper overflow mask-reveal lazy\"  style=\"padding-bottom: calc( (1600 \/ 1184) * 100% ); height: 0;\">\n\t\t\t\t\t\t\t\t\t\t\t\t\t<div class=\"mask-reveal__layer mask-reveal__layer-1\">\n\t\t\t\t\t\t<div class=\"mask-reveal__layer mask-reveal__layer-2\">\n\t\t\t\t\t\t\t\t\t\t\t\t\t\t\t\t\t\t<img decoding=\"async\" class=\"\" src=\"data:image\/png;base64,iVBORw0KGgoAAAANSUhEUgAAAAEAAAABCAQAAAHCGzyUAAAABGdBTUEAALGPC\/xhBQAAADhlWElmTU0AKgAAAAgAAYdpAAQAAAABAAAAGgAAAAAAAqACAAQAAAABAAAAAaADAAQAAAABAAAAAQAAAADa6r\/EAAAAC0lEQVQI12NolQQAASYAn89qhTcAAAAASUVORK5CYII=\" data-id=\"6718\" data-src=\"https:\/\/www.david-olkarny.com\/wp-content\/uploads\/2026\/02\/photographe-mariage-belgique-robe-escalier.jpg\" width=\"1184\" height=\"1600\"  data-srcset=\"https:\/\/www.david-olkarny.com\/wp-content\/uploads\/2026\/02\/photographe-mariage-belgique-robe-escalier.jpg 1184w, https:\/\/www.david-olkarny.com\/wp-content\/uploads\/2026\/02\/photographe-mariage-belgique-robe-escalier-370x500.jpg 370w, https:\/\/www.david-olkarny.com\/wp-content\/uploads\/2026\/02\/photographe-mariage-belgique-robe-escalier-888x1200.jpg 888w, https:\/\/www.david-olkarny.com\/wp-content\/uploads\/2026\/02\/photographe-mariage-belgique-robe-escalier-768x1038.jpg 768w, https:\/\/www.david-olkarny.com\/wp-content\/uploads\/2026\/02\/photographe-mariage-belgique-robe-escalier-1137x1536.jpg 1137w, https:\/\/www.david-olkarny.com\/wp-content\/uploads\/2026\/02\/photographe-mariage-belgique-robe-escalier-600x811.jpg 600w\"   data-sizes=\"(max-width: 1184px) 100vw, 1184px\"  alt=\"\"\/>\n\t\t\t\t\t\t\t\t\t\t\t\t\t\t\t\t\t\t\t\t\t\t\t\t\t\t\t\t\t\t\t\t\t\t<\/div>\n\t\t\t\t\t<\/div>\n\t\t\t\t\t\t\t\t<\/div>\n\t\t\t\t\t\t\t\t\t\t\t\t\t\t<\/div>\n\t\t\t\t\t\t\t\t\t\t\t\t\t\t\t<\/div>\n\t\t\t\t\t\t\t\t\t\t<\/div>\n\t\t\t\t\t\t\t\t\t\t\t\t\t\t\t\t\t\t\t<\/a>\n\t\t\t\t\t\t\t\t<\/div>\n\t\t\t\t\t\t\t<\/div>\n\t\t\t\t\t\t\t\t\t\t\t\t\t\t\t\t\t\t\t\t<div class=\"grid__item js-grid__item grid__item_desktop-4 grid__item_tablet-6 grid__item_mobile-12 \">\n\t\t\t\t\t\t\t\t\t\t\t\t\t\t\t\t<div class=\"section-grid__item\">\n\t\t\t\t\t\t\t\t\t<a data-arts-cursor=\"true\" data-arts-cursor-scale=\"1.6\" data-arts-cursor-hide-native=\"true\" data-arts-cursor-icon=\"material-icons add\" class=\"hover-zoom grid__item-link\" href=\"https:\/\/www.david-olkarny.com\/wp-content\/uploads\/2026\/02\/photographe-mariage-belgique-parc-couple-rire.jpg\" data-size=\"1067x1600\" data-elementor-open-lightbox=\"no\">\n\t\t\t\t\t\t\t\t\t\t<div class=\"hover-zoom__inner\">\n\t\t\t\t\t\t\t\t\t\t\t<div class=\"hover-zoom__zoom\">\n\t\t\t\t\t\t\t\t\t\t\t\t\t\t\t\t\t<div class=\"section section-image figure-image\" data-arts-parallax=true data-arts-parallax-factor=0.1>\n\t\t\t\t\t\t\t\t\t\t\t\t\t\t<div class=\"section-image__wrapper overflow mask-reveal lazy\"  style=\"padding-bottom: calc( (1600 \/ 1067) * 100% ); height: 0;\">\n\t\t\t\t\t\t\t\t\t\t\t\t\t<div class=\"mask-reveal__layer mask-reveal__layer-1\">\n\t\t\t\t\t\t<div class=\"mask-reveal__layer mask-reveal__layer-2\">\n\t\t\t\t\t\t\t\t\t\t\t\t\t\t\t\t\t\t<img loading=\"lazy\" decoding=\"async\" class=\"\" src=\"data:image\/png;base64,iVBORw0KGgoAAAANSUhEUgAAAAEAAAABCAQAAAHCGzyUAAAABGdBTUEAALGPC\/xhBQAAADhlWElmTU0AKgAAAAgAAYdpAAQAAAABAAAAGgAAAAAAAqACAAQAAAABAAAAAaADAAQAAAABAAAAAQAAAADa6r\/EAAAAC0lEQVQI12NolQQAASYAn89qhTcAAAAASUVORK5CYII=\" data-id=\"6720\" data-src=\"https:\/\/www.david-olkarny.com\/wp-content\/uploads\/2026\/02\/photographe-mariage-belgique-parc-couple-rire.jpg\" width=\"1067\" height=\"1600\"  data-srcset=\"https:\/\/www.david-olkarny.com\/wp-content\/uploads\/2026\/02\/photographe-mariage-belgique-parc-couple-rire.jpg 1067w, https:\/\/www.david-olkarny.com\/wp-content\/uploads\/2026\/02\/photographe-mariage-belgique-parc-couple-rire-333x500.jpg 333w, https:\/\/www.david-olkarny.com\/wp-content\/uploads\/2026\/02\/photographe-mariage-belgique-parc-couple-rire-800x1200.jpg 800w, https:\/\/www.david-olkarny.com\/wp-content\/uploads\/2026\/02\/photographe-mariage-belgique-parc-couple-rire-768x1152.jpg 768w, https:\/\/www.david-olkarny.com\/wp-content\/uploads\/2026\/02\/photographe-mariage-belgique-parc-couple-rire-1024x1536.jpg 1024w, https:\/\/www.david-olkarny.com\/wp-content\/uploads\/2026\/02\/photographe-mariage-belgique-parc-couple-rire-600x900.jpg 600w\"   data-sizes=\"(max-width: 1067px) 100vw, 1067px\"  alt=\"\"\/>\n\t\t\t\t\t\t\t\t\t\t\t\t\t\t\t\t\t\t\t\t\t\t\t\t\t\t\t\t\t\t\t\t\t\t<\/div>\n\t\t\t\t\t<\/div>\n\t\t\t\t\t\t\t\t<\/div>\n\t\t\t\t\t\t\t\t\t\t\t\t\t\t<\/div>\n\t\t\t\t\t\t\t\t\t\t\t\t\t\t\t<\/div>\n\t\t\t\t\t\t\t\t\t\t<\/div>\n\t\t\t\t\t\t\t\t\t\t\t\t\t\t\t\t\t\t\t<\/a>\n\t\t\t\t\t\t\t\t<\/div>\n\t\t\t\t\t\t\t<\/div>\n\t\t\t\t\t\t\t\t\t\t\t\t\t\t\t\t\t\t\t\t<div class=\"grid__item js-grid__item grid__item_desktop-4 grid__item_tablet-6 grid__item_mobile-12 \">\n\t\t\t\t\t\t\t\t\t\t\t\t\t\t\t\t<div class=\"section-grid__item\">\n\t\t\t\t\t\t\t\t\t<a data-arts-cursor=\"true\" data-arts-cursor-scale=\"1.6\" data-arts-cursor-hide-native=\"true\" data-arts-cursor-icon=\"material-icons add\" class=\"hover-zoom grid__item-link\" href=\"https:\/\/www.david-olkarny.com\/wp-content\/uploads\/2026\/02\/photographe-mariage-belgique-couple-rire-voile-1.jpg\" data-size=\"1600x1067\" data-elementor-open-lightbox=\"no\">\n\t\t\t\t\t\t\t\t\t\t<div class=\"hover-zoom__inner\">\n\t\t\t\t\t\t\t\t\t\t\t<div class=\"hover-zoom__zoom\">\n\t\t\t\t\t\t\t\t\t\t\t\t\t\t\t\t\t<div class=\"section section-image figure-image\" data-arts-parallax=true data-arts-parallax-factor=0.1>\n\t\t\t\t\t\t\t\t\t\t\t\t\t\t<div class=\"section-image__wrapper overflow mask-reveal lazy\"  style=\"padding-bottom: calc( (1067 \/ 1600) * 100% ); height: 0;\">\n\t\t\t\t\t\t\t\t\t\t\t\t\t<div class=\"mask-reveal__layer mask-reveal__layer-1\">\n\t\t\t\t\t\t<div class=\"mask-reveal__layer mask-reveal__layer-2\">\n\t\t\t\t\t\t\t\t\t\t\t\t\t\t\t\t\t\t<img loading=\"lazy\" decoding=\"async\" class=\"\" src=\"data:image\/png;base64,iVBORw0KGgoAAAANSUhEUgAAAAEAAAABCAQAAAHCGzyUAAAABGdBTUEAALGPC\/xhBQAAADhlWElmTU0AKgAAAAgAAYdpAAQAAAABAAAAGgAAAAAAAqACAAQAAAABAAAAAaADAAQAAAABAAAAAQAAAADa6r\/EAAAAC0lEQVQI12NolQQAASYAn89qhTcAAAAASUVORK5CYII=\" data-id=\"6738\" data-src=\"https:\/\/www.david-olkarny.com\/wp-content\/uploads\/2026\/02\/photographe-mariage-belgique-couple-rire-voile-1.jpg\" width=\"1600\" height=\"1067\"  data-srcset=\"https:\/\/www.david-olkarny.com\/wp-content\/uploads\/2026\/02\/photographe-mariage-belgique-couple-rire-voile-1.jpg 1600w, https:\/\/www.david-olkarny.com\/wp-content\/uploads\/2026\/02\/photographe-mariage-belgique-couple-rire-voile-1-500x333.jpg 500w, https:\/\/www.david-olkarny.com\/wp-content\/uploads\/2026\/02\/photographe-mariage-belgique-couple-rire-voile-1-1200x800.jpg 1200w, https:\/\/www.david-olkarny.com\/wp-content\/uploads\/2026\/02\/photographe-mariage-belgique-couple-rire-voile-1-768x512.jpg 768w, https:\/\/www.david-olkarny.com\/wp-content\/uploads\/2026\/02\/photographe-mariage-belgique-couple-rire-voile-1-1536x1024.jpg 1536w, https:\/\/www.david-olkarny.com\/wp-content\/uploads\/2026\/02\/photographe-mariage-belgique-couple-rire-voile-1-600x400.jpg 600w\"   data-sizes=\"(max-width: 1600px) 100vw, 1600px\"  alt=\"\"\/>\n\t\t\t\t\t\t\t\t\t\t\t\t\t\t\t\t\t\t\t\t\t\t\t\t\t\t\t\t\t\t\t\t\t\t<\/div>\n\t\t\t\t\t<\/div>\n\t\t\t\t\t\t\t\t<\/div>\n\t\t\t\t\t\t\t\t\t\t\t\t\t\t<\/div>\n\t\t\t\t\t\t\t\t\t\t\t\t\t\t\t<\/div>\n\t\t\t\t\t\t\t\t\t\t<\/div>\n\t\t\t\t\t\t\t\t\t\t\t\t\t\t\t\t\t\t\t<\/a>\n\t\t\t\t\t\t\t\t<\/div>\n\t\t\t\t\t\t\t<\/div>\n\t\t\t\t\t\t\t\t\t\t\t\t\t\t\t\t\t\t\t\t<div class=\"grid__item js-grid__item grid__item_desktop-4 grid__item_tablet-6 grid__item_mobile-12 \">\n\t\t\t\t\t\t\t\t\t\t\t\t\t\t\t\t<div class=\"section-grid__item\">\n\t\t\t\t\t\t\t\t\t<a data-arts-cursor=\"true\" data-arts-cursor-scale=\"1.6\" data-arts-cursor-hide-native=\"true\" data-arts-cursor-icon=\"material-icons add\" class=\"hover-zoom grid__item-link\" href=\"https:\/\/www.david-olkarny.com\/wp-content\/uploads\/2026\/02\/photographe-mariage-belgique-couple-ville.jpg\" data-size=\"1600x1067\" data-elementor-open-lightbox=\"no\">\n\t\t\t\t\t\t\t\t\t\t<div class=\"hover-zoom__inner\">\n\t\t\t\t\t\t\t\t\t\t\t<div class=\"hover-zoom__zoom\">\n\t\t\t\t\t\t\t\t\t\t\t\t\t\t\t\t\t<div class=\"section section-image figure-image\" data-arts-parallax=true data-arts-parallax-factor=0.1>\n\t\t\t\t\t\t\t\t\t\t\t\t\t\t<div class=\"section-image__wrapper overflow mask-reveal lazy\"  style=\"padding-bottom: calc( (1067 \/ 1600) * 100% ); height: 0;\">\n\t\t\t\t\t\t\t\t\t\t\t\t\t<div class=\"mask-reveal__layer mask-reveal__layer-1\">\n\t\t\t\t\t\t<div class=\"mask-reveal__layer mask-reveal__layer-2\">\n\t\t\t\t\t\t\t\t\t\t\t\t\t\t\t\t\t\t<img loading=\"lazy\" decoding=\"async\" class=\"\" src=\"data:image\/png;base64,iVBORw0KGgoAAAANSUhEUgAAAAEAAAABCAQAAAHCGzyUAAAABGdBTUEAALGPC\/xhBQAAADhlWElmTU0AKgAAAAgAAYdpAAQAAAABAAAAGgAAAAAAAqACAAQAAAABAAAAAaADAAQAAAABAAAAAQAAAADa6r\/EAAAAC0lEQVQI12NolQQAASYAn89qhTcAAAAASUVORK5CYII=\" data-id=\"6736\" data-src=\"https:\/\/www.david-olkarny.com\/wp-content\/uploads\/2026\/02\/photographe-mariage-belgique-couple-ville.jpg\" width=\"1600\" height=\"1067\"  data-srcset=\"https:\/\/www.david-olkarny.com\/wp-content\/uploads\/2026\/02\/photographe-mariage-belgique-couple-ville.jpg 1600w, https:\/\/www.david-olkarny.com\/wp-content\/uploads\/2026\/02\/photographe-mariage-belgique-couple-ville-500x333.jpg 500w, https:\/\/www.david-olkarny.com\/wp-content\/uploads\/2026\/02\/photographe-mariage-belgique-couple-ville-1200x800.jpg 1200w, https:\/\/www.david-olkarny.com\/wp-content\/uploads\/2026\/02\/photographe-mariage-belgique-couple-ville-768x512.jpg 768w, https:\/\/www.david-olkarny.com\/wp-content\/uploads\/2026\/02\/photographe-mariage-belgique-couple-ville-1536x1024.jpg 1536w, https:\/\/www.david-olkarny.com\/wp-content\/uploads\/2026\/02\/photographe-mariage-belgique-couple-ville-600x400.jpg 600w\"   data-sizes=\"(max-width: 1600px) 100vw, 1600px\"  alt=\"\"\/>\n\t\t\t\t\t\t\t\t\t\t\t\t\t\t\t\t\t\t\t\t\t\t\t\t\t\t\t\t\t\t\t\t\t\t<\/div>\n\t\t\t\t\t<\/div>\n\t\t\t\t\t\t\t\t<\/div>\n\t\t\t\t\t\t\t\t\t\t\t\t\t\t<\/div>\n\t\t\t\t\t\t\t\t\t\t\t\t\t\t\t<\/div>\n\t\t\t\t\t\t\t\t\t\t<\/div>\n\t\t\t\t\t\t\t\t\t\t\t\t\t\t\t\t\t\t\t<\/a>\n\t\t\t\t\t\t\t\t<\/div>\n\t\t\t\t\t\t\t<\/div>\n\t\t\t\t\t\t\t\t\t\t\t\t\t\t\t\t\t\t\t\t<div class=\"grid__item js-grid__item grid__item_desktop-4 grid__item_tablet-6 grid__item_mobile-12 \">\n\t\t\t\t\t\t\t\t\t\t\t\t\t\t\t\t<div class=\"section-grid__item\">\n\t\t\t\t\t\t\t\t\t<a data-arts-cursor=\"true\" data-arts-cursor-scale=\"1.6\" data-arts-cursor-hide-native=\"true\" data-arts-cursor-icon=\"material-icons add\" class=\"hover-zoom grid__item-link\" href=\"https:\/\/www.david-olkarny.com\/wp-content\/uploads\/2026\/02\/photographe-mariage-belgique-couple-voiture-voiture-bonheur.jpg\" data-size=\"1600x1070\" data-elementor-open-lightbox=\"no\">\n\t\t\t\t\t\t\t\t\t\t<div class=\"hover-zoom__inner\">\n\t\t\t\t\t\t\t\t\t\t\t<div class=\"hover-zoom__zoom\">\n\t\t\t\t\t\t\t\t\t\t\t\t\t\t\t\t\t<div class=\"section section-image figure-image\" data-arts-parallax=true data-arts-parallax-factor=0.1>\n\t\t\t\t\t\t\t\t\t\t\t\t\t\t<div class=\"section-image__wrapper overflow mask-reveal lazy\"  style=\"padding-bottom: calc( (1070 \/ 1600) * 100% ); height: 0;\">\n\t\t\t\t\t\t\t\t\t\t\t\t\t<div class=\"mask-reveal__layer mask-reveal__layer-1\">\n\t\t\t\t\t\t<div class=\"mask-reveal__layer mask-reveal__layer-2\">\n\t\t\t\t\t\t\t\t\t\t\t\t\t\t\t\t\t\t<img loading=\"lazy\" decoding=\"async\" class=\"\" src=\"data:image\/png;base64,iVBORw0KGgoAAAANSUhEUgAAAAEAAAABCAQAAAHCGzyUAAAABGdBTUEAALGPC\/xhBQAAADhlWElmTU0AKgAAAAgAAYdpAAQAAAABAAAAGgAAAAAAAqACAAQAAAABAAAAAaADAAQAAAABAAAAAQAAAADa6r\/EAAAAC0lEQVQI12NolQQAASYAn89qhTcAAAAASUVORK5CYII=\" data-id=\"6734\" data-src=\"https:\/\/www.david-olkarny.com\/wp-content\/uploads\/2026\/02\/photographe-mariage-belgique-couple-voiture-voiture-bonheur.jpg\" width=\"1600\" height=\"1070\"  data-srcset=\"https:\/\/www.david-olkarny.com\/wp-content\/uploads\/2026\/02\/photographe-mariage-belgique-couple-voiture-voiture-bonheur.jpg 1600w, https:\/\/www.david-olkarny.com\/wp-content\/uploads\/2026\/02\/photographe-mariage-belgique-couple-voiture-voiture-bonheur-500x334.jpg 500w, https:\/\/www.david-olkarny.com\/wp-content\/uploads\/2026\/02\/photographe-mariage-belgique-couple-voiture-voiture-bonheur-1200x803.jpg 1200w, https:\/\/www.david-olkarny.com\/wp-content\/uploads\/2026\/02\/photographe-mariage-belgique-couple-voiture-voiture-bonheur-768x514.jpg 768w, https:\/\/www.david-olkarny.com\/wp-content\/uploads\/2026\/02\/photographe-mariage-belgique-couple-voiture-voiture-bonheur-1536x1027.jpg 1536w, https:\/\/www.david-olkarny.com\/wp-content\/uploads\/2026\/02\/photographe-mariage-belgique-couple-voiture-voiture-bonheur-600x401.jpg 600w\"   data-sizes=\"(max-width: 1600px) 100vw, 1600px\"  alt=\"\"\/>\n\t\t\t\t\t\t\t\t\t\t\t\t\t\t\t\t\t\t\t\t\t\t\t\t\t\t\t\t\t\t\t\t\t\t<\/div>\n\t\t\t\t\t<\/div>\n\t\t\t\t\t\t\t\t<\/div>\n\t\t\t\t\t\t\t\t\t\t\t\t\t\t<\/div>\n\t\t\t\t\t\t\t\t\t\t\t\t\t\t\t<\/div>\n\t\t\t\t\t\t\t\t\t\t<\/div>\n\t\t\t\t\t\t\t\t\t\t\t\t\t\t\t\t\t\t\t<\/a>\n\t\t\t\t\t\t\t\t<\/div>\n\t\t\t\t\t\t\t<\/div>\n\t\t\t\t\t\t\t\t\t\t\t\t\t\t\t\t\t\t\t\t<div class=\"grid__item js-grid__item grid__item_desktop-4 grid__item_tablet-6 grid__item_mobile-12 \">\n\t\t\t\t\t\t\t\t\t\t\t\t\t\t\t\t<div class=\"section-grid__item\">\n\t\t\t\t\t\t\t\t\t<a data-arts-cursor=\"true\" data-arts-cursor-scale=\"1.6\" data-arts-cursor-hide-native=\"true\" data-arts-cursor-icon=\"material-icons add\" class=\"hover-zoom grid__item-link\" href=\"https:\/\/www.david-olkarny.com\/wp-content\/uploads\/2026\/02\/photographe-mariage-belgique-danse-couple-sparkles.jpg\" data-size=\"1600x986\" data-elementor-open-lightbox=\"no\">\n\t\t\t\t\t\t\t\t\t\t<div class=\"hover-zoom__inner\">\n\t\t\t\t\t\t\t\t\t\t\t<div class=\"hover-zoom__zoom\">\n\t\t\t\t\t\t\t\t\t\t\t\t\t\t\t\t\t<div class=\"section section-image figure-image\" data-arts-parallax=true data-arts-parallax-factor=0.1>\n\t\t\t\t\t\t\t\t\t\t\t\t\t\t<div class=\"section-image__wrapper overflow mask-reveal lazy\"  style=\"padding-bottom: calc( (986 \/ 1600) * 100% ); height: 0;\">\n\t\t\t\t\t\t\t\t\t\t\t\t\t<div class=\"mask-reveal__layer mask-reveal__layer-1\">\n\t\t\t\t\t\t<div class=\"mask-reveal__layer mask-reveal__layer-2\">\n\t\t\t\t\t\t\t\t\t\t\t\t\t\t\t\t\t\t<img loading=\"lazy\" decoding=\"async\" class=\"\" src=\"data:image\/png;base64,iVBORw0KGgoAAAANSUhEUgAAAAEAAAABCAQAAAHCGzyUAAAABGdBTUEAALGPC\/xhBQAAADhlWElmTU0AKgAAAAgAAYdpAAQAAAABAAAAGgAAAAAAAqACAAQAAAABAAAAAaADAAQAAAABAAAAAQAAAADa6r\/EAAAAC0lEQVQI12NolQQAASYAn89qhTcAAAAASUVORK5CYII=\" data-id=\"6732\" data-src=\"https:\/\/www.david-olkarny.com\/wp-content\/uploads\/2026\/02\/photographe-mariage-belgique-danse-couple-sparkles.jpg\" width=\"1600\" height=\"986\"  data-srcset=\"https:\/\/www.david-olkarny.com\/wp-content\/uploads\/2026\/02\/photographe-mariage-belgique-danse-couple-sparkles.jpg 1600w, https:\/\/www.david-olkarny.com\/wp-content\/uploads\/2026\/02\/photographe-mariage-belgique-danse-couple-sparkles-500x308.jpg 500w, https:\/\/www.david-olkarny.com\/wp-content\/uploads\/2026\/02\/photographe-mariage-belgique-danse-couple-sparkles-1200x740.jpg 1200w, https:\/\/www.david-olkarny.com\/wp-content\/uploads\/2026\/02\/photographe-mariage-belgique-danse-couple-sparkles-768x473.jpg 768w, https:\/\/www.david-olkarny.com\/wp-content\/uploads\/2026\/02\/photographe-mariage-belgique-danse-couple-sparkles-1536x947.jpg 1536w, https:\/\/www.david-olkarny.com\/wp-content\/uploads\/2026\/02\/photographe-mariage-belgique-danse-couple-sparkles-600x370.jpg 600w\"   data-sizes=\"(max-width: 1600px) 100vw, 1600px\"  alt=\"\"\/>\n\t\t\t\t\t\t\t\t\t\t\t\t\t\t\t\t\t\t\t\t\t\t\t\t\t\t\t\t\t\t\t\t\t\t<\/div>\n\t\t\t\t\t<\/div>\n\t\t\t\t\t\t\t\t<\/div>\n\t\t\t\t\t\t\t\t\t\t\t\t\t\t<\/div>\n\t\t\t\t\t\t\t\t\t\t\t\t\t\t\t<\/div>\n\t\t\t\t\t\t\t\t\t\t<\/div>\n\t\t\t\t\t\t\t\t\t\t\t\t\t\t\t\t\t\t\t<\/a>\n\t\t\t\t\t\t\t\t<\/div>\n\t\t\t\t\t\t\t<\/div>\n\t\t\t\t\t\t\t\t\t\t\t\t\t\t\t\t\t\t\t\t<div class=\"grid__item js-grid__item grid__item_desktop-4 grid__item_tablet-6 grid__item_mobile-12 \">\n\t\t\t\t\t\t\t\t\t\t\t\t\t\t\t\t<div class=\"section-grid__item\">\n\t\t\t\t\t\t\t\t\t<a data-arts-cursor=\"true\" data-arts-cursor-scale=\"1.6\" data-arts-cursor-hide-native=\"true\" data-arts-cursor-icon=\"material-icons add\" class=\"hover-zoom grid__item-link\" href=\"https:\/\/www.david-olkarny.com\/wp-content\/uploads\/2026\/02\/photographe-mariage-belgique-france-soleil-couple.jpg\" data-size=\"1600x1067\" data-elementor-open-lightbox=\"no\">\n\t\t\t\t\t\t\t\t\t\t<div class=\"hover-zoom__inner\">\n\t\t\t\t\t\t\t\t\t\t\t<div class=\"hover-zoom__zoom\">\n\t\t\t\t\t\t\t\t\t\t\t\t\t\t\t\t\t<div class=\"section section-image figure-image\" data-arts-parallax=true data-arts-parallax-factor=0.1>\n\t\t\t\t\t\t\t\t\t\t\t\t\t\t<div class=\"section-image__wrapper overflow mask-reveal lazy\"  style=\"padding-bottom: calc( (1067 \/ 1600) * 100% ); height: 0;\">\n\t\t\t\t\t\t\t\t\t\t\t\t\t<div class=\"mask-reveal__layer mask-reveal__layer-1\">\n\t\t\t\t\t\t<div class=\"mask-reveal__layer mask-reveal__layer-2\">\n\t\t\t\t\t\t\t\t\t\t\t\t\t\t\t\t\t\t<img loading=\"lazy\" decoding=\"async\" class=\"\" src=\"data:image\/png;base64,iVBORw0KGgoAAAANSUhEUgAAAAEAAAABCAQAAAHCGzyUAAAABGdBTUEAALGPC\/xhBQAAADhlWElmTU0AKgAAAAgAAYdpAAQAAAABAAAAGgAAAAAAAqACAAQAAAABAAAAAaADAAQAAAABAAAAAQAAAADa6r\/EAAAAC0lEQVQI12NolQQAASYAn89qhTcAAAAASUVORK5CYII=\" data-id=\"6730\" data-src=\"https:\/\/www.david-olkarny.com\/wp-content\/uploads\/2026\/02\/photographe-mariage-belgique-france-soleil-couple.jpg\" width=\"1600\" height=\"1067\"  data-srcset=\"https:\/\/www.david-olkarny.com\/wp-content\/uploads\/2026\/02\/photographe-mariage-belgique-france-soleil-couple.jpg 1600w, https:\/\/www.david-olkarny.com\/wp-content\/uploads\/2026\/02\/photographe-mariage-belgique-france-soleil-couple-500x333.jpg 500w, https:\/\/www.david-olkarny.com\/wp-content\/uploads\/2026\/02\/photographe-mariage-belgique-france-soleil-couple-1200x800.jpg 1200w, https:\/\/www.david-olkarny.com\/wp-content\/uploads\/2026\/02\/photographe-mariage-belgique-france-soleil-couple-768x512.jpg 768w, https:\/\/www.david-olkarny.com\/wp-content\/uploads\/2026\/02\/photographe-mariage-belgique-france-soleil-couple-1536x1024.jpg 1536w, https:\/\/www.david-olkarny.com\/wp-content\/uploads\/2026\/02\/photographe-mariage-belgique-france-soleil-couple-600x400.jpg 600w\"   data-sizes=\"(max-width: 1600px) 100vw, 1600px\"  alt=\"\"\/>\n\t\t\t\t\t\t\t\t\t\t\t\t\t\t\t\t\t\t\t\t\t\t\t\t\t\t\t\t\t\t\t\t\t\t<\/div>\n\t\t\t\t\t<\/div>\n\t\t\t\t\t\t\t\t<\/div>\n\t\t\t\t\t\t\t\t\t\t\t\t\t\t<\/div>\n\t\t\t\t\t\t\t\t\t\t\t\t\t\t\t<\/div>\n\t\t\t\t\t\t\t\t\t\t<\/div>\n\t\t\t\t\t\t\t\t\t\t\t\t\t\t\t\t\t\t\t<\/a>\n\t\t\t\t\t\t\t\t<\/div>\n\t\t\t\t\t\t\t<\/div>\n\t\t\t\t\t\t\t\t\t\t\t\t\t\t\t\t\t\t\t\t<div class=\"grid__item js-grid__item grid__item_desktop-4 grid__item_tablet-6 grid__item_mobile-12 \">\n\t\t\t\t\t\t\t\t\t\t\t\t\t\t\t\t<div class=\"section-grid__item\">\n\t\t\t\t\t\t\t\t\t<a data-arts-cursor=\"true\" data-arts-cursor-scale=\"1.6\" data-arts-cursor-hide-native=\"true\" data-arts-cursor-icon=\"material-icons add\" class=\"hover-zoom grid__item-link\" href=\"https:\/\/www.david-olkarny.com\/wp-content\/uploads\/2026\/02\/photographe-mariage-belgique-fumee-couple-bonheur.jpg\" data-size=\"1067x1600\" data-elementor-open-lightbox=\"no\">\n\t\t\t\t\t\t\t\t\t\t<div class=\"hover-zoom__inner\">\n\t\t\t\t\t\t\t\t\t\t\t<div class=\"hover-zoom__zoom\">\n\t\t\t\t\t\t\t\t\t\t\t\t\t\t\t\t\t<div class=\"section section-image figure-image\" data-arts-parallax=true data-arts-parallax-factor=0.1>\n\t\t\t\t\t\t\t\t\t\t\t\t\t\t<div class=\"section-image__wrapper overflow mask-reveal lazy\"  style=\"padding-bottom: calc( (1600 \/ 1067) * 100% ); height: 0;\">\n\t\t\t\t\t\t\t\t\t\t\t\t\t<div class=\"mask-reveal__layer mask-reveal__layer-1\">\n\t\t\t\t\t\t<div class=\"mask-reveal__layer mask-reveal__layer-2\">\n\t\t\t\t\t\t\t\t\t\t\t\t\t\t\t\t\t\t<img loading=\"lazy\" decoding=\"async\" class=\"\" src=\"data:image\/png;base64,iVBORw0KGgoAAAANSUhEUgAAAAEAAAABCAQAAAHCGzyUAAAABGdBTUEAALGPC\/xhBQAAADhlWElmTU0AKgAAAAgAAYdpAAQAAAABAAAAGgAAAAAAAqACAAQAAAABAAAAAaADAAQAAAABAAAAAQAAAADa6r\/EAAAAC0lEQVQI12NolQQAASYAn89qhTcAAAAASUVORK5CYII=\" data-id=\"6728\" data-src=\"https:\/\/www.david-olkarny.com\/wp-content\/uploads\/2026\/02\/photographe-mariage-belgique-fumee-couple-bonheur.jpg\" width=\"1067\" height=\"1600\"  data-srcset=\"https:\/\/www.david-olkarny.com\/wp-content\/uploads\/2026\/02\/photographe-mariage-belgique-fumee-couple-bonheur.jpg 1067w, https:\/\/www.david-olkarny.com\/wp-content\/uploads\/2026\/02\/photographe-mariage-belgique-fumee-couple-bonheur-333x500.jpg 333w, https:\/\/www.david-olkarny.com\/wp-content\/uploads\/2026\/02\/photographe-mariage-belgique-fumee-couple-bonheur-800x1200.jpg 800w, https:\/\/www.david-olkarny.com\/wp-content\/uploads\/2026\/02\/photographe-mariage-belgique-fumee-couple-bonheur-768x1152.jpg 768w, https:\/\/www.david-olkarny.com\/wp-content\/uploads\/2026\/02\/photographe-mariage-belgique-fumee-couple-bonheur-1024x1536.jpg 1024w, https:\/\/www.david-olkarny.com\/wp-content\/uploads\/2026\/02\/photographe-mariage-belgique-fumee-couple-bonheur-600x900.jpg 600w\"   data-sizes=\"(max-width: 1067px) 100vw, 1067px\"  alt=\"\"\/>\n\t\t\t\t\t\t\t\t\t\t\t\t\t\t\t\t\t\t\t\t\t\t\t\t\t\t\t\t\t\t\t\t\t\t<\/div>\n\t\t\t\t\t<\/div>\n\t\t\t\t\t\t\t\t<\/div>\n\t\t\t\t\t\t\t\t\t\t\t\t\t\t<\/div>\n\t\t\t\t\t\t\t\t\t\t\t\t\t\t\t<\/div>\n\t\t\t\t\t\t\t\t\t\t<\/div>\n\t\t\t\t\t\t\t\t\t\t\t\t\t\t\t\t\t\t\t<\/a>\n\t\t\t\t\t\t\t\t<\/div>\n\t\t\t\t\t\t\t<\/div>\n\t\t\t\t\t\t\t\t\t\t\t\t\t\t\t\t\t\t\t\t<div class=\"grid__item js-grid__item grid__item_desktop-4 grid__item_tablet-6 grid__item_mobile-12 \">\n\t\t\t\t\t\t\t\t\t\t\t\t\t\t\t\t<div class=\"section-grid__item\">\n\t\t\t\t\t\t\t\t\t<a data-arts-cursor=\"true\" data-arts-cursor-scale=\"1.6\" data-arts-cursor-hide-native=\"true\" data-arts-cursor-icon=\"material-icons add\" class=\"hover-zoom grid__item-link\" href=\"https:\/\/www.david-olkarny.com\/wp-content\/uploads\/2026\/02\/photographe-mariage-belgique-fumee-couple-rire.jpg\" data-size=\"1127x1600\" data-elementor-open-lightbox=\"no\">\n\t\t\t\t\t\t\t\t\t\t<div class=\"hover-zoom__inner\">\n\t\t\t\t\t\t\t\t\t\t\t<div class=\"hover-zoom__zoom\">\n\t\t\t\t\t\t\t\t\t\t\t\t\t\t\t\t\t<div class=\"section section-image figure-image\" data-arts-parallax=true data-arts-parallax-factor=0.1>\n\t\t\t\t\t\t\t\t\t\t\t\t\t\t<div class=\"section-image__wrapper overflow mask-reveal lazy\"  style=\"padding-bottom: calc( (1600 \/ 1127) * 100% ); height: 0;\">\n\t\t\t\t\t\t\t\t\t\t\t\t\t<div class=\"mask-reveal__layer mask-reveal__layer-1\">\n\t\t\t\t\t\t<div class=\"mask-reveal__layer mask-reveal__layer-2\">\n\t\t\t\t\t\t\t\t\t\t\t\t\t\t\t\t\t\t<img loading=\"lazy\" decoding=\"async\" class=\"\" src=\"data:image\/png;base64,iVBORw0KGgoAAAANSUhEUgAAAAEAAAABCAQAAAHCGzyUAAAABGdBTUEAALGPC\/xhBQAAADhlWElmTU0AKgAAAAgAAYdpAAQAAAABAAAAGgAAAAAAAqACAAQAAAABAAAAAaADAAQAAAABAAAAAQAAAADa6r\/EAAAAC0lEQVQI12NolQQAASYAn89qhTcAAAAASUVORK5CYII=\" data-id=\"6726\" data-src=\"https:\/\/www.david-olkarny.com\/wp-content\/uploads\/2026\/02\/photographe-mariage-belgique-fumee-couple-rire.jpg\" width=\"1127\" height=\"1600\"  data-srcset=\"https:\/\/www.david-olkarny.com\/wp-content\/uploads\/2026\/02\/photographe-mariage-belgique-fumee-couple-rire.jpg 1127w, https:\/\/www.david-olkarny.com\/wp-content\/uploads\/2026\/02\/photographe-mariage-belgique-fumee-couple-rire-352x500.jpg 352w, https:\/\/www.david-olkarny.com\/wp-content\/uploads\/2026\/02\/photographe-mariage-belgique-fumee-couple-rire-845x1200.jpg 845w, https:\/\/www.david-olkarny.com\/wp-content\/uploads\/2026\/02\/photographe-mariage-belgique-fumee-couple-rire-768x1090.jpg 768w, https:\/\/www.david-olkarny.com\/wp-content\/uploads\/2026\/02\/photographe-mariage-belgique-fumee-couple-rire-1082x1536.jpg 1082w, https:\/\/www.david-olkarny.com\/wp-content\/uploads\/2026\/02\/photographe-mariage-belgique-fumee-couple-rire-600x852.jpg 600w\"   data-sizes=\"(max-width: 1127px) 100vw, 1127px\"  alt=\"\"\/>\n\t\t\t\t\t\t\t\t\t\t\t\t\t\t\t\t\t\t\t\t\t\t\t\t\t\t\t\t\t\t\t\t\t\t<\/div>\n\t\t\t\t\t<\/div>\n\t\t\t\t\t\t\t\t<\/div>\n\t\t\t\t\t\t\t\t\t\t\t\t\t\t<\/div>\n\t\t\t\t\t\t\t\t\t\t\t\t\t\t\t<\/div>\n\t\t\t\t\t\t\t\t\t\t<\/div>\n\t\t\t\t\t\t\t\t\t\t\t\t\t\t\t\t\t\t\t<\/a>\n\t\t\t\t\t\t\t\t<\/div>\n\t\t\t\t\t\t\t<\/div>\n\t\t\t\t\t\t\t\t\t\t\t\t\t\t\t\t\t\t\t\t<div class=\"grid__item js-grid__item grid__item_desktop-4 grid__item_tablet-6 grid__item_mobile-12 \">\n\t\t\t\t\t\t\t\t\t\t\t\t\t\t\t\t<div class=\"section-grid__item\">\n\t\t\t\t\t\t\t\t\t<a data-arts-cursor=\"true\" data-arts-cursor-scale=\"1.6\" data-arts-cursor-hide-native=\"true\" data-arts-cursor-icon=\"material-icons add\" class=\"hover-zoom grid__item-link\" href=\"https:\/\/www.david-olkarny.com\/wp-content\/uploads\/2026\/02\/photographe-mariage-belgique-rire-couple-soleil.jpg\" data-size=\"1067x1600\" data-elementor-open-lightbox=\"no\">\n\t\t\t\t\t\t\t\t\t\t<div class=\"hover-zoom__inner\">\n\t\t\t\t\t\t\t\t\t\t\t<div class=\"hover-zoom__zoom\">\n\t\t\t\t\t\t\t\t\t\t\t\t\t\t\t\t\t<div class=\"section section-image figure-image\" data-arts-parallax=true data-arts-parallax-factor=0.1>\n\t\t\t\t\t\t\t\t\t\t\t\t\t\t<div class=\"section-image__wrapper overflow mask-reveal lazy\"  style=\"padding-bottom: calc( (1600 \/ 1067) * 100% ); height: 0;\">\n\t\t\t\t\t\t\t\t\t\t\t\t\t<div class=\"mask-reveal__layer mask-reveal__layer-1\">\n\t\t\t\t\t\t<div class=\"mask-reveal__layer mask-reveal__layer-2\">\n\t\t\t\t\t\t\t\t\t\t\t\t\t\t\t\t\t\t<img loading=\"lazy\" decoding=\"async\" class=\"\" src=\"data:image\/png;base64,iVBORw0KGgoAAAANSUhEUgAAAAEAAAABCAQAAAHCGzyUAAAABGdBTUEAALGPC\/xhBQAAADhlWElmTU0AKgAAAAgAAYdpAAQAAAABAAAAGgAAAAAAAqACAAQAAAABAAAAAaADAAQAAAABAAAAAQAAAADa6r\/EAAAAC0lEQVQI12NolQQAASYAn89qhTcAAAAASUVORK5CYII=\" data-id=\"6724\" data-src=\"https:\/\/www.david-olkarny.com\/wp-content\/uploads\/2026\/02\/photographe-mariage-belgique-rire-couple-soleil.jpg\" width=\"1067\" height=\"1600\"  data-srcset=\"https:\/\/www.david-olkarny.com\/wp-content\/uploads\/2026\/02\/photographe-mariage-belgique-rire-couple-soleil.jpg 1067w, https:\/\/www.david-olkarny.com\/wp-content\/uploads\/2026\/02\/photographe-mariage-belgique-rire-couple-soleil-333x500.jpg 333w, https:\/\/www.david-olkarny.com\/wp-content\/uploads\/2026\/02\/photographe-mariage-belgique-rire-couple-soleil-800x1200.jpg 800w, https:\/\/www.david-olkarny.com\/wp-content\/uploads\/2026\/02\/photographe-mariage-belgique-rire-couple-soleil-768x1152.jpg 768w, https:\/\/www.david-olkarny.com\/wp-content\/uploads\/2026\/02\/photographe-mariage-belgique-rire-couple-soleil-1024x1536.jpg 1024w, https:\/\/www.david-olkarny.com\/wp-content\/uploads\/2026\/02\/photographe-mariage-belgique-rire-couple-soleil-600x900.jpg 600w\"   data-sizes=\"(max-width: 1067px) 100vw, 1067px\"  alt=\"\"\/>\n\t\t\t\t\t\t\t\t\t\t\t\t\t\t\t\t\t\t\t\t\t\t\t\t\t\t\t\t\t\t\t\t\t\t<\/div>\n\t\t\t\t\t<\/div>\n\t\t\t\t\t\t\t\t<\/div>\n\t\t\t\t\t\t\t\t\t\t\t\t\t\t<\/div>\n\t\t\t\t\t\t\t\t\t\t\t\t\t\t\t<\/div>\n\t\t\t\t\t\t\t\t\t\t<\/div>\n\t\t\t\t\t\t\t\t\t\t\t\t\t\t\t\t\t\t\t<\/a>\n\t\t\t\t\t\t\t\t<\/div>\n\t\t\t\t\t\t\t<\/div>\n\t\t\t\t\t\t\t\t\t\t\t\t\t\t\t\t\t\t\t\t<div class=\"grid__item js-grid__item grid__item_desktop-4 grid__item_tablet-6 grid__item_mobile-12 \">\n\t\t\t\t\t\t\t\t\t\t\t\t\t\t\t\t<div class=\"section-grid__item\">\n\t\t\t\t\t\t\t\t\t<a data-arts-cursor=\"true\" data-arts-cursor-scale=\"1.6\" data-arts-cursor-hide-native=\"true\" data-arts-cursor-icon=\"material-icons add\" class=\"hover-zoom grid__item-link\" href=\"https:\/\/www.david-olkarny.com\/wp-content\/uploads\/2026\/02\/photographe-mariage-belgique-robe-couple-rire.jpg\" data-size=\"1067x1600\" data-elementor-open-lightbox=\"no\">\n\t\t\t\t\t\t\t\t\t\t<div class=\"hover-zoom__inner\">\n\t\t\t\t\t\t\t\t\t\t\t<div class=\"hover-zoom__zoom\">\n\t\t\t\t\t\t\t\t\t\t\t\t\t\t\t\t\t<div class=\"section section-image figure-image\" data-arts-parallax=true data-arts-parallax-factor=0.1>\n\t\t\t\t\t\t\t\t\t\t\t\t\t\t<div class=\"section-image__wrapper overflow mask-reveal lazy\"  style=\"padding-bottom: calc( (1600 \/ 1067) * 100% ); height: 0;\">\n\t\t\t\t\t\t\t\t\t\t\t\t\t<div class=\"mask-reveal__layer mask-reveal__layer-1\">\n\t\t\t\t\t\t<div class=\"mask-reveal__layer mask-reveal__layer-2\">\n\t\t\t\t\t\t\t\t\t\t\t\t\t\t\t\t\t\t<img loading=\"lazy\" decoding=\"async\" class=\"\" src=\"data:image\/png;base64,iVBORw0KGgoAAAANSUhEUgAAAAEAAAABCAQAAAHCGzyUAAAABGdBTUEAALGPC\/xhBQAAADhlWElmTU0AKgAAAAgAAYdpAAQAAAABAAAAGgAAAAAAAqACAAQAAAABAAAAAaADAAQAAAABAAAAAQAAAADa6r\/EAAAAC0lEQVQI12NolQQAASYAn89qhTcAAAAASUVORK5CYII=\" data-id=\"6722\" data-src=\"https:\/\/www.david-olkarny.com\/wp-content\/uploads\/2026\/02\/photographe-mariage-belgique-robe-couple-rire.jpg\" width=\"1067\" height=\"1600\"  data-srcset=\"https:\/\/www.david-olkarny.com\/wp-content\/uploads\/2026\/02\/photographe-mariage-belgique-robe-couple-rire.jpg 1067w, https:\/\/www.david-olkarny.com\/wp-content\/uploads\/2026\/02\/photographe-mariage-belgique-robe-couple-rire-333x500.jpg 333w, https:\/\/www.david-olkarny.com\/wp-content\/uploads\/2026\/02\/photographe-mariage-belgique-robe-couple-rire-800x1200.jpg 800w, https:\/\/www.david-olkarny.com\/wp-content\/uploads\/2026\/02\/photographe-mariage-belgique-robe-couple-rire-768x1152.jpg 768w, https:\/\/www.david-olkarny.com\/wp-content\/uploads\/2026\/02\/photographe-mariage-belgique-robe-couple-rire-1024x1536.jpg 1024w, https:\/\/www.david-olkarny.com\/wp-content\/uploads\/2026\/02\/photographe-mariage-belgique-robe-couple-rire-600x900.jpg 600w\"   data-sizes=\"(max-width: 1067px) 100vw, 1067px\"  alt=\"\"\/>\n\t\t\t\t\t\t\t\t\t\t\t\t\t\t\t\t\t\t\t\t\t\t\t\t\t\t\t\t\t\t\t\t\t\t<\/div>\n\t\t\t\t\t<\/div>\n\t\t\t\t\t\t\t\t<\/div>\n\t\t\t\t\t\t\t\t\t\t\t\t\t\t<\/div>\n\t\t\t\t\t\t\t\t\t\t\t\t\t\t\t<\/div>\n\t\t\t\t\t\t\t\t\t\t<\/div>\n\t\t\t\t\t\t\t\t\t\t\t\t\t\t\t\t\t\t\t<\/a>\n\t\t\t\t\t\t\t\t<\/div>\n\t\t\t\t\t\t\t<\/div>\n\t\t\t\t\t\t\t\t\t\t\t\t\t\t\t\t\t\t\t\t<div class=\"grid__item js-grid__item grid__item_desktop-4 grid__item_tablet-6 grid__item_mobile-12 \">\n\t\t\t\t\t\t\t\t\t\t\t\t\t\t\t\t<div class=\"section-grid__item\">\n\t\t\t\t\t\t\t\t\t<a data-arts-cursor=\"true\" data-arts-cursor-scale=\"1.6\" data-arts-cursor-hide-native=\"true\" data-arts-cursor-icon=\"material-icons add\" class=\"hover-zoom grid__item-link\" href=\"https:\/\/www.david-olkarny.com\/wp-content\/uploads\/2026\/02\/photographe-mariage-belgique-couple-saut-rire.jpg\" data-size=\"1172x1600\" data-elementor-open-lightbox=\"no\">\n\t\t\t\t\t\t\t\t\t\t<div class=\"hover-zoom__inner\">\n\t\t\t\t\t\t\t\t\t\t\t<div class=\"hover-zoom__zoom\">\n\t\t\t\t\t\t\t\t\t\t\t\t\t\t\t\t\t<div class=\"section section-image figure-image\" data-arts-parallax=true data-arts-parallax-factor=0.1>\n\t\t\t\t\t\t\t\t\t\t\t\t\t\t<div class=\"section-image__wrapper overflow mask-reveal lazy\"  style=\"padding-bottom: calc( (1600 \/ 1172) * 100% ); height: 0;\">\n\t\t\t\t\t\t\t\t\t\t\t\t\t<div class=\"mask-reveal__layer mask-reveal__layer-1\">\n\t\t\t\t\t\t<div class=\"mask-reveal__layer mask-reveal__layer-2\">\n\t\t\t\t\t\t\t\t\t\t\t\t\t\t\t\t\t\t<img loading=\"lazy\" decoding=\"async\" class=\"\" src=\"data:image\/png;base64,iVBORw0KGgoAAAANSUhEUgAAAAEAAAABCAQAAAHCGzyUAAAABGdBTUEAALGPC\/xhBQAAADhlWElmTU0AKgAAAAgAAYdpAAQAAAABAAAAGgAAAAAAAqACAAQAAAABAAAAAaADAAQAAAABAAAAAQAAAADa6r\/EAAAAC0lEQVQI12NolQQAASYAn89qhTcAAAAASUVORK5CYII=\" data-id=\"6740\" data-src=\"https:\/\/www.david-olkarny.com\/wp-content\/uploads\/2026\/02\/photographe-mariage-belgique-couple-saut-rire.jpg\" width=\"1172\" height=\"1600\"  data-srcset=\"https:\/\/www.david-olkarny.com\/wp-content\/uploads\/2026\/02\/photographe-mariage-belgique-couple-saut-rire.jpg 1172w, https:\/\/www.david-olkarny.com\/wp-content\/uploads\/2026\/02\/photographe-mariage-belgique-couple-saut-rire-366x500.jpg 366w, https:\/\/www.david-olkarny.com\/wp-content\/uploads\/2026\/02\/photographe-mariage-belgique-couple-saut-rire-879x1200.jpg 879w, https:\/\/www.david-olkarny.com\/wp-content\/uploads\/2026\/02\/photographe-mariage-belgique-couple-saut-rire-768x1048.jpg 768w, https:\/\/www.david-olkarny.com\/wp-content\/uploads\/2026\/02\/photographe-mariage-belgique-couple-saut-rire-1125x1536.jpg 1125w, https:\/\/www.david-olkarny.com\/wp-content\/uploads\/2026\/02\/photographe-mariage-belgique-couple-saut-rire-600x819.jpg 600w\"   data-sizes=\"(max-width: 1172px) 100vw, 1172px\"  alt=\"\"\/>\n\t\t\t\t\t\t\t\t\t\t\t\t\t\t\t\t\t\t\t\t\t\t\t\t\t\t\t\t\t\t\t\t\t\t<\/div>\n\t\t\t\t\t<\/div>\n\t\t\t\t\t\t\t\t<\/div>\n\t\t\t\t\t\t\t\t\t\t\t\t\t\t<\/div>\n\t\t\t\t\t\t\t\t\t\t\t\t\t\t\t<\/div>\n\t\t\t\t\t\t\t\t\t\t<\/div>\n\t\t\t\t\t\t\t\t\t\t\t\t\t\t\t\t\t\t\t<\/a>\n\t\t\t\t\t\t\t\t<\/div>\n\t\t\t\t\t\t\t<\/div>\n\t\t\t\t\t\t\t\t\t\t\t\t\t\t\t\t\t\t\t\t<div class=\"grid__item js-grid__item grid__item_desktop-4 grid__item_tablet-6 grid__item_mobile-12 \">\n\t\t\t\t\t\t\t\t\t\t\t\t\t\t\t\t<div class=\"section-grid__item\">\n\t\t\t\t\t\t\t\t\t<a data-arts-cursor=\"true\" data-arts-cursor-scale=\"1.6\" data-arts-cursor-hide-native=\"true\" data-arts-cursor-icon=\"material-icons add\" class=\"hover-zoom grid__item-link\" href=\"https:\/\/www.david-olkarny.com\/wp-content\/uploads\/2026\/02\/photographe-mariage-belgique-couple-ruelle-bonheur-robe.jpg\" data-size=\"1600x1102\" data-elementor-open-lightbox=\"no\">\n\t\t\t\t\t\t\t\t\t\t<div class=\"hover-zoom__inner\">\n\t\t\t\t\t\t\t\t\t\t\t<div class=\"hover-zoom__zoom\">\n\t\t\t\t\t\t\t\t\t\t\t\t\t\t\t\t\t<div class=\"section section-image figure-image\" data-arts-parallax=true data-arts-parallax-factor=0.1>\n\t\t\t\t\t\t\t\t\t\t\t\t\t\t<div class=\"section-image__wrapper overflow mask-reveal lazy\"  style=\"padding-bottom: calc( (1102 \/ 1600) * 100% ); height: 0;\">\n\t\t\t\t\t\t\t\t\t\t\t\t\t<div class=\"mask-reveal__layer mask-reveal__layer-1\">\n\t\t\t\t\t\t<div class=\"mask-reveal__layer mask-reveal__layer-2\">\n\t\t\t\t\t\t\t\t\t\t\t\t\t\t\t\t\t\t<img loading=\"lazy\" decoding=\"async\" class=\"\" src=\"data:image\/png;base64,iVBORw0KGgoAAAANSUhEUgAAAAEAAAABCAQAAAHCGzyUAAAABGdBTUEAALGPC\/xhBQAAADhlWElmTU0AKgAAAAgAAYdpAAQAAAABAAAAGgAAAAAAAqACAAQAAAABAAAAAaADAAQAAAABAAAAAQAAAADa6r\/EAAAAC0lEQVQI12NolQQAASYAn89qhTcAAAAASUVORK5CYII=\" data-id=\"6742\" data-src=\"https:\/\/www.david-olkarny.com\/wp-content\/uploads\/2026\/02\/photographe-mariage-belgique-couple-ruelle-bonheur-robe.jpg\" width=\"1600\" height=\"1102\"  data-srcset=\"https:\/\/www.david-olkarny.com\/wp-content\/uploads\/2026\/02\/photographe-mariage-belgique-couple-ruelle-bonheur-robe.jpg 1600w, https:\/\/www.david-olkarny.com\/wp-content\/uploads\/2026\/02\/photographe-mariage-belgique-couple-ruelle-bonheur-robe-500x344.jpg 500w, https:\/\/www.david-olkarny.com\/wp-content\/uploads\/2026\/02\/photographe-mariage-belgique-couple-ruelle-bonheur-robe-1200x827.jpg 1200w, https:\/\/www.david-olkarny.com\/wp-content\/uploads\/2026\/02\/photographe-mariage-belgique-couple-ruelle-bonheur-robe-768x529.jpg 768w, https:\/\/www.david-olkarny.com\/wp-content\/uploads\/2026\/02\/photographe-mariage-belgique-couple-ruelle-bonheur-robe-1536x1058.jpg 1536w, https:\/\/www.david-olkarny.com\/wp-content\/uploads\/2026\/02\/photographe-mariage-belgique-couple-ruelle-bonheur-robe-600x413.jpg 600w\"   data-sizes=\"(max-width: 1600px) 100vw, 1600px\"  alt=\"\"\/>\n\t\t\t\t\t\t\t\t\t\t\t\t\t\t\t\t\t\t\t\t\t\t\t\t\t\t\t\t\t\t\t\t\t\t<\/div>\n\t\t\t\t\t<\/div>\n\t\t\t\t\t\t\t\t<\/div>\n\t\t\t\t\t\t\t\t\t\t\t\t\t\t<\/div>\n\t\t\t\t\t\t\t\t\t\t\t\t\t\t\t<\/div>\n\t\t\t\t\t\t\t\t\t\t<\/div>\n\t\t\t\t\t\t\t\t\t\t\t\t\t\t\t\t\t\t\t<\/a>\n\t\t\t\t\t\t\t\t<\/div>\n\t\t\t\t\t\t\t<\/div>\n\t\t\t\t\t\t\t\t\t\t\t\t\t\t\t\t\t\t\t\t<div class=\"grid__item js-grid__item grid__item_desktop-4 grid__item_tablet-6 grid__item_mobile-12 \">\n\t\t\t\t\t\t\t\t\t\t\t\t\t\t\t\t<div class=\"section-grid__item\">\n\t\t\t\t\t\t\t\t\t<a data-arts-cursor=\"true\" data-arts-cursor-scale=\"1.6\" data-arts-cursor-hide-native=\"true\" data-arts-cursor-icon=\"material-icons add\" class=\"hover-zoom grid__item-link\" href=\"https:\/\/www.david-olkarny.com\/wp-content\/uploads\/2026\/02\/photographe-mariage-belgique-couple-soleil-bonheur.jpg\" data-size=\"1067x1600\" data-elementor-open-lightbox=\"no\">\n\t\t\t\t\t\t\t\t\t\t<div class=\"hover-zoom__inner\">\n\t\t\t\t\t\t\t\t\t\t\t<div class=\"hover-zoom__zoom\">\n\t\t\t\t\t\t\t\t\t\t\t\t\t\t\t\t\t<div class=\"section section-image figure-image\" data-arts-parallax=true data-arts-parallax-factor=0.1>\n\t\t\t\t\t\t\t\t\t\t\t\t\t\t<div class=\"section-image__wrapper overflow mask-reveal lazy\"  style=\"padding-bottom: calc( (1600 \/ 1067) * 100% ); height: 0;\">\n\t\t\t\t\t\t\t\t\t\t\t\t\t<div class=\"mask-reveal__layer mask-reveal__layer-1\">\n\t\t\t\t\t\t<div class=\"mask-reveal__layer mask-reveal__layer-2\">\n\t\t\t\t\t\t\t\t\t\t\t\t\t\t\t\t\t\t<img loading=\"lazy\" decoding=\"async\" class=\"\" src=\"data:image\/png;base64,iVBORw0KGgoAAAANSUhEUgAAAAEAAAABCAQAAAHCGzyUAAAABGdBTUEAALGPC\/xhBQAAADhlWElmTU0AKgAAAAgAAYdpAAQAAAABAAAAGgAAAAAAAqACAAQAAAABAAAAAaADAAQAAAABAAAAAQAAAADa6r\/EAAAAC0lEQVQI12NolQQAASYAn89qhTcAAAAASUVORK5CYII=\" data-id=\"6744\" data-src=\"https:\/\/www.david-olkarny.com\/wp-content\/uploads\/2026\/02\/photographe-mariage-belgique-couple-soleil-bonheur.jpg\" width=\"1067\" height=\"1600\"  data-srcset=\"https:\/\/www.david-olkarny.com\/wp-content\/uploads\/2026\/02\/photographe-mariage-belgique-couple-soleil-bonheur.jpg 1067w, https:\/\/www.david-olkarny.com\/wp-content\/uploads\/2026\/02\/photographe-mariage-belgique-couple-soleil-bonheur-333x500.jpg 333w, https:\/\/www.david-olkarny.com\/wp-content\/uploads\/2026\/02\/photographe-mariage-belgique-couple-soleil-bonheur-800x1200.jpg 800w, https:\/\/www.david-olkarny.com\/wp-content\/uploads\/2026\/02\/photographe-mariage-belgique-couple-soleil-bonheur-768x1152.jpg 768w, https:\/\/www.david-olkarny.com\/wp-content\/uploads\/2026\/02\/photographe-mariage-belgique-couple-soleil-bonheur-1024x1536.jpg 1024w, https:\/\/www.david-olkarny.com\/wp-content\/uploads\/2026\/02\/photographe-mariage-belgique-couple-soleil-bonheur-600x900.jpg 600w\"   data-sizes=\"(max-width: 1067px) 100vw, 1067px\"  alt=\"\"\/>\n\t\t\t\t\t\t\t\t\t\t\t\t\t\t\t\t\t\t\t\t\t\t\t\t\t\t\t\t\t\t\t\t\t\t<\/div>\n\t\t\t\t\t<\/div>\n\t\t\t\t\t\t\t\t<\/div>\n\t\t\t\t\t\t\t\t\t\t\t\t\t\t<\/div>\n\t\t\t\t\t\t\t\t\t\t\t\t\t\t\t<\/div>\n\t\t\t\t\t\t\t\t\t\t<\/div>\n\t\t\t\t\t\t\t\t\t\t\t\t\t\t\t\t\t\t\t<\/a>\n\t\t\t\t\t\t\t\t<\/div>\n\t\t\t\t\t\t\t<\/div>\n\t\t\t\t\t\t\t\t\t\t\t\t\t\t\t\t\t\t\t\t<div class=\"grid__item js-grid__item grid__item_desktop-4 grid__item_tablet-6 grid__item_mobile-12 \">\n\t\t\t\t\t\t\t\t\t\t\t\t\t\t\t\t<div class=\"section-grid__item\">\n\t\t\t\t\t\t\t\t\t<a data-arts-cursor=\"true\" data-arts-cursor-scale=\"1.6\" data-arts-cursor-hide-native=\"true\" data-arts-cursor-icon=\"material-icons add\" class=\"hover-zoom grid__item-link\" href=\"https:\/\/www.david-olkarny.com\/wp-content\/uploads\/2026\/02\/photographe-mariage-belgique-couple-sourire-bisou.jpg\" data-size=\"1018x1600\" data-elementor-open-lightbox=\"no\">\n\t\t\t\t\t\t\t\t\t\t<div class=\"hover-zoom__inner\">\n\t\t\t\t\t\t\t\t\t\t\t<div class=\"hover-zoom__zoom\">\n\t\t\t\t\t\t\t\t\t\t\t\t\t\t\t\t\t<div class=\"section section-image figure-image\" data-arts-parallax=true data-arts-parallax-factor=0.1>\n\t\t\t\t\t\t\t\t\t\t\t\t\t\t<div class=\"section-image__wrapper overflow mask-reveal lazy\"  style=\"padding-bottom: calc( (1600 \/ 1018) * 100% ); height: 0;\">\n\t\t\t\t\t\t\t\t\t\t\t\t\t<div class=\"mask-reveal__layer mask-reveal__layer-1\">\n\t\t\t\t\t\t<div class=\"mask-reveal__layer mask-reveal__layer-2\">\n\t\t\t\t\t\t\t\t\t\t\t\t\t\t\t\t\t\t<img loading=\"lazy\" decoding=\"async\" class=\"\" src=\"data:image\/png;base64,iVBORw0KGgoAAAANSUhEUgAAAAEAAAABCAQAAAHCGzyUAAAABGdBTUEAALGPC\/xhBQAAADhlWElmTU0AKgAAAAgAAYdpAAQAAAABAAAAGgAAAAAAAqACAAQAAAABAAAAAaADAAQAAAABAAAAAQAAAADa6r\/EAAAAC0lEQVQI12NolQQAASYAn89qhTcAAAAASUVORK5CYII=\" data-id=\"6746\" data-src=\"https:\/\/www.david-olkarny.com\/wp-content\/uploads\/2026\/02\/photographe-mariage-belgique-couple-sourire-bisou.jpg\" width=\"1018\" height=\"1600\"  data-srcset=\"https:\/\/www.david-olkarny.com\/wp-content\/uploads\/2026\/02\/photographe-mariage-belgique-couple-sourire-bisou.jpg 1018w, https:\/\/www.david-olkarny.com\/wp-content\/uploads\/2026\/02\/photographe-mariage-belgique-couple-sourire-bisou-318x500.jpg 318w, https:\/\/www.david-olkarny.com\/wp-content\/uploads\/2026\/02\/photographe-mariage-belgique-couple-sourire-bisou-764x1200.jpg 764w, https:\/\/www.david-olkarny.com\/wp-content\/uploads\/2026\/02\/photographe-mariage-belgique-couple-sourire-bisou-768x1207.jpg 768w, https:\/\/www.david-olkarny.com\/wp-content\/uploads\/2026\/02\/photographe-mariage-belgique-couple-sourire-bisou-977x1536.jpg 977w, https:\/\/www.david-olkarny.com\/wp-content\/uploads\/2026\/02\/photographe-mariage-belgique-couple-sourire-bisou-600x943.jpg 600w\"   data-sizes=\"(max-width: 1018px) 100vw, 1018px\"  alt=\"\"\/>\n\t\t\t\t\t\t\t\t\t\t\t\t\t\t\t\t\t\t\t\t\t\t\t\t\t\t\t\t\t\t\t\t\t\t<\/div>\n\t\t\t\t\t<\/div>\n\t\t\t\t\t\t\t\t<\/div>\n\t\t\t\t\t\t\t\t\t\t\t\t\t\t<\/div>\n\t\t\t\t\t\t\t\t\t\t\t\t\t\t\t<\/div>\n\t\t\t\t\t\t\t\t\t\t<\/div>\n\t\t\t\t\t\t\t\t\t\t\t\t\t\t\t\t\t\t\t<\/a>\n\t\t\t\t\t\t\t\t<\/div>\n\t\t\t\t\t\t\t<\/div>\n\t\t\t\t\t\t\t\t\t\t\t\t\t\t\t\t\t\t\t\t<div class=\"grid__item js-grid__item grid__item_desktop-4 grid__item_tablet-6 grid__item_mobile-12 \">\n\t\t\t\t\t\t\t\t\t\t\t\t\t\t\t\t<div class=\"section-grid__item\">\n\t\t\t\t\t\t\t\t\t<a data-arts-cursor=\"true\" data-arts-cursor-scale=\"1.6\" data-arts-cursor-hide-native=\"true\" data-arts-cursor-icon=\"material-icons add\" class=\"hover-zoom grid__item-link\" href=\"https:\/\/www.david-olkarny.com\/wp-content\/uploads\/2026\/02\/photographe-mariage-belgique-femme-plage.jpg\" data-size=\"1600x995\" data-elementor-open-lightbox=\"no\">\n\t\t\t\t\t\t\t\t\t\t<div class=\"hover-zoom__inner\">\n\t\t\t\t\t\t\t\t\t\t\t<div class=\"hover-zoom__zoom\">\n\t\t\t\t\t\t\t\t\t\t\t\t\t\t\t\t\t<div class=\"section section-image figure-image\" data-arts-parallax=true data-arts-parallax-factor=0.1>\n\t\t\t\t\t\t\t\t\t\t\t\t\t\t<div class=\"section-image__wrapper overflow mask-reveal lazy\"  style=\"padding-bottom: calc( (995 \/ 1600) * 100% ); height: 0;\">\n\t\t\t\t\t\t\t\t\t\t\t\t\t<div class=\"mask-reveal__layer mask-reveal__layer-1\">\n\t\t\t\t\t\t<div class=\"mask-reveal__layer mask-reveal__layer-2\">\n\t\t\t\t\t\t\t\t\t\t\t\t\t\t\t\t\t\t<img loading=\"lazy\" decoding=\"async\" class=\"\" src=\"data:image\/png;base64,iVBORw0KGgoAAAANSUhEUgAAAAEAAAABCAQAAAHCGzyUAAAABGdBTUEAALGPC\/xhBQAAADhlWElmTU0AKgAAAAgAAYdpAAQAAAABAAAAGgAAAAAAAqACAAQAAAABAAAAAaADAAQAAAABAAAAAQAAAADa6r\/EAAAAC0lEQVQI12NolQQAASYAn89qhTcAAAAASUVORK5CYII=\" data-id=\"6748\" data-src=\"https:\/\/www.david-olkarny.com\/wp-content\/uploads\/2026\/02\/photographe-mariage-belgique-femme-plage.jpg\" width=\"1600\" height=\"995\"  data-srcset=\"https:\/\/www.david-olkarny.com\/wp-content\/uploads\/2026\/02\/photographe-mariage-belgique-femme-plage.jpg 1600w, https:\/\/www.david-olkarny.com\/wp-content\/uploads\/2026\/02\/photographe-mariage-belgique-femme-plage-500x311.jpg 500w, https:\/\/www.david-olkarny.com\/wp-content\/uploads\/2026\/02\/photographe-mariage-belgique-femme-plage-1200x746.jpg 1200w, https:\/\/www.david-olkarny.com\/wp-content\/uploads\/2026\/02\/photographe-mariage-belgique-femme-plage-768x478.jpg 768w, https:\/\/www.david-olkarny.com\/wp-content\/uploads\/2026\/02\/photographe-mariage-belgique-femme-plage-1536x955.jpg 1536w, https:\/\/www.david-olkarny.com\/wp-content\/uploads\/2026\/02\/photographe-mariage-belgique-femme-plage-600x373.jpg 600w\"   data-sizes=\"(max-width: 1600px) 100vw, 1600px\"  alt=\"\"\/>\n\t\t\t\t\t\t\t\t\t\t\t\t\t\t\t\t\t\t\t\t\t\t\t\t\t\t\t\t\t\t\t\t\t\t<\/div>\n\t\t\t\t\t<\/div>\n\t\t\t\t\t\t\t\t<\/div>\n\t\t\t\t\t\t\t\t\t\t\t\t\t\t<\/div>\n\t\t\t\t\t\t\t\t\t\t\t\t\t\t\t<\/div>\n\t\t\t\t\t\t\t\t\t\t<\/div>\n\t\t\t\t\t\t\t\t\t\t\t\t\t\t\t\t\t\t\t<\/a>\n\t\t\t\t\t\t\t\t<\/div>\n\t\t\t\t\t\t\t<\/div>\n\t\t\t\t\t\t\t\t\t\t\t\t\t\t\t\t\t\t\t\t<div class=\"grid__item js-grid__item grid__item_desktop-4 grid__item_tablet-6 grid__item_mobile-12 \">\n\t\t\t\t\t\t\t\t\t\t\t\t\t\t\t\t<div class=\"section-grid__item\">\n\t\t\t\t\t\t\t\t\t<a data-arts-cursor=\"true\" data-arts-cursor-scale=\"1.6\" data-arts-cursor-hide-native=\"true\" data-arts-cursor-icon=\"material-icons add\" class=\"hover-zoom grid__item-link\" href=\"https:\/\/www.david-olkarny.com\/wp-content\/uploads\/2026\/02\/photographe-mariage-belgique-homme-groupe.jpg\" data-size=\"1600x1067\" data-elementor-open-lightbox=\"no\">\n\t\t\t\t\t\t\t\t\t\t<div class=\"hover-zoom__inner\">\n\t\t\t\t\t\t\t\t\t\t\t<div class=\"hover-zoom__zoom\">\n\t\t\t\t\t\t\t\t\t\t\t\t\t\t\t\t\t<div class=\"section section-image figure-image\" data-arts-parallax=true data-arts-parallax-factor=0.1>\n\t\t\t\t\t\t\t\t\t\t\t\t\t\t<div class=\"section-image__wrapper overflow mask-reveal lazy\"  style=\"padding-bottom: calc( (1067 \/ 1600) * 100% ); height: 0;\">\n\t\t\t\t\t\t\t\t\t\t\t\t\t<div class=\"mask-reveal__layer mask-reveal__layer-1\">\n\t\t\t\t\t\t<div class=\"mask-reveal__layer mask-reveal__layer-2\">\n\t\t\t\t\t\t\t\t\t\t\t\t\t\t\t\t\t\t<img loading=\"lazy\" decoding=\"async\" class=\"\" src=\"data:image\/png;base64,iVBORw0KGgoAAAANSUhEUgAAAAEAAAABCAQAAAHCGzyUAAAABGdBTUEAALGPC\/xhBQAAADhlWElmTU0AKgAAAAgAAYdpAAQAAAABAAAAGgAAAAAAAqACAAQAAAABAAAAAaADAAQAAAABAAAAAQAAAADa6r\/EAAAAC0lEQVQI12NolQQAASYAn89qhTcAAAAASUVORK5CYII=\" data-id=\"6750\" data-src=\"https:\/\/www.david-olkarny.com\/wp-content\/uploads\/2026\/02\/photographe-mariage-belgique-homme-groupe.jpg\" width=\"1600\" height=\"1067\"  data-srcset=\"https:\/\/www.david-olkarny.com\/wp-content\/uploads\/2026\/02\/photographe-mariage-belgique-homme-groupe.jpg 1600w, https:\/\/www.david-olkarny.com\/wp-content\/uploads\/2026\/02\/photographe-mariage-belgique-homme-groupe-500x333.jpg 500w, https:\/\/www.david-olkarny.com\/wp-content\/uploads\/2026\/02\/photographe-mariage-belgique-homme-groupe-1200x800.jpg 1200w, https:\/\/www.david-olkarny.com\/wp-content\/uploads\/2026\/02\/photographe-mariage-belgique-homme-groupe-768x512.jpg 768w, https:\/\/www.david-olkarny.com\/wp-content\/uploads\/2026\/02\/photographe-mariage-belgique-homme-groupe-1536x1024.jpg 1536w, https:\/\/www.david-olkarny.com\/wp-content\/uploads\/2026\/02\/photographe-mariage-belgique-homme-groupe-600x400.jpg 600w\"   data-sizes=\"(max-width: 1600px) 100vw, 1600px\"  alt=\"\"\/>\n\t\t\t\t\t\t\t\t\t\t\t\t\t\t\t\t\t\t\t\t\t\t\t\t\t\t\t\t\t\t\t\t\t\t<\/div>\n\t\t\t\t\t<\/div>\n\t\t\t\t\t\t\t\t<\/div>\n\t\t\t\t\t\t\t\t\t\t\t\t\t\t<\/div>\n\t\t\t\t\t\t\t\t\t\t\t\t\t\t\t<\/div>\n\t\t\t\t\t\t\t\t\t\t<\/div>\n\t\t\t\t\t\t\t\t\t\t\t\t\t\t\t\t\t\t\t<\/a>\n\t\t\t\t\t\t\t\t<\/div>\n\t\t\t\t\t\t\t<\/div>\n\t\t\t\t\t\t\t\t\t\t\t\t\t\t\t\t\t\t\t\t<div class=\"grid__item js-grid__item grid__item_desktop-4 grid__item_tablet-6 grid__item_mobile-12 \">\n\t\t\t\t\t\t\t\t\t\t\t\t\t\t\t\t<div class=\"section-grid__item\">\n\t\t\t\t\t\t\t\t\t<a data-arts-cursor=\"true\" data-arts-cursor-scale=\"1.6\" data-arts-cursor-hide-native=\"true\" data-arts-cursor-icon=\"material-icons add\" class=\"hover-zoom grid__item-link\" href=\"https:\/\/www.david-olkarny.com\/wp-content\/uploads\/2026\/02\/photographe-mariage-belgique-couple-voile.jpg\" data-size=\"1067x1600\" data-elementor-open-lightbox=\"no\">\n\t\t\t\t\t\t\t\t\t\t<div class=\"hover-zoom__inner\">\n\t\t\t\t\t\t\t\t\t\t\t<div class=\"hover-zoom__zoom\">\n\t\t\t\t\t\t\t\t\t\t\t\t\t\t\t\t\t<div class=\"section section-image figure-image\" data-arts-parallax=true data-arts-parallax-factor=0.1>\n\t\t\t\t\t\t\t\t\t\t\t\t\t\t<div class=\"section-image__wrapper overflow mask-reveal lazy\"  style=\"padding-bottom: calc( (1600 \/ 1067) * 100% ); height: 0;\">\n\t\t\t\t\t\t\t\t\t\t\t\t\t<div class=\"mask-reveal__layer mask-reveal__layer-1\">\n\t\t\t\t\t\t<div class=\"mask-reveal__layer mask-reveal__layer-2\">\n\t\t\t\t\t\t\t\t\t\t\t\t\t\t\t\t\t\t<img loading=\"lazy\" decoding=\"async\" class=\"\" src=\"data:image\/png;base64,iVBORw0KGgoAAAANSUhEUgAAAAEAAAABCAQAAAHCGzyUAAAABGdBTUEAALGPC\/xhBQAAADhlWElmTU0AKgAAAAgAAYdpAAQAAAABAAAAGgAAAAAAAqACAAQAAAABAAAAAaADAAQAAAABAAAAAQAAAADa6r\/EAAAAC0lEQVQI12NolQQAASYAn89qhTcAAAAASUVORK5CYII=\" data-id=\"6752\" data-src=\"https:\/\/www.david-olkarny.com\/wp-content\/uploads\/2026\/02\/photographe-mariage-belgique-couple-voile.jpg\" width=\"1067\" height=\"1600\"  data-srcset=\"https:\/\/www.david-olkarny.com\/wp-content\/uploads\/2026\/02\/photographe-mariage-belgique-couple-voile.jpg 1067w, https:\/\/www.david-olkarny.com\/wp-content\/uploads\/2026\/02\/photographe-mariage-belgique-couple-voile-333x500.jpg 333w, https:\/\/www.david-olkarny.com\/wp-content\/uploads\/2026\/02\/photographe-mariage-belgique-couple-voile-800x1200.jpg 800w, https:\/\/www.david-olkarny.com\/wp-content\/uploads\/2026\/02\/photographe-mariage-belgique-couple-voile-768x1152.jpg 768w, https:\/\/www.david-olkarny.com\/wp-content\/uploads\/2026\/02\/photographe-mariage-belgique-couple-voile-1024x1536.jpg 1024w, https:\/\/www.david-olkarny.com\/wp-content\/uploads\/2026\/02\/photographe-mariage-belgique-couple-voile-600x900.jpg 600w\"   data-sizes=\"(max-width: 1067px) 100vw, 1067px\"  alt=\"\"\/>\n\t\t\t\t\t\t\t\t\t\t\t\t\t\t\t\t\t\t\t\t\t\t\t\t\t\t\t\t\t\t\t\t\t\t<\/div>\n\t\t\t\t\t<\/div>\n\t\t\t\t\t\t\t\t<\/div>\n\t\t\t\t\t\t\t\t\t\t\t\t\t\t<\/div>\n\t\t\t\t\t\t\t\t\t\t\t\t\t\t\t<\/div>\n\t\t\t\t\t\t\t\t\t\t<\/div>\n\t\t\t\t\t\t\t\t\t\t\t\t\t\t\t\t\t\t\t<\/a>\n\t\t\t\t\t\t\t\t<\/div>\n\t\t\t\t\t\t\t<\/div>\n\t\t\t\t\t\t\t\t\t\t\t\t\t\t\t\t\t\t\t\t<div class=\"grid__item js-grid__item grid__item_desktop-4 grid__item_tablet-6 grid__item_mobile-12 \">\n\t\t\t\t\t\t\t\t\t\t\t\t\t\t\t\t<div class=\"section-grid__item\">\n\t\t\t\t\t\t\t\t\t<a data-arts-cursor=\"true\" data-arts-cursor-scale=\"1.6\" data-arts-cursor-hide-native=\"true\" data-arts-cursor-icon=\"material-icons add\" class=\"hover-zoom grid__item-link\" href=\"https:\/\/www.david-olkarny.com\/wp-content\/uploads\/2026\/02\/photographe-mariage-belgique-fleur-couple.jpg\" data-size=\"1600x1077\" data-elementor-open-lightbox=\"no\">\n\t\t\t\t\t\t\t\t\t\t<div class=\"hover-zoom__inner\">\n\t\t\t\t\t\t\t\t\t\t\t<div class=\"hover-zoom__zoom\">\n\t\t\t\t\t\t\t\t\t\t\t\t\t\t\t\t\t<div class=\"section section-image figure-image\" data-arts-parallax=true data-arts-parallax-factor=0.1>\n\t\t\t\t\t\t\t\t\t\t\t\t\t\t<div class=\"section-image__wrapper overflow mask-reveal lazy\"  style=\"padding-bottom: calc( (1077 \/ 1600) * 100% ); height: 0;\">\n\t\t\t\t\t\t\t\t\t\t\t\t\t<div class=\"mask-reveal__layer mask-reveal__layer-1\">\n\t\t\t\t\t\t<div class=\"mask-reveal__layer mask-reveal__layer-2\">\n\t\t\t\t\t\t\t\t\t\t\t\t\t\t\t\t\t\t<img loading=\"lazy\" decoding=\"async\" class=\"\" src=\"data:image\/png;base64,iVBORw0KGgoAAAANSUhEUgAAAAEAAAABCAQAAAHCGzyUAAAABGdBTUEAALGPC\/xhBQAAADhlWElmTU0AKgAAAAgAAYdpAAQAAAABAAAAGgAAAAAAAqACAAQAAAABAAAAAaADAAQAAAABAAAAAQAAAADa6r\/EAAAAC0lEQVQI12NolQQAASYAn89qhTcAAAAASUVORK5CYII=\" data-id=\"6754\" data-src=\"https:\/\/www.david-olkarny.com\/wp-content\/uploads\/2026\/02\/photographe-mariage-belgique-fleur-couple.jpg\" width=\"1600\" height=\"1077\"  data-srcset=\"https:\/\/www.david-olkarny.com\/wp-content\/uploads\/2026\/02\/photographe-mariage-belgique-fleur-couple.jpg 1600w, https:\/\/www.david-olkarny.com\/wp-content\/uploads\/2026\/02\/photographe-mariage-belgique-fleur-couple-500x337.jpg 500w, https:\/\/www.david-olkarny.com\/wp-content\/uploads\/2026\/02\/photographe-mariage-belgique-fleur-couple-1200x808.jpg 1200w, https:\/\/www.david-olkarny.com\/wp-content\/uploads\/2026\/02\/photographe-mariage-belgique-fleur-couple-768x517.jpg 768w, https:\/\/www.david-olkarny.com\/wp-content\/uploads\/2026\/02\/photographe-mariage-belgique-fleur-couple-1536x1034.jpg 1536w, https:\/\/www.david-olkarny.com\/wp-content\/uploads\/2026\/02\/photographe-mariage-belgique-fleur-couple-600x404.jpg 600w\"   data-sizes=\"(max-width: 1600px) 100vw, 1600px\"  alt=\"\"\/>\n\t\t\t\t\t\t\t\t\t\t\t\t\t\t\t\t\t\t\t\t\t\t\t\t\t\t\t\t\t\t\t\t\t\t<\/div>\n\t\t\t\t\t<\/div>\n\t\t\t\t\t\t\t\t<\/div>\n\t\t\t\t\t\t\t\t\t\t\t\t\t\t<\/div>\n\t\t\t\t\t\t\t\t\t\t\t\t\t\t\t<\/div>\n\t\t\t\t\t\t\t\t\t\t<\/div>\n\t\t\t\t\t\t\t\t\t\t\t\t\t\t\t\t\t\t\t<\/a>\n\t\t\t\t\t\t\t\t<\/div>\n\t\t\t\t\t\t\t<\/div>\n\t\t\t\t\t\t\t\t\t\t\t\t\t\t\t\t\t\t\t\t<div class=\"grid__item js-grid__item grid__item_desktop-4 grid__item_tablet-6 grid__item_mobile-12 \">\n\t\t\t\t\t\t\t\t\t\t\t\t\t\t\t\t<div class=\"section-grid__item\">\n\t\t\t\t\t\t\t\t\t<a data-arts-cursor=\"true\" data-arts-cursor-scale=\"1.6\" data-arts-cursor-hide-native=\"true\" data-arts-cursor-icon=\"material-icons add\" class=\"hover-zoom grid__item-link\" href=\"https:\/\/www.david-olkarny.com\/wp-content\/uploads\/2026\/02\/photographe-mariage-belgique-fleur-groupe-femme.jpg\" data-size=\"1600x1067\" data-elementor-open-lightbox=\"no\">\n\t\t\t\t\t\t\t\t\t\t<div class=\"hover-zoom__inner\">\n\t\t\t\t\t\t\t\t\t\t\t<div class=\"hover-zoom__zoom\">\n\t\t\t\t\t\t\t\t\t\t\t\t\t\t\t\t\t<div class=\"section section-image figure-image\" data-arts-parallax=true data-arts-parallax-factor=0.1>\n\t\t\t\t\t\t\t\t\t\t\t\t\t\t<div class=\"section-image__wrapper overflow mask-reveal lazy\"  style=\"padding-bottom: calc( (1067 \/ 1600) * 100% ); height: 0;\">\n\t\t\t\t\t\t\t\t\t\t\t\t\t<div class=\"mask-reveal__layer mask-reveal__layer-1\">\n\t\t\t\t\t\t<div class=\"mask-reveal__layer mask-reveal__layer-2\">\n\t\t\t\t\t\t\t\t\t\t\t\t\t\t\t\t\t\t<img loading=\"lazy\" decoding=\"async\" class=\"\" src=\"data:image\/png;base64,iVBORw0KGgoAAAANSUhEUgAAAAEAAAABCAQAAAHCGzyUAAAABGdBTUEAALGPC\/xhBQAAADhlWElmTU0AKgAAAAgAAYdpAAQAAAABAAAAGgAAAAAAAqACAAQAAAABAAAAAaADAAQAAAABAAAAAQAAAADa6r\/EAAAAC0lEQVQI12NolQQAASYAn89qhTcAAAAASUVORK5CYII=\" data-id=\"6756\" data-src=\"https:\/\/www.david-olkarny.com\/wp-content\/uploads\/2026\/02\/photographe-mariage-belgique-fleur-groupe-femme.jpg\" width=\"1600\" height=\"1067\"  data-srcset=\"https:\/\/www.david-olkarny.com\/wp-content\/uploads\/2026\/02\/photographe-mariage-belgique-fleur-groupe-femme.jpg 1600w, https:\/\/www.david-olkarny.com\/wp-content\/uploads\/2026\/02\/photographe-mariage-belgique-fleur-groupe-femme-500x333.jpg 500w, https:\/\/www.david-olkarny.com\/wp-content\/uploads\/2026\/02\/photographe-mariage-belgique-fleur-groupe-femme-1200x800.jpg 1200w, https:\/\/www.david-olkarny.com\/wp-content\/uploads\/2026\/02\/photographe-mariage-belgique-fleur-groupe-femme-768x512.jpg 768w, https:\/\/www.david-olkarny.com\/wp-content\/uploads\/2026\/02\/photographe-mariage-belgique-fleur-groupe-femme-1536x1024.jpg 1536w, https:\/\/www.david-olkarny.com\/wp-content\/uploads\/2026\/02\/photographe-mariage-belgique-fleur-groupe-femme-600x400.jpg 600w\"   data-sizes=\"(max-width: 1600px) 100vw, 1600px\"  alt=\"\"\/>\n\t\t\t\t\t\t\t\t\t\t\t\t\t\t\t\t\t\t\t\t\t\t\t\t\t\t\t\t\t\t\t\t\t\t<\/div>\n\t\t\t\t\t<\/div>\n\t\t\t\t\t\t\t\t<\/div>\n\t\t\t\t\t\t\t\t\t\t\t\t\t\t<\/div>\n\t\t\t\t\t\t\t\t\t\t\t\t\t\t\t<\/div>\n\t\t\t\t\t\t\t\t\t\t<\/div>\n\t\t\t\t\t\t\t\t\t\t\t\t\t\t\t\t\t\t\t<\/a>\n\t\t\t\t\t\t\t\t<\/div>\n\t\t\t\t\t\t\t<\/div>\n\t\t\t\t\t\t\t\t\t\t\t\t\t\t\t\t\t\t\t\t<div class=\"grid__item js-grid__item grid__item_desktop-4 grid__item_tablet-6 grid__item_mobile-12 \">\n\t\t\t\t\t\t\t\t\t\t\t\t\t\t\t\t<div class=\"section-grid__item\">\n\t\t\t\t\t\t\t\t\t<a data-arts-cursor=\"true\" data-arts-cursor-scale=\"1.6\" data-arts-cursor-hide-native=\"true\" data-arts-cursor-icon=\"material-icons add\" class=\"hover-zoom grid__item-link\" href=\"https:\/\/www.david-olkarny.com\/wp-content\/uploads\/2026\/02\/photographe-mariage-belgique-couple-soleil-nature.jpg\" data-size=\"1067x1600\" data-elementor-open-lightbox=\"no\">\n\t\t\t\t\t\t\t\t\t\t<div class=\"hover-zoom__inner\">\n\t\t\t\t\t\t\t\t\t\t\t<div class=\"hover-zoom__zoom\">\n\t\t\t\t\t\t\t\t\t\t\t\t\t\t\t\t\t<div class=\"section section-image figure-image\" data-arts-parallax=true data-arts-parallax-factor=0.1>\n\t\t\t\t\t\t\t\t\t\t\t\t\t\t<div class=\"section-image__wrapper overflow mask-reveal lazy\"  style=\"padding-bottom: calc( (1600 \/ 1067) * 100% ); height: 0;\">\n\t\t\t\t\t\t\t\t\t\t\t\t\t<div class=\"mask-reveal__layer mask-reveal__layer-1\">\n\t\t\t\t\t\t<div class=\"mask-reveal__layer mask-reveal__layer-2\">\n\t\t\t\t\t\t\t\t\t\t\t\t\t\t\t\t\t\t<img loading=\"lazy\" decoding=\"async\" class=\"\" src=\"data:image\/png;base64,iVBORw0KGgoAAAANSUhEUgAAAAEAAAABCAQAAAHCGzyUAAAABGdBTUEAALGPC\/xhBQAAADhlWElmTU0AKgAAAAgAAYdpAAQAAAABAAAAGgAAAAAAAqACAAQAAAABAAAAAaADAAQAAAABAAAAAQAAAADa6r\/EAAAAC0lEQVQI12NolQQAASYAn89qhTcAAAAASUVORK5CYII=\" data-id=\"6764\" data-src=\"https:\/\/www.david-olkarny.com\/wp-content\/uploads\/2026\/02\/photographe-mariage-belgique-couple-soleil-nature.jpg\" width=\"1067\" height=\"1600\"  data-srcset=\"https:\/\/www.david-olkarny.com\/wp-content\/uploads\/2026\/02\/photographe-mariage-belgique-couple-soleil-nature.jpg 1067w, https:\/\/www.david-olkarny.com\/wp-content\/uploads\/2026\/02\/photographe-mariage-belgique-couple-soleil-nature-333x500.jpg 333w, https:\/\/www.david-olkarny.com\/wp-content\/uploads\/2026\/02\/photographe-mariage-belgique-couple-soleil-nature-800x1200.jpg 800w, https:\/\/www.david-olkarny.com\/wp-content\/uploads\/2026\/02\/photographe-mariage-belgique-couple-soleil-nature-768x1152.jpg 768w, https:\/\/www.david-olkarny.com\/wp-content\/uploads\/2026\/02\/photographe-mariage-belgique-couple-soleil-nature-1024x1536.jpg 1024w, https:\/\/www.david-olkarny.com\/wp-content\/uploads\/2026\/02\/photographe-mariage-belgique-couple-soleil-nature-600x900.jpg 600w\"   data-sizes=\"(max-width: 1067px) 100vw, 1067px\"  alt=\"\"\/>\n\t\t\t\t\t\t\t\t\t\t\t\t\t\t\t\t\t\t\t\t\t\t\t\t\t\t\t\t\t\t\t\t\t\t<\/div>\n\t\t\t\t\t<\/div>\n\t\t\t\t\t\t\t\t<\/div>\n\t\t\t\t\t\t\t\t\t\t\t\t\t\t<\/div>\n\t\t\t\t\t\t\t\t\t\t\t\t\t\t\t<\/div>\n\t\t\t\t\t\t\t\t\t\t<\/div>\n\t\t\t\t\t\t\t\t\t\t\t\t\t\t\t\t\t\t\t<\/a>\n\t\t\t\t\t\t\t\t<\/div>\n\t\t\t\t\t\t\t<\/div>\n\t\t\t\t\t\t\t\t\t\t\t\t\t\t\t\t\t\t\t\t<div class=\"grid__item js-grid__item grid__item_desktop-4 grid__item_tablet-6 grid__item_mobile-12 \">\n\t\t\t\t\t\t\t\t\t\t\t\t\t\t\t\t<div class=\"section-grid__item\">\n\t\t\t\t\t\t\t\t\t<a data-arts-cursor=\"true\" data-arts-cursor-scale=\"1.6\" data-arts-cursor-hide-native=\"true\" data-arts-cursor-icon=\"material-icons add\" class=\"hover-zoom grid__item-link\" href=\"https:\/\/www.david-olkarny.com\/wp-content\/uploads\/2026\/02\/photographe-mariage-belgique-couple-turc-bonheur-chaud.jpg\" data-size=\"1600x1063\" data-elementor-open-lightbox=\"no\">\n\t\t\t\t\t\t\t\t\t\t<div class=\"hover-zoom__inner\">\n\t\t\t\t\t\t\t\t\t\t\t<div class=\"hover-zoom__zoom\">\n\t\t\t\t\t\t\t\t\t\t\t\t\t\t\t\t\t<div class=\"section section-image figure-image\" data-arts-parallax=true data-arts-parallax-factor=0.1>\n\t\t\t\t\t\t\t\t\t\t\t\t\t\t<div class=\"section-image__wrapper overflow mask-reveal lazy\"  style=\"padding-bottom: calc( (1063 \/ 1600) * 100% ); height: 0;\">\n\t\t\t\t\t\t\t\t\t\t\t\t\t<div class=\"mask-reveal__layer mask-reveal__layer-1\">\n\t\t\t\t\t\t<div class=\"mask-reveal__layer mask-reveal__layer-2\">\n\t\t\t\t\t\t\t\t\t\t\t\t\t\t\t\t\t\t<img loading=\"lazy\" decoding=\"async\" class=\"\" src=\"data:image\/png;base64,iVBORw0KGgoAAAANSUhEUgAAAAEAAAABCAQAAAHCGzyUAAAABGdBTUEAALGPC\/xhBQAAADhlWElmTU0AKgAAAAgAAYdpAAQAAAABAAAAGgAAAAAAAqACAAQAAAABAAAAAaADAAQAAAABAAAAAQAAAADa6r\/EAAAAC0lEQVQI12NolQQAASYAn89qhTcAAAAASUVORK5CYII=\" data-id=\"6762\" data-src=\"https:\/\/www.david-olkarny.com\/wp-content\/uploads\/2026\/02\/photographe-mariage-belgique-couple-turc-bonheur-chaud.jpg\" width=\"1600\" height=\"1063\"  data-srcset=\"https:\/\/www.david-olkarny.com\/wp-content\/uploads\/2026\/02\/photographe-mariage-belgique-couple-turc-bonheur-chaud.jpg 1600w, https:\/\/www.david-olkarny.com\/wp-content\/uploads\/2026\/02\/photographe-mariage-belgique-couple-turc-bonheur-chaud-500x332.jpg 500w, https:\/\/www.david-olkarny.com\/wp-content\/uploads\/2026\/02\/photographe-mariage-belgique-couple-turc-bonheur-chaud-1200x797.jpg 1200w, https:\/\/www.david-olkarny.com\/wp-content\/uploads\/2026\/02\/photographe-mariage-belgique-couple-turc-bonheur-chaud-768x510.jpg 768w, https:\/\/www.david-olkarny.com\/wp-content\/uploads\/2026\/02\/photographe-mariage-belgique-couple-turc-bonheur-chaud-1536x1020.jpg 1536w, https:\/\/www.david-olkarny.com\/wp-content\/uploads\/2026\/02\/photographe-mariage-belgique-couple-turc-bonheur-chaud-600x399.jpg 600w\"   data-sizes=\"(max-width: 1600px) 100vw, 1600px\"  alt=\"\"\/>\n\t\t\t\t\t\t\t\t\t\t\t\t\t\t\t\t\t\t\t\t\t\t\t\t\t\t\t\t\t\t\t\t\t\t<\/div>\n\t\t\t\t\t<\/div>\n\t\t\t\t\t\t\t\t<\/div>\n\t\t\t\t\t\t\t\t\t\t\t\t\t\t<\/div>\n\t\t\t\t\t\t\t\t\t\t\t\t\t\t\t<\/div>\n\t\t\t\t\t\t\t\t\t\t<\/div>\n\t\t\t\t\t\t\t\t\t\t\t\t\t\t\t\t\t\t\t<\/a>\n\t\t\t\t\t\t\t\t<\/div>\n\t\t\t\t\t\t\t<\/div>\n\t\t\t\t\t\t\t\t\t\t\t\t\t\t\t\t\t\t\t\t<div class=\"grid__item js-grid__item grid__item_desktop-4 grid__item_tablet-6 grid__item_mobile-12 \">\n\t\t\t\t\t\t\t\t\t\t\t\t\t\t\t\t<div class=\"section-grid__item\">\n\t\t\t\t\t\t\t\t\t<a data-arts-cursor=\"true\" data-arts-cursor-scale=\"1.6\" data-arts-cursor-hide-native=\"true\" data-arts-cursor-icon=\"material-icons add\" class=\"hover-zoom grid__item-link\" href=\"https:\/\/www.david-olkarny.com\/wp-content\/uploads\/2026\/02\/photographe-mariage-belgique-mer-couple-vague-1.jpg\" data-size=\"1600x1159\" data-elementor-open-lightbox=\"no\">\n\t\t\t\t\t\t\t\t\t\t<div class=\"hover-zoom__inner\">\n\t\t\t\t\t\t\t\t\t\t\t<div class=\"hover-zoom__zoom\">\n\t\t\t\t\t\t\t\t\t\t\t\t\t\t\t\t\t<div class=\"section section-image figure-image\" data-arts-parallax=true data-arts-parallax-factor=0.1>\n\t\t\t\t\t\t\t\t\t\t\t\t\t\t<div class=\"section-image__wrapper overflow mask-reveal lazy\"  style=\"padding-bottom: calc( (1159 \/ 1600) * 100% ); height: 0;\">\n\t\t\t\t\t\t\t\t\t\t\t\t\t<div class=\"mask-reveal__layer mask-reveal__layer-1\">\n\t\t\t\t\t\t<div class=\"mask-reveal__layer mask-reveal__layer-2\">\n\t\t\t\t\t\t\t\t\t\t\t\t\t\t\t\t\t\t<img loading=\"lazy\" decoding=\"async\" class=\"\" src=\"data:image\/png;base64,iVBORw0KGgoAAAANSUhEUgAAAAEAAAABCAQAAAHCGzyUAAAABGdBTUEAALGPC\/xhBQAAADhlWElmTU0AKgAAAAgAAYdpAAQAAAABAAAAGgAAAAAAAqACAAQAAAABAAAAAaADAAQAAAABAAAAAQAAAADa6r\/EAAAAC0lEQVQI12NolQQAASYAn89qhTcAAAAASUVORK5CYII=\" data-id=\"6760\" data-src=\"https:\/\/www.david-olkarny.com\/wp-content\/uploads\/2026\/02\/photographe-mariage-belgique-mer-couple-vague-1.jpg\" width=\"1600\" height=\"1159\"  data-srcset=\"https:\/\/www.david-olkarny.com\/wp-content\/uploads\/2026\/02\/photographe-mariage-belgique-mer-couple-vague-1.jpg 1600w, https:\/\/www.david-olkarny.com\/wp-content\/uploads\/2026\/02\/photographe-mariage-belgique-mer-couple-vague-1-500x362.jpg 500w, https:\/\/www.david-olkarny.com\/wp-content\/uploads\/2026\/02\/photographe-mariage-belgique-mer-couple-vague-1-1200x869.jpg 1200w, https:\/\/www.david-olkarny.com\/wp-content\/uploads\/2026\/02\/photographe-mariage-belgique-mer-couple-vague-1-768x556.jpg 768w, https:\/\/www.david-olkarny.com\/wp-content\/uploads\/2026\/02\/photographe-mariage-belgique-mer-couple-vague-1-1536x1113.jpg 1536w, https:\/\/www.david-olkarny.com\/wp-content\/uploads\/2026\/02\/photographe-mariage-belgique-mer-couple-vague-1-600x435.jpg 600w\"   data-sizes=\"(max-width: 1600px) 100vw, 1600px\"  alt=\"\"\/>\n\t\t\t\t\t\t\t\t\t\t\t\t\t\t\t\t\t\t\t\t\t\t\t\t\t\t\t\t\t\t\t\t\t\t<\/div>\n\t\t\t\t\t<\/div>\n\t\t\t\t\t\t\t\t<\/div>\n\t\t\t\t\t\t\t\t\t\t\t\t\t\t<\/div>\n\t\t\t\t\t\t\t\t\t\t\t\t\t\t\t<\/div>\n\t\t\t\t\t\t\t\t\t\t<\/div>\n\t\t\t\t\t\t\t\t\t\t\t\t\t\t\t\t\t\t\t<\/a>\n\t\t\t\t\t\t\t\t<\/div>\n\t\t\t\t\t\t\t<\/div>\n\t\t\t\t\t\t\t\t\t\t\t\t\t\t\t\t\t\t\t\t<div class=\"grid__item js-grid__item grid__item_desktop-4 grid__item_tablet-6 grid__item_mobile-12 \">\n\t\t\t\t\t\t\t\t\t\t\t\t\t\t\t\t<div class=\"section-grid__item\">\n\t\t\t\t\t\t\t\t\t<a data-arts-cursor=\"true\" data-arts-cursor-scale=\"1.6\" data-arts-cursor-hide-native=\"true\" data-arts-cursor-icon=\"material-icons add\" class=\"hover-zoom grid__item-link\" href=\"https:\/\/www.david-olkarny.com\/wp-content\/uploads\/2026\/02\/photographe-mariage-belgique-italie-couple.jpg\" data-size=\"1600x971\" data-elementor-open-lightbox=\"no\">\n\t\t\t\t\t\t\t\t\t\t<div class=\"hover-zoom__inner\">\n\t\t\t\t\t\t\t\t\t\t\t<div class=\"hover-zoom__zoom\">\n\t\t\t\t\t\t\t\t\t\t\t\t\t\t\t\t\t<div class=\"section section-image figure-image\" data-arts-parallax=true data-arts-parallax-factor=0.1>\n\t\t\t\t\t\t\t\t\t\t\t\t\t\t<div class=\"section-image__wrapper overflow mask-reveal lazy\"  style=\"padding-bottom: calc( (971 \/ 1600) * 100% ); height: 0;\">\n\t\t\t\t\t\t\t\t\t\t\t\t\t<div class=\"mask-reveal__layer mask-reveal__layer-1\">\n\t\t\t\t\t\t<div class=\"mask-reveal__layer mask-reveal__layer-2\">\n\t\t\t\t\t\t\t\t\t\t\t\t\t\t\t\t\t\t<img loading=\"lazy\" decoding=\"async\" class=\"\" src=\"data:image\/png;base64,iVBORw0KGgoAAAANSUhEUgAAAAEAAAABCAQAAAHCGzyUAAAABGdBTUEAALGPC\/xhBQAAADhlWElmTU0AKgAAAAgAAYdpAAQAAAABAAAAGgAAAAAAAqACAAQAAAABAAAAAaADAAQAAAABAAAAAQAAAADa6r\/EAAAAC0lEQVQI12NolQQAASYAn89qhTcAAAAASUVORK5CYII=\" data-id=\"6758\" data-src=\"https:\/\/www.david-olkarny.com\/wp-content\/uploads\/2026\/02\/photographe-mariage-belgique-italie-couple.jpg\" width=\"1600\" height=\"971\"  data-srcset=\"https:\/\/www.david-olkarny.com\/wp-content\/uploads\/2026\/02\/photographe-mariage-belgique-italie-couple.jpg 1600w, https:\/\/www.david-olkarny.com\/wp-content\/uploads\/2026\/02\/photographe-mariage-belgique-italie-couple-500x303.jpg 500w, https:\/\/www.david-olkarny.com\/wp-content\/uploads\/2026\/02\/photographe-mariage-belgique-italie-couple-1200x728.jpg 1200w, https:\/\/www.david-olkarny.com\/wp-content\/uploads\/2026\/02\/photographe-mariage-belgique-italie-couple-768x466.jpg 768w, https:\/\/www.david-olkarny.com\/wp-content\/uploads\/2026\/02\/photographe-mariage-belgique-italie-couple-1536x932.jpg 1536w, https:\/\/www.david-olkarny.com\/wp-content\/uploads\/2026\/02\/photographe-mariage-belgique-italie-couple-600x364.jpg 600w\"   data-sizes=\"(max-width: 1600px) 100vw, 1600px\"  alt=\"\"\/>\n\t\t\t\t\t\t\t\t\t\t\t\t\t\t\t\t\t\t\t\t\t\t\t\t\t\t\t\t\t\t\t\t\t\t<\/div>\n\t\t\t\t\t<\/div>\n\t\t\t\t\t\t\t\t<\/div>\n\t\t\t\t\t\t\t\t\t\t\t\t\t\t<\/div>\n\t\t\t\t\t\t\t\t\t\t\t\t\t\t\t<\/div>\n\t\t\t\t\t\t\t\t\t\t<\/div>\n\t\t\t\t\t\t\t\t\t\t\t\t\t\t\t\t\t\t\t<\/a>\n\t\t\t\t\t\t\t\t<\/div>\n\t\t\t\t\t\t\t<\/div>\n\t\t\t\t\t\t\t\t\t\t\t\t\t\t\t\t\t\t\t\t<div class=\"grid__item js-grid__item grid__item_desktop-4 grid__item_tablet-6 grid__item_mobile-12 \">\n\t\t\t\t\t\t\t\t\t\t\t\t\t\t\t\t<div class=\"section-grid__item\">\n\t\t\t\t\t\t\t\t\t<a data-arts-cursor=\"true\" data-arts-cursor-scale=\"1.6\" data-arts-cursor-hide-native=\"true\" data-arts-cursor-icon=\"material-icons add\" class=\"hover-zoom grid__item-link\" href=\"https:\/\/www.david-olkarny.com\/wp-content\/uploads\/revslider\/wedding-photo-slider-modal\/intro-bg10.jpg\" data-size=\"1920x1080\" data-elementor-open-lightbox=\"no\">\n\t\t\t\t\t\t\t\t\t\t<div class=\"hover-zoom__inner\">\n\t\t\t\t\t\t\t\t\t\t\t<div class=\"hover-zoom__zoom\">\n\t\t\t\t\t\t\t\t\t\t\t\t\t\t\t\t\t<div class=\"section section-image figure-image\" data-arts-parallax=true data-arts-parallax-factor=0.1>\n\t\t\t\t\t\t\t\t\t\t\t\t\t\t<div class=\"section-image__wrapper overflow mask-reveal lazy\"  style=\"padding-bottom: calc( (1080 \/ 1920) * 100% ); height: 0;\">\n\t\t\t\t\t\t\t\t\t\t\t\t\t<div class=\"mask-reveal__layer mask-reveal__layer-1\">\n\t\t\t\t\t\t<div class=\"mask-reveal__layer mask-reveal__layer-2\">\n\t\t\t\t\t\t\t\t\t\t\t\t\t\t\t\t\t\t<img loading=\"lazy\" decoding=\"async\" class=\"\" src=\"data:image\/png;base64,iVBORw0KGgoAAAANSUhEUgAAAAEAAAABCAQAAAHCGzyUAAAABGdBTUEAALGPC\/xhBQAAADhlWElmTU0AKgAAAAgAAYdpAAQAAAABAAAAGgAAAAAAAqACAAQAAAABAAAAAaADAAQAAAABAAAAAQAAAADa6r\/EAAAAC0lEQVQI12NolQQAASYAn89qhTcAAAAASUVORK5CYII=\" data-id=\"5509\" data-src=\"https:\/\/www.david-olkarny.com\/wp-content\/uploads\/revslider\/wedding-photo-slider-modal\/intro-bg10.jpg\" width=\"1920\" height=\"1080\"   data-sizes=\"(max-width: 1920px) 100vw, 1920px\"  alt=\"\"\/>\n\t\t\t\t\t\t\t\t\t\t\t\t\t\t\t\t\t\t\t\t\t\t\t\t\t\t\t\t\t\t\t\t\t\t<\/div>\n\t\t\t\t\t<\/div>\n\t\t\t\t\t\t\t\t<\/div>\n\t\t\t\t\t\t\t\t\t\t\t\t\t\t<\/div>\n\t\t\t\t\t\t\t\t\t\t\t\t\t\t\t<\/div>\n\t\t\t\t\t\t\t\t\t\t<\/div>\n\t\t\t\t\t\t\t\t\t\t\t\t\t\t\t\t\t\t\t<\/a>\n\t\t\t\t\t\t\t\t<\/div>\n\t\t\t\t\t\t\t<\/div>\n\t\t\t\t\t\t\t\t\t\t\t\t\t\t\t\t\t\t\t\t<div class=\"grid__item js-grid__item grid__item_desktop-4 grid__item_tablet-6 grid__item_mobile-12 \">\n\t\t\t\t\t\t\t\t\t\t\t\t\t\t\t\t<div class=\"section-grid__item\">\n\t\t\t\t\t\t\t\t\t<a data-arts-cursor=\"true\" data-arts-cursor-scale=\"1.6\" data-arts-cursor-hide-native=\"true\" data-arts-cursor-icon=\"material-icons add\" class=\"hover-zoom grid__item-link\" href=\"https:\/\/www.david-olkarny.com\/wp-content\/uploads\/2025\/08\/37877378711_6451bd9205_o.jpg\" data-size=\"2560x1733\" data-elementor-open-lightbox=\"no\">\n\t\t\t\t\t\t\t\t\t\t<div class=\"hover-zoom__inner\">\n\t\t\t\t\t\t\t\t\t\t\t<div class=\"hover-zoom__zoom\">\n\t\t\t\t\t\t\t\t\t\t\t\t\t\t\t\t\t<div class=\"section section-image figure-image\" data-arts-parallax=true data-arts-parallax-factor=0.1>\n\t\t\t\t\t\t\t\t\t\t\t\t\t\t<div class=\"section-image__wrapper overflow mask-reveal lazy\"  style=\"padding-bottom: calc( (1733 \/ 2560) * 100% ); height: 0;\">\n\t\t\t\t\t\t\t\t\t\t\t\t\t<div class=\"mask-reveal__layer mask-reveal__layer-1\">\n\t\t\t\t\t\t<div class=\"mask-reveal__layer mask-reveal__layer-2\">\n\t\t\t\t\t\t\t\t\t\t\t\t\t\t\t\t\t\t<img loading=\"lazy\" decoding=\"async\" class=\"\" src=\"data:image\/png;base64,iVBORw0KGgoAAAANSUhEUgAAAAEAAAABCAQAAAHCGzyUAAAABGdBTUEAALGPC\/xhBQAAADhlWElmTU0AKgAAAAgAAYdpAAQAAAABAAAAGgAAAAAAAqACAAQAAAABAAAAAaADAAQAAAABAAAAAQAAAADa6r\/EAAAAC0lEQVQI12NolQQAASYAn89qhTcAAAAASUVORK5CYII=\" data-id=\"5036\" data-src=\"https:\/\/www.david-olkarny.com\/wp-content\/uploads\/2025\/08\/37877378711_6451bd9205_o.jpg\" width=\"2560\" height=\"1733\"   data-sizes=\"(max-width: 2560px) 100vw, 2560px\"  alt=\"Photo Couple Bruxelles Belgique\"\/>\n\t\t\t\t\t\t\t\t\t\t\t\t\t\t\t\t\t\t\t\t\t\t\t\t\t\t\t\t\t\t\t\t\t\t<\/div>\n\t\t\t\t\t<\/div>\n\t\t\t\t\t\t\t\t<\/div>\n\t\t\t\t\t\t\t\t\t\t\t\t\t\t<\/div>\n\t\t\t\t\t\t\t\t\t\t\t\t\t\t\t<\/div>\n\t\t\t\t\t\t\t\t\t\t<\/div>\n\t\t\t\t\t\t\t\t\t\t\t\t\t\t\t\t\t\t\t<\/a>\n\t\t\t\t\t\t\t\t<\/div>\n\t\t\t\t\t\t\t<\/div>\n\t\t\t\t\t\t\t\t\t\t\t\t\t\t\t\t\t\t\t\t<div class=\"grid__item js-grid__item grid__item_desktop-4 grid__item_tablet-6 grid__item_mobile-12 \">\n\t\t\t\t\t\t\t\t\t\t\t\t\t\t\t\t<div class=\"section-grid__item\">\n\t\t\t\t\t\t\t\t\t<a data-arts-cursor=\"true\" data-arts-cursor-scale=\"1.6\" data-arts-cursor-hide-native=\"true\" data-arts-cursor-icon=\"material-icons add\" class=\"hover-zoom grid__item-link\" href=\"https:\/\/www.david-olkarny.com\/wp-content\/uploads\/2025\/08\/7T5C4720-scaled.jpg\" data-size=\"2560x1707\" data-elementor-open-lightbox=\"no\">\n\t\t\t\t\t\t\t\t\t\t<div class=\"hover-zoom__inner\">\n\t\t\t\t\t\t\t\t\t\t\t<div class=\"hover-zoom__zoom\">\n\t\t\t\t\t\t\t\t\t\t\t\t\t\t\t\t\t<div class=\"section section-image figure-image\" data-arts-parallax=true data-arts-parallax-factor=0.1>\n\t\t\t\t\t\t\t\t\t\t\t\t\t\t<div class=\"section-image__wrapper overflow mask-reveal lazy\"  style=\"padding-bottom: calc( (1707 \/ 2560) * 100% ); height: 0;\">\n\t\t\t\t\t\t\t\t\t\t\t\t\t<div class=\"mask-reveal__layer mask-reveal__layer-1\">\n\t\t\t\t\t\t<div class=\"mask-reveal__layer mask-reveal__layer-2\">\n\t\t\t\t\t\t\t\t\t\t\t\t\t\t\t\t\t\t<img loading=\"lazy\" decoding=\"async\" class=\"\" src=\"data:image\/png;base64,iVBORw0KGgoAAAANSUhEUgAAAAEAAAABCAQAAAHCGzyUAAAABGdBTUEAALGPC\/xhBQAAADhlWElmTU0AKgAAAAgAAYdpAAQAAAABAAAAGgAAAAAAAqACAAQAAAABAAAAAaADAAQAAAABAAAAAQAAAADa6r\/EAAAAC0lEQVQI12NolQQAASYAn89qhTcAAAAASUVORK5CYII=\" data-id=\"5030\" data-src=\"https:\/\/www.david-olkarny.com\/wp-content\/uploads\/2025\/08\/7T5C4720-scaled.jpg\" width=\"2560\" height=\"1707\"  data-srcset=\"https:\/\/www.david-olkarny.com\/wp-content\/uploads\/2025\/08\/7T5C4720-scaled.jpg 2560w, https:\/\/www.david-olkarny.com\/wp-content\/uploads\/2025\/08\/7T5C4720-500x333.jpg 500w, https:\/\/www.david-olkarny.com\/wp-content\/uploads\/2025\/08\/7T5C4720-1200x800.jpg 1200w, https:\/\/www.david-olkarny.com\/wp-content\/uploads\/2025\/08\/7T5C4720-768x512.jpg 768w, https:\/\/www.david-olkarny.com\/wp-content\/uploads\/2025\/08\/7T5C4720-1536x1024.jpg 1536w, https:\/\/www.david-olkarny.com\/wp-content\/uploads\/2025\/08\/7T5C4720-2048x1365.jpg 2048w, https:\/\/www.david-olkarny.com\/wp-content\/uploads\/2025\/08\/7T5C4720-600x400.jpg 600w\"   data-sizes=\"(max-width: 2560px) 100vw, 2560px\"  alt=\"\"\/>\n\t\t\t\t\t\t\t\t\t\t\t\t\t\t\t\t\t\t\t\t\t\t\t\t\t\t\t\t\t\t\t\t\t\t<\/div>\n\t\t\t\t\t<\/div>\n\t\t\t\t\t\t\t\t<\/div>\n\t\t\t\t\t\t\t\t\t\t\t\t\t\t<\/div>\n\t\t\t\t\t\t\t\t\t\t\t\t\t\t\t<\/div>\n\t\t\t\t\t\t\t\t\t\t<\/div>\n\t\t\t\t\t\t\t\t\t\t\t\t\t\t\t\t\t\t\t<\/a>\n\t\t\t\t\t\t\t\t<\/div>\n\t\t\t\t\t\t\t<\/div>\n\t\t\t\t\t\t\t\t\t\t\t\t\t\t\t\t\t\t\t\t<div class=\"grid__item js-grid__item grid__item_desktop-4 grid__item_tablet-6 grid__item_mobile-12 \">\n\t\t\t\t\t\t\t\t\t\t\t\t\t\t\t\t<div class=\"section-grid__item\">\n\t\t\t\t\t\t\t\t\t<a data-arts-cursor=\"true\" data-arts-cursor-scale=\"1.6\" data-arts-cursor-hide-native=\"true\" data-arts-cursor-icon=\"material-icons add\" class=\"hover-zoom grid__item-link\" href=\"https:\/\/www.david-olkarny.com\/wp-content\/uploads\/2025\/07\/david-olkarny-couple-bonheur-mariage.jpg\" data-size=\"1324x1600\" data-elementor-open-lightbox=\"no\">\n\t\t\t\t\t\t\t\t\t\t<div class=\"hover-zoom__inner\">\n\t\t\t\t\t\t\t\t\t\t\t<div class=\"hover-zoom__zoom\">\n\t\t\t\t\t\t\t\t\t\t\t\t\t\t\t\t\t<div class=\"section section-image figure-image\" data-arts-parallax=true data-arts-parallax-factor=0.1>\n\t\t\t\t\t\t\t\t\t\t\t\t\t\t<div class=\"section-image__wrapper overflow mask-reveal lazy\"  style=\"padding-bottom: calc( (1600 \/ 1324) * 100% ); height: 0;\">\n\t\t\t\t\t\t\t\t\t\t\t\t\t<div class=\"mask-reveal__layer mask-reveal__layer-1\">\n\t\t\t\t\t\t<div class=\"mask-reveal__layer mask-reveal__layer-2\">\n\t\t\t\t\t\t\t\t\t\t\t\t\t\t\t\t\t\t<img loading=\"lazy\" decoding=\"async\" class=\"\" src=\"data:image\/png;base64,iVBORw0KGgoAAAANSUhEUgAAAAEAAAABCAQAAAHCGzyUAAAABGdBTUEAALGPC\/xhBQAAADhlWElmTU0AKgAAAAgAAYdpAAQAAAABAAAAGgAAAAAAAqACAAQAAAABAAAAAaADAAQAAAABAAAAAQAAAADa6r\/EAAAAC0lEQVQI12NolQQAASYAn89qhTcAAAAASUVORK5CYII=\" data-id=\"4898\" data-src=\"https:\/\/www.david-olkarny.com\/wp-content\/uploads\/2025\/07\/david-olkarny-couple-bonheur-mariage.jpg\" width=\"1324\" height=\"1600\"  data-srcset=\"https:\/\/www.david-olkarny.com\/wp-content\/uploads\/2025\/07\/david-olkarny-couple-bonheur-mariage.jpg 1324w, https:\/\/www.david-olkarny.com\/wp-content\/uploads\/2025\/07\/david-olkarny-couple-bonheur-mariage-414x500.jpg 414w, https:\/\/www.david-olkarny.com\/wp-content\/uploads\/2025\/07\/david-olkarny-couple-bonheur-mariage-993x1200.jpg 993w, https:\/\/www.david-olkarny.com\/wp-content\/uploads\/2025\/07\/david-olkarny-couple-bonheur-mariage-768x928.jpg 768w, https:\/\/www.david-olkarny.com\/wp-content\/uploads\/2025\/07\/david-olkarny-couple-bonheur-mariage-1271x1536.jpg 1271w, https:\/\/www.david-olkarny.com\/wp-content\/uploads\/2025\/07\/david-olkarny-couple-bonheur-mariage-600x725.jpg 600w\"   data-sizes=\"(max-width: 1324px) 100vw, 1324px\"  alt=\"Photographe Bruxelles - David Olkarny - photographie mariage\"\/>\n\t\t\t\t\t\t\t\t\t\t\t\t\t\t\t\t\t\t\t\t\t\t\t\t\t\t\t\t\t\t\t\t\t\t<\/div>\n\t\t\t\t\t<\/div>\n\t\t\t\t\t\t\t\t<\/div>\n\t\t\t\t\t\t\t\t\t\t\t\t\t\t<\/div>\n\t\t\t\t\t\t\t\t\t\t\t\t\t\t\t<\/div>\n\t\t\t\t\t\t\t\t\t\t<\/div>\n\t\t\t\t\t\t\t\t\t\t\t\t\t\t\t\t\t\t\t<\/a>\n\t\t\t\t\t\t\t\t<\/div>\n\t\t\t\t\t\t\t<\/div>\n\t\t\t\t\t\t\t\t\t\t\t\t\t\t\t\t\t\t\t\t<div class=\"grid__item js-grid__item grid__item_desktop-4 grid__item_tablet-6 grid__item_mobile-12 \">\n\t\t\t\t\t\t\t\t\t\t\t\t\t\t\t\t<div class=\"section-grid__item\">\n\t\t\t\t\t\t\t\t\t<a data-arts-cursor=\"true\" data-arts-cursor-scale=\"1.6\" data-arts-cursor-hide-native=\"true\" data-arts-cursor-icon=\"material-icons add\" class=\"hover-zoom grid__item-link\" href=\"https:\/\/www.david-olkarny.com\/wp-content\/uploads\/2025\/07\/david-olkarny-pluie-bonheur-joie.jpg\" data-size=\"1092x1600\" data-elementor-open-lightbox=\"no\">\n\t\t\t\t\t\t\t\t\t\t<div class=\"hover-zoom__inner\">\n\t\t\t\t\t\t\t\t\t\t\t<div class=\"hover-zoom__zoom\">\n\t\t\t\t\t\t\t\t\t\t\t\t\t\t\t\t\t<div class=\"section section-image figure-image\" data-arts-parallax=true data-arts-parallax-factor=0.1>\n\t\t\t\t\t\t\t\t\t\t\t\t\t\t<div class=\"section-image__wrapper overflow mask-reveal lazy\"  style=\"padding-bottom: calc( (1600 \/ 1092) * 100% ); height: 0;\">\n\t\t\t\t\t\t\t\t\t\t\t\t\t<div class=\"mask-reveal__layer mask-reveal__layer-1\">\n\t\t\t\t\t\t<div class=\"mask-reveal__layer mask-reveal__layer-2\">\n\t\t\t\t\t\t\t\t\t\t\t\t\t\t\t\t\t\t<img loading=\"lazy\" decoding=\"async\" class=\"\" src=\"data:image\/png;base64,iVBORw0KGgoAAAANSUhEUgAAAAEAAAABCAQAAAHCGzyUAAAABGdBTUEAALGPC\/xhBQAAADhlWElmTU0AKgAAAAgAAYdpAAQAAAABAAAAGgAAAAAAAqACAAQAAAABAAAAAaADAAQAAAABAAAAAQAAAADa6r\/EAAAAC0lEQVQI12NolQQAASYAn89qhTcAAAAASUVORK5CYII=\" data-id=\"4900\" data-src=\"https:\/\/www.david-olkarny.com\/wp-content\/uploads\/2025\/07\/david-olkarny-pluie-bonheur-joie.jpg\" width=\"1092\" height=\"1600\"  data-srcset=\"https:\/\/www.david-olkarny.com\/wp-content\/uploads\/2025\/07\/david-olkarny-pluie-bonheur-joie.jpg 1092w, https:\/\/www.david-olkarny.com\/wp-content\/uploads\/2025\/07\/david-olkarny-pluie-bonheur-joie-341x500.jpg 341w, https:\/\/www.david-olkarny.com\/wp-content\/uploads\/2025\/07\/david-olkarny-pluie-bonheur-joie-819x1200.jpg 819w, https:\/\/www.david-olkarny.com\/wp-content\/uploads\/2025\/07\/david-olkarny-pluie-bonheur-joie-768x1125.jpg 768w, https:\/\/www.david-olkarny.com\/wp-content\/uploads\/2025\/07\/david-olkarny-pluie-bonheur-joie-1048x1536.jpg 1048w, https:\/\/www.david-olkarny.com\/wp-content\/uploads\/2025\/07\/david-olkarny-pluie-bonheur-joie-600x879.jpg 600w\"   data-sizes=\"(max-width: 1092px) 100vw, 1092px\"  alt=\"Photographe Bruxelles - David Olkarny - photographie mariage\"\/>\n\t\t\t\t\t\t\t\t\t\t\t\t\t\t\t\t\t\t\t\t\t\t\t\t\t\t\t\t\t\t\t\t\t\t<\/div>\n\t\t\t\t\t<\/div>\n\t\t\t\t\t\t\t\t<\/div>\n\t\t\t\t\t\t\t\t\t\t\t\t\t\t<\/div>\n\t\t\t\t\t\t\t\t\t\t\t\t\t\t\t<\/div>\n\t\t\t\t\t\t\t\t\t\t<\/div>\n\t\t\t\t\t\t\t\t\t\t\t\t\t\t\t\t\t\t\t<\/a>\n\t\t\t\t\t\t\t\t<\/div>\n\t\t\t\t\t\t\t<\/div>\n\t\t\t\t\t\t\t\t\t\t\t\t\t\t\t\t\t\t\t\t<div class=\"grid__item js-grid__item grid__item_desktop-4 grid__item_tablet-6 grid__item_mobile-12 \">\n\t\t\t\t\t\t\t\t\t\t\t\t\t\t\t\t<div class=\"section-grid__item\">\n\t\t\t\t\t\t\t\t\t<a data-arts-cursor=\"true\" data-arts-cursor-scale=\"1.6\" data-arts-cursor-hide-native=\"true\" data-arts-cursor-icon=\"material-icons add\" class=\"hover-zoom grid__item-link\" href=\"https:\/\/www.david-olkarny.com\/wp-content\/uploads\/2025\/07\/david-olkarny-voyage-paysage-mer.jpg\" data-size=\"1415x1600\" data-elementor-open-lightbox=\"no\">\n\t\t\t\t\t\t\t\t\t\t<div class=\"hover-zoom__inner\">\n\t\t\t\t\t\t\t\t\t\t\t<div class=\"hover-zoom__zoom\">\n\t\t\t\t\t\t\t\t\t\t\t\t\t\t\t\t\t<div class=\"section section-image figure-image\" data-arts-parallax=true data-arts-parallax-factor=0.1>\n\t\t\t\t\t\t\t\t\t\t\t\t\t\t<div class=\"section-image__wrapper overflow mask-reveal lazy\"  style=\"padding-bottom: calc( (1600 \/ 1415) * 100% ); height: 0;\">\n\t\t\t\t\t\t\t\t\t\t\t\t\t<div class=\"mask-reveal__layer mask-reveal__layer-1\">\n\t\t\t\t\t\t<div class=\"mask-reveal__layer mask-reveal__layer-2\">\n\t\t\t\t\t\t\t\t\t\t\t\t\t\t\t\t\t\t<img loading=\"lazy\" decoding=\"async\" class=\"\" src=\"data:image\/png;base64,iVBORw0KGgoAAAANSUhEUgAAAAEAAAABCAQAAAHCGzyUAAAABGdBTUEAALGPC\/xhBQAAADhlWElmTU0AKgAAAAgAAYdpAAQAAAABAAAAGgAAAAAAAqACAAQAAAABAAAAAaADAAQAAAABAAAAAQAAAADa6r\/EAAAAC0lEQVQI12NolQQAASYAn89qhTcAAAAASUVORK5CYII=\" data-id=\"4905\" data-src=\"https:\/\/www.david-olkarny.com\/wp-content\/uploads\/2025\/07\/david-olkarny-voyage-paysage-mer.jpg\" width=\"1415\" height=\"1600\"  data-srcset=\"https:\/\/www.david-olkarny.com\/wp-content\/uploads\/2025\/07\/david-olkarny-voyage-paysage-mer.jpg 1415w, https:\/\/www.david-olkarny.com\/wp-content\/uploads\/2025\/07\/david-olkarny-voyage-paysage-mer-442x500.jpg 442w, https:\/\/www.david-olkarny.com\/wp-content\/uploads\/2025\/07\/david-olkarny-voyage-paysage-mer-1061x1200.jpg 1061w, https:\/\/www.david-olkarny.com\/wp-content\/uploads\/2025\/07\/david-olkarny-voyage-paysage-mer-768x868.jpg 768w, https:\/\/www.david-olkarny.com\/wp-content\/uploads\/2025\/07\/david-olkarny-voyage-paysage-mer-1358x1536.jpg 1358w, https:\/\/www.david-olkarny.com\/wp-content\/uploads\/2025\/07\/david-olkarny-voyage-paysage-mer-600x678.jpg 600w\"   data-sizes=\"(max-width: 1415px) 100vw, 1415px\"  alt=\"Photographe Bruxelles - David Olkarny - photographie voyage\"\/>\n\t\t\t\t\t\t\t\t\t\t\t\t\t\t\t\t\t\t\t\t\t\t\t\t\t\t\t\t\t\t\t\t\t\t<\/div>\n\t\t\t\t\t<\/div>\n\t\t\t\t\t\t\t\t<\/div>\n\t\t\t\t\t\t\t\t\t\t\t\t\t\t<\/div>\n\t\t\t\t\t\t\t\t\t\t\t\t\t\t\t<\/div>\n\t\t\t\t\t\t\t\t\t\t<\/div>\n\t\t\t\t\t\t\t\t\t\t\t\t\t\t\t\t\t\t\t<\/a>\n\t\t\t\t\t\t\t\t<\/div>\n\t\t\t\t\t\t\t<\/div>\n\t\t\t\t\t\t\t\t\t\t\t\t\t\t\t\t\t\t\t\t<div class=\"grid__item js-grid__item grid__item_desktop-4 grid__item_tablet-6 grid__item_mobile-12 \">\n\t\t\t\t\t\t\t\t\t\t\t\t\t\t\t\t<div class=\"section-grid__item\">\n\t\t\t\t\t\t\t\t\t<a data-arts-cursor=\"true\" data-arts-cursor-scale=\"1.6\" data-arts-cursor-hide-native=\"true\" data-arts-cursor-icon=\"material-icons add\" class=\"hover-zoom grid__item-link\" href=\"https:\/\/www.david-olkarny.com\/wp-content\/uploads\/2025\/07\/david-olkarny-couple-voile-bonheur.jpg\" data-size=\"1067x1600\" data-elementor-open-lightbox=\"no\">\n\t\t\t\t\t\t\t\t\t\t<div class=\"hover-zoom__inner\">\n\t\t\t\t\t\t\t\t\t\t\t<div class=\"hover-zoom__zoom\">\n\t\t\t\t\t\t\t\t\t\t\t\t\t\t\t\t\t<div class=\"section section-image figure-image\" data-arts-parallax=true data-arts-parallax-factor=0.1>\n\t\t\t\t\t\t\t\t\t\t\t\t\t\t<div class=\"section-image__wrapper overflow mask-reveal lazy\"  style=\"padding-bottom: calc( (1600 \/ 1067) * 100% ); height: 0;\">\n\t\t\t\t\t\t\t\t\t\t\t\t\t<div class=\"mask-reveal__layer mask-reveal__layer-1\">\n\t\t\t\t\t\t<div class=\"mask-reveal__layer mask-reveal__layer-2\">\n\t\t\t\t\t\t\t\t\t\t\t\t\t\t\t\t\t\t<img loading=\"lazy\" decoding=\"async\" class=\"\" src=\"data:image\/png;base64,iVBORw0KGgoAAAANSUhEUgAAAAEAAAABCAQAAAHCGzyUAAAABGdBTUEAALGPC\/xhBQAAADhlWElmTU0AKgAAAAgAAYdpAAQAAAABAAAAGgAAAAAAAqACAAQAAAABAAAAAaADAAQAAAABAAAAAQAAAADa6r\/EAAAAC0lEQVQI12NolQQAASYAn89qhTcAAAAASUVORK5CYII=\" data-id=\"4896\" data-src=\"https:\/\/www.david-olkarny.com\/wp-content\/uploads\/2025\/07\/david-olkarny-couple-voile-bonheur.jpg\" width=\"1067\" height=\"1600\"  data-srcset=\"https:\/\/www.david-olkarny.com\/wp-content\/uploads\/2025\/07\/david-olkarny-couple-voile-bonheur.jpg 1067w, https:\/\/www.david-olkarny.com\/wp-content\/uploads\/2025\/07\/david-olkarny-couple-voile-bonheur-333x500.jpg 333w, https:\/\/www.david-olkarny.com\/wp-content\/uploads\/2025\/07\/david-olkarny-couple-voile-bonheur-800x1200.jpg 800w, https:\/\/www.david-olkarny.com\/wp-content\/uploads\/2025\/07\/david-olkarny-couple-voile-bonheur-768x1152.jpg 768w, https:\/\/www.david-olkarny.com\/wp-content\/uploads\/2025\/07\/david-olkarny-couple-voile-bonheur-1024x1536.jpg 1024w, https:\/\/www.david-olkarny.com\/wp-content\/uploads\/2025\/07\/david-olkarny-couple-voile-bonheur-600x900.jpg 600w\"   data-sizes=\"(max-width: 1067px) 100vw, 1067px\"  alt=\"Photographe Bruxelles - David Olkarny - photographie mariage\"\/>\n\t\t\t\t\t\t\t\t\t\t\t\t\t\t\t\t\t\t\t\t\t\t\t\t\t\t\t\t\t\t\t\t\t\t<\/div>\n\t\t\t\t\t<\/div>\n\t\t\t\t\t\t\t\t<\/div>\n\t\t\t\t\t\t\t\t\t\t\t\t\t\t<\/div>\n\t\t\t\t\t\t\t\t\t\t\t\t\t\t\t<\/div>\n\t\t\t\t\t\t\t\t\t\t<\/div>\n\t\t\t\t\t\t\t\t\t\t\t\t\t\t\t\t\t\t\t<\/a>\n\t\t\t\t\t\t\t\t<\/div>\n\t\t\t\t\t\t\t<\/div>\n\t\t\t\t\t\t\t\t\t\t\t\t\t\t\t\t\t\t\t\t<div class=\"grid__item js-grid__item grid__item_desktop-4 grid__item_tablet-6 grid__item_mobile-12 \">\n\t\t\t\t\t\t\t\t\t\t\t\t\t\t\t\t<div class=\"section-grid__item\">\n\t\t\t\t\t\t\t\t\t<a data-arts-cursor=\"true\" data-arts-cursor-scale=\"1.6\" data-arts-cursor-hide-native=\"true\" data-arts-cursor-icon=\"material-icons add\" class=\"hover-zoom grid__item-link\" href=\"https:\/\/www.david-olkarny.com\/wp-content\/uploads\/2025\/07\/david-olkarny-mariage-bonheur-couple.jpg\" data-size=\"1600x1067\" data-elementor-open-lightbox=\"no\">\n\t\t\t\t\t\t\t\t\t\t<div class=\"hover-zoom__inner\">\n\t\t\t\t\t\t\t\t\t\t\t<div class=\"hover-zoom__zoom\">\n\t\t\t\t\t\t\t\t\t\t\t\t\t\t\t\t\t<div class=\"section section-image figure-image\" data-arts-parallax=true data-arts-parallax-factor=0.1>\n\t\t\t\t\t\t\t\t\t\t\t\t\t\t<div class=\"section-image__wrapper overflow mask-reveal lazy\"  style=\"padding-bottom: calc( (1067 \/ 1600) * 100% ); height: 0;\">\n\t\t\t\t\t\t\t\t\t\t\t\t\t<div class=\"mask-reveal__layer mask-reveal__layer-1\">\n\t\t\t\t\t\t<div class=\"mask-reveal__layer mask-reveal__layer-2\">\n\t\t\t\t\t\t\t\t\t\t\t\t\t\t\t\t\t\t<img loading=\"lazy\" decoding=\"async\" class=\"\" src=\"data:image\/png;base64,iVBORw0KGgoAAAANSUhEUgAAAAEAAAABCAQAAAHCGzyUAAAABGdBTUEAALGPC\/xhBQAAADhlWElmTU0AKgAAAAgAAYdpAAQAAAABAAAAGgAAAAAAAqACAAQAAAABAAAAAaADAAQAAAABAAAAAQAAAADa6r\/EAAAAC0lEQVQI12NolQQAASYAn89qhTcAAAAASUVORK5CYII=\" data-id=\"4894\" data-src=\"https:\/\/www.david-olkarny.com\/wp-content\/uploads\/2025\/07\/david-olkarny-mariage-bonheur-couple.jpg\" width=\"1600\" height=\"1067\"  data-srcset=\"https:\/\/www.david-olkarny.com\/wp-content\/uploads\/2025\/07\/david-olkarny-mariage-bonheur-couple.jpg 1600w, https:\/\/www.david-olkarny.com\/wp-content\/uploads\/2025\/07\/david-olkarny-mariage-bonheur-couple-500x333.jpg 500w, https:\/\/www.david-olkarny.com\/wp-content\/uploads\/2025\/07\/david-olkarny-mariage-bonheur-couple-1200x800.jpg 1200w, https:\/\/www.david-olkarny.com\/wp-content\/uploads\/2025\/07\/david-olkarny-mariage-bonheur-couple-768x512.jpg 768w, https:\/\/www.david-olkarny.com\/wp-content\/uploads\/2025\/07\/david-olkarny-mariage-bonheur-couple-1536x1024.jpg 1536w, https:\/\/www.david-olkarny.com\/wp-content\/uploads\/2025\/07\/david-olkarny-mariage-bonheur-couple-600x400.jpg 600w\"   data-sizes=\"(max-width: 1600px) 100vw, 1600px\"  alt=\"Photographe Bruxelles - David Olkarny - photographie mariage\"\/>\n\t\t\t\t\t\t\t\t\t\t\t\t\t\t\t\t\t\t\t\t\t\t\t\t\t\t\t\t\t\t\t\t\t\t<\/div>\n\t\t\t\t\t<\/div>\n\t\t\t\t\t\t\t\t<\/div>\n\t\t\t\t\t\t\t\t\t\t\t\t\t\t<\/div>\n\t\t\t\t\t\t\t\t\t\t\t\t\t\t\t<\/div>\n\t\t\t\t\t\t\t\t\t\t<\/div>\n\t\t\t\t\t\t\t\t\t\t\t\t\t\t\t\t\t\t\t<\/a>\n\t\t\t\t\t\t\t\t<\/div>\n\t\t\t\t\t\t\t<\/div>\n\t\t\t\t\t\t\t\t\t\t\t\t\t\t\t\t\t\t\t\t<div class=\"grid__item js-grid__item grid__item_desktop-4 grid__item_tablet-6 grid__item_mobile-12 \">\n\t\t\t\t\t\t\t\t\t\t\t\t\t\t\t\t<div class=\"section-grid__item\">\n\t\t\t\t\t\t\t\t\t<a data-arts-cursor=\"true\" data-arts-cursor-scale=\"1.6\" data-arts-cursor-hide-native=\"true\" data-arts-cursor-icon=\"material-icons add\" class=\"hover-zoom grid__item-link\" href=\"https:\/\/www.david-olkarny.com\/wp-content\/uploads\/2025\/02\/mariage-portrait-amour-david-olkarny.jpg\" data-size=\"1600x1119\" data-elementor-open-lightbox=\"no\">\n\t\t\t\t\t\t\t\t\t\t<div class=\"hover-zoom__inner\">\n\t\t\t\t\t\t\t\t\t\t\t<div class=\"hover-zoom__zoom\">\n\t\t\t\t\t\t\t\t\t\t\t\t\t\t\t\t\t<div class=\"section section-image figure-image\" data-arts-parallax=true data-arts-parallax-factor=0.1>\n\t\t\t\t\t\t\t\t\t\t\t\t\t\t<div class=\"section-image__wrapper overflow mask-reveal lazy\"  style=\"padding-bottom: calc( (1119 \/ 1600) * 100% ); height: 0;\">\n\t\t\t\t\t\t\t\t\t\t\t\t\t<div class=\"mask-reveal__layer mask-reveal__layer-1\">\n\t\t\t\t\t\t<div class=\"mask-reveal__layer mask-reveal__layer-2\">\n\t\t\t\t\t\t\t\t\t\t\t\t\t\t\t\t\t\t<img loading=\"lazy\" decoding=\"async\" class=\"\" src=\"data:image\/png;base64,iVBORw0KGgoAAAANSUhEUgAAAAEAAAABCAQAAAHCGzyUAAAABGdBTUEAALGPC\/xhBQAAADhlWElmTU0AKgAAAAgAAYdpAAQAAAABAAAAGgAAAAAAAqACAAQAAAABAAAAAaADAAQAAAABAAAAAQAAAADa6r\/EAAAAC0lEQVQI12NolQQAASYAn89qhTcAAAAASUVORK5CYII=\" data-id=\"4335\" data-src=\"https:\/\/www.david-olkarny.com\/wp-content\/uploads\/2025\/02\/mariage-portrait-amour-david-olkarny.jpg\" width=\"1600\" height=\"1119\"  data-srcset=\"https:\/\/www.david-olkarny.com\/wp-content\/uploads\/2025\/02\/mariage-portrait-amour-david-olkarny.jpg 1600w, https:\/\/www.david-olkarny.com\/wp-content\/uploads\/2025\/02\/mariage-portrait-amour-david-olkarny-500x350.jpg 500w, https:\/\/www.david-olkarny.com\/wp-content\/uploads\/2025\/02\/mariage-portrait-amour-david-olkarny-1200x839.jpg 1200w, https:\/\/www.david-olkarny.com\/wp-content\/uploads\/2025\/02\/mariage-portrait-amour-david-olkarny-768x537.jpg 768w, https:\/\/www.david-olkarny.com\/wp-content\/uploads\/2025\/02\/mariage-portrait-amour-david-olkarny-1536x1074.jpg 1536w, https:\/\/www.david-olkarny.com\/wp-content\/uploads\/2025\/02\/mariage-portrait-amour-david-olkarny-600x420.jpg 600w\"   data-sizes=\"(max-width: 1600px) 100vw, 1600px\"  alt=\"Photographe Bruxelles - mariage\"\/>\n\t\t\t\t\t\t\t\t\t\t\t\t\t\t\t\t\t\t\t\t\t\t\t\t\t\t\t\t\t\t\t\t\t\t<\/div>\n\t\t\t\t\t<\/div>\n\t\t\t\t\t\t\t\t<\/div>\n\t\t\t\t\t\t\t\t\t\t\t\t\t\t<\/div>\n\t\t\t\t\t\t\t\t\t\t\t\t\t\t\t<\/div>\n\t\t\t\t\t\t\t\t\t\t<\/div>\n\t\t\t\t\t\t\t\t\t\t\t\t\t\t\t\t\t\t\t<\/a>\n\t\t\t\t\t\t\t\t<\/div>\n\t\t\t\t\t\t\t<\/div>\n\t\t\t\t\t\t\t\t\t\t\t\t\t\t\t\t\t\t\t\t<div class=\"grid__item js-grid__item grid__item_desktop-4 grid__item_tablet-6 grid__item_mobile-12 \">\n\t\t\t\t\t\t\t\t\t\t\t\t\t\t\t\t<div class=\"section-grid__item\">\n\t\t\t\t\t\t\t\t\t<a data-arts-cursor=\"true\" data-arts-cursor-scale=\"1.6\" data-arts-cursor-hide-native=\"true\" data-arts-cursor-icon=\"material-icons add\" class=\"hover-zoom grid__item-link\" href=\"https:\/\/www.david-olkarny.com\/wp-content\/uploads\/2024\/11\/photographe-mariage-belgique-robe-escalier.jpg\" data-size=\"1184x1600\" data-elementor-open-lightbox=\"no\">\n\t\t\t\t\t\t\t\t\t\t<div class=\"hover-zoom__inner\">\n\t\t\t\t\t\t\t\t\t\t\t<div class=\"hover-zoom__zoom\">\n\t\t\t\t\t\t\t\t\t\t\t\t\t\t\t\t\t<div class=\"section section-image figure-image\" data-arts-parallax=true data-arts-parallax-factor=0.1>\n\t\t\t\t\t\t\t\t\t\t\t\t\t\t<div class=\"section-image__wrapper overflow mask-reveal lazy\"  style=\"padding-bottom: calc( (1600 \/ 1184) * 100% ); height: 0;\">\n\t\t\t\t\t\t\t\t\t\t\t\t\t<div class=\"mask-reveal__layer mask-reveal__layer-1\">\n\t\t\t\t\t\t<div class=\"mask-reveal__layer mask-reveal__layer-2\">\n\t\t\t\t\t\t\t\t\t\t\t\t\t\t\t\t\t\t<img loading=\"lazy\" decoding=\"async\" class=\"\" src=\"data:image\/png;base64,iVBORw0KGgoAAAANSUhEUgAAAAEAAAABCAQAAAHCGzyUAAAABGdBTUEAALGPC\/xhBQAAADhlWElmTU0AKgAAAAgAAYdpAAQAAAABAAAAGgAAAAAAAqACAAQAAAABAAAAAaADAAQAAAABAAAAAQAAAADa6r\/EAAAAC0lEQVQI12NolQQAASYAn89qhTcAAAAASUVORK5CYII=\" data-id=\"3071\" data-src=\"https:\/\/www.david-olkarny.com\/wp-content\/uploads\/2024\/11\/photographe-mariage-belgique-robe-escalier.jpg\" width=\"1184\" height=\"1600\"  data-srcset=\"https:\/\/www.david-olkarny.com\/wp-content\/uploads\/2024\/11\/photographe-mariage-belgique-robe-escalier.jpg 1184w, https:\/\/www.david-olkarny.com\/wp-content\/uploads\/2024\/11\/photographe-mariage-belgique-robe-escalier-600x811.jpg 600w, https:\/\/www.david-olkarny.com\/wp-content\/uploads\/2024\/11\/photographe-mariage-belgique-robe-escalier-370x500.jpg 370w, https:\/\/www.david-olkarny.com\/wp-content\/uploads\/2024\/11\/photographe-mariage-belgique-robe-escalier-888x1200.jpg 888w, https:\/\/www.david-olkarny.com\/wp-content\/uploads\/2024\/11\/photographe-mariage-belgique-robe-escalier-768x1038.jpg 768w, https:\/\/www.david-olkarny.com\/wp-content\/uploads\/2024\/11\/photographe-mariage-belgique-robe-escalier-1137x1536.jpg 1137w\"   data-sizes=\"(max-width: 1184px) 100vw, 1184px\"  alt=\"\"\/>\n\t\t\t\t\t\t\t\t\t\t\t\t\t\t\t\t\t\t\t\t\t\t\t\t\t\t\t\t\t\t\t\t\t\t<\/div>\n\t\t\t\t\t<\/div>\n\t\t\t\t\t\t\t\t<\/div>\n\t\t\t\t\t\t\t\t\t\t\t\t\t\t<\/div>\n\t\t\t\t\t\t\t\t\t\t\t\t\t\t\t<\/div>\n\t\t\t\t\t\t\t\t\t\t<\/div>\n\t\t\t\t\t\t\t\t\t\t\t\t\t\t\t\t\t\t\t<\/a>\n\t\t\t\t\t\t\t\t<\/div>\n\t\t\t\t\t\t\t<\/div>\n\t\t\t\t\t\t\t\t\t\t\t\t\t\t\t\t\t\t\t\t<div class=\"grid__item js-grid__item grid__item_desktop-4 grid__item_tablet-6 grid__item_mobile-12 \">\n\t\t\t\t\t\t\t\t\t\t\t\t\t\t\t\t<div class=\"section-grid__item\">\n\t\t\t\t\t\t\t\t\t<a data-arts-cursor=\"true\" data-arts-cursor-scale=\"1.6\" data-arts-cursor-hide-native=\"true\" data-arts-cursor-icon=\"material-icons add\" class=\"hover-zoom grid__item-link\" href=\"https:\/\/www.david-olkarny.com\/wp-content\/uploads\/2024\/11\/photographe-mariage-belgique-saut-marie-homme.jpg\" data-size=\"1600x987\" data-elementor-open-lightbox=\"no\">\n\t\t\t\t\t\t\t\t\t\t<div class=\"hover-zoom__inner\">\n\t\t\t\t\t\t\t\t\t\t\t<div class=\"hover-zoom__zoom\">\n\t\t\t\t\t\t\t\t\t\t\t\t\t\t\t\t\t<div class=\"section section-image figure-image\" data-arts-parallax=true data-arts-parallax-factor=0.1>\n\t\t\t\t\t\t\t\t\t\t\t\t\t\t<div class=\"section-image__wrapper overflow mask-reveal lazy\"  style=\"padding-bottom: calc( (987 \/ 1600) * 100% ); height: 0;\">\n\t\t\t\t\t\t\t\t\t\t\t\t\t<div class=\"mask-reveal__layer mask-reveal__layer-1\">\n\t\t\t\t\t\t<div class=\"mask-reveal__layer mask-reveal__layer-2\">\n\t\t\t\t\t\t\t\t\t\t\t\t\t\t\t\t\t\t<img loading=\"lazy\" decoding=\"async\" class=\"\" src=\"data:image\/png;base64,iVBORw0KGgoAAAANSUhEUgAAAAEAAAABCAQAAAHCGzyUAAAABGdBTUEAALGPC\/xhBQAAADhlWElmTU0AKgAAAAgAAYdpAAQAAAABAAAAGgAAAAAAAqACAAQAAAABAAAAAaADAAQAAAABAAAAAQAAAADa6r\/EAAAAC0lEQVQI12NolQQAASYAn89qhTcAAAAASUVORK5CYII=\" data-id=\"3073\" data-src=\"https:\/\/www.david-olkarny.com\/wp-content\/uploads\/2024\/11\/photographe-mariage-belgique-saut-marie-homme.jpg\" width=\"1600\" height=\"987\"  data-srcset=\"https:\/\/www.david-olkarny.com\/wp-content\/uploads\/2024\/11\/photographe-mariage-belgique-saut-marie-homme.jpg 1600w, https:\/\/www.david-olkarny.com\/wp-content\/uploads\/2024\/11\/photographe-mariage-belgique-saut-marie-homme-600x370.jpg 600w, https:\/\/www.david-olkarny.com\/wp-content\/uploads\/2024\/11\/photographe-mariage-belgique-saut-marie-homme-500x308.jpg 500w, https:\/\/www.david-olkarny.com\/wp-content\/uploads\/2024\/11\/photographe-mariage-belgique-saut-marie-homme-1200x740.jpg 1200w, https:\/\/www.david-olkarny.com\/wp-content\/uploads\/2024\/11\/photographe-mariage-belgique-saut-marie-homme-768x474.jpg 768w, https:\/\/www.david-olkarny.com\/wp-content\/uploads\/2024\/11\/photographe-mariage-belgique-saut-marie-homme-1536x948.jpg 1536w\"   data-sizes=\"(max-width: 1600px) 100vw, 1600px\"  alt=\"\"\/>\n\t\t\t\t\t\t\t\t\t\t\t\t\t\t\t\t\t\t\t\t\t\t\t\t\t\t\t\t\t\t\t\t\t\t<\/div>\n\t\t\t\t\t<\/div>\n\t\t\t\t\t\t\t\t<\/div>\n\t\t\t\t\t\t\t\t\t\t\t\t\t\t<\/div>\n\t\t\t\t\t\t\t\t\t\t\t\t\t\t\t<\/div>\n\t\t\t\t\t\t\t\t\t\t<\/div>\n\t\t\t\t\t\t\t\t\t\t\t\t\t\t\t\t\t\t\t<\/a>\n\t\t\t\t\t\t\t\t<\/div>\n\t\t\t\t\t\t\t<\/div>\n\t\t\t\t\t\t\t\t\t\t\t\t\t\t\t\t\t\t\t\t<div class=\"grid__item js-grid__item grid__item_desktop-4 grid__item_tablet-6 grid__item_mobile-12 \">\n\t\t\t\t\t\t\t\t\t\t\t\t\t\t\t\t<div class=\"section-grid__item\">\n\t\t\t\t\t\t\t\t\t<a data-arts-cursor=\"true\" data-arts-cursor-scale=\"1.6\" data-arts-cursor-hide-native=\"true\" data-arts-cursor-icon=\"material-icons add\" class=\"hover-zoom grid__item-link\" href=\"https:\/\/www.david-olkarny.com\/wp-content\/uploads\/2024\/11\/photographe-mariage-belgique-soleil-cheval-robe.jpg\" data-size=\"1600x1067\" data-elementor-open-lightbox=\"no\">\n\t\t\t\t\t\t\t\t\t\t<div class=\"hover-zoom__inner\">\n\t\t\t\t\t\t\t\t\t\t\t<div class=\"hover-zoom__zoom\">\n\t\t\t\t\t\t\t\t\t\t\t\t\t\t\t\t\t<div class=\"section section-image figure-image\" data-arts-parallax=true data-arts-parallax-factor=0.1>\n\t\t\t\t\t\t\t\t\t\t\t\t\t\t<div class=\"section-image__wrapper overflow mask-reveal lazy\"  style=\"padding-bottom: calc( (1067 \/ 1600) * 100% ); height: 0;\">\n\t\t\t\t\t\t\t\t\t\t\t\t\t<div class=\"mask-reveal__layer mask-reveal__layer-1\">\n\t\t\t\t\t\t<div class=\"mask-reveal__layer mask-reveal__layer-2\">\n\t\t\t\t\t\t\t\t\t\t\t\t\t\t\t\t\t\t<img loading=\"lazy\" decoding=\"async\" class=\"\" src=\"data:image\/png;base64,iVBORw0KGgoAAAANSUhEUgAAAAEAAAABCAQAAAHCGzyUAAAABGdBTUEAALGPC\/xhBQAAADhlWElmTU0AKgAAAAgAAYdpAAQAAAABAAAAGgAAAAAAAqACAAQAAAABAAAAAaADAAQAAAABAAAAAQAAAADa6r\/EAAAAC0lEQVQI12NolQQAASYAn89qhTcAAAAASUVORK5CYII=\" data-id=\"3074\" data-src=\"https:\/\/www.david-olkarny.com\/wp-content\/uploads\/2024\/11\/photographe-mariage-belgique-soleil-cheval-robe.jpg\" width=\"1600\" height=\"1067\"  data-srcset=\"https:\/\/www.david-olkarny.com\/wp-content\/uploads\/2024\/11\/photographe-mariage-belgique-soleil-cheval-robe.jpg 1600w, https:\/\/www.david-olkarny.com\/wp-content\/uploads\/2024\/11\/photographe-mariage-belgique-soleil-cheval-robe-600x400.jpg 600w, https:\/\/www.david-olkarny.com\/wp-content\/uploads\/2024\/11\/photographe-mariage-belgique-soleil-cheval-robe-500x333.jpg 500w, https:\/\/www.david-olkarny.com\/wp-content\/uploads\/2024\/11\/photographe-mariage-belgique-soleil-cheval-robe-1200x800.jpg 1200w, https:\/\/www.david-olkarny.com\/wp-content\/uploads\/2024\/11\/photographe-mariage-belgique-soleil-cheval-robe-768x512.jpg 768w, https:\/\/www.david-olkarny.com\/wp-content\/uploads\/2024\/11\/photographe-mariage-belgique-soleil-cheval-robe-1536x1024.jpg 1536w\"   data-sizes=\"(max-width: 1600px) 100vw, 1600px\"  alt=\"\"\/>\n\t\t\t\t\t\t\t\t\t\t\t\t\t\t\t\t\t\t\t\t\t\t\t\t\t\t\t\t\t\t\t\t\t\t<\/div>\n\t\t\t\t\t<\/div>\n\t\t\t\t\t\t\t\t<\/div>\n\t\t\t\t\t\t\t\t\t\t\t\t\t\t<\/div>\n\t\t\t\t\t\t\t\t\t\t\t\t\t\t\t<\/div>\n\t\t\t\t\t\t\t\t\t\t<\/div>\n\t\t\t\t\t\t\t\t\t\t\t\t\t\t\t\t\t\t\t<\/a>\n\t\t\t\t\t\t\t\t<\/div>\n\t\t\t\t\t\t\t<\/div>\n\t\t\t\t\t\t\t\t\t\t\t\t\t\t\t\t\t\t\t\t<div class=\"grid__item js-grid__item grid__item_desktop-4 grid__item_tablet-6 grid__item_mobile-12 \">\n\t\t\t\t\t\t\t\t\t\t\t\t\t\t\t\t<div class=\"section-grid__item\">\n\t\t\t\t\t\t\t\t\t<a data-arts-cursor=\"true\" data-arts-cursor-scale=\"1.6\" data-arts-cursor-hide-native=\"true\" data-arts-cursor-icon=\"material-icons add\" class=\"hover-zoom grid__item-link\" href=\"https:\/\/www.david-olkarny.com\/wp-content\/uploads\/2024\/11\/photographe-mariage-belgique-voile-couple-ville.jpg\" data-size=\"1230x1600\" data-elementor-open-lightbox=\"no\">\n\t\t\t\t\t\t\t\t\t\t<div class=\"hover-zoom__inner\">\n\t\t\t\t\t\t\t\t\t\t\t<div class=\"hover-zoom__zoom\">\n\t\t\t\t\t\t\t\t\t\t\t\t\t\t\t\t\t<div class=\"section section-image figure-image\" data-arts-parallax=true data-arts-parallax-factor=0.1>\n\t\t\t\t\t\t\t\t\t\t\t\t\t\t<div class=\"section-image__wrapper overflow mask-reveal lazy\"  style=\"padding-bottom: calc( (1600 \/ 1230) * 100% ); height: 0;\">\n\t\t\t\t\t\t\t\t\t\t\t\t\t<div class=\"mask-reveal__layer mask-reveal__layer-1\">\n\t\t\t\t\t\t<div class=\"mask-reveal__layer mask-reveal__layer-2\">\n\t\t\t\t\t\t\t\t\t\t\t\t\t\t\t\t\t\t<img loading=\"lazy\" decoding=\"async\" class=\"\" src=\"data:image\/png;base64,iVBORw0KGgoAAAANSUhEUgAAAAEAAAABCAQAAAHCGzyUAAAABGdBTUEAALGPC\/xhBQAAADhlWElmTU0AKgAAAAgAAYdpAAQAAAABAAAAGgAAAAAAAqACAAQAAAABAAAAAaADAAQAAAABAAAAAQAAAADa6r\/EAAAAC0lEQVQI12NolQQAASYAn89qhTcAAAAASUVORK5CYII=\" data-id=\"3077\" data-src=\"https:\/\/www.david-olkarny.com\/wp-content\/uploads\/2024\/11\/photographe-mariage-belgique-voile-couple-ville.jpg\" width=\"1230\" height=\"1600\"  data-srcset=\"https:\/\/www.david-olkarny.com\/wp-content\/uploads\/2024\/11\/photographe-mariage-belgique-voile-couple-ville.jpg 1230w, https:\/\/www.david-olkarny.com\/wp-content\/uploads\/2024\/11\/photographe-mariage-belgique-voile-couple-ville-600x780.jpg 600w, https:\/\/www.david-olkarny.com\/wp-content\/uploads\/2024\/11\/photographe-mariage-belgique-voile-couple-ville-384x500.jpg 384w, https:\/\/www.david-olkarny.com\/wp-content\/uploads\/2024\/11\/photographe-mariage-belgique-voile-couple-ville-923x1200.jpg 923w, https:\/\/www.david-olkarny.com\/wp-content\/uploads\/2024\/11\/photographe-mariage-belgique-voile-couple-ville-768x999.jpg 768w, https:\/\/www.david-olkarny.com\/wp-content\/uploads\/2024\/11\/photographe-mariage-belgique-voile-couple-ville-1181x1536.jpg 1181w\"   data-sizes=\"(max-width: 1230px) 100vw, 1230px\"  alt=\"\"\/>\n\t\t\t\t\t\t\t\t\t\t\t\t\t\t\t\t\t\t\t\t\t\t\t\t\t\t\t\t\t\t\t\t\t\t<\/div>\n\t\t\t\t\t<\/div>\n\t\t\t\t\t\t\t\t<\/div>\n\t\t\t\t\t\t\t\t\t\t\t\t\t\t<\/div>\n\t\t\t\t\t\t\t\t\t\t\t\t\t\t\t<\/div>\n\t\t\t\t\t\t\t\t\t\t<\/div>\n\t\t\t\t\t\t\t\t\t\t\t\t\t\t\t\t\t\t\t<\/a>\n\t\t\t\t\t\t\t\t<\/div>\n\t\t\t\t\t\t\t<\/div>\n\t\t\t\t\t\t\t\t\t\t\t\t\t\t\t\t\t\t\t\t<div class=\"grid__item js-grid__item grid__item_desktop-4 grid__item_tablet-6 grid__item_mobile-12 \">\n\t\t\t\t\t\t\t\t\t\t\t\t\t\t\t\t<div class=\"section-grid__item\">\n\t\t\t\t\t\t\t\t\t<a data-arts-cursor=\"true\" data-arts-cursor-scale=\"1.6\" data-arts-cursor-hide-native=\"true\" data-arts-cursor-icon=\"material-icons add\" class=\"hover-zoom grid__item-link\" href=\"https:\/\/www.david-olkarny.com\/wp-content\/uploads\/2024\/11\/photographe-mariage-belgique-italie-bouquet-famille.jpg\" data-size=\"1600x969\" data-elementor-open-lightbox=\"no\">\n\t\t\t\t\t\t\t\t\t\t<div class=\"hover-zoom__inner\">\n\t\t\t\t\t\t\t\t\t\t\t<div class=\"hover-zoom__zoom\">\n\t\t\t\t\t\t\t\t\t\t\t\t\t\t\t\t\t<div class=\"section section-image figure-image\" data-arts-parallax=true data-arts-parallax-factor=0.1>\n\t\t\t\t\t\t\t\t\t\t\t\t\t\t<div class=\"section-image__wrapper overflow mask-reveal lazy\"  style=\"padding-bottom: calc( (969 \/ 1600) * 100% ); height: 0;\">\n\t\t\t\t\t\t\t\t\t\t\t\t\t<div class=\"mask-reveal__layer mask-reveal__layer-1\">\n\t\t\t\t\t\t<div class=\"mask-reveal__layer mask-reveal__layer-2\">\n\t\t\t\t\t\t\t\t\t\t\t\t\t\t\t\t\t\t<img loading=\"lazy\" decoding=\"async\" class=\"\" src=\"data:image\/png;base64,iVBORw0KGgoAAAANSUhEUgAAAAEAAAABCAQAAAHCGzyUAAAABGdBTUEAALGPC\/xhBQAAADhlWElmTU0AKgAAAAgAAYdpAAQAAAABAAAAGgAAAAAAAqACAAQAAAABAAAAAaADAAQAAAABAAAAAQAAAADa6r\/EAAAAC0lEQVQI12NolQQAASYAn89qhTcAAAAASUVORK5CYII=\" data-id=\"3062\" data-src=\"https:\/\/www.david-olkarny.com\/wp-content\/uploads\/2024\/11\/photographe-mariage-belgique-italie-bouquet-famille.jpg\" width=\"1600\" height=\"969\"  data-srcset=\"https:\/\/www.david-olkarny.com\/wp-content\/uploads\/2024\/11\/photographe-mariage-belgique-italie-bouquet-famille.jpg 1600w, https:\/\/www.david-olkarny.com\/wp-content\/uploads\/2024\/11\/photographe-mariage-belgique-italie-bouquet-famille-600x363.jpg 600w, https:\/\/www.david-olkarny.com\/wp-content\/uploads\/2024\/11\/photographe-mariage-belgique-italie-bouquet-famille-500x303.jpg 500w, https:\/\/www.david-olkarny.com\/wp-content\/uploads\/2024\/11\/photographe-mariage-belgique-italie-bouquet-famille-1200x727.jpg 1200w, https:\/\/www.david-olkarny.com\/wp-content\/uploads\/2024\/11\/photographe-mariage-belgique-italie-bouquet-famille-768x465.jpg 768w, https:\/\/www.david-olkarny.com\/wp-content\/uploads\/2024\/11\/photographe-mariage-belgique-italie-bouquet-famille-1536x930.jpg 1536w\"   data-sizes=\"(max-width: 1600px) 100vw, 1600px\"  alt=\"\"\/>\n\t\t\t\t\t\t\t\t\t\t\t\t\t\t\t\t\t\t\t\t\t\t\t\t\t\t\t\t\t\t\t\t\t\t<\/div>\n\t\t\t\t\t<\/div>\n\t\t\t\t\t\t\t\t<\/div>\n\t\t\t\t\t\t\t\t\t\t\t\t\t\t<\/div>\n\t\t\t\t\t\t\t\t\t\t\t\t\t\t\t<\/div>\n\t\t\t\t\t\t\t\t\t\t<\/div>\n\t\t\t\t\t\t\t\t\t\t\t\t\t\t\t\t\t\t\t<\/a>\n\t\t\t\t\t\t\t\t<\/div>\n\t\t\t\t\t\t\t<\/div>\n\t\t\t\t\t\t\t\t\t\t\t\t\t\t\t\t\t\t\t\t<div class=\"grid__item js-grid__item grid__item_desktop-4 grid__item_tablet-6 grid__item_mobile-12 \">\n\t\t\t\t\t\t\t\t\t\t\t\t\t\t\t\t<div class=\"section-grid__item\">\n\t\t\t\t\t\t\t\t\t<a data-arts-cursor=\"true\" data-arts-cursor-scale=\"1.6\" data-arts-cursor-hide-native=\"true\" data-arts-cursor-icon=\"material-icons add\" class=\"hover-zoom grid__item-link\" href=\"https:\/\/www.david-olkarny.com\/wp-content\/uploads\/2024\/11\/photographe-mariage-belgique-invite-saut-folie.jpg\" data-size=\"1600x903\" data-elementor-open-lightbox=\"no\">\n\t\t\t\t\t\t\t\t\t\t<div class=\"hover-zoom__inner\">\n\t\t\t\t\t\t\t\t\t\t\t<div class=\"hover-zoom__zoom\">\n\t\t\t\t\t\t\t\t\t\t\t\t\t\t\t\t\t<div class=\"section section-image figure-image\" data-arts-parallax=true data-arts-parallax-factor=0.1>\n\t\t\t\t\t\t\t\t\t\t\t\t\t\t<div class=\"section-image__wrapper overflow mask-reveal lazy\"  style=\"padding-bottom: calc( (903 \/ 1600) * 100% ); height: 0;\">\n\t\t\t\t\t\t\t\t\t\t\t\t\t<div class=\"mask-reveal__layer mask-reveal__layer-1\">\n\t\t\t\t\t\t<div class=\"mask-reveal__layer mask-reveal__layer-2\">\n\t\t\t\t\t\t\t\t\t\t\t\t\t\t\t\t\t\t<img loading=\"lazy\" decoding=\"async\" class=\"\" src=\"data:image\/png;base64,iVBORw0KGgoAAAANSUhEUgAAAAEAAAABCAQAAAHCGzyUAAAABGdBTUEAALGPC\/xhBQAAADhlWElmTU0AKgAAAAgAAYdpAAQAAAABAAAAGgAAAAAAAqACAAQAAAABAAAAAaADAAQAAAABAAAAAQAAAADa6r\/EAAAAC0lEQVQI12NolQQAASYAn89qhTcAAAAASUVORK5CYII=\" data-id=\"3061\" data-src=\"https:\/\/www.david-olkarny.com\/wp-content\/uploads\/2024\/11\/photographe-mariage-belgique-invite-saut-folie.jpg\" width=\"1600\" height=\"903\"  data-srcset=\"https:\/\/www.david-olkarny.com\/wp-content\/uploads\/2024\/11\/photographe-mariage-belgique-invite-saut-folie.jpg 1600w, https:\/\/www.david-olkarny.com\/wp-content\/uploads\/2024\/11\/photographe-mariage-belgique-invite-saut-folie-600x339.jpg 600w, https:\/\/www.david-olkarny.com\/wp-content\/uploads\/2024\/11\/photographe-mariage-belgique-invite-saut-folie-500x282.jpg 500w, https:\/\/www.david-olkarny.com\/wp-content\/uploads\/2024\/11\/photographe-mariage-belgique-invite-saut-folie-1200x677.jpg 1200w, https:\/\/www.david-olkarny.com\/wp-content\/uploads\/2024\/11\/photographe-mariage-belgique-invite-saut-folie-768x433.jpg 768w, https:\/\/www.david-olkarny.com\/wp-content\/uploads\/2024\/11\/photographe-mariage-belgique-invite-saut-folie-1536x867.jpg 1536w\"   data-sizes=\"(max-width: 1600px) 100vw, 1600px\"  alt=\"\"\/>\n\t\t\t\t\t\t\t\t\t\t\t\t\t\t\t\t\t\t\t\t\t\t\t\t\t\t\t\t\t\t\t\t\t\t<\/div>\n\t\t\t\t\t<\/div>\n\t\t\t\t\t\t\t\t<\/div>\n\t\t\t\t\t\t\t\t\t\t\t\t\t\t<\/div>\n\t\t\t\t\t\t\t\t\t\t\t\t\t\t\t<\/div>\n\t\t\t\t\t\t\t\t\t\t<\/div>\n\t\t\t\t\t\t\t\t\t\t\t\t\t\t\t\t\t\t\t<\/a>\n\t\t\t\t\t\t\t\t<\/div>\n\t\t\t\t\t\t\t<\/div>\n\t\t\t\t\t\t\t\t\t\t\t\t\t\t\t\t\t\t\t\t<div class=\"grid__item js-grid__item grid__item_desktop-4 grid__item_tablet-6 grid__item_mobile-12 \">\n\t\t\t\t\t\t\t\t\t\t\t\t\t\t\t\t<div class=\"section-grid__item\">\n\t\t\t\t\t\t\t\t\t<a data-arts-cursor=\"true\" data-arts-cursor-scale=\"1.6\" data-arts-cursor-hide-native=\"true\" data-arts-cursor-icon=\"material-icons add\" class=\"hover-zoom grid__item-link\" href=\"https:\/\/www.david-olkarny.com\/wp-content\/uploads\/2024\/11\/photographe-mariage-belgique-lumiere.jpg\" data-size=\"1600x1029\" data-elementor-open-lightbox=\"no\">\n\t\t\t\t\t\t\t\t\t\t<div class=\"hover-zoom__inner\">\n\t\t\t\t\t\t\t\t\t\t\t<div class=\"hover-zoom__zoom\">\n\t\t\t\t\t\t\t\t\t\t\t\t\t\t\t\t\t<div class=\"section section-image figure-image\" data-arts-parallax=true data-arts-parallax-factor=0.1>\n\t\t\t\t\t\t\t\t\t\t\t\t\t\t<div class=\"section-image__wrapper overflow mask-reveal lazy\"  style=\"padding-bottom: calc( (1029 \/ 1600) * 100% ); height: 0;\">\n\t\t\t\t\t\t\t\t\t\t\t\t\t<div class=\"mask-reveal__layer mask-reveal__layer-1\">\n\t\t\t\t\t\t<div class=\"mask-reveal__layer mask-reveal__layer-2\">\n\t\t\t\t\t\t\t\t\t\t\t\t\t\t\t\t\t\t<img loading=\"lazy\" decoding=\"async\" class=\"\" src=\"data:image\/png;base64,iVBORw0KGgoAAAANSUhEUgAAAAEAAAABCAQAAAHCGzyUAAAABGdBTUEAALGPC\/xhBQAAADhlWElmTU0AKgAAAAgAAYdpAAQAAAABAAAAGgAAAAAAAqACAAQAAAABAAAAAaADAAQAAAABAAAAAQAAAADa6r\/EAAAAC0lEQVQI12NolQQAASYAn89qhTcAAAAASUVORK5CYII=\" data-id=\"3064\" data-src=\"https:\/\/www.david-olkarny.com\/wp-content\/uploads\/2024\/11\/photographe-mariage-belgique-lumiere.jpg\" width=\"1600\" height=\"1029\"  data-srcset=\"https:\/\/www.david-olkarny.com\/wp-content\/uploads\/2024\/11\/photographe-mariage-belgique-lumiere.jpg 1600w, https:\/\/www.david-olkarny.com\/wp-content\/uploads\/2024\/11\/photographe-mariage-belgique-lumiere-600x386.jpg 600w, https:\/\/www.david-olkarny.com\/wp-content\/uploads\/2024\/11\/photographe-mariage-belgique-lumiere-500x322.jpg 500w, https:\/\/www.david-olkarny.com\/wp-content\/uploads\/2024\/11\/photographe-mariage-belgique-lumiere-1200x772.jpg 1200w, https:\/\/www.david-olkarny.com\/wp-content\/uploads\/2024\/11\/photographe-mariage-belgique-lumiere-768x494.jpg 768w, https:\/\/www.david-olkarny.com\/wp-content\/uploads\/2024\/11\/photographe-mariage-belgique-lumiere-1536x988.jpg 1536w\"   data-sizes=\"(max-width: 1600px) 100vw, 1600px\"  alt=\"\"\/>\n\t\t\t\t\t\t\t\t\t\t\t\t\t\t\t\t\t\t\t\t\t\t\t\t\t\t\t\t\t\t\t\t\t\t<\/div>\n\t\t\t\t\t<\/div>\n\t\t\t\t\t\t\t\t<\/div>\n\t\t\t\t\t\t\t\t\t\t\t\t\t\t<\/div>\n\t\t\t\t\t\t\t\t\t\t\t\t\t\t\t<\/div>\n\t\t\t\t\t\t\t\t\t\t<\/div>\n\t\t\t\t\t\t\t\t\t\t\t\t\t\t\t\t\t\t\t<\/a>\n\t\t\t\t\t\t\t\t<\/div>\n\t\t\t\t\t\t\t<\/div>\n\t\t\t\t\t\t\t\t\t\t\t\t\t\t\t\t\t\t\t\t<div class=\"grid__item js-grid__item grid__item_desktop-4 grid__item_tablet-6 grid__item_mobile-12 \">\n\t\t\t\t\t\t\t\t\t\t\t\t\t\t\t\t<div class=\"section-grid__item\">\n\t\t\t\t\t\t\t\t\t<a data-arts-cursor=\"true\" data-arts-cursor-scale=\"1.6\" data-arts-cursor-hide-native=\"true\" data-arts-cursor-icon=\"material-icons add\" class=\"hover-zoom grid__item-link\" href=\"https:\/\/www.david-olkarny.com\/wp-content\/uploads\/2024\/11\/photographe-mariage-belgique-maquillage.jpg\" data-size=\"1600x993\" data-elementor-open-lightbox=\"no\">\n\t\t\t\t\t\t\t\t\t\t<div class=\"hover-zoom__inner\">\n\t\t\t\t\t\t\t\t\t\t\t<div class=\"hover-zoom__zoom\">\n\t\t\t\t\t\t\t\t\t\t\t\t\t\t\t\t\t<div class=\"section section-image figure-image\" data-arts-parallax=true data-arts-parallax-factor=0.1>\n\t\t\t\t\t\t\t\t\t\t\t\t\t\t<div class=\"section-image__wrapper overflow mask-reveal lazy\"  style=\"padding-bottom: calc( (993 \/ 1600) * 100% ); height: 0;\">\n\t\t\t\t\t\t\t\t\t\t\t\t\t<div class=\"mask-reveal__layer mask-reveal__layer-1\">\n\t\t\t\t\t\t<div class=\"mask-reveal__layer mask-reveal__layer-2\">\n\t\t\t\t\t\t\t\t\t\t\t\t\t\t\t\t\t\t<img loading=\"lazy\" decoding=\"async\" class=\"\" src=\"data:image\/png;base64,iVBORw0KGgoAAAANSUhEUgAAAAEAAAABCAQAAAHCGzyUAAAABGdBTUEAALGPC\/xhBQAAADhlWElmTU0AKgAAAAgAAYdpAAQAAAABAAAAGgAAAAAAAqACAAQAAAABAAAAAaADAAQAAAABAAAAAQAAAADa6r\/EAAAAC0lEQVQI12NolQQAASYAn89qhTcAAAAASUVORK5CYII=\" data-id=\"3065\" data-src=\"https:\/\/www.david-olkarny.com\/wp-content\/uploads\/2024\/11\/photographe-mariage-belgique-maquillage.jpg\" width=\"1600\" height=\"993\"  data-srcset=\"https:\/\/www.david-olkarny.com\/wp-content\/uploads\/2024\/11\/photographe-mariage-belgique-maquillage.jpg 1600w, https:\/\/www.david-olkarny.com\/wp-content\/uploads\/2024\/11\/photographe-mariage-belgique-maquillage-600x372.jpg 600w, https:\/\/www.david-olkarny.com\/wp-content\/uploads\/2024\/11\/photographe-mariage-belgique-maquillage-500x310.jpg 500w, https:\/\/www.david-olkarny.com\/wp-content\/uploads\/2024\/11\/photographe-mariage-belgique-maquillage-1200x745.jpg 1200w, https:\/\/www.david-olkarny.com\/wp-content\/uploads\/2024\/11\/photographe-mariage-belgique-maquillage-768x477.jpg 768w, https:\/\/www.david-olkarny.com\/wp-content\/uploads\/2024\/11\/photographe-mariage-belgique-maquillage-1536x953.jpg 1536w\"   data-sizes=\"(max-width: 1600px) 100vw, 1600px\"  alt=\"\"\/>\n\t\t\t\t\t\t\t\t\t\t\t\t\t\t\t\t\t\t\t\t\t\t\t\t\t\t\t\t\t\t\t\t\t\t<\/div>\n\t\t\t\t\t<\/div>\n\t\t\t\t\t\t\t\t<\/div>\n\t\t\t\t\t\t\t\t\t\t\t\t\t\t<\/div>\n\t\t\t\t\t\t\t\t\t\t\t\t\t\t\t<\/div>\n\t\t\t\t\t\t\t\t\t\t<\/div>\n\t\t\t\t\t\t\t\t\t\t\t\t\t\t\t\t\t\t\t<\/a>\n\t\t\t\t\t\t\t\t<\/div>\n\t\t\t\t\t\t\t<\/div>\n\t\t\t\t\t\t\t\t\t\t\t\t\t\t\t\t\t\t\t\t<div class=\"grid__item js-grid__item grid__item_desktop-4 grid__item_tablet-6 grid__item_mobile-12 \">\n\t\t\t\t\t\t\t\t\t\t\t\t\t\t\t\t<div class=\"section-grid__item\">\n\t\t\t\t\t\t\t\t\t<a data-arts-cursor=\"true\" data-arts-cursor-scale=\"1.6\" data-arts-cursor-hide-native=\"true\" data-arts-cursor-icon=\"material-icons add\" class=\"hover-zoom grid__item-link\" href=\"https:\/\/www.david-olkarny.com\/wp-content\/uploads\/2024\/11\/photographe-mariage-belgique-enfant-maman-robe.jpg\" data-size=\"1067x1600\" data-elementor-open-lightbox=\"no\">\n\t\t\t\t\t\t\t\t\t\t<div class=\"hover-zoom__inner\">\n\t\t\t\t\t\t\t\t\t\t\t<div class=\"hover-zoom__zoom\">\n\t\t\t\t\t\t\t\t\t\t\t\t\t\t\t\t\t<div class=\"section section-image figure-image\" data-arts-parallax=true data-arts-parallax-factor=0.1>\n\t\t\t\t\t\t\t\t\t\t\t\t\t\t<div class=\"section-image__wrapper overflow mask-reveal lazy\"  style=\"padding-bottom: calc( (1600 \/ 1067) * 100% ); height: 0;\">\n\t\t\t\t\t\t\t\t\t\t\t\t\t<div class=\"mask-reveal__layer mask-reveal__layer-1\">\n\t\t\t\t\t\t<div class=\"mask-reveal__layer mask-reveal__layer-2\">\n\t\t\t\t\t\t\t\t\t\t\t\t\t\t\t\t\t\t<img loading=\"lazy\" decoding=\"async\" class=\"\" src=\"data:image\/png;base64,iVBORw0KGgoAAAANSUhEUgAAAAEAAAABCAQAAAHCGzyUAAAABGdBTUEAALGPC\/xhBQAAADhlWElmTU0AKgAAAAgAAYdpAAQAAAABAAAAGgAAAAAAAqACAAQAAAABAAAAAaADAAQAAAABAAAAAQAAAADa6r\/EAAAAC0lEQVQI12NolQQAASYAn89qhTcAAAAASUVORK5CYII=\" data-id=\"3050\" data-src=\"https:\/\/www.david-olkarny.com\/wp-content\/uploads\/2024\/11\/photographe-mariage-belgique-enfant-maman-robe.jpg\" width=\"1067\" height=\"1600\"  data-srcset=\"https:\/\/www.david-olkarny.com\/wp-content\/uploads\/2024\/11\/photographe-mariage-belgique-enfant-maman-robe.jpg 1067w, https:\/\/www.david-olkarny.com\/wp-content\/uploads\/2024\/11\/photographe-mariage-belgique-enfant-maman-robe-600x900.jpg 600w, https:\/\/www.david-olkarny.com\/wp-content\/uploads\/2024\/11\/photographe-mariage-belgique-enfant-maman-robe-333x500.jpg 333w, https:\/\/www.david-olkarny.com\/wp-content\/uploads\/2024\/11\/photographe-mariage-belgique-enfant-maman-robe-800x1200.jpg 800w, https:\/\/www.david-olkarny.com\/wp-content\/uploads\/2024\/11\/photographe-mariage-belgique-enfant-maman-robe-768x1152.jpg 768w, https:\/\/www.david-olkarny.com\/wp-content\/uploads\/2024\/11\/photographe-mariage-belgique-enfant-maman-robe-1024x1536.jpg 1024w\"   data-sizes=\"(max-width: 1067px) 100vw, 1067px\"  alt=\"\"\/>\n\t\t\t\t\t\t\t\t\t\t\t\t\t\t\t\t\t\t\t\t\t\t\t\t\t\t\t\t\t\t\t\t\t\t<\/div>\n\t\t\t\t\t<\/div>\n\t\t\t\t\t\t\t\t<\/div>\n\t\t\t\t\t\t\t\t\t\t\t\t\t\t<\/div>\n\t\t\t\t\t\t\t\t\t\t\t\t\t\t\t<\/div>\n\t\t\t\t\t\t\t\t\t\t<\/div>\n\t\t\t\t\t\t\t\t\t\t\t\t\t\t\t\t\t\t\t<\/a>\n\t\t\t\t\t\t\t\t<\/div>\n\t\t\t\t\t\t\t<\/div>\n\t\t\t\t\t\t\t\t\t\t\t\t\t\t\t\t\t\t\t\t<div class=\"grid__item js-grid__item grid__item_desktop-4 grid__item_tablet-6 grid__item_mobile-12 \">\n\t\t\t\t\t\t\t\t\t\t\t\t\t\t\t\t<div class=\"section-grid__item\">\n\t\t\t\t\t\t\t\t\t<a data-arts-cursor=\"true\" data-arts-cursor-scale=\"1.6\" data-arts-cursor-hide-native=\"true\" data-arts-cursor-icon=\"material-icons add\" class=\"hover-zoom grid__item-link\" href=\"https:\/\/www.david-olkarny.com\/wp-content\/uploads\/2024\/11\/photographe-mariage-belgique-femme-nature-robe.jpg\" data-size=\"1600x1066\" data-elementor-open-lightbox=\"no\">\n\t\t\t\t\t\t\t\t\t\t<div class=\"hover-zoom__inner\">\n\t\t\t\t\t\t\t\t\t\t\t<div class=\"hover-zoom__zoom\">\n\t\t\t\t\t\t\t\t\t\t\t\t\t\t\t\t\t<div class=\"section section-image figure-image\" data-arts-parallax=true data-arts-parallax-factor=0.1>\n\t\t\t\t\t\t\t\t\t\t\t\t\t\t<div class=\"section-image__wrapper overflow mask-reveal lazy\"  style=\"padding-bottom: calc( (1066 \/ 1600) * 100% ); height: 0;\">\n\t\t\t\t\t\t\t\t\t\t\t\t\t<div class=\"mask-reveal__layer mask-reveal__layer-1\">\n\t\t\t\t\t\t<div class=\"mask-reveal__layer mask-reveal__layer-2\">\n\t\t\t\t\t\t\t\t\t\t\t\t\t\t\t\t\t\t<img loading=\"lazy\" decoding=\"async\" class=\"\" src=\"data:image\/png;base64,iVBORw0KGgoAAAANSUhEUgAAAAEAAAABCAQAAAHCGzyUAAAABGdBTUEAALGPC\/xhBQAAADhlWElmTU0AKgAAAAgAAYdpAAQAAAABAAAAGgAAAAAAAqACAAQAAAABAAAAAaADAAQAAAABAAAAAQAAAADa6r\/EAAAAC0lEQVQI12NolQQAASYAn89qhTcAAAAASUVORK5CYII=\" data-id=\"3051\" data-src=\"https:\/\/www.david-olkarny.com\/wp-content\/uploads\/2024\/11\/photographe-mariage-belgique-femme-nature-robe.jpg\" width=\"1600\" height=\"1066\"  data-srcset=\"https:\/\/www.david-olkarny.com\/wp-content\/uploads\/2024\/11\/photographe-mariage-belgique-femme-nature-robe.jpg 1600w, https:\/\/www.david-olkarny.com\/wp-content\/uploads\/2024\/11\/photographe-mariage-belgique-femme-nature-robe-600x400.jpg 600w, https:\/\/www.david-olkarny.com\/wp-content\/uploads\/2024\/11\/photographe-mariage-belgique-femme-nature-robe-500x333.jpg 500w, https:\/\/www.david-olkarny.com\/wp-content\/uploads\/2024\/11\/photographe-mariage-belgique-femme-nature-robe-1200x800.jpg 1200w, https:\/\/www.david-olkarny.com\/wp-content\/uploads\/2024\/11\/photographe-mariage-belgique-femme-nature-robe-768x512.jpg 768w, https:\/\/www.david-olkarny.com\/wp-content\/uploads\/2024\/11\/photographe-mariage-belgique-femme-nature-robe-1536x1023.jpg 1536w\"   data-sizes=\"(max-width: 1600px) 100vw, 1600px\"  alt=\"\"\/>\n\t\t\t\t\t\t\t\t\t\t\t\t\t\t\t\t\t\t\t\t\t\t\t\t\t\t\t\t\t\t\t\t\t\t<\/div>\n\t\t\t\t\t<\/div>\n\t\t\t\t\t\t\t\t<\/div>\n\t\t\t\t\t\t\t\t\t\t\t\t\t\t<\/div>\n\t\t\t\t\t\t\t\t\t\t\t\t\t\t\t<\/div>\n\t\t\t\t\t\t\t\t\t\t<\/div>\n\t\t\t\t\t\t\t\t\t\t\t\t\t\t\t\t\t\t\t<\/a>\n\t\t\t\t\t\t\t\t<\/div>\n\t\t\t\t\t\t\t<\/div>\n\t\t\t\t\t\t\t\t\t\t\t\t\t\t\t\t\t\t\t\t<div class=\"grid__item js-grid__item grid__item_desktop-4 grid__item_tablet-6 grid__item_mobile-12 \">\n\t\t\t\t\t\t\t\t\t\t\t\t\t\t\t\t<div class=\"section-grid__item\">\n\t\t\t\t\t\t\t\t\t<a data-arts-cursor=\"true\" data-arts-cursor-scale=\"1.6\" data-arts-cursor-hide-native=\"true\" data-arts-cursor-icon=\"material-icons add\" class=\"hover-zoom grid__item-link\" href=\"https:\/\/www.david-olkarny.com\/wp-content\/uploads\/2024\/11\/photographe-mariage-belgique-couple-turc-bonheur-chaud.jpg\" data-size=\"1600x1063\" data-elementor-open-lightbox=\"no\">\n\t\t\t\t\t\t\t\t\t\t<div class=\"hover-zoom__inner\">\n\t\t\t\t\t\t\t\t\t\t\t<div class=\"hover-zoom__zoom\">\n\t\t\t\t\t\t\t\t\t\t\t\t\t\t\t\t\t<div class=\"section section-image figure-image\" data-arts-parallax=true data-arts-parallax-factor=0.1>\n\t\t\t\t\t\t\t\t\t\t\t\t\t\t<div class=\"section-image__wrapper overflow mask-reveal lazy\"  style=\"padding-bottom: calc( (1063 \/ 1600) * 100% ); height: 0;\">\n\t\t\t\t\t\t\t\t\t\t\t\t\t<div class=\"mask-reveal__layer mask-reveal__layer-1\">\n\t\t\t\t\t\t<div class=\"mask-reveal__layer mask-reveal__layer-2\">\n\t\t\t\t\t\t\t\t\t\t\t\t\t\t\t\t\t\t<img loading=\"lazy\" decoding=\"async\" class=\"\" src=\"data:image\/png;base64,iVBORw0KGgoAAAANSUhEUgAAAAEAAAABCAQAAAHCGzyUAAAABGdBTUEAALGPC\/xhBQAAADhlWElmTU0AKgAAAAgAAYdpAAQAAAABAAAAGgAAAAAAAqACAAQAAAABAAAAAaADAAQAAAABAAAAAQAAAADa6r\/EAAAAC0lEQVQI12NolQQAASYAn89qhTcAAAAASUVORK5CYII=\" data-id=\"3043\" data-src=\"https:\/\/www.david-olkarny.com\/wp-content\/uploads\/2024\/11\/photographe-mariage-belgique-couple-turc-bonheur-chaud.jpg\" width=\"1600\" height=\"1063\"  data-srcset=\"https:\/\/www.david-olkarny.com\/wp-content\/uploads\/2024\/11\/photographe-mariage-belgique-couple-turc-bonheur-chaud.jpg 1600w, https:\/\/www.david-olkarny.com\/wp-content\/uploads\/2024\/11\/photographe-mariage-belgique-couple-turc-bonheur-chaud-600x399.jpg 600w, https:\/\/www.david-olkarny.com\/wp-content\/uploads\/2024\/11\/photographe-mariage-belgique-couple-turc-bonheur-chaud-500x332.jpg 500w, https:\/\/www.david-olkarny.com\/wp-content\/uploads\/2024\/11\/photographe-mariage-belgique-couple-turc-bonheur-chaud-1200x797.jpg 1200w, https:\/\/www.david-olkarny.com\/wp-content\/uploads\/2024\/11\/photographe-mariage-belgique-couple-turc-bonheur-chaud-768x510.jpg 768w, https:\/\/www.david-olkarny.com\/wp-content\/uploads\/2024\/11\/photographe-mariage-belgique-couple-turc-bonheur-chaud-1536x1020.jpg 1536w\"   data-sizes=\"(max-width: 1600px) 100vw, 1600px\"  alt=\"\"\/>\n\t\t\t\t\t\t\t\t\t\t\t\t\t\t\t\t\t\t\t\t\t\t\t\t\t\t\t\t\t\t\t\t\t\t<\/div>\n\t\t\t\t\t<\/div>\n\t\t\t\t\t\t\t\t<\/div>\n\t\t\t\t\t\t\t\t\t\t\t\t\t\t<\/div>\n\t\t\t\t\t\t\t\t\t\t\t\t\t\t\t<\/div>\n\t\t\t\t\t\t\t\t\t\t<\/div>\n\t\t\t\t\t\t\t\t\t\t\t\t\t\t\t\t\t\t\t<\/a>\n\t\t\t\t\t\t\t\t<\/div>\n\t\t\t\t\t\t\t<\/div>\n\t\t\t\t\t\t\t\t\t\t\t\t\t\t\t\t\t\t\t\t<div class=\"grid__item js-grid__item grid__item_desktop-4 grid__item_tablet-6 grid__item_mobile-12 \">\n\t\t\t\t\t\t\t\t\t\t\t\t\t\t\t\t<div class=\"section-grid__item\">\n\t\t\t\t\t\t\t\t\t<a data-arts-cursor=\"true\" data-arts-cursor-scale=\"1.6\" data-arts-cursor-hide-native=\"true\" data-arts-cursor-icon=\"material-icons add\" class=\"hover-zoom grid__item-link\" href=\"https:\/\/www.david-olkarny.com\/wp-content\/uploads\/2024\/11\/photographe-mariage-belgique-couple-roumanie-regard.jpg\" data-size=\"1600x1030\" data-elementor-open-lightbox=\"no\">\n\t\t\t\t\t\t\t\t\t\t<div class=\"hover-zoom__inner\">\n\t\t\t\t\t\t\t\t\t\t\t<div class=\"hover-zoom__zoom\">\n\t\t\t\t\t\t\t\t\t\t\t\t\t\t\t\t\t<div class=\"section section-image figure-image\" data-arts-parallax=true data-arts-parallax-factor=0.1>\n\t\t\t\t\t\t\t\t\t\t\t\t\t\t<div class=\"section-image__wrapper overflow mask-reveal lazy\"  style=\"padding-bottom: calc( (1030 \/ 1600) * 100% ); height: 0;\">\n\t\t\t\t\t\t\t\t\t\t\t\t\t<div class=\"mask-reveal__layer mask-reveal__layer-1\">\n\t\t\t\t\t\t<div class=\"mask-reveal__layer mask-reveal__layer-2\">\n\t\t\t\t\t\t\t\t\t\t\t\t\t\t\t\t\t\t<img loading=\"lazy\" decoding=\"async\" class=\"\" src=\"data:image\/png;base64,iVBORw0KGgoAAAANSUhEUgAAAAEAAAABCAQAAAHCGzyUAAAABGdBTUEAALGPC\/xhBQAAADhlWElmTU0AKgAAAAgAAYdpAAQAAAABAAAAGgAAAAAAAqACAAQAAAABAAAAAaADAAQAAAABAAAAAQAAAADa6r\/EAAAAC0lEQVQI12NolQQAASYAn89qhTcAAAAASUVORK5CYII=\" data-id=\"3037\" data-src=\"https:\/\/www.david-olkarny.com\/wp-content\/uploads\/2024\/11\/photographe-mariage-belgique-couple-roumanie-regard.jpg\" width=\"1600\" height=\"1030\"  data-srcset=\"https:\/\/www.david-olkarny.com\/wp-content\/uploads\/2024\/11\/photographe-mariage-belgique-couple-roumanie-regard.jpg 1600w, https:\/\/www.david-olkarny.com\/wp-content\/uploads\/2024\/11\/photographe-mariage-belgique-couple-roumanie-regard-600x386.jpg 600w, https:\/\/www.david-olkarny.com\/wp-content\/uploads\/2024\/11\/photographe-mariage-belgique-couple-roumanie-regard-500x322.jpg 500w, https:\/\/www.david-olkarny.com\/wp-content\/uploads\/2024\/11\/photographe-mariage-belgique-couple-roumanie-regard-1200x773.jpg 1200w, https:\/\/www.david-olkarny.com\/wp-content\/uploads\/2024\/11\/photographe-mariage-belgique-couple-roumanie-regard-768x494.jpg 768w, https:\/\/www.david-olkarny.com\/wp-content\/uploads\/2024\/11\/photographe-mariage-belgique-couple-roumanie-regard-1536x989.jpg 1536w\"   data-sizes=\"(max-width: 1600px) 100vw, 1600px\"  alt=\"\"\/>\n\t\t\t\t\t\t\t\t\t\t\t\t\t\t\t\t\t\t\t\t\t\t\t\t\t\t\t\t\t\t\t\t\t\t<\/div>\n\t\t\t\t\t<\/div>\n\t\t\t\t\t\t\t\t<\/div>\n\t\t\t\t\t\t\t\t\t\t\t\t\t\t<\/div>\n\t\t\t\t\t\t\t\t\t\t\t\t\t\t\t<\/div>\n\t\t\t\t\t\t\t\t\t\t<\/div>\n\t\t\t\t\t\t\t\t\t\t\t\t\t\t\t\t\t\t\t<\/a>\n\t\t\t\t\t\t\t\t<\/div>\n\t\t\t\t\t\t\t<\/div>\n\t\t\t\t\t\t\t\t\t\t\t\t\t\t\t\t\t\t\t\t<div class=\"grid__item js-grid__item grid__item_desktop-4 grid__item_tablet-6 grid__item_mobile-12 \">\n\t\t\t\t\t\t\t\t\t\t\t\t\t\t\t\t<div class=\"section-grid__item\">\n\t\t\t\t\t\t\t\t\t<a data-arts-cursor=\"true\" data-arts-cursor-scale=\"1.6\" data-arts-cursor-hide-native=\"true\" data-arts-cursor-icon=\"material-icons add\" class=\"hover-zoom grid__item-link\" href=\"https:\/\/www.david-olkarny.com\/wp-content\/uploads\/2024\/11\/photographe-mariage-belgique-couple-rire-fleur.jpg\" data-size=\"1600x1131\" data-elementor-open-lightbox=\"no\">\n\t\t\t\t\t\t\t\t\t\t<div class=\"hover-zoom__inner\">\n\t\t\t\t\t\t\t\t\t\t\t<div class=\"hover-zoom__zoom\">\n\t\t\t\t\t\t\t\t\t\t\t\t\t\t\t\t\t<div class=\"section section-image figure-image\" data-arts-parallax=true data-arts-parallax-factor=0.1>\n\t\t\t\t\t\t\t\t\t\t\t\t\t\t<div class=\"section-image__wrapper overflow mask-reveal lazy\"  style=\"padding-bottom: calc( (1131 \/ 1600) * 100% ); height: 0;\">\n\t\t\t\t\t\t\t\t\t\t\t\t\t<div class=\"mask-reveal__layer mask-reveal__layer-1\">\n\t\t\t\t\t\t<div class=\"mask-reveal__layer mask-reveal__layer-2\">\n\t\t\t\t\t\t\t\t\t\t\t\t\t\t\t\t\t\t<img loading=\"lazy\" decoding=\"async\" class=\"\" src=\"data:image\/png;base64,iVBORw0KGgoAAAANSUhEUgAAAAEAAAABCAQAAAHCGzyUAAAABGdBTUEAALGPC\/xhBQAAADhlWElmTU0AKgAAAAgAAYdpAAQAAAABAAAAGgAAAAAAAqACAAQAAAABAAAAAaADAAQAAAABAAAAAQAAAADa6r\/EAAAAC0lEQVQI12NolQQAASYAn89qhTcAAAAASUVORK5CYII=\" data-id=\"3035\" data-src=\"https:\/\/www.david-olkarny.com\/wp-content\/uploads\/2024\/11\/photographe-mariage-belgique-couple-rire-fleur.jpg\" width=\"1600\" height=\"1131\"  data-srcset=\"https:\/\/www.david-olkarny.com\/wp-content\/uploads\/2024\/11\/photographe-mariage-belgique-couple-rire-fleur.jpg 1600w, https:\/\/www.david-olkarny.com\/wp-content\/uploads\/2024\/11\/photographe-mariage-belgique-couple-rire-fleur-600x424.jpg 600w, https:\/\/www.david-olkarny.com\/wp-content\/uploads\/2024\/11\/photographe-mariage-belgique-couple-rire-fleur-500x353.jpg 500w, https:\/\/www.david-olkarny.com\/wp-content\/uploads\/2024\/11\/photographe-mariage-belgique-couple-rire-fleur-1200x848.jpg 1200w, https:\/\/www.david-olkarny.com\/wp-content\/uploads\/2024\/11\/photographe-mariage-belgique-couple-rire-fleur-768x543.jpg 768w, https:\/\/www.david-olkarny.com\/wp-content\/uploads\/2024\/11\/photographe-mariage-belgique-couple-rire-fleur-1536x1086.jpg 1536w\"   data-sizes=\"(max-width: 1600px) 100vw, 1600px\"  alt=\"photographe-mariage-belgique-couple-rire-bisou\"\/>\n\t\t\t\t\t\t\t\t\t\t\t\t\t\t\t\t\t\t\t\t\t\t\t\t\t\t\t\t\t\t\t\t\t\t<\/div>\n\t\t\t\t\t<\/div>\n\t\t\t\t\t\t\t\t<\/div>\n\t\t\t\t\t\t\t\t\t\t\t\t\t\t<\/div>\n\t\t\t\t\t\t\t\t\t\t\t\t\t\t\t<\/div>\n\t\t\t\t\t\t\t\t\t\t<\/div>\n\t\t\t\t\t\t\t\t\t\t\t\t\t\t\t\t\t\t\t<\/a>\n\t\t\t\t\t\t\t\t<\/div>\n\t\t\t\t\t\t\t<\/div>\n\t\t\t\t\t\t\t\t\t\t\t\t\t\t\t\t\t\t\t\t<div class=\"grid__item js-grid__item grid__item_desktop-4 grid__item_tablet-6 grid__item_mobile-12 \">\n\t\t\t\t\t\t\t\t\t\t\t\t\t\t\t\t<div class=\"section-grid__item\">\n\t\t\t\t\t\t\t\t\t<a data-arts-cursor=\"true\" data-arts-cursor-scale=\"1.6\" data-arts-cursor-hide-native=\"true\" data-arts-cursor-icon=\"material-icons add\" class=\"hover-zoom grid__item-link\" href=\"https:\/\/www.david-olkarny.com\/wp-content\/uploads\/2024\/11\/photographe-mariage-belgique-couple-rire-bisou.jpg\" data-size=\"1600x1143\" data-elementor-open-lightbox=\"no\">\n\t\t\t\t\t\t\t\t\t\t<div class=\"hover-zoom__inner\">\n\t\t\t\t\t\t\t\t\t\t\t<div class=\"hover-zoom__zoom\">\n\t\t\t\t\t\t\t\t\t\t\t\t\t\t\t\t\t<div class=\"section section-image figure-image\" data-arts-parallax=true data-arts-parallax-factor=0.1>\n\t\t\t\t\t\t\t\t\t\t\t\t\t\t<div class=\"section-image__wrapper overflow mask-reveal lazy\"  style=\"padding-bottom: calc( (1143 \/ 1600) * 100% ); height: 0;\">\n\t\t\t\t\t\t\t\t\t\t\t\t\t<div class=\"mask-reveal__layer mask-reveal__layer-1\">\n\t\t\t\t\t\t<div class=\"mask-reveal__layer mask-reveal__layer-2\">\n\t\t\t\t\t\t\t\t\t\t\t\t\t\t\t\t\t\t<img loading=\"lazy\" decoding=\"async\" class=\"\" src=\"data:image\/png;base64,iVBORw0KGgoAAAANSUhEUgAAAAEAAAABCAQAAAHCGzyUAAAABGdBTUEAALGPC\/xhBQAAADhlWElmTU0AKgAAAAgAAYdpAAQAAAABAAAAGgAAAAAAAqACAAQAAAABAAAAAaADAAQAAAABAAAAAQAAAADa6r\/EAAAAC0lEQVQI12NolQQAASYAn89qhTcAAAAASUVORK5CYII=\" data-id=\"3034\" data-src=\"https:\/\/www.david-olkarny.com\/wp-content\/uploads\/2024\/11\/photographe-mariage-belgique-couple-rire-bisou.jpg\" width=\"1600\" height=\"1143\"  data-srcset=\"https:\/\/www.david-olkarny.com\/wp-content\/uploads\/2024\/11\/photographe-mariage-belgique-couple-rire-bisou.jpg 1600w, https:\/\/www.david-olkarny.com\/wp-content\/uploads\/2024\/11\/photographe-mariage-belgique-couple-rire-bisou-600x429.jpg 600w, https:\/\/www.david-olkarny.com\/wp-content\/uploads\/2024\/11\/photographe-mariage-belgique-couple-rire-bisou-500x357.jpg 500w, https:\/\/www.david-olkarny.com\/wp-content\/uploads\/2024\/11\/photographe-mariage-belgique-couple-rire-bisou-1200x857.jpg 1200w, https:\/\/www.david-olkarny.com\/wp-content\/uploads\/2024\/11\/photographe-mariage-belgique-couple-rire-bisou-768x549.jpg 768w, https:\/\/www.david-olkarny.com\/wp-content\/uploads\/2024\/11\/photographe-mariage-belgique-couple-rire-bisou-1536x1097.jpg 1536w\"   data-sizes=\"(max-width: 1600px) 100vw, 1600px\"  alt=\"photographe-mariage-belgique-couple-rire-bisou\"\/>\n\t\t\t\t\t\t\t\t\t\t\t\t\t\t\t\t\t\t\t\t\t\t\t\t\t\t\t\t\t\t\t\t\t\t<\/div>\n\t\t\t\t\t<\/div>\n\t\t\t\t\t\t\t\t<\/div>\n\t\t\t\t\t\t\t\t\t\t\t\t\t\t<\/div>\n\t\t\t\t\t\t\t\t\t\t\t\t\t\t\t<\/div>\n\t\t\t\t\t\t\t\t\t\t<\/div>\n\t\t\t\t\t\t\t\t\t\t\t\t\t\t\t\t\t\t\t<\/a>\n\t\t\t\t\t\t\t\t<\/div>\n\t\t\t\t\t\t\t<\/div>\n\t\t\t\t\t\t\t\t\t\t\t\t\t\t\t\t\t\t\t\t<div class=\"grid__item js-grid__item grid__item_desktop-4 grid__item_tablet-6 grid__item_mobile-12 \">\n\t\t\t\t\t\t\t\t\t\t\t\t\t\t\t\t<div class=\"section-grid__item\">\n\t\t\t\t\t\t\t\t\t<a data-arts-cursor=\"true\" data-arts-cursor-scale=\"1.6\" data-arts-cursor-hide-native=\"true\" data-arts-cursor-icon=\"material-icons add\" class=\"hover-zoom grid__item-link\" href=\"https:\/\/www.david-olkarny.com\/wp-content\/uploads\/2024\/11\/photographe-mariage-belgique-couple-rire-amour.jpg\" data-size=\"1067x1600\" data-elementor-open-lightbox=\"no\">\n\t\t\t\t\t\t\t\t\t\t<div class=\"hover-zoom__inner\">\n\t\t\t\t\t\t\t\t\t\t\t<div class=\"hover-zoom__zoom\">\n\t\t\t\t\t\t\t\t\t\t\t\t\t\t\t\t\t<div class=\"section section-image figure-image\" data-arts-parallax=true data-arts-parallax-factor=0.1>\n\t\t\t\t\t\t\t\t\t\t\t\t\t\t<div class=\"section-image__wrapper overflow mask-reveal lazy\"  style=\"padding-bottom: calc( (1600 \/ 1067) * 100% ); height: 0;\">\n\t\t\t\t\t\t\t\t\t\t\t\t\t<div class=\"mask-reveal__layer mask-reveal__layer-1\">\n\t\t\t\t\t\t<div class=\"mask-reveal__layer mask-reveal__layer-2\">\n\t\t\t\t\t\t\t\t\t\t\t\t\t\t\t\t\t\t<img loading=\"lazy\" decoding=\"async\" class=\"\" src=\"data:image\/png;base64,iVBORw0KGgoAAAANSUhEUgAAAAEAAAABCAQAAAHCGzyUAAAABGdBTUEAALGPC\/xhBQAAADhlWElmTU0AKgAAAAgAAYdpAAQAAAABAAAAGgAAAAAAAqACAAQAAAABAAAAAaADAAQAAAABAAAAAQAAAADa6r\/EAAAAC0lEQVQI12NolQQAASYAn89qhTcAAAAASUVORK5CYII=\" data-id=\"3033\" data-src=\"https:\/\/www.david-olkarny.com\/wp-content\/uploads\/2024\/11\/photographe-mariage-belgique-couple-rire-amour.jpg\" width=\"1067\" height=\"1600\"  data-srcset=\"https:\/\/www.david-olkarny.com\/wp-content\/uploads\/2024\/11\/photographe-mariage-belgique-couple-rire-amour.jpg 1067w, https:\/\/www.david-olkarny.com\/wp-content\/uploads\/2024\/11\/photographe-mariage-belgique-couple-rire-amour-600x900.jpg 600w, https:\/\/www.david-olkarny.com\/wp-content\/uploads\/2024\/11\/photographe-mariage-belgique-couple-rire-amour-333x500.jpg 333w, https:\/\/www.david-olkarny.com\/wp-content\/uploads\/2024\/11\/photographe-mariage-belgique-couple-rire-amour-800x1200.jpg 800w, https:\/\/www.david-olkarny.com\/wp-content\/uploads\/2024\/11\/photographe-mariage-belgique-couple-rire-amour-768x1152.jpg 768w, https:\/\/www.david-olkarny.com\/wp-content\/uploads\/2024\/11\/photographe-mariage-belgique-couple-rire-amour-1024x1536.jpg 1024w\"   data-sizes=\"(max-width: 1067px) 100vw, 1067px\"  alt=\"photographe-mariage-belgique-couple-rire-amour\"\/>\n\t\t\t\t\t\t\t\t\t\t\t\t\t\t\t\t\t\t\t\t\t\t\t\t\t\t\t\t\t\t\t\t\t\t<\/div>\n\t\t\t\t\t<\/div>\n\t\t\t\t\t\t\t\t<\/div>\n\t\t\t\t\t\t\t\t\t\t\t\t\t\t<\/div>\n\t\t\t\t\t\t\t\t\t\t\t\t\t\t\t<\/div>\n\t\t\t\t\t\t\t\t\t\t<\/div>\n\t\t\t\t\t\t\t\t\t\t\t\t\t\t\t\t\t\t\t<\/a>\n\t\t\t\t\t\t\t\t<\/div>\n\t\t\t\t\t\t\t<\/div>\n\t\t\t\t\t\t\t\t\t\t\t\t\t\t\t\t\t\t\t\t<div class=\"grid__item js-grid__item grid__item_desktop-4 grid__item_tablet-6 grid__item_mobile-12 \">\n\t\t\t\t\t\t\t\t\t\t\t\t\t\t\t\t<div class=\"section-grid__item\">\n\t\t\t\t\t\t\t\t\t<a data-arts-cursor=\"true\" data-arts-cursor-scale=\"1.6\" data-arts-cursor-hide-native=\"true\" data-arts-cursor-icon=\"material-icons add\" class=\"hover-zoom grid__item-link\" href=\"https:\/\/www.david-olkarny.com\/wp-content\/uploads\/2024\/11\/photographe-mariage-belgique-couple-renversant-nature.jpg\" data-size=\"1067x1600\" data-elementor-open-lightbox=\"no\">\n\t\t\t\t\t\t\t\t\t\t<div class=\"hover-zoom__inner\">\n\t\t\t\t\t\t\t\t\t\t\t<div class=\"hover-zoom__zoom\">\n\t\t\t\t\t\t\t\t\t\t\t\t\t\t\t\t\t<div class=\"section section-image figure-image\" data-arts-parallax=true data-arts-parallax-factor=0.1>\n\t\t\t\t\t\t\t\t\t\t\t\t\t\t<div class=\"section-image__wrapper overflow mask-reveal lazy\"  style=\"padding-bottom: calc( (1600 \/ 1067) * 100% ); height: 0;\">\n\t\t\t\t\t\t\t\t\t\t\t\t\t<div class=\"mask-reveal__layer mask-reveal__layer-1\">\n\t\t\t\t\t\t<div class=\"mask-reveal__layer mask-reveal__layer-2\">\n\t\t\t\t\t\t\t\t\t\t\t\t\t\t\t\t\t\t<img loading=\"lazy\" decoding=\"async\" class=\"\" src=\"data:image\/png;base64,iVBORw0KGgoAAAANSUhEUgAAAAEAAAABCAQAAAHCGzyUAAAABGdBTUEAALGPC\/xhBQAAADhlWElmTU0AKgAAAAgAAYdpAAQAAAABAAAAGgAAAAAAAqACAAQAAAABAAAAAaADAAQAAAABAAAAAQAAAADa6r\/EAAAAC0lEQVQI12NolQQAASYAn89qhTcAAAAASUVORK5CYII=\" data-id=\"3032\" data-src=\"https:\/\/www.david-olkarny.com\/wp-content\/uploads\/2024\/11\/photographe-mariage-belgique-couple-renversant-nature.jpg\" width=\"1067\" height=\"1600\"  data-srcset=\"https:\/\/www.david-olkarny.com\/wp-content\/uploads\/2024\/11\/photographe-mariage-belgique-couple-renversant-nature.jpg 1067w, https:\/\/www.david-olkarny.com\/wp-content\/uploads\/2024\/11\/photographe-mariage-belgique-couple-renversant-nature-600x900.jpg 600w, https:\/\/www.david-olkarny.com\/wp-content\/uploads\/2024\/11\/photographe-mariage-belgique-couple-renversant-nature-333x500.jpg 333w, https:\/\/www.david-olkarny.com\/wp-content\/uploads\/2024\/11\/photographe-mariage-belgique-couple-renversant-nature-800x1200.jpg 800w, https:\/\/www.david-olkarny.com\/wp-content\/uploads\/2024\/11\/photographe-mariage-belgique-couple-renversant-nature-768x1152.jpg 768w, https:\/\/www.david-olkarny.com\/wp-content\/uploads\/2024\/11\/photographe-mariage-belgique-couple-renversant-nature-1024x1536.jpg 1024w\"   data-sizes=\"(max-width: 1067px) 100vw, 1067px\"  alt=\"photographe-mariage-belgique-couple-renversant-nature\"\/>\n\t\t\t\t\t\t\t\t\t\t\t\t\t\t\t\t\t\t\t\t\t\t\t\t\t\t\t\t\t\t\t\t\t\t<\/div>\n\t\t\t\t\t<\/div>\n\t\t\t\t\t\t\t\t<\/div>\n\t\t\t\t\t\t\t\t\t\t\t\t\t\t<\/div>\n\t\t\t\t\t\t\t\t\t\t\t\t\t\t\t<\/div>\n\t\t\t\t\t\t\t\t\t\t<\/div>\n\t\t\t\t\t\t\t\t\t\t\t\t\t\t\t\t\t\t\t<\/a>\n\t\t\t\t\t\t\t\t<\/div>\n\t\t\t\t\t\t\t<\/div>\n\t\t\t\t\t\t\t\t\t\t\t\t\t\t\t\t\t\t\t\t<div class=\"grid__item js-grid__item grid__item_desktop-4 grid__item_tablet-6 grid__item_mobile-12 \">\n\t\t\t\t\t\t\t\t\t\t\t\t\t\t\t\t<div class=\"section-grid__item\">\n\t\t\t\t\t\t\t\t\t<a data-arts-cursor=\"true\" data-arts-cursor-scale=\"1.6\" data-arts-cursor-hide-native=\"true\" data-arts-cursor-icon=\"material-icons add\" class=\"hover-zoom grid__item-link\" href=\"https:\/\/www.david-olkarny.com\/wp-content\/uploads\/2024\/11\/photographe-mariage-belgique-couple-rencontre.jpg\" data-size=\"1600x894\" data-elementor-open-lightbox=\"no\">\n\t\t\t\t\t\t\t\t\t\t<div class=\"hover-zoom__inner\">\n\t\t\t\t\t\t\t\t\t\t\t<div class=\"hover-zoom__zoom\">\n\t\t\t\t\t\t\t\t\t\t\t\t\t\t\t\t\t<div class=\"section section-image figure-image\" data-arts-parallax=true data-arts-parallax-factor=0.1>\n\t\t\t\t\t\t\t\t\t\t\t\t\t\t<div class=\"section-image__wrapper overflow mask-reveal lazy\"  style=\"padding-bottom: calc( (894 \/ 1600) * 100% ); height: 0;\">\n\t\t\t\t\t\t\t\t\t\t\t\t\t<div class=\"mask-reveal__layer mask-reveal__layer-1\">\n\t\t\t\t\t\t<div class=\"mask-reveal__layer mask-reveal__layer-2\">\n\t\t\t\t\t\t\t\t\t\t\t\t\t\t\t\t\t\t<img loading=\"lazy\" decoding=\"async\" class=\"\" src=\"data:image\/png;base64,iVBORw0KGgoAAAANSUhEUgAAAAEAAAABCAQAAAHCGzyUAAAABGdBTUEAALGPC\/xhBQAAADhlWElmTU0AKgAAAAgAAYdpAAQAAAABAAAAGgAAAAAAAqACAAQAAAABAAAAAaADAAQAAAABAAAAAQAAAADa6r\/EAAAAC0lEQVQI12NolQQAASYAn89qhTcAAAAASUVORK5CYII=\" data-id=\"3031\" data-src=\"https:\/\/www.david-olkarny.com\/wp-content\/uploads\/2024\/11\/photographe-mariage-belgique-couple-rencontre.jpg\" width=\"1600\" height=\"894\"  data-srcset=\"https:\/\/www.david-olkarny.com\/wp-content\/uploads\/2024\/11\/photographe-mariage-belgique-couple-rencontre.jpg 1600w, https:\/\/www.david-olkarny.com\/wp-content\/uploads\/2024\/11\/photographe-mariage-belgique-couple-rencontre-600x335.jpg 600w, https:\/\/www.david-olkarny.com\/wp-content\/uploads\/2024\/11\/photographe-mariage-belgique-couple-rencontre-500x279.jpg 500w, https:\/\/www.david-olkarny.com\/wp-content\/uploads\/2024\/11\/photographe-mariage-belgique-couple-rencontre-1200x671.jpg 1200w, https:\/\/www.david-olkarny.com\/wp-content\/uploads\/2024\/11\/photographe-mariage-belgique-couple-rencontre-768x429.jpg 768w, https:\/\/www.david-olkarny.com\/wp-content\/uploads\/2024\/11\/photographe-mariage-belgique-couple-rencontre-1536x858.jpg 1536w\"   data-sizes=\"(max-width: 1600px) 100vw, 1600px\"  alt=\"photographe-mariage-belgique-couple-rencontre\"\/>\n\t\t\t\t\t\t\t\t\t\t\t\t\t\t\t\t\t\t\t\t\t\t\t\t\t\t\t\t\t\t\t\t\t\t<\/div>\n\t\t\t\t\t<\/div>\n\t\t\t\t\t\t\t\t<\/div>\n\t\t\t\t\t\t\t\t\t\t\t\t\t\t<\/div>\n\t\t\t\t\t\t\t\t\t\t\t\t\t\t\t<\/div>\n\t\t\t\t\t\t\t\t\t\t<\/div>\n\t\t\t\t\t\t\t\t\t\t\t\t\t\t\t\t\t\t\t<\/a>\n\t\t\t\t\t\t\t\t<\/div>\n\t\t\t\t\t\t\t<\/div>\n\t\t\t\t\t\t\t\t\t\t\t\t\t\t\t\t\t\t\t\t<div class=\"grid__item js-grid__item grid__item_desktop-4 grid__item_tablet-6 grid__item_mobile-12 \">\n\t\t\t\t\t\t\t\t\t\t\t\t\t\t\t\t<div class=\"section-grid__item\">\n\t\t\t\t\t\t\t\t\t<a data-arts-cursor=\"true\" data-arts-cursor-scale=\"1.6\" data-arts-cursor-hide-native=\"true\" data-arts-cursor-icon=\"material-icons add\" class=\"hover-zoom grid__item-link\" href=\"https:\/\/www.david-olkarny.com\/wp-content\/uploads\/2024\/11\/photographe-mariage-belgique-couple-regard.jpg\" data-size=\"1600x990\" data-elementor-open-lightbox=\"no\">\n\t\t\t\t\t\t\t\t\t\t<div class=\"hover-zoom__inner\">\n\t\t\t\t\t\t\t\t\t\t\t<div class=\"hover-zoom__zoom\">\n\t\t\t\t\t\t\t\t\t\t\t\t\t\t\t\t\t<div class=\"section section-image figure-image\" data-arts-parallax=true data-arts-parallax-factor=0.1>\n\t\t\t\t\t\t\t\t\t\t\t\t\t\t<div class=\"section-image__wrapper overflow mask-reveal lazy\"  style=\"padding-bottom: calc( (990 \/ 1600) * 100% ); height: 0;\">\n\t\t\t\t\t\t\t\t\t\t\t\t\t<div class=\"mask-reveal__layer mask-reveal__layer-1\">\n\t\t\t\t\t\t<div class=\"mask-reveal__layer mask-reveal__layer-2\">\n\t\t\t\t\t\t\t\t\t\t\t\t\t\t\t\t\t\t<img loading=\"lazy\" decoding=\"async\" class=\"\" src=\"data:image\/png;base64,iVBORw0KGgoAAAANSUhEUgAAAAEAAAABCAQAAAHCGzyUAAAABGdBTUEAALGPC\/xhBQAAADhlWElmTU0AKgAAAAgAAYdpAAQAAAABAAAAGgAAAAAAAqACAAQAAAABAAAAAaADAAQAAAABAAAAAQAAAADa6r\/EAAAAC0lEQVQI12NolQQAASYAn89qhTcAAAAASUVORK5CYII=\" data-id=\"3030\" data-src=\"https:\/\/www.david-olkarny.com\/wp-content\/uploads\/2024\/11\/photographe-mariage-belgique-couple-regard.jpg\" width=\"1600\" height=\"990\"  data-srcset=\"https:\/\/www.david-olkarny.com\/wp-content\/uploads\/2024\/11\/photographe-mariage-belgique-couple-regard.jpg 1600w, https:\/\/www.david-olkarny.com\/wp-content\/uploads\/2024\/11\/photographe-mariage-belgique-couple-regard-600x371.jpg 600w, https:\/\/www.david-olkarny.com\/wp-content\/uploads\/2024\/11\/photographe-mariage-belgique-couple-regard-500x309.jpg 500w, https:\/\/www.david-olkarny.com\/wp-content\/uploads\/2024\/11\/photographe-mariage-belgique-couple-regard-1200x743.jpg 1200w, https:\/\/www.david-olkarny.com\/wp-content\/uploads\/2024\/11\/photographe-mariage-belgique-couple-regard-768x475.jpg 768w, https:\/\/www.david-olkarny.com\/wp-content\/uploads\/2024\/11\/photographe-mariage-belgique-couple-regard-1536x950.jpg 1536w\"   data-sizes=\"(max-width: 1600px) 100vw, 1600px\"  alt=\"photographe-mariage-belgique-couple\"\/>\n\t\t\t\t\t\t\t\t\t\t\t\t\t\t\t\t\t\t\t\t\t\t\t\t\t\t\t\t\t\t\t\t\t\t<\/div>\n\t\t\t\t\t<\/div>\n\t\t\t\t\t\t\t\t<\/div>\n\t\t\t\t\t\t\t\t\t\t\t\t\t\t<\/div>\n\t\t\t\t\t\t\t\t\t\t\t\t\t\t\t<\/div>\n\t\t\t\t\t\t\t\t\t\t<\/div>\n\t\t\t\t\t\t\t\t\t\t\t\t\t\t\t\t\t\t\t<\/a>\n\t\t\t\t\t\t\t\t<\/div>\n\t\t\t\t\t\t\t<\/div>\n\t\t\t\t\t\t\t\t\t\t\t\t\t\t\t\t\t\t\t\t<div class=\"grid__item js-grid__item grid__item_desktop-4 grid__item_tablet-6 grid__item_mobile-12 \">\n\t\t\t\t\t\t\t\t\t\t\t\t\t\t\t\t<div class=\"section-grid__item\">\n\t\t\t\t\t\t\t\t\t<a data-arts-cursor=\"true\" data-arts-cursor-scale=\"1.6\" data-arts-cursor-hide-native=\"true\" data-arts-cursor-icon=\"material-icons add\" class=\"hover-zoom grid__item-link\" href=\"https:\/\/www.david-olkarny.com\/wp-content\/uploads\/2024\/11\/photographe-mariage-belgique-couple-soleil-bonheur.jpg\" data-size=\"1067x1600\" data-elementor-open-lightbox=\"no\">\n\t\t\t\t\t\t\t\t\t\t<div class=\"hover-zoom__inner\">\n\t\t\t\t\t\t\t\t\t\t\t<div class=\"hover-zoom__zoom\">\n\t\t\t\t\t\t\t\t\t\t\t\t\t\t\t\t\t<div class=\"section section-image figure-image\" data-arts-parallax=true data-arts-parallax-factor=0.1>\n\t\t\t\t\t\t\t\t\t\t\t\t\t\t<div class=\"section-image__wrapper overflow mask-reveal lazy\"  style=\"padding-bottom: calc( (1600 \/ 1067) * 100% ); height: 0;\">\n\t\t\t\t\t\t\t\t\t\t\t\t\t<div class=\"mask-reveal__layer mask-reveal__layer-1\">\n\t\t\t\t\t\t<div class=\"mask-reveal__layer mask-reveal__layer-2\">\n\t\t\t\t\t\t\t\t\t\t\t\t\t\t\t\t\t\t<img loading=\"lazy\" decoding=\"async\" class=\"\" src=\"data:image\/png;base64,iVBORw0KGgoAAAANSUhEUgAAAAEAAAABCAQAAAHCGzyUAAAABGdBTUEAALGPC\/xhBQAAADhlWElmTU0AKgAAAAgAAYdpAAQAAAABAAAAGgAAAAAAAqACAAQAAAABAAAAAaADAAQAAAABAAAAAQAAAADa6r\/EAAAAC0lEQVQI12NolQQAASYAn89qhTcAAAAASUVORK5CYII=\" data-id=\"3040\" data-src=\"https:\/\/www.david-olkarny.com\/wp-content\/uploads\/2024\/11\/photographe-mariage-belgique-couple-soleil-bonheur.jpg\" width=\"1067\" height=\"1600\"  data-srcset=\"https:\/\/www.david-olkarny.com\/wp-content\/uploads\/2024\/11\/photographe-mariage-belgique-couple-soleil-bonheur.jpg 1067w, https:\/\/www.david-olkarny.com\/wp-content\/uploads\/2024\/11\/photographe-mariage-belgique-couple-soleil-bonheur-600x900.jpg 600w, https:\/\/www.david-olkarny.com\/wp-content\/uploads\/2024\/11\/photographe-mariage-belgique-couple-soleil-bonheur-333x500.jpg 333w, https:\/\/www.david-olkarny.com\/wp-content\/uploads\/2024\/11\/photographe-mariage-belgique-couple-soleil-bonheur-800x1200.jpg 800w, https:\/\/www.david-olkarny.com\/wp-content\/uploads\/2024\/11\/photographe-mariage-belgique-couple-soleil-bonheur-768x1152.jpg 768w, https:\/\/www.david-olkarny.com\/wp-content\/uploads\/2024\/11\/photographe-mariage-belgique-couple-soleil-bonheur-1024x1536.jpg 1024w\"   data-sizes=\"(max-width: 1067px) 100vw, 1067px\"  alt=\"\"\/>\n\t\t\t\t\t\t\t\t\t\t\t\t\t\t\t\t\t\t\t\t\t\t\t\t\t\t\t\t\t\t\t\t\t\t<\/div>\n\t\t\t\t\t<\/div>\n\t\t\t\t\t\t\t\t<\/div>\n\t\t\t\t\t\t\t\t\t\t\t\t\t\t<\/div>\n\t\t\t\t\t\t\t\t\t\t\t\t\t\t\t<\/div>\n\t\t\t\t\t\t\t\t\t\t<\/div>\n\t\t\t\t\t\t\t\t\t\t\t\t\t\t\t\t\t\t\t<\/a>\n\t\t\t\t\t\t\t\t<\/div>\n\t\t\t\t\t\t\t<\/div>\n\t\t\t\t\t\t\t\t\t\t\t\t\t\t\t\t\t\t\t\t<div class=\"grid__item js-grid__item grid__item_desktop-4 grid__item_tablet-6 grid__item_mobile-12 \">\n\t\t\t\t\t\t\t\t\t\t\t\t\t\t\t\t<div class=\"section-grid__item\">\n\t\t\t\t\t\t\t\t\t<a data-arts-cursor=\"true\" data-arts-cursor-scale=\"1.6\" data-arts-cursor-hide-native=\"true\" data-arts-cursor-icon=\"material-icons add\" class=\"hover-zoom grid__item-link\" href=\"https:\/\/www.david-olkarny.com\/wp-content\/uploads\/2024\/11\/photographe-mariage-belgique-detail-couple-alliance.jpg\" data-size=\"1600x1067\" data-elementor-open-lightbox=\"no\">\n\t\t\t\t\t\t\t\t\t\t<div class=\"hover-zoom__inner\">\n\t\t\t\t\t\t\t\t\t\t\t<div class=\"hover-zoom__zoom\">\n\t\t\t\t\t\t\t\t\t\t\t\t\t\t\t\t\t<div class=\"section section-image figure-image\" data-arts-parallax=true data-arts-parallax-factor=0.1>\n\t\t\t\t\t\t\t\t\t\t\t\t\t\t<div class=\"section-image__wrapper overflow mask-reveal lazy\"  style=\"padding-bottom: calc( (1067 \/ 1600) * 100% ); height: 0;\">\n\t\t\t\t\t\t\t\t\t\t\t\t\t<div class=\"mask-reveal__layer mask-reveal__layer-1\">\n\t\t\t\t\t\t<div class=\"mask-reveal__layer mask-reveal__layer-2\">\n\t\t\t\t\t\t\t\t\t\t\t\t\t\t\t\t\t\t<img loading=\"lazy\" decoding=\"async\" class=\"\" src=\"data:image\/png;base64,iVBORw0KGgoAAAANSUhEUgAAAAEAAAABCAQAAAHCGzyUAAAABGdBTUEAALGPC\/xhBQAAADhlWElmTU0AKgAAAAgAAYdpAAQAAAABAAAAGgAAAAAAAqACAAQAAAABAAAAAaADAAQAAAABAAAAAQAAAADa6r\/EAAAAC0lEQVQI12NolQQAASYAn89qhTcAAAAASUVORK5CYII=\" data-id=\"3048\" data-src=\"https:\/\/www.david-olkarny.com\/wp-content\/uploads\/2024\/11\/photographe-mariage-belgique-detail-couple-alliance.jpg\" width=\"1600\" height=\"1067\"  data-srcset=\"https:\/\/www.david-olkarny.com\/wp-content\/uploads\/2024\/11\/photographe-mariage-belgique-detail-couple-alliance.jpg 1600w, https:\/\/www.david-olkarny.com\/wp-content\/uploads\/2024\/11\/photographe-mariage-belgique-detail-couple-alliance-600x400.jpg 600w, https:\/\/www.david-olkarny.com\/wp-content\/uploads\/2024\/11\/photographe-mariage-belgique-detail-couple-alliance-500x333.jpg 500w, https:\/\/www.david-olkarny.com\/wp-content\/uploads\/2024\/11\/photographe-mariage-belgique-detail-couple-alliance-1200x800.jpg 1200w, https:\/\/www.david-olkarny.com\/wp-content\/uploads\/2024\/11\/photographe-mariage-belgique-detail-couple-alliance-768x512.jpg 768w, https:\/\/www.david-olkarny.com\/wp-content\/uploads\/2024\/11\/photographe-mariage-belgique-detail-couple-alliance-1536x1024.jpg 1536w\"   data-sizes=\"(max-width: 1600px) 100vw, 1600px\"  alt=\"\"\/>\n\t\t\t\t\t\t\t\t\t\t\t\t\t\t\t\t\t\t\t\t\t\t\t\t\t\t\t\t\t\t\t\t\t\t<\/div>\n\t\t\t\t\t<\/div>\n\t\t\t\t\t\t\t\t<\/div>\n\t\t\t\t\t\t\t\t\t\t\t\t\t\t<\/div>\n\t\t\t\t\t\t\t\t\t\t\t\t\t\t\t<\/div>\n\t\t\t\t\t\t\t\t\t\t<\/div>\n\t\t\t\t\t\t\t\t\t\t\t\t\t\t\t\t\t\t\t<\/a>\n\t\t\t\t\t\t\t\t<\/div>\n\t\t\t\t\t\t\t<\/div>\n\t\t\t\t\t\t\t\t\t\t\t\t\t\t\t\t\t\t\t\t<div class=\"grid__item js-grid__item grid__item_desktop-4 grid__item_tablet-6 grid__item_mobile-12 \">\n\t\t\t\t\t\t\t\t\t\t\t\t\t\t\t\t<div class=\"section-grid__item\">\n\t\t\t\t\t\t\t\t\t<a data-arts-cursor=\"true\" data-arts-cursor-scale=\"1.6\" data-arts-cursor-hide-native=\"true\" data-arts-cursor-icon=\"material-icons add\" class=\"hover-zoom grid__item-link\" href=\"https:\/\/www.david-olkarny.com\/wp-content\/uploads\/2024\/11\/photographe-mariage-belgique-couple-paris-danse.jpg\" data-size=\"1067x1600\" data-elementor-open-lightbox=\"no\">\n\t\t\t\t\t\t\t\t\t\t<div class=\"hover-zoom__inner\">\n\t\t\t\t\t\t\t\t\t\t\t<div class=\"hover-zoom__zoom\">\n\t\t\t\t\t\t\t\t\t\t\t\t\t\t\t\t\t<div class=\"section section-image figure-image\" data-arts-parallax=true data-arts-parallax-factor=0.1>\n\t\t\t\t\t\t\t\t\t\t\t\t\t\t<div class=\"section-image__wrapper overflow mask-reveal lazy\"  style=\"padding-bottom: calc( (1600 \/ 1067) * 100% ); height: 0;\">\n\t\t\t\t\t\t\t\t\t\t\t\t\t<div class=\"mask-reveal__layer mask-reveal__layer-1\">\n\t\t\t\t\t\t<div class=\"mask-reveal__layer mask-reveal__layer-2\">\n\t\t\t\t\t\t\t\t\t\t\t\t\t\t\t\t\t\t<img loading=\"lazy\" decoding=\"async\" class=\"\" src=\"data:image\/png;base64,iVBORw0KGgoAAAANSUhEUgAAAAEAAAABCAQAAAHCGzyUAAAABGdBTUEAALGPC\/xhBQAAADhlWElmTU0AKgAAAAgAAYdpAAQAAAABAAAAGgAAAAAAAqACAAQAAAABAAAAAaADAAQAAAABAAAAAQAAAADa6r\/EAAAAC0lEQVQI12NolQQAASYAn89qhTcAAAAASUVORK5CYII=\" data-id=\"3021\" data-src=\"https:\/\/www.david-olkarny.com\/wp-content\/uploads\/2024\/11\/photographe-mariage-belgique-couple-paris-danse.jpg\" width=\"1067\" height=\"1600\"  data-srcset=\"https:\/\/www.david-olkarny.com\/wp-content\/uploads\/2024\/11\/photographe-mariage-belgique-couple-paris-danse.jpg 1067w, https:\/\/www.david-olkarny.com\/wp-content\/uploads\/2024\/11\/photographe-mariage-belgique-couple-paris-danse-600x900.jpg 600w, https:\/\/www.david-olkarny.com\/wp-content\/uploads\/2024\/11\/photographe-mariage-belgique-couple-paris-danse-333x500.jpg 333w, https:\/\/www.david-olkarny.com\/wp-content\/uploads\/2024\/11\/photographe-mariage-belgique-couple-paris-danse-800x1200.jpg 800w, https:\/\/www.david-olkarny.com\/wp-content\/uploads\/2024\/11\/photographe-mariage-belgique-couple-paris-danse-768x1152.jpg 768w, https:\/\/www.david-olkarny.com\/wp-content\/uploads\/2024\/11\/photographe-mariage-belgique-couple-paris-danse-1024x1536.jpg 1024w\"   data-sizes=\"(max-width: 1067px) 100vw, 1067px\"  alt=\"photographe-mariage-belgique-couple-paris-danse\"\/>\n\t\t\t\t\t\t\t\t\t\t\t\t\t\t\t\t\t\t\t\t\t\t\t\t\t\t\t\t\t\t\t\t\t\t<\/div>\n\t\t\t\t\t<\/div>\n\t\t\t\t\t\t\t\t<\/div>\n\t\t\t\t\t\t\t\t\t\t\t\t\t\t<\/div>\n\t\t\t\t\t\t\t\t\t\t\t\t\t\t\t<\/div>\n\t\t\t\t\t\t\t\t\t\t<\/div>\n\t\t\t\t\t\t\t\t\t\t\t\t\t\t\t\t\t\t\t<\/a>\n\t\t\t\t\t\t\t\t<\/div>\n\t\t\t\t\t\t\t<\/div>\n\t\t\t\t\t\t\t\t\t\t\t\t\t\t\t\t\t\t\t\t<div class=\"grid__item js-grid__item grid__item_desktop-4 grid__item_tablet-6 grid__item_mobile-12 \">\n\t\t\t\t\t\t\t\t\t\t\t\t\t\t\t\t<div class=\"section-grid__item\">\n\t\t\t\t\t\t\t\t\t<a data-arts-cursor=\"true\" data-arts-cursor-scale=\"1.6\" data-arts-cursor-hide-native=\"true\" data-arts-cursor-icon=\"material-icons add\" class=\"hover-zoom grid__item-link\" href=\"https:\/\/www.david-olkarny.com\/wp-content\/uploads\/2024\/11\/photographe-mariage-belgique-couple-paris.jpg\" data-size=\"1020x1600\" data-elementor-open-lightbox=\"no\">\n\t\t\t\t\t\t\t\t\t\t<div class=\"hover-zoom__inner\">\n\t\t\t\t\t\t\t\t\t\t\t<div class=\"hover-zoom__zoom\">\n\t\t\t\t\t\t\t\t\t\t\t\t\t\t\t\t\t<div class=\"section section-image figure-image\" data-arts-parallax=true data-arts-parallax-factor=0.1>\n\t\t\t\t\t\t\t\t\t\t\t\t\t\t<div class=\"section-image__wrapper overflow mask-reveal lazy\"  style=\"padding-bottom: calc( (1600 \/ 1020) * 100% ); height: 0;\">\n\t\t\t\t\t\t\t\t\t\t\t\t\t<div class=\"mask-reveal__layer mask-reveal__layer-1\">\n\t\t\t\t\t\t<div class=\"mask-reveal__layer mask-reveal__layer-2\">\n\t\t\t\t\t\t\t\t\t\t\t\t\t\t\t\t\t\t<img loading=\"lazy\" decoding=\"async\" class=\"\" src=\"data:image\/png;base64,iVBORw0KGgoAAAANSUhEUgAAAAEAAAABCAQAAAHCGzyUAAAABGdBTUEAALGPC\/xhBQAAADhlWElmTU0AKgAAAAgAAYdpAAQAAAABAAAAGgAAAAAAAqACAAQAAAABAAAAAaADAAQAAAABAAAAAQAAAADa6r\/EAAAAC0lEQVQI12NolQQAASYAn89qhTcAAAAASUVORK5CYII=\" data-id=\"3022\" data-src=\"https:\/\/www.david-olkarny.com\/wp-content\/uploads\/2024\/11\/photographe-mariage-belgique-couple-paris.jpg\" width=\"1020\" height=\"1600\"  data-srcset=\"https:\/\/www.david-olkarny.com\/wp-content\/uploads\/2024\/11\/photographe-mariage-belgique-couple-paris.jpg 1020w, https:\/\/www.david-olkarny.com\/wp-content\/uploads\/2024\/11\/photographe-mariage-belgique-couple-paris-600x941.jpg 600w, https:\/\/www.david-olkarny.com\/wp-content\/uploads\/2024\/11\/photographe-mariage-belgique-couple-paris-319x500.jpg 319w, https:\/\/www.david-olkarny.com\/wp-content\/uploads\/2024\/11\/photographe-mariage-belgique-couple-paris-765x1200.jpg 765w, https:\/\/www.david-olkarny.com\/wp-content\/uploads\/2024\/11\/photographe-mariage-belgique-couple-paris-768x1205.jpg 768w, https:\/\/www.david-olkarny.com\/wp-content\/uploads\/2024\/11\/photographe-mariage-belgique-couple-paris-979x1536.jpg 979w\"   data-sizes=\"(max-width: 1020px) 100vw, 1020px\"  alt=\"photographe-mariage-belgique-couple-paris\"\/>\n\t\t\t\t\t\t\t\t\t\t\t\t\t\t\t\t\t\t\t\t\t\t\t\t\t\t\t\t\t\t\t\t\t\t<\/div>\n\t\t\t\t\t<\/div>\n\t\t\t\t\t\t\t\t<\/div>\n\t\t\t\t\t\t\t\t\t\t\t\t\t\t<\/div>\n\t\t\t\t\t\t\t\t\t\t\t\t\t\t\t<\/div>\n\t\t\t\t\t\t\t\t\t\t<\/div>\n\t\t\t\t\t\t\t\t\t\t\t\t\t\t\t\t\t\t\t<\/a>\n\t\t\t\t\t\t\t\t<\/div>\n\t\t\t\t\t\t\t<\/div>\n\t\t\t\t\t\t\t\t\t\t\t\t\t\t\t\t\t\t\t\t<div class=\"grid__item js-grid__item grid__item_desktop-4 grid__item_tablet-6 grid__item_mobile-12 \">\n\t\t\t\t\t\t\t\t\t\t\t\t\t\t\t\t<div class=\"section-grid__item\">\n\t\t\t\t\t\t\t\t\t<a data-arts-cursor=\"true\" data-arts-cursor-scale=\"1.6\" data-arts-cursor-hide-native=\"true\" data-arts-cursor-icon=\"material-icons add\" class=\"hover-zoom grid__item-link\" href=\"https:\/\/www.david-olkarny.com\/wp-content\/uploads\/2024\/11\/photographe-mariage-belgique-couple-petale-fleur-danse.jpg\" data-size=\"1600x979\" data-elementor-open-lightbox=\"no\">\n\t\t\t\t\t\t\t\t\t\t<div class=\"hover-zoom__inner\">\n\t\t\t\t\t\t\t\t\t\t\t<div class=\"hover-zoom__zoom\">\n\t\t\t\t\t\t\t\t\t\t\t\t\t\t\t\t\t<div class=\"section section-image figure-image\" data-arts-parallax=true data-arts-parallax-factor=0.1>\n\t\t\t\t\t\t\t\t\t\t\t\t\t\t<div class=\"section-image__wrapper overflow mask-reveal lazy\"  style=\"padding-bottom: calc( (979 \/ 1600) * 100% ); height: 0;\">\n\t\t\t\t\t\t\t\t\t\t\t\t\t<div class=\"mask-reveal__layer mask-reveal__layer-1\">\n\t\t\t\t\t\t<div class=\"mask-reveal__layer mask-reveal__layer-2\">\n\t\t\t\t\t\t\t\t\t\t\t\t\t\t\t\t\t\t<img loading=\"lazy\" decoding=\"async\" class=\"\" src=\"data:image\/png;base64,iVBORw0KGgoAAAANSUhEUgAAAAEAAAABCAQAAAHCGzyUAAAABGdBTUEAALGPC\/xhBQAAADhlWElmTU0AKgAAAAgAAYdpAAQAAAABAAAAGgAAAAAAAqACAAQAAAABAAAAAaADAAQAAAABAAAAAQAAAADa6r\/EAAAAC0lEQVQI12NolQQAASYAn89qhTcAAAAASUVORK5CYII=\" data-id=\"3023\" data-src=\"https:\/\/www.david-olkarny.com\/wp-content\/uploads\/2024\/11\/photographe-mariage-belgique-couple-petale-fleur-danse.jpg\" width=\"1600\" height=\"979\"  data-srcset=\"https:\/\/www.david-olkarny.com\/wp-content\/uploads\/2024\/11\/photographe-mariage-belgique-couple-petale-fleur-danse.jpg 1600w, https:\/\/www.david-olkarny.com\/wp-content\/uploads\/2024\/11\/photographe-mariage-belgique-couple-petale-fleur-danse-600x367.jpg 600w, https:\/\/www.david-olkarny.com\/wp-content\/uploads\/2024\/11\/photographe-mariage-belgique-couple-petale-fleur-danse-500x306.jpg 500w, https:\/\/www.david-olkarny.com\/wp-content\/uploads\/2024\/11\/photographe-mariage-belgique-couple-petale-fleur-danse-1200x734.jpg 1200w, https:\/\/www.david-olkarny.com\/wp-content\/uploads\/2024\/11\/photographe-mariage-belgique-couple-petale-fleur-danse-768x470.jpg 768w, https:\/\/www.david-olkarny.com\/wp-content\/uploads\/2024\/11\/photographe-mariage-belgique-couple-petale-fleur-danse-1536x940.jpg 1536w\"   data-sizes=\"(max-width: 1600px) 100vw, 1600px\"  alt=\"photographe-mariage-belgique-couple-petale-fleur-danse\"\/>\n\t\t\t\t\t\t\t\t\t\t\t\t\t\t\t\t\t\t\t\t\t\t\t\t\t\t\t\t\t\t\t\t\t\t<\/div>\n\t\t\t\t\t<\/div>\n\t\t\t\t\t\t\t\t<\/div>\n\t\t\t\t\t\t\t\t\t\t\t\t\t\t<\/div>\n\t\t\t\t\t\t\t\t\t\t\t\t\t\t\t<\/div>\n\t\t\t\t\t\t\t\t\t\t<\/div>\n\t\t\t\t\t\t\t\t\t\t\t\t\t\t\t\t\t\t\t<\/a>\n\t\t\t\t\t\t\t\t<\/div>\n\t\t\t\t\t\t\t<\/div>\n\t\t\t\t\t\t\t\t\t\t\t\t\t\t\t\t\t\t\t\t<div class=\"grid__item js-grid__item grid__item_desktop-4 grid__item_tablet-6 grid__item_mobile-12 \">\n\t\t\t\t\t\t\t\t\t\t\t\t\t\t\t\t<div class=\"section-grid__item\">\n\t\t\t\t\t\t\t\t\t<a data-arts-cursor=\"true\" data-arts-cursor-scale=\"1.6\" data-arts-cursor-hide-native=\"true\" data-arts-cursor-icon=\"material-icons add\" class=\"hover-zoom grid__item-link\" href=\"https:\/\/www.david-olkarny.com\/wp-content\/uploads\/2024\/11\/photographe-mariage-belgique-couple-plage-mer-italie.jpg\" data-size=\"1600x1067\" data-elementor-open-lightbox=\"no\">\n\t\t\t\t\t\t\t\t\t\t<div class=\"hover-zoom__inner\">\n\t\t\t\t\t\t\t\t\t\t\t<div class=\"hover-zoom__zoom\">\n\t\t\t\t\t\t\t\t\t\t\t\t\t\t\t\t\t<div class=\"section section-image figure-image\" data-arts-parallax=true data-arts-parallax-factor=0.1>\n\t\t\t\t\t\t\t\t\t\t\t\t\t\t<div class=\"section-image__wrapper overflow mask-reveal lazy\"  style=\"padding-bottom: calc( (1067 \/ 1600) * 100% ); height: 0;\">\n\t\t\t\t\t\t\t\t\t\t\t\t\t<div class=\"mask-reveal__layer mask-reveal__layer-1\">\n\t\t\t\t\t\t<div class=\"mask-reveal__layer mask-reveal__layer-2\">\n\t\t\t\t\t\t\t\t\t\t\t\t\t\t\t\t\t\t<img loading=\"lazy\" decoding=\"async\" class=\"\" src=\"data:image\/png;base64,iVBORw0KGgoAAAANSUhEUgAAAAEAAAABCAQAAAHCGzyUAAAABGdBTUEAALGPC\/xhBQAAADhlWElmTU0AKgAAAAgAAYdpAAQAAAABAAAAGgAAAAAAAqACAAQAAAABAAAAAaADAAQAAAABAAAAAQAAAADa6r\/EAAAAC0lEQVQI12NolQQAASYAn89qhTcAAAAASUVORK5CYII=\" data-id=\"3024\" data-src=\"https:\/\/www.david-olkarny.com\/wp-content\/uploads\/2024\/11\/photographe-mariage-belgique-couple-plage-mer-italie.jpg\" width=\"1600\" height=\"1067\"  data-srcset=\"https:\/\/www.david-olkarny.com\/wp-content\/uploads\/2024\/11\/photographe-mariage-belgique-couple-plage-mer-italie.jpg 1600w, https:\/\/www.david-olkarny.com\/wp-content\/uploads\/2024\/11\/photographe-mariage-belgique-couple-plage-mer-italie-600x400.jpg 600w, https:\/\/www.david-olkarny.com\/wp-content\/uploads\/2024\/11\/photographe-mariage-belgique-couple-plage-mer-italie-500x333.jpg 500w, https:\/\/www.david-olkarny.com\/wp-content\/uploads\/2024\/11\/photographe-mariage-belgique-couple-plage-mer-italie-1200x800.jpg 1200w, https:\/\/www.david-olkarny.com\/wp-content\/uploads\/2024\/11\/photographe-mariage-belgique-couple-plage-mer-italie-768x512.jpg 768w, https:\/\/www.david-olkarny.com\/wp-content\/uploads\/2024\/11\/photographe-mariage-belgique-couple-plage-mer-italie-1536x1024.jpg 1536w\"   data-sizes=\"(max-width: 1600px) 100vw, 1600px\"  alt=\"photographe-mariage-belgique-couple-plage-mer-italie\"\/>\n\t\t\t\t\t\t\t\t\t\t\t\t\t\t\t\t\t\t\t\t\t\t\t\t\t\t\t\t\t\t\t\t\t\t<\/div>\n\t\t\t\t\t<\/div>\n\t\t\t\t\t\t\t\t<\/div>\n\t\t\t\t\t\t\t\t\t\t\t\t\t\t<\/div>\n\t\t\t\t\t\t\t\t\t\t\t\t\t\t\t<\/div>\n\t\t\t\t\t\t\t\t\t\t<\/div>\n\t\t\t\t\t\t\t\t\t\t\t\t\t\t\t\t\t\t\t<\/a>\n\t\t\t\t\t\t\t\t<\/div>\n\t\t\t\t\t\t\t<\/div>\n\t\t\t\t\t\t\t\t\t\t\t\t\t\t\t\t\t\t\t\t<div class=\"grid__item js-grid__item grid__item_desktop-4 grid__item_tablet-6 grid__item_mobile-12 \">\n\t\t\t\t\t\t\t\t\t\t\t\t\t\t\t\t<div class=\"section-grid__item\">\n\t\t\t\t\t\t\t\t\t<a data-arts-cursor=\"true\" data-arts-cursor-scale=\"1.6\" data-arts-cursor-hide-native=\"true\" data-arts-cursor-icon=\"material-icons add\" class=\"hover-zoom grid__item-link\" href=\"https:\/\/www.david-olkarny.com\/wp-content\/uploads\/2024\/11\/photographe-mariage-belgique-couple-pont-chateau.jpg\" data-size=\"1600x1031\" data-elementor-open-lightbox=\"no\">\n\t\t\t\t\t\t\t\t\t\t<div class=\"hover-zoom__inner\">\n\t\t\t\t\t\t\t\t\t\t\t<div class=\"hover-zoom__zoom\">\n\t\t\t\t\t\t\t\t\t\t\t\t\t\t\t\t\t<div class=\"section section-image figure-image\" data-arts-parallax=true data-arts-parallax-factor=0.1>\n\t\t\t\t\t\t\t\t\t\t\t\t\t\t<div class=\"section-image__wrapper overflow mask-reveal lazy\"  style=\"padding-bottom: calc( (1031 \/ 1600) * 100% ); height: 0;\">\n\t\t\t\t\t\t\t\t\t\t\t\t\t<div class=\"mask-reveal__layer mask-reveal__layer-1\">\n\t\t\t\t\t\t<div class=\"mask-reveal__layer mask-reveal__layer-2\">\n\t\t\t\t\t\t\t\t\t\t\t\t\t\t\t\t\t\t<img loading=\"lazy\" decoding=\"async\" class=\"\" src=\"data:image\/png;base64,iVBORw0KGgoAAAANSUhEUgAAAAEAAAABCAQAAAHCGzyUAAAABGdBTUEAALGPC\/xhBQAAADhlWElmTU0AKgAAAAgAAYdpAAQAAAABAAAAGgAAAAAAAqACAAQAAAABAAAAAaADAAQAAAABAAAAAQAAAADa6r\/EAAAAC0lEQVQI12NolQQAASYAn89qhTcAAAAASUVORK5CYII=\" data-id=\"3025\" data-src=\"https:\/\/www.david-olkarny.com\/wp-content\/uploads\/2024\/11\/photographe-mariage-belgique-couple-pont-chateau.jpg\" width=\"1600\" height=\"1031\"  data-srcset=\"https:\/\/www.david-olkarny.com\/wp-content\/uploads\/2024\/11\/photographe-mariage-belgique-couple-pont-chateau.jpg 1600w, https:\/\/www.david-olkarny.com\/wp-content\/uploads\/2024\/11\/photographe-mariage-belgique-couple-pont-chateau-600x387.jpg 600w, https:\/\/www.david-olkarny.com\/wp-content\/uploads\/2024\/11\/photographe-mariage-belgique-couple-pont-chateau-500x322.jpg 500w, https:\/\/www.david-olkarny.com\/wp-content\/uploads\/2024\/11\/photographe-mariage-belgique-couple-pont-chateau-1200x773.jpg 1200w, https:\/\/www.david-olkarny.com\/wp-content\/uploads\/2024\/11\/photographe-mariage-belgique-couple-pont-chateau-768x495.jpg 768w, https:\/\/www.david-olkarny.com\/wp-content\/uploads\/2024\/11\/photographe-mariage-belgique-couple-pont-chateau-1536x990.jpg 1536w\"   data-sizes=\"(max-width: 1600px) 100vw, 1600px\"  alt=\"photographe-mariage-belgique-couple-pont-chateau\"\/>\n\t\t\t\t\t\t\t\t\t\t\t\t\t\t\t\t\t\t\t\t\t\t\t\t\t\t\t\t\t\t\t\t\t\t<\/div>\n\t\t\t\t\t<\/div>\n\t\t\t\t\t\t\t\t<\/div>\n\t\t\t\t\t\t\t\t\t\t\t\t\t\t<\/div>\n\t\t\t\t\t\t\t\t\t\t\t\t\t\t\t<\/div>\n\t\t\t\t\t\t\t\t\t\t<\/div>\n\t\t\t\t\t\t\t\t\t\t\t\t\t\t\t\t\t\t\t<\/a>\n\t\t\t\t\t\t\t\t<\/div>\n\t\t\t\t\t\t\t<\/div>\n\t\t\t\t\t\t\t\t\t\t\t\t\t\t\t\t\t\t\t\t<div class=\"grid__item js-grid__item grid__item_desktop-4 grid__item_tablet-6 grid__item_mobile-12 \">\n\t\t\t\t\t\t\t\t\t\t\t\t\t\t\t\t<div class=\"section-grid__item\">\n\t\t\t\t\t\t\t\t\t<a data-arts-cursor=\"true\" data-arts-cursor-scale=\"1.6\" data-arts-cursor-hide-native=\"true\" data-arts-cursor-icon=\"material-icons add\" class=\"hover-zoom grid__item-link\" href=\"https:\/\/www.david-olkarny.com\/wp-content\/uploads\/2024\/11\/photographe-mariage-belgique-couple-porte.jpg\" data-size=\"1100x1600\" data-elementor-open-lightbox=\"no\">\n\t\t\t\t\t\t\t\t\t\t<div class=\"hover-zoom__inner\">\n\t\t\t\t\t\t\t\t\t\t\t<div class=\"hover-zoom__zoom\">\n\t\t\t\t\t\t\t\t\t\t\t\t\t\t\t\t\t<div class=\"section section-image figure-image\" data-arts-parallax=true data-arts-parallax-factor=0.1>\n\t\t\t\t\t\t\t\t\t\t\t\t\t\t<div class=\"section-image__wrapper overflow mask-reveal lazy\"  style=\"padding-bottom: calc( (1600 \/ 1100) * 100% ); height: 0;\">\n\t\t\t\t\t\t\t\t\t\t\t\t\t<div class=\"mask-reveal__layer mask-reveal__layer-1\">\n\t\t\t\t\t\t<div class=\"mask-reveal__layer mask-reveal__layer-2\">\n\t\t\t\t\t\t\t\t\t\t\t\t\t\t\t\t\t\t<img loading=\"lazy\" decoding=\"async\" class=\"\" src=\"data:image\/png;base64,iVBORw0KGgoAAAANSUhEUgAAAAEAAAABCAQAAAHCGzyUAAAABGdBTUEAALGPC\/xhBQAAADhlWElmTU0AKgAAAAgAAYdpAAQAAAABAAAAGgAAAAAAAqACAAQAAAABAAAAAaADAAQAAAABAAAAAQAAAADa6r\/EAAAAC0lEQVQI12NolQQAASYAn89qhTcAAAAASUVORK5CYII=\" data-id=\"3026\" data-src=\"https:\/\/www.david-olkarny.com\/wp-content\/uploads\/2024\/11\/photographe-mariage-belgique-couple-porte.jpg\" width=\"1100\" height=\"1600\"  data-srcset=\"https:\/\/www.david-olkarny.com\/wp-content\/uploads\/2024\/11\/photographe-mariage-belgique-couple-porte.jpg 1100w, https:\/\/www.david-olkarny.com\/wp-content\/uploads\/2024\/11\/photographe-mariage-belgique-couple-porte-600x873.jpg 600w, https:\/\/www.david-olkarny.com\/wp-content\/uploads\/2024\/11\/photographe-mariage-belgique-couple-porte-344x500.jpg 344w, https:\/\/www.david-olkarny.com\/wp-content\/uploads\/2024\/11\/photographe-mariage-belgique-couple-porte-825x1200.jpg 825w, https:\/\/www.david-olkarny.com\/wp-content\/uploads\/2024\/11\/photographe-mariage-belgique-couple-porte-768x1117.jpg 768w, https:\/\/www.david-olkarny.com\/wp-content\/uploads\/2024\/11\/photographe-mariage-belgique-couple-porte-1056x1536.jpg 1056w\"   data-sizes=\"(max-width: 1100px) 100vw, 1100px\"  alt=\"photographe-mariage-belgique-couple-porte\"\/>\n\t\t\t\t\t\t\t\t\t\t\t\t\t\t\t\t\t\t\t\t\t\t\t\t\t\t\t\t\t\t\t\t\t\t<\/div>\n\t\t\t\t\t<\/div>\n\t\t\t\t\t\t\t\t<\/div>\n\t\t\t\t\t\t\t\t\t\t\t\t\t\t<\/div>\n\t\t\t\t\t\t\t\t\t\t\t\t\t\t\t<\/div>\n\t\t\t\t\t\t\t\t\t\t<\/div>\n\t\t\t\t\t\t\t\t\t\t\t\t\t\t\t\t\t\t\t<\/a>\n\t\t\t\t\t\t\t\t<\/div>\n\t\t\t\t\t\t\t<\/div>\n\t\t\t\t\t\t\t\t\t\t\t\t\t\t\t\t\t\t\t\t<div class=\"grid__item js-grid__item grid__item_desktop-4 grid__item_tablet-6 grid__item_mobile-12 \">\n\t\t\t\t\t\t\t\t\t\t\t\t\t\t\t\t<div class=\"section-grid__item\">\n\t\t\t\t\t\t\t\t\t<a data-arts-cursor=\"true\" data-arts-cursor-scale=\"1.6\" data-arts-cursor-hide-native=\"true\" data-arts-cursor-icon=\"material-icons add\" class=\"hover-zoom grid__item-link\" href=\"https:\/\/www.david-olkarny.com\/wp-content\/uploads\/2024\/11\/photographe-mariage-belgique-couple-portee-robe.jpg\" data-size=\"1600x1136\" data-elementor-open-lightbox=\"no\">\n\t\t\t\t\t\t\t\t\t\t<div class=\"hover-zoom__inner\">\n\t\t\t\t\t\t\t\t\t\t\t<div class=\"hover-zoom__zoom\">\n\t\t\t\t\t\t\t\t\t\t\t\t\t\t\t\t\t<div class=\"section section-image figure-image\" data-arts-parallax=true data-arts-parallax-factor=0.1>\n\t\t\t\t\t\t\t\t\t\t\t\t\t\t<div class=\"section-image__wrapper overflow mask-reveal lazy\"  style=\"padding-bottom: calc( (1136 \/ 1600) * 100% ); height: 0;\">\n\t\t\t\t\t\t\t\t\t\t\t\t\t<div class=\"mask-reveal__layer mask-reveal__layer-1\">\n\t\t\t\t\t\t<div class=\"mask-reveal__layer mask-reveal__layer-2\">\n\t\t\t\t\t\t\t\t\t\t\t\t\t\t\t\t\t\t<img loading=\"lazy\" decoding=\"async\" class=\"\" src=\"data:image\/png;base64,iVBORw0KGgoAAAANSUhEUgAAAAEAAAABCAQAAAHCGzyUAAAABGdBTUEAALGPC\/xhBQAAADhlWElmTU0AKgAAAAgAAYdpAAQAAAABAAAAGgAAAAAAAqACAAQAAAABAAAAAaADAAQAAAABAAAAAQAAAADa6r\/EAAAAC0lEQVQI12NolQQAASYAn89qhTcAAAAASUVORK5CYII=\" data-id=\"3027\" data-src=\"https:\/\/www.david-olkarny.com\/wp-content\/uploads\/2024\/11\/photographe-mariage-belgique-couple-portee-robe.jpg\" width=\"1600\" height=\"1136\"  data-srcset=\"https:\/\/www.david-olkarny.com\/wp-content\/uploads\/2024\/11\/photographe-mariage-belgique-couple-portee-robe.jpg 1600w, https:\/\/www.david-olkarny.com\/wp-content\/uploads\/2024\/11\/photographe-mariage-belgique-couple-portee-robe-600x426.jpg 600w, https:\/\/www.david-olkarny.com\/wp-content\/uploads\/2024\/11\/photographe-mariage-belgique-couple-portee-robe-500x355.jpg 500w, https:\/\/www.david-olkarny.com\/wp-content\/uploads\/2024\/11\/photographe-mariage-belgique-couple-portee-robe-1200x852.jpg 1200w, https:\/\/www.david-olkarny.com\/wp-content\/uploads\/2024\/11\/photographe-mariage-belgique-couple-portee-robe-768x545.jpg 768w, https:\/\/www.david-olkarny.com\/wp-content\/uploads\/2024\/11\/photographe-mariage-belgique-couple-portee-robe-1536x1091.jpg 1536w\"   data-sizes=\"(max-width: 1600px) 100vw, 1600px\"  alt=\"photographe-mariage-belgique-couple-portee-robe\"\/>\n\t\t\t\t\t\t\t\t\t\t\t\t\t\t\t\t\t\t\t\t\t\t\t\t\t\t\t\t\t\t\t\t\t\t<\/div>\n\t\t\t\t\t<\/div>\n\t\t\t\t\t\t\t\t<\/div>\n\t\t\t\t\t\t\t\t\t\t\t\t\t\t<\/div>\n\t\t\t\t\t\t\t\t\t\t\t\t\t\t\t<\/div>\n\t\t\t\t\t\t\t\t\t\t<\/div>\n\t\t\t\t\t\t\t\t\t\t\t\t\t\t\t\t\t\t\t<\/a>\n\t\t\t\t\t\t\t\t<\/div>\n\t\t\t\t\t\t\t<\/div>\n\t\t\t\t\t\t\t\t\t\t\t\t\t\t\t\t\t\t\t\t<div class=\"grid__item js-grid__item grid__item_desktop-4 grid__item_tablet-6 grid__item_mobile-12 \">\n\t\t\t\t\t\t\t\t\t\t\t\t\t\t\t\t<div class=\"section-grid__item\">\n\t\t\t\t\t\t\t\t\t<a data-arts-cursor=\"true\" data-arts-cursor-scale=\"1.6\" data-arts-cursor-hide-native=\"true\" data-arts-cursor-icon=\"material-icons add\" class=\"hover-zoom grid__item-link\" href=\"https:\/\/www.david-olkarny.com\/wp-content\/uploads\/2024\/11\/photographe-mariage-belgique-couple-rayon-de-soleil-nature.jpg\" data-size=\"1067x1600\" data-elementor-open-lightbox=\"no\">\n\t\t\t\t\t\t\t\t\t\t<div class=\"hover-zoom__inner\">\n\t\t\t\t\t\t\t\t\t\t\t<div class=\"hover-zoom__zoom\">\n\t\t\t\t\t\t\t\t\t\t\t\t\t\t\t\t\t<div class=\"section section-image figure-image\" data-arts-parallax=true data-arts-parallax-factor=0.1>\n\t\t\t\t\t\t\t\t\t\t\t\t\t\t<div class=\"section-image__wrapper overflow mask-reveal lazy\"  style=\"padding-bottom: calc( (1600 \/ 1067) * 100% ); height: 0;\">\n\t\t\t\t\t\t\t\t\t\t\t\t\t<div class=\"mask-reveal__layer mask-reveal__layer-1\">\n\t\t\t\t\t\t<div class=\"mask-reveal__layer mask-reveal__layer-2\">\n\t\t\t\t\t\t\t\t\t\t\t\t\t\t\t\t\t\t<img loading=\"lazy\" decoding=\"async\" class=\"\" src=\"data:image\/png;base64,iVBORw0KGgoAAAANSUhEUgAAAAEAAAABCAQAAAHCGzyUAAAABGdBTUEAALGPC\/xhBQAAADhlWElmTU0AKgAAAAgAAYdpAAQAAAABAAAAGgAAAAAAAqACAAQAAAABAAAAAaADAAQAAAABAAAAAQAAAADa6r\/EAAAAC0lEQVQI12NolQQAASYAn89qhTcAAAAASUVORK5CYII=\" data-id=\"3028\" data-src=\"https:\/\/www.david-olkarny.com\/wp-content\/uploads\/2024\/11\/photographe-mariage-belgique-couple-rayon-de-soleil-nature.jpg\" width=\"1067\" height=\"1600\"  data-srcset=\"https:\/\/www.david-olkarny.com\/wp-content\/uploads\/2024\/11\/photographe-mariage-belgique-couple-rayon-de-soleil-nature.jpg 1067w, https:\/\/www.david-olkarny.com\/wp-content\/uploads\/2024\/11\/photographe-mariage-belgique-couple-rayon-de-soleil-nature-600x900.jpg 600w, https:\/\/www.david-olkarny.com\/wp-content\/uploads\/2024\/11\/photographe-mariage-belgique-couple-rayon-de-soleil-nature-333x500.jpg 333w, https:\/\/www.david-olkarny.com\/wp-content\/uploads\/2024\/11\/photographe-mariage-belgique-couple-rayon-de-soleil-nature-800x1200.jpg 800w, https:\/\/www.david-olkarny.com\/wp-content\/uploads\/2024\/11\/photographe-mariage-belgique-couple-rayon-de-soleil-nature-768x1152.jpg 768w, https:\/\/www.david-olkarny.com\/wp-content\/uploads\/2024\/11\/photographe-mariage-belgique-couple-rayon-de-soleil-nature-1024x1536.jpg 1024w\"   data-sizes=\"(max-width: 1067px) 100vw, 1067px\"  alt=\"photographe-mariage-belgique-couple-rayon-de-soleil-nature\"\/>\n\t\t\t\t\t\t\t\t\t\t\t\t\t\t\t\t\t\t\t\t\t\t\t\t\t\t\t\t\t\t\t\t\t\t<\/div>\n\t\t\t\t\t<\/div>\n\t\t\t\t\t\t\t\t<\/div>\n\t\t\t\t\t\t\t\t\t\t\t\t\t\t<\/div>\n\t\t\t\t\t\t\t\t\t\t\t\t\t\t\t<\/div>\n\t\t\t\t\t\t\t\t\t\t<\/div>\n\t\t\t\t\t\t\t\t\t\t\t\t\t\t\t\t\t\t\t<\/a>\n\t\t\t\t\t\t\t\t<\/div>\n\t\t\t\t\t\t\t<\/div>\n\t\t\t\t\t\t\t\t\t\t\t\t\t\t\t\t\t\t\t\t<div class=\"grid__item js-grid__item grid__item_desktop-4 grid__item_tablet-6 grid__item_mobile-12 \">\n\t\t\t\t\t\t\t\t\t\t\t\t\t\t\t\t<div class=\"section-grid__item\">\n\t\t\t\t\t\t\t\t\t<a data-arts-cursor=\"true\" data-arts-cursor-scale=\"1.6\" data-arts-cursor-hide-native=\"true\" data-arts-cursor-icon=\"material-icons add\" class=\"hover-zoom grid__item-link\" href=\"https:\/\/www.david-olkarny.com\/wp-content\/uploads\/2024\/11\/photographe-mariage-belgique-couple-regard-amour.jpg\" data-size=\"1144x1600\" data-elementor-open-lightbox=\"no\">\n\t\t\t\t\t\t\t\t\t\t<div class=\"hover-zoom__inner\">\n\t\t\t\t\t\t\t\t\t\t\t<div class=\"hover-zoom__zoom\">\n\t\t\t\t\t\t\t\t\t\t\t\t\t\t\t\t\t<div class=\"section section-image figure-image\" data-arts-parallax=true data-arts-parallax-factor=0.1>\n\t\t\t\t\t\t\t\t\t\t\t\t\t\t<div class=\"section-image__wrapper overflow mask-reveal lazy\"  style=\"padding-bottom: calc( (1600 \/ 1144) * 100% ); height: 0;\">\n\t\t\t\t\t\t\t\t\t\t\t\t\t<div class=\"mask-reveal__layer mask-reveal__layer-1\">\n\t\t\t\t\t\t<div class=\"mask-reveal__layer mask-reveal__layer-2\">\n\t\t\t\t\t\t\t\t\t\t\t\t\t\t\t\t\t\t<img loading=\"lazy\" decoding=\"async\" class=\"\" src=\"data:image\/png;base64,iVBORw0KGgoAAAANSUhEUgAAAAEAAAABCAQAAAHCGzyUAAAABGdBTUEAALGPC\/xhBQAAADhlWElmTU0AKgAAAAgAAYdpAAQAAAABAAAAGgAAAAAAAqACAAQAAAABAAAAAaADAAQAAAABAAAAAQAAAADa6r\/EAAAAC0lEQVQI12NolQQAASYAn89qhTcAAAAASUVORK5CYII=\" data-id=\"3029\" data-src=\"https:\/\/www.david-olkarny.com\/wp-content\/uploads\/2024\/11\/photographe-mariage-belgique-couple-regard-amour.jpg\" width=\"1144\" height=\"1600\"  data-srcset=\"https:\/\/www.david-olkarny.com\/wp-content\/uploads\/2024\/11\/photographe-mariage-belgique-couple-regard-amour.jpg 1144w, https:\/\/www.david-olkarny.com\/wp-content\/uploads\/2024\/11\/photographe-mariage-belgique-couple-regard-amour-600x839.jpg 600w, https:\/\/www.david-olkarny.com\/wp-content\/uploads\/2024\/11\/photographe-mariage-belgique-couple-regard-amour-358x500.jpg 358w, https:\/\/www.david-olkarny.com\/wp-content\/uploads\/2024\/11\/photographe-mariage-belgique-couple-regard-amour-858x1200.jpg 858w, https:\/\/www.david-olkarny.com\/wp-content\/uploads\/2024\/11\/photographe-mariage-belgique-couple-regard-amour-768x1074.jpg 768w, https:\/\/www.david-olkarny.com\/wp-content\/uploads\/2024\/11\/photographe-mariage-belgique-couple-regard-amour-1098x1536.jpg 1098w\"   data-sizes=\"(max-width: 1144px) 100vw, 1144px\"  alt=\"photographe-mariage-belgique-couple-regard-amour\"\/>\n\t\t\t\t\t\t\t\t\t\t\t\t\t\t\t\t\t\t\t\t\t\t\t\t\t\t\t\t\t\t\t\t\t\t<\/div>\n\t\t\t\t\t<\/div>\n\t\t\t\t\t\t\t\t<\/div>\n\t\t\t\t\t\t\t\t\t\t\t\t\t\t<\/div>\n\t\t\t\t\t\t\t\t\t\t\t\t\t\t\t<\/div>\n\t\t\t\t\t\t\t\t\t\t<\/div>\n\t\t\t\t\t\t\t\t\t\t\t\t\t\t\t\t\t\t\t<\/a>\n\t\t\t\t\t\t\t\t<\/div>\n\t\t\t\t\t\t\t<\/div>\n\t\t\t\t\t\t\t\t\t\t\t\t\t\t\t\t\t\t\t\t<div class=\"grid__item js-grid__item grid__item_desktop-4 grid__item_tablet-6 grid__item_mobile-12 \">\n\t\t\t\t\t\t\t\t\t\t\t\t\t\t\t\t<div class=\"section-grid__item\">\n\t\t\t\t\t\t\t\t\t<a data-arts-cursor=\"true\" data-arts-cursor-scale=\"1.6\" data-arts-cursor-hide-native=\"true\" data-arts-cursor-icon=\"material-icons add\" class=\"hover-zoom grid__item-link\" href=\"\" data-size=\"x\" data-elementor-open-lightbox=\"no\">\n\t\t\t\t\t\t\t\t\t\t<div class=\"hover-zoom__inner\">\n\t\t\t\t\t\t\t\t\t\t\t<div class=\"hover-zoom__zoom\">\n\t\t\t\t\t\t\t\t\t\t\t\t\t\t\t\t\t\t\t\t\t\t\t<\/div>\n\t\t\t\t\t\t\t\t\t\t<\/div>\n\t\t\t\t\t\t\t\t\t\t\t\t\t\t\t\t\t\t\t<\/a>\n\t\t\t\t\t\t\t\t<\/div>\n\t\t\t\t\t\t\t<\/div>\n\t\t\t\t\t\t\t\t\t\t\t\t\t\t\t\t\t\t\t\t<div class=\"grid__item js-grid__item grid__item_desktop-4 grid__item_tablet-6 grid__item_mobile-12 \">\n\t\t\t\t\t\t\t\t\t\t\t\t\t\t\t\t<div class=\"section-grid__item\">\n\t\t\t\t\t\t\t\t\t<a data-arts-cursor=\"true\" data-arts-cursor-scale=\"1.6\" data-arts-cursor-hide-native=\"true\" data-arts-cursor-icon=\"material-icons add\" class=\"hover-zoom grid__item-link\" href=\"https:\/\/www.david-olkarny.com\/wp-content\/uploads\/2024\/11\/photographe-mariage-belgique-couple-nature-robe.jpg\" data-size=\"1067x1600\" data-elementor-open-lightbox=\"no\">\n\t\t\t\t\t\t\t\t\t\t<div class=\"hover-zoom__inner\">\n\t\t\t\t\t\t\t\t\t\t\t<div class=\"hover-zoom__zoom\">\n\t\t\t\t\t\t\t\t\t\t\t\t\t\t\t\t\t<div class=\"section section-image figure-image\" data-arts-parallax=true data-arts-parallax-factor=0.1>\n\t\t\t\t\t\t\t\t\t\t\t\t\t\t<div class=\"section-image__wrapper overflow mask-reveal lazy\"  style=\"padding-bottom: calc( (1600 \/ 1067) * 100% ); height: 0;\">\n\t\t\t\t\t\t\t\t\t\t\t\t\t<div class=\"mask-reveal__layer mask-reveal__layer-1\">\n\t\t\t\t\t\t<div class=\"mask-reveal__layer mask-reveal__layer-2\">\n\t\t\t\t\t\t\t\t\t\t\t\t\t\t\t\t\t\t<img loading=\"lazy\" decoding=\"async\" class=\"\" src=\"data:image\/png;base64,iVBORw0KGgoAAAANSUhEUgAAAAEAAAABCAQAAAHCGzyUAAAABGdBTUEAALGPC\/xhBQAAADhlWElmTU0AKgAAAAgAAYdpAAQAAAABAAAAGgAAAAAAAqACAAQAAAABAAAAAaADAAQAAAABAAAAAQAAAADa6r\/EAAAAC0lEQVQI12NolQQAASYAn89qhTcAAAAASUVORK5CYII=\" data-id=\"3019\" data-src=\"https:\/\/www.david-olkarny.com\/wp-content\/uploads\/2024\/11\/photographe-mariage-belgique-couple-nature-robe.jpg\" width=\"1067\" height=\"1600\"  data-srcset=\"https:\/\/www.david-olkarny.com\/wp-content\/uploads\/2024\/11\/photographe-mariage-belgique-couple-nature-robe.jpg 1067w, https:\/\/www.david-olkarny.com\/wp-content\/uploads\/2024\/11\/photographe-mariage-belgique-couple-nature-robe-600x900.jpg 600w, https:\/\/www.david-olkarny.com\/wp-content\/uploads\/2024\/11\/photographe-mariage-belgique-couple-nature-robe-333x500.jpg 333w, https:\/\/www.david-olkarny.com\/wp-content\/uploads\/2024\/11\/photographe-mariage-belgique-couple-nature-robe-800x1200.jpg 800w, https:\/\/www.david-olkarny.com\/wp-content\/uploads\/2024\/11\/photographe-mariage-belgique-couple-nature-robe-768x1152.jpg 768w, https:\/\/www.david-olkarny.com\/wp-content\/uploads\/2024\/11\/photographe-mariage-belgique-couple-nature-robe-1024x1536.jpg 1024w\"   data-sizes=\"(max-width: 1067px) 100vw, 1067px\"  alt=\"photographe-mariage-belgique-couple-nature-robe\"\/>\n\t\t\t\t\t\t\t\t\t\t\t\t\t\t\t\t\t\t\t\t\t\t\t\t\t\t\t\t\t\t\t\t\t\t<\/div>\n\t\t\t\t\t<\/div>\n\t\t\t\t\t\t\t\t<\/div>\n\t\t\t\t\t\t\t\t\t\t\t\t\t\t<\/div>\n\t\t\t\t\t\t\t\t\t\t\t\t\t\t\t<\/div>\n\t\t\t\t\t\t\t\t\t\t<\/div>\n\t\t\t\t\t\t\t\t\t\t\t\t\t\t\t\t\t\t\t<\/a>\n\t\t\t\t\t\t\t\t<\/div>\n\t\t\t\t\t\t\t<\/div>\n\t\t\t\t\t\t\t\t\t\t\t\t\t\t\t\t\t\t\t\t<div class=\"grid__item js-grid__item grid__item_desktop-4 grid__item_tablet-6 grid__item_mobile-12 \">\n\t\t\t\t\t\t\t\t\t\t\t\t\t\t\t\t<div class=\"section-grid__item\">\n\t\t\t\t\t\t\t\t\t<a data-arts-cursor=\"true\" data-arts-cursor-scale=\"1.6\" data-arts-cursor-hide-native=\"true\" data-arts-cursor-icon=\"material-icons add\" class=\"hover-zoom grid__item-link\" href=\"https:\/\/www.david-olkarny.com\/wp-content\/uploads\/2024\/11\/photographe-mariage-belgique-couple-nature-robe-costume.jpg\" data-size=\"1067x1600\" data-elementor-open-lightbox=\"no\">\n\t\t\t\t\t\t\t\t\t\t<div class=\"hover-zoom__inner\">\n\t\t\t\t\t\t\t\t\t\t\t<div class=\"hover-zoom__zoom\">\n\t\t\t\t\t\t\t\t\t\t\t\t\t\t\t\t\t<div class=\"section section-image figure-image\" data-arts-parallax=true data-arts-parallax-factor=0.1>\n\t\t\t\t\t\t\t\t\t\t\t\t\t\t<div class=\"section-image__wrapper overflow mask-reveal lazy\"  style=\"padding-bottom: calc( (1600 \/ 1067) * 100% ); height: 0;\">\n\t\t\t\t\t\t\t\t\t\t\t\t\t<div class=\"mask-reveal__layer mask-reveal__layer-1\">\n\t\t\t\t\t\t<div class=\"mask-reveal__layer mask-reveal__layer-2\">\n\t\t\t\t\t\t\t\t\t\t\t\t\t\t\t\t\t\t<img loading=\"lazy\" decoding=\"async\" class=\"\" src=\"data:image\/png;base64,iVBORw0KGgoAAAANSUhEUgAAAAEAAAABCAQAAAHCGzyUAAAABGdBTUEAALGPC\/xhBQAAADhlWElmTU0AKgAAAAgAAYdpAAQAAAABAAAAGgAAAAAAAqACAAQAAAABAAAAAaADAAQAAAABAAAAAQAAAADa6r\/EAAAAC0lEQVQI12NolQQAASYAn89qhTcAAAAASUVORK5CYII=\" data-id=\"3018\" data-src=\"https:\/\/www.david-olkarny.com\/wp-content\/uploads\/2024\/11\/photographe-mariage-belgique-couple-nature-robe-costume.jpg\" width=\"1067\" height=\"1600\"  data-srcset=\"https:\/\/www.david-olkarny.com\/wp-content\/uploads\/2024\/11\/photographe-mariage-belgique-couple-nature-robe-costume.jpg 1067w, https:\/\/www.david-olkarny.com\/wp-content\/uploads\/2024\/11\/photographe-mariage-belgique-couple-nature-robe-costume-600x900.jpg 600w, https:\/\/www.david-olkarny.com\/wp-content\/uploads\/2024\/11\/photographe-mariage-belgique-couple-nature-robe-costume-333x500.jpg 333w, https:\/\/www.david-olkarny.com\/wp-content\/uploads\/2024\/11\/photographe-mariage-belgique-couple-nature-robe-costume-800x1200.jpg 800w, https:\/\/www.david-olkarny.com\/wp-content\/uploads\/2024\/11\/photographe-mariage-belgique-couple-nature-robe-costume-768x1152.jpg 768w, https:\/\/www.david-olkarny.com\/wp-content\/uploads\/2024\/11\/photographe-mariage-belgique-couple-nature-robe-costume-1024x1536.jpg 1024w\"   data-sizes=\"(max-width: 1067px) 100vw, 1067px\"  alt=\"photographe-mariage-belgique-couple-nature-robe-costume\"\/>\n\t\t\t\t\t\t\t\t\t\t\t\t\t\t\t\t\t\t\t\t\t\t\t\t\t\t\t\t\t\t\t\t\t\t<\/div>\n\t\t\t\t\t<\/div>\n\t\t\t\t\t\t\t\t<\/div>\n\t\t\t\t\t\t\t\t\t\t\t\t\t\t<\/div>\n\t\t\t\t\t\t\t\t\t\t\t\t\t\t\t<\/div>\n\t\t\t\t\t\t\t\t\t\t<\/div>\n\t\t\t\t\t\t\t\t\t\t\t\t\t\t\t\t\t\t\t<\/a>\n\t\t\t\t\t\t\t\t<\/div>\n\t\t\t\t\t\t\t<\/div>\n\t\t\t\t\t\t\t\t\t\t\t\t\t\t\t\t\t\t\t\t<div class=\"grid__item js-grid__item grid__item_desktop-4 grid__item_tablet-6 grid__item_mobile-12 \">\n\t\t\t\t\t\t\t\t\t\t\t\t\t\t\t\t<div class=\"section-grid__item\">\n\t\t\t\t\t\t\t\t\t<a data-arts-cursor=\"true\" data-arts-cursor-scale=\"1.6\" data-arts-cursor-hide-native=\"true\" data-arts-cursor-icon=\"material-icons add\" class=\"hover-zoom grid__item-link\" href=\"https:\/\/www.david-olkarny.com\/wp-content\/uploads\/2024\/11\/photographe-mariage-belgique-couple-nature-rire.jpg\" data-size=\"1067x1600\" data-elementor-open-lightbox=\"no\">\n\t\t\t\t\t\t\t\t\t\t<div class=\"hover-zoom__inner\">\n\t\t\t\t\t\t\t\t\t\t\t<div class=\"hover-zoom__zoom\">\n\t\t\t\t\t\t\t\t\t\t\t\t\t\t\t\t\t<div class=\"section section-image figure-image\" data-arts-parallax=true data-arts-parallax-factor=0.1>\n\t\t\t\t\t\t\t\t\t\t\t\t\t\t<div class=\"section-image__wrapper overflow mask-reveal lazy\"  style=\"padding-bottom: calc( (1600 \/ 1067) * 100% ); height: 0;\">\n\t\t\t\t\t\t\t\t\t\t\t\t\t<div class=\"mask-reveal__layer mask-reveal__layer-1\">\n\t\t\t\t\t\t<div class=\"mask-reveal__layer mask-reveal__layer-2\">\n\t\t\t\t\t\t\t\t\t\t\t\t\t\t\t\t\t\t<img loading=\"lazy\" decoding=\"async\" class=\"\" src=\"data:image\/png;base64,iVBORw0KGgoAAAANSUhEUgAAAAEAAAABCAQAAAHCGzyUAAAABGdBTUEAALGPC\/xhBQAAADhlWElmTU0AKgAAAAgAAYdpAAQAAAABAAAAGgAAAAAAAqACAAQAAAABAAAAAaADAAQAAAABAAAAAQAAAADa6r\/EAAAAC0lEQVQI12NolQQAASYAn89qhTcAAAAASUVORK5CYII=\" data-id=\"3017\" data-src=\"https:\/\/www.david-olkarny.com\/wp-content\/uploads\/2024\/11\/photographe-mariage-belgique-couple-nature-rire.jpg\" width=\"1067\" height=\"1600\"  data-srcset=\"https:\/\/www.david-olkarny.com\/wp-content\/uploads\/2024\/11\/photographe-mariage-belgique-couple-nature-rire.jpg 1067w, https:\/\/www.david-olkarny.com\/wp-content\/uploads\/2024\/11\/photographe-mariage-belgique-couple-nature-rire-600x900.jpg 600w, https:\/\/www.david-olkarny.com\/wp-content\/uploads\/2024\/11\/photographe-mariage-belgique-couple-nature-rire-333x500.jpg 333w, https:\/\/www.david-olkarny.com\/wp-content\/uploads\/2024\/11\/photographe-mariage-belgique-couple-nature-rire-800x1200.jpg 800w, https:\/\/www.david-olkarny.com\/wp-content\/uploads\/2024\/11\/photographe-mariage-belgique-couple-nature-rire-768x1152.jpg 768w, https:\/\/www.david-olkarny.com\/wp-content\/uploads\/2024\/11\/photographe-mariage-belgique-couple-nature-rire-1024x1536.jpg 1024w\"   data-sizes=\"(max-width: 1067px) 100vw, 1067px\"  alt=\"photographe-mariage-belgique-couple-nature-rire\"\/>\n\t\t\t\t\t\t\t\t\t\t\t\t\t\t\t\t\t\t\t\t\t\t\t\t\t\t\t\t\t\t\t\t\t\t<\/div>\n\t\t\t\t\t<\/div>\n\t\t\t\t\t\t\t\t<\/div>\n\t\t\t\t\t\t\t\t\t\t\t\t\t\t<\/div>\n\t\t\t\t\t\t\t\t\t\t\t\t\t\t\t<\/div>\n\t\t\t\t\t\t\t\t\t\t<\/div>\n\t\t\t\t\t\t\t\t\t\t\t\t\t\t\t\t\t\t\t<\/a>\n\t\t\t\t\t\t\t\t<\/div>\n\t\t\t\t\t\t\t<\/div>\n\t\t\t\t\t\t\t\t\t\t\t\t\t\t\t\t\t\t\t\t<div class=\"grid__item js-grid__item grid__item_desktop-4 grid__item_tablet-6 grid__item_mobile-12 \">\n\t\t\t\t\t\t\t\t\t\t\t\t\t\t\t\t<div class=\"section-grid__item\">\n\t\t\t\t\t\t\t\t\t<a data-arts-cursor=\"true\" data-arts-cursor-scale=\"1.6\" data-arts-cursor-hide-native=\"true\" data-arts-cursor-icon=\"material-icons add\" class=\"hover-zoom grid__item-link\" href=\"https:\/\/www.david-olkarny.com\/wp-content\/uploads\/2024\/11\/photographe-mariage-belgique-couple-nature-regard.jpg\" data-size=\"1600x1136\" data-elementor-open-lightbox=\"no\">\n\t\t\t\t\t\t\t\t\t\t<div class=\"hover-zoom__inner\">\n\t\t\t\t\t\t\t\t\t\t\t<div class=\"hover-zoom__zoom\">\n\t\t\t\t\t\t\t\t\t\t\t\t\t\t\t\t\t<div class=\"section section-image figure-image\" data-arts-parallax=true data-arts-parallax-factor=0.1>\n\t\t\t\t\t\t\t\t\t\t\t\t\t\t<div class=\"section-image__wrapper overflow mask-reveal lazy\"  style=\"padding-bottom: calc( (1136 \/ 1600) * 100% ); height: 0;\">\n\t\t\t\t\t\t\t\t\t\t\t\t\t<div class=\"mask-reveal__layer mask-reveal__layer-1\">\n\t\t\t\t\t\t<div class=\"mask-reveal__layer mask-reveal__layer-2\">\n\t\t\t\t\t\t\t\t\t\t\t\t\t\t\t\t\t\t<img loading=\"lazy\" decoding=\"async\" class=\"\" src=\"data:image\/png;base64,iVBORw0KGgoAAAANSUhEUgAAAAEAAAABCAQAAAHCGzyUAAAABGdBTUEAALGPC\/xhBQAAADhlWElmTU0AKgAAAAgAAYdpAAQAAAABAAAAGgAAAAAAAqACAAQAAAABAAAAAaADAAQAAAABAAAAAQAAAADa6r\/EAAAAC0lEQVQI12NolQQAASYAn89qhTcAAAAASUVORK5CYII=\" data-id=\"3016\" data-src=\"https:\/\/www.david-olkarny.com\/wp-content\/uploads\/2024\/11\/photographe-mariage-belgique-couple-nature-regard.jpg\" width=\"1600\" height=\"1136\"  data-srcset=\"https:\/\/www.david-olkarny.com\/wp-content\/uploads\/2024\/11\/photographe-mariage-belgique-couple-nature-regard.jpg 1600w, https:\/\/www.david-olkarny.com\/wp-content\/uploads\/2024\/11\/photographe-mariage-belgique-couple-nature-regard-600x426.jpg 600w, https:\/\/www.david-olkarny.com\/wp-content\/uploads\/2024\/11\/photographe-mariage-belgique-couple-nature-regard-500x355.jpg 500w, https:\/\/www.david-olkarny.com\/wp-content\/uploads\/2024\/11\/photographe-mariage-belgique-couple-nature-regard-1200x852.jpg 1200w, https:\/\/www.david-olkarny.com\/wp-content\/uploads\/2024\/11\/photographe-mariage-belgique-couple-nature-regard-768x545.jpg 768w, https:\/\/www.david-olkarny.com\/wp-content\/uploads\/2024\/11\/photographe-mariage-belgique-couple-nature-regard-1536x1091.jpg 1536w\"   data-sizes=\"(max-width: 1600px) 100vw, 1600px\"  alt=\"photographe-mariage-belgique-couple-nature\"\/>\n\t\t\t\t\t\t\t\t\t\t\t\t\t\t\t\t\t\t\t\t\t\t\t\t\t\t\t\t\t\t\t\t\t\t<\/div>\n\t\t\t\t\t<\/div>\n\t\t\t\t\t\t\t\t<\/div>\n\t\t\t\t\t\t\t\t\t\t\t\t\t\t<\/div>\n\t\t\t\t\t\t\t\t\t\t\t\t\t\t\t<\/div>\n\t\t\t\t\t\t\t\t\t\t<\/div>\n\t\t\t\t\t\t\t\t\t\t\t\t\t\t\t\t\t\t\t<\/a>\n\t\t\t\t\t\t\t\t<\/div>\n\t\t\t\t\t\t\t<\/div>\n\t\t\t\t\t\t\t\t\t\t\t\t\t\t\t\t\t\t\t\t<div class=\"grid__item js-grid__item grid__item_desktop-4 grid__item_tablet-6 grid__item_mobile-12 \">\n\t\t\t\t\t\t\t\t\t\t\t\t\t\t\t\t<div class=\"section-grid__item\">\n\t\t\t\t\t\t\t\t\t<a data-arts-cursor=\"true\" data-arts-cursor-scale=\"1.6\" data-arts-cursor-hide-native=\"true\" data-arts-cursor-icon=\"material-icons add\" class=\"hover-zoom grid__item-link\" href=\"https:\/\/www.david-olkarny.com\/wp-content\/uploads\/2024\/11\/photographe-mariage-belgique-couple-nature-pluie.jpg\" data-size=\"1600x1067\" data-elementor-open-lightbox=\"no\">\n\t\t\t\t\t\t\t\t\t\t<div class=\"hover-zoom__inner\">\n\t\t\t\t\t\t\t\t\t\t\t<div class=\"hover-zoom__zoom\">\n\t\t\t\t\t\t\t\t\t\t\t\t\t\t\t\t\t<div class=\"section section-image figure-image\" data-arts-parallax=true data-arts-parallax-factor=0.1>\n\t\t\t\t\t\t\t\t\t\t\t\t\t\t<div class=\"section-image__wrapper overflow mask-reveal lazy\"  style=\"padding-bottom: calc( (1067 \/ 1600) * 100% ); height: 0;\">\n\t\t\t\t\t\t\t\t\t\t\t\t\t<div class=\"mask-reveal__layer mask-reveal__layer-1\">\n\t\t\t\t\t\t<div class=\"mask-reveal__layer mask-reveal__layer-2\">\n\t\t\t\t\t\t\t\t\t\t\t\t\t\t\t\t\t\t<img loading=\"lazy\" decoding=\"async\" class=\"\" src=\"data:image\/png;base64,iVBORw0KGgoAAAANSUhEUgAAAAEAAAABCAQAAAHCGzyUAAAABGdBTUEAALGPC\/xhBQAAADhlWElmTU0AKgAAAAgAAYdpAAQAAAABAAAAGgAAAAAAAqACAAQAAAABAAAAAaADAAQAAAABAAAAAQAAAADa6r\/EAAAAC0lEQVQI12NolQQAASYAn89qhTcAAAAASUVORK5CYII=\" data-id=\"3015\" data-src=\"https:\/\/www.david-olkarny.com\/wp-content\/uploads\/2024\/11\/photographe-mariage-belgique-couple-nature-pluie.jpg\" width=\"1600\" height=\"1067\"  data-srcset=\"https:\/\/www.david-olkarny.com\/wp-content\/uploads\/2024\/11\/photographe-mariage-belgique-couple-nature-pluie.jpg 1600w, https:\/\/www.david-olkarny.com\/wp-content\/uploads\/2024\/11\/photographe-mariage-belgique-couple-nature-pluie-600x400.jpg 600w, https:\/\/www.david-olkarny.com\/wp-content\/uploads\/2024\/11\/photographe-mariage-belgique-couple-nature-pluie-500x333.jpg 500w, https:\/\/www.david-olkarny.com\/wp-content\/uploads\/2024\/11\/photographe-mariage-belgique-couple-nature-pluie-1200x800.jpg 1200w, https:\/\/www.david-olkarny.com\/wp-content\/uploads\/2024\/11\/photographe-mariage-belgique-couple-nature-pluie-768x512.jpg 768w, https:\/\/www.david-olkarny.com\/wp-content\/uploads\/2024\/11\/photographe-mariage-belgique-couple-nature-pluie-1536x1024.jpg 1536w\"   data-sizes=\"(max-width: 1600px) 100vw, 1600px\"  alt=\"photographe-mariage-belgique-couple-nature-pluie\"\/>\n\t\t\t\t\t\t\t\t\t\t\t\t\t\t\t\t\t\t\t\t\t\t\t\t\t\t\t\t\t\t\t\t\t\t<\/div>\n\t\t\t\t\t<\/div>\n\t\t\t\t\t\t\t\t<\/div>\n\t\t\t\t\t\t\t\t\t\t\t\t\t\t<\/div>\n\t\t\t\t\t\t\t\t\t\t\t\t\t\t\t<\/div>\n\t\t\t\t\t\t\t\t\t\t<\/div>\n\t\t\t\t\t\t\t\t\t\t\t\t\t\t\t\t\t\t\t<\/a>\n\t\t\t\t\t\t\t\t<\/div>\n\t\t\t\t\t\t\t<\/div>\n\t\t\t\t\t\t\t\t\t\t\t\t\t\t\t\t\t\t\t\t<div class=\"grid__item js-grid__item grid__item_desktop-4 grid__item_tablet-6 grid__item_mobile-12 \">\n\t\t\t\t\t\t\t\t\t\t\t\t\t\t\t\t<div class=\"section-grid__item\">\n\t\t\t\t\t\t\t\t\t<a data-arts-cursor=\"true\" data-arts-cursor-scale=\"1.6\" data-arts-cursor-hide-native=\"true\" data-arts-cursor-icon=\"material-icons add\" class=\"hover-zoom grid__item-link\" href=\"https:\/\/www.david-olkarny.com\/wp-content\/uploads\/2024\/11\/photographe-mariage-belgique-couple-nature-joie.jpg\" data-size=\"1600x1067\" data-elementor-open-lightbox=\"no\">\n\t\t\t\t\t\t\t\t\t\t<div class=\"hover-zoom__inner\">\n\t\t\t\t\t\t\t\t\t\t\t<div class=\"hover-zoom__zoom\">\n\t\t\t\t\t\t\t\t\t\t\t\t\t\t\t\t\t<div class=\"section section-image figure-image\" data-arts-parallax=true data-arts-parallax-factor=0.1>\n\t\t\t\t\t\t\t\t\t\t\t\t\t\t<div class=\"section-image__wrapper overflow mask-reveal lazy\"  style=\"padding-bottom: calc( (1067 \/ 1600) * 100% ); height: 0;\">\n\t\t\t\t\t\t\t\t\t\t\t\t\t<div class=\"mask-reveal__layer mask-reveal__layer-1\">\n\t\t\t\t\t\t<div class=\"mask-reveal__layer mask-reveal__layer-2\">\n\t\t\t\t\t\t\t\t\t\t\t\t\t\t\t\t\t\t<img loading=\"lazy\" decoding=\"async\" class=\"\" src=\"data:image\/png;base64,iVBORw0KGgoAAAANSUhEUgAAAAEAAAABCAQAAAHCGzyUAAAABGdBTUEAALGPC\/xhBQAAADhlWElmTU0AKgAAAAgAAYdpAAQAAAABAAAAGgAAAAAAAqACAAQAAAABAAAAAaADAAQAAAABAAAAAQAAAADa6r\/EAAAAC0lEQVQI12NolQQAASYAn89qhTcAAAAASUVORK5CYII=\" data-id=\"3014\" data-src=\"https:\/\/www.david-olkarny.com\/wp-content\/uploads\/2024\/11\/photographe-mariage-belgique-couple-nature-joie.jpg\" width=\"1600\" height=\"1067\"  data-srcset=\"https:\/\/www.david-olkarny.com\/wp-content\/uploads\/2024\/11\/photographe-mariage-belgique-couple-nature-joie.jpg 1600w, https:\/\/www.david-olkarny.com\/wp-content\/uploads\/2024\/11\/photographe-mariage-belgique-couple-nature-joie-600x400.jpg 600w, https:\/\/www.david-olkarny.com\/wp-content\/uploads\/2024\/11\/photographe-mariage-belgique-couple-nature-joie-500x333.jpg 500w, https:\/\/www.david-olkarny.com\/wp-content\/uploads\/2024\/11\/photographe-mariage-belgique-couple-nature-joie-1200x800.jpg 1200w, https:\/\/www.david-olkarny.com\/wp-content\/uploads\/2024\/11\/photographe-mariage-belgique-couple-nature-joie-768x512.jpg 768w, https:\/\/www.david-olkarny.com\/wp-content\/uploads\/2024\/11\/photographe-mariage-belgique-couple-nature-joie-1536x1024.jpg 1536w\"   data-sizes=\"(max-width: 1600px) 100vw, 1600px\"  alt=\"photographe-mariage-belgique-couple-nature-joie\"\/>\n\t\t\t\t\t\t\t\t\t\t\t\t\t\t\t\t\t\t\t\t\t\t\t\t\t\t\t\t\t\t\t\t\t\t<\/div>\n\t\t\t\t\t<\/div>\n\t\t\t\t\t\t\t\t<\/div>\n\t\t\t\t\t\t\t\t\t\t\t\t\t\t<\/div>\n\t\t\t\t\t\t\t\t\t\t\t\t\t\t\t<\/div>\n\t\t\t\t\t\t\t\t\t\t<\/div>\n\t\t\t\t\t\t\t\t\t\t\t\t\t\t\t\t\t\t\t<\/a>\n\t\t\t\t\t\t\t\t<\/div>\n\t\t\t\t\t\t\t<\/div>\n\t\t\t\t\t\t\t\t\t\t\t\t\t\t\t\t\t\t\t\t<div class=\"grid__item js-grid__item grid__item_desktop-4 grid__item_tablet-6 grid__item_mobile-12 \">\n\t\t\t\t\t\t\t\t\t\t\t\t\t\t\t\t<div class=\"section-grid__item\">\n\t\t\t\t\t\t\t\t\t<a data-arts-cursor=\"true\" data-arts-cursor-scale=\"1.6\" data-arts-cursor-hide-native=\"true\" data-arts-cursor-icon=\"material-icons add\" class=\"hover-zoom grid__item-link\" href=\"https:\/\/www.david-olkarny.com\/wp-content\/uploads\/2024\/11\/photographe-mariage-belgique-couple-nature-flou-effet.jpg\" data-size=\"1411x1600\" data-elementor-open-lightbox=\"no\">\n\t\t\t\t\t\t\t\t\t\t<div class=\"hover-zoom__inner\">\n\t\t\t\t\t\t\t\t\t\t\t<div class=\"hover-zoom__zoom\">\n\t\t\t\t\t\t\t\t\t\t\t\t\t\t\t\t\t<div class=\"section section-image figure-image\" data-arts-parallax=true data-arts-parallax-factor=0.1>\n\t\t\t\t\t\t\t\t\t\t\t\t\t\t<div class=\"section-image__wrapper overflow mask-reveal lazy\"  style=\"padding-bottom: calc( (1600 \/ 1411) * 100% ); height: 0;\">\n\t\t\t\t\t\t\t\t\t\t\t\t\t<div class=\"mask-reveal__layer mask-reveal__layer-1\">\n\t\t\t\t\t\t<div class=\"mask-reveal__layer mask-reveal__layer-2\">\n\t\t\t\t\t\t\t\t\t\t\t\t\t\t\t\t\t\t<img loading=\"lazy\" decoding=\"async\" class=\"\" src=\"data:image\/png;base64,iVBORw0KGgoAAAANSUhEUgAAAAEAAAABCAQAAAHCGzyUAAAABGdBTUEAALGPC\/xhBQAAADhlWElmTU0AKgAAAAgAAYdpAAQAAAABAAAAGgAAAAAAAqACAAQAAAABAAAAAaADAAQAAAABAAAAAQAAAADa6r\/EAAAAC0lEQVQI12NolQQAASYAn89qhTcAAAAASUVORK5CYII=\" data-id=\"3013\" data-src=\"https:\/\/www.david-olkarny.com\/wp-content\/uploads\/2024\/11\/photographe-mariage-belgique-couple-nature-flou-effet.jpg\" width=\"1411\" height=\"1600\"  data-srcset=\"https:\/\/www.david-olkarny.com\/wp-content\/uploads\/2024\/11\/photographe-mariage-belgique-couple-nature-flou-effet.jpg 1411w, https:\/\/www.david-olkarny.com\/wp-content\/uploads\/2024\/11\/photographe-mariage-belgique-couple-nature-flou-effet-600x680.jpg 600w, https:\/\/www.david-olkarny.com\/wp-content\/uploads\/2024\/11\/photographe-mariage-belgique-couple-nature-flou-effet-441x500.jpg 441w, https:\/\/www.david-olkarny.com\/wp-content\/uploads\/2024\/11\/photographe-mariage-belgique-couple-nature-flou-effet-1058x1200.jpg 1058w, https:\/\/www.david-olkarny.com\/wp-content\/uploads\/2024\/11\/photographe-mariage-belgique-couple-nature-flou-effet-768x871.jpg 768w, https:\/\/www.david-olkarny.com\/wp-content\/uploads\/2024\/11\/photographe-mariage-belgique-couple-nature-flou-effet-1355x1536.jpg 1355w\"   data-sizes=\"(max-width: 1411px) 100vw, 1411px\"  alt=\"photographe-mariage-belgique-couple-nature\"\/>\n\t\t\t\t\t\t\t\t\t\t\t\t\t\t\t\t\t\t\t\t\t\t\t\t\t\t\t\t\t\t\t\t\t\t<\/div>\n\t\t\t\t\t<\/div>\n\t\t\t\t\t\t\t\t<\/div>\n\t\t\t\t\t\t\t\t\t\t\t\t\t\t<\/div>\n\t\t\t\t\t\t\t\t\t\t\t\t\t\t\t<\/div>\n\t\t\t\t\t\t\t\t\t\t<\/div>\n\t\t\t\t\t\t\t\t\t\t\t\t\t\t\t\t\t\t\t<\/a>\n\t\t\t\t\t\t\t\t<\/div>\n\t\t\t\t\t\t\t<\/div>\n\t\t\t\t\t\t\t\t\t\t\t\t\t\t\t\t\t\t\t\t<div class=\"grid__item js-grid__item grid__item_desktop-4 grid__item_tablet-6 grid__item_mobile-12 \">\n\t\t\t\t\t\t\t\t\t\t\t\t\t\t\t\t<div class=\"section-grid__item\">\n\t\t\t\t\t\t\t\t\t<a data-arts-cursor=\"true\" data-arts-cursor-scale=\"1.6\" data-arts-cursor-hide-native=\"true\" data-arts-cursor-icon=\"material-icons add\" class=\"hover-zoom grid__item-link\" href=\"https:\/\/www.david-olkarny.com\/wp-content\/uploads\/2024\/11\/photographe-mariage-belgique-couple-nature-champ.jpg\" data-size=\"1067x1600\" data-elementor-open-lightbox=\"no\">\n\t\t\t\t\t\t\t\t\t\t<div class=\"hover-zoom__inner\">\n\t\t\t\t\t\t\t\t\t\t\t<div class=\"hover-zoom__zoom\">\n\t\t\t\t\t\t\t\t\t\t\t\t\t\t\t\t\t<div class=\"section section-image figure-image\" data-arts-parallax=true data-arts-parallax-factor=0.1>\n\t\t\t\t\t\t\t\t\t\t\t\t\t\t<div class=\"section-image__wrapper overflow mask-reveal lazy\"  style=\"padding-bottom: calc( (1600 \/ 1067) * 100% ); height: 0;\">\n\t\t\t\t\t\t\t\t\t\t\t\t\t<div class=\"mask-reveal__layer mask-reveal__layer-1\">\n\t\t\t\t\t\t<div class=\"mask-reveal__layer mask-reveal__layer-2\">\n\t\t\t\t\t\t\t\t\t\t\t\t\t\t\t\t\t\t<img loading=\"lazy\" decoding=\"async\" class=\"\" src=\"data:image\/png;base64,iVBORw0KGgoAAAANSUhEUgAAAAEAAAABCAQAAAHCGzyUAAAABGdBTUEAALGPC\/xhBQAAADhlWElmTU0AKgAAAAgAAYdpAAQAAAABAAAAGgAAAAAAAqACAAQAAAABAAAAAaADAAQAAAABAAAAAQAAAADa6r\/EAAAAC0lEQVQI12NolQQAASYAn89qhTcAAAAASUVORK5CYII=\" data-id=\"3012\" data-src=\"https:\/\/www.david-olkarny.com\/wp-content\/uploads\/2024\/11\/photographe-mariage-belgique-couple-nature-champ.jpg\" width=\"1067\" height=\"1600\"  data-srcset=\"https:\/\/www.david-olkarny.com\/wp-content\/uploads\/2024\/11\/photographe-mariage-belgique-couple-nature-champ.jpg 1067w, https:\/\/www.david-olkarny.com\/wp-content\/uploads\/2024\/11\/photographe-mariage-belgique-couple-nature-champ-600x900.jpg 600w, https:\/\/www.david-olkarny.com\/wp-content\/uploads\/2024\/11\/photographe-mariage-belgique-couple-nature-champ-333x500.jpg 333w, https:\/\/www.david-olkarny.com\/wp-content\/uploads\/2024\/11\/photographe-mariage-belgique-couple-nature-champ-800x1200.jpg 800w, https:\/\/www.david-olkarny.com\/wp-content\/uploads\/2024\/11\/photographe-mariage-belgique-couple-nature-champ-768x1152.jpg 768w, https:\/\/www.david-olkarny.com\/wp-content\/uploads\/2024\/11\/photographe-mariage-belgique-couple-nature-champ-1024x1536.jpg 1024w\"   data-sizes=\"(max-width: 1067px) 100vw, 1067px\"  alt=\"photographe-mariage-belgique-couple-nature-champ\"\/>\n\t\t\t\t\t\t\t\t\t\t\t\t\t\t\t\t\t\t\t\t\t\t\t\t\t\t\t\t\t\t\t\t\t\t<\/div>\n\t\t\t\t\t<\/div>\n\t\t\t\t\t\t\t\t<\/div>\n\t\t\t\t\t\t\t\t\t\t\t\t\t\t<\/div>\n\t\t\t\t\t\t\t\t\t\t\t\t\t\t\t<\/div>\n\t\t\t\t\t\t\t\t\t\t<\/div>\n\t\t\t\t\t\t\t\t\t\t\t\t\t\t\t\t\t\t\t<\/a>\n\t\t\t\t\t\t\t\t<\/div>\n\t\t\t\t\t\t\t<\/div>\n\t\t\t\t\t\t\t\t\t\t\t\t\t\t\t\t\t\t\t\t<div class=\"grid__item js-grid__item grid__item_desktop-4 grid__item_tablet-6 grid__item_mobile-12 \">\n\t\t\t\t\t\t\t\t\t\t\t\t\t\t\t\t<div class=\"section-grid__item\">\n\t\t\t\t\t\t\t\t\t<a data-arts-cursor=\"true\" data-arts-cursor-scale=\"1.6\" data-arts-cursor-hide-native=\"true\" data-arts-cursor-icon=\"material-icons add\" class=\"hover-zoom grid__item-link\" href=\"https:\/\/www.david-olkarny.com\/wp-content\/uploads\/2024\/11\/photographe-mariage-belgique-couple-nature-bouquet.jpg\" data-size=\"1600x1067\" data-elementor-open-lightbox=\"no\">\n\t\t\t\t\t\t\t\t\t\t<div class=\"hover-zoom__inner\">\n\t\t\t\t\t\t\t\t\t\t\t<div class=\"hover-zoom__zoom\">\n\t\t\t\t\t\t\t\t\t\t\t\t\t\t\t\t\t<div class=\"section section-image figure-image\" data-arts-parallax=true data-arts-parallax-factor=0.1>\n\t\t\t\t\t\t\t\t\t\t\t\t\t\t<div class=\"section-image__wrapper overflow mask-reveal lazy\"  style=\"padding-bottom: calc( (1067 \/ 1600) * 100% ); height: 0;\">\n\t\t\t\t\t\t\t\t\t\t\t\t\t<div class=\"mask-reveal__layer mask-reveal__layer-1\">\n\t\t\t\t\t\t<div class=\"mask-reveal__layer mask-reveal__layer-2\">\n\t\t\t\t\t\t\t\t\t\t\t\t\t\t\t\t\t\t<img loading=\"lazy\" decoding=\"async\" class=\"\" src=\"data:image\/png;base64,iVBORw0KGgoAAAANSUhEUgAAAAEAAAABCAQAAAHCGzyUAAAABGdBTUEAALGPC\/xhBQAAADhlWElmTU0AKgAAAAgAAYdpAAQAAAABAAAAGgAAAAAAAqACAAQAAAABAAAAAaADAAQAAAABAAAAAQAAAADa6r\/EAAAAC0lEQVQI12NolQQAASYAn89qhTcAAAAASUVORK5CYII=\" data-id=\"3011\" data-src=\"https:\/\/www.david-olkarny.com\/wp-content\/uploads\/2024\/11\/photographe-mariage-belgique-couple-nature-bouquet.jpg\" width=\"1600\" height=\"1067\"  data-srcset=\"https:\/\/www.david-olkarny.com\/wp-content\/uploads\/2024\/11\/photographe-mariage-belgique-couple-nature-bouquet.jpg 1600w, https:\/\/www.david-olkarny.com\/wp-content\/uploads\/2024\/11\/photographe-mariage-belgique-couple-nature-bouquet-600x400.jpg 600w, https:\/\/www.david-olkarny.com\/wp-content\/uploads\/2024\/11\/photographe-mariage-belgique-couple-nature-bouquet-500x333.jpg 500w, https:\/\/www.david-olkarny.com\/wp-content\/uploads\/2024\/11\/photographe-mariage-belgique-couple-nature-bouquet-1200x800.jpg 1200w, https:\/\/www.david-olkarny.com\/wp-content\/uploads\/2024\/11\/photographe-mariage-belgique-couple-nature-bouquet-768x512.jpg 768w, https:\/\/www.david-olkarny.com\/wp-content\/uploads\/2024\/11\/photographe-mariage-belgique-couple-nature-bouquet-1536x1024.jpg 1536w\"   data-sizes=\"(max-width: 1600px) 100vw, 1600px\"  alt=\"photographe-mariage-belgique-couple-nature-bouquet\"\/>\n\t\t\t\t\t\t\t\t\t\t\t\t\t\t\t\t\t\t\t\t\t\t\t\t\t\t\t\t\t\t\t\t\t\t<\/div>\n\t\t\t\t\t<\/div>\n\t\t\t\t\t\t\t\t<\/div>\n\t\t\t\t\t\t\t\t\t\t\t\t\t\t<\/div>\n\t\t\t\t\t\t\t\t\t\t\t\t\t\t\t<\/div>\n\t\t\t\t\t\t\t\t\t\t<\/div>\n\t\t\t\t\t\t\t\t\t\t\t\t\t\t\t\t\t\t\t<\/a>\n\t\t\t\t\t\t\t\t<\/div>\n\t\t\t\t\t\t\t<\/div>\n\t\t\t\t\t\t\t\t\t\t\t\t\t\t\t\t\t\t\t\t<div class=\"grid__item js-grid__item grid__item_desktop-4 grid__item_tablet-6 grid__item_mobile-12 \">\n\t\t\t\t\t\t\t\t\t\t\t\t\t\t\t\t<div class=\"section-grid__item\">\n\t\t\t\t\t\t\t\t\t<a data-arts-cursor=\"true\" data-arts-cursor-scale=\"1.6\" data-arts-cursor-hide-native=\"true\" data-arts-cursor-icon=\"material-icons add\" class=\"hover-zoom grid__item-link\" href=\"https:\/\/www.david-olkarny.com\/wp-content\/uploads\/2024\/11\/photographe-mariage-belgique-couple-nature-bonheur.jpg\" data-size=\"1600x1067\" data-elementor-open-lightbox=\"no\">\n\t\t\t\t\t\t\t\t\t\t<div class=\"hover-zoom__inner\">\n\t\t\t\t\t\t\t\t\t\t\t<div class=\"hover-zoom__zoom\">\n\t\t\t\t\t\t\t\t\t\t\t\t\t\t\t\t\t<div class=\"section section-image figure-image\" data-arts-parallax=true data-arts-parallax-factor=0.1>\n\t\t\t\t\t\t\t\t\t\t\t\t\t\t<div class=\"section-image__wrapper overflow mask-reveal lazy\"  style=\"padding-bottom: calc( (1067 \/ 1600) * 100% ); height: 0;\">\n\t\t\t\t\t\t\t\t\t\t\t\t\t<div class=\"mask-reveal__layer mask-reveal__layer-1\">\n\t\t\t\t\t\t<div class=\"mask-reveal__layer mask-reveal__layer-2\">\n\t\t\t\t\t\t\t\t\t\t\t\t\t\t\t\t\t\t<img loading=\"lazy\" decoding=\"async\" class=\"\" src=\"data:image\/png;base64,iVBORw0KGgoAAAANSUhEUgAAAAEAAAABCAQAAAHCGzyUAAAABGdBTUEAALGPC\/xhBQAAADhlWElmTU0AKgAAAAgAAYdpAAQAAAABAAAAGgAAAAAAAqACAAQAAAABAAAAAaADAAQAAAABAAAAAQAAAADa6r\/EAAAAC0lEQVQI12NolQQAASYAn89qhTcAAAAASUVORK5CYII=\" data-id=\"3010\" data-src=\"https:\/\/www.david-olkarny.com\/wp-content\/uploads\/2024\/11\/photographe-mariage-belgique-couple-nature-bonheur.jpg\" width=\"1600\" height=\"1067\"  data-srcset=\"https:\/\/www.david-olkarny.com\/wp-content\/uploads\/2024\/11\/photographe-mariage-belgique-couple-nature-bonheur.jpg 1600w, https:\/\/www.david-olkarny.com\/wp-content\/uploads\/2024\/11\/photographe-mariage-belgique-couple-nature-bonheur-600x400.jpg 600w, https:\/\/www.david-olkarny.com\/wp-content\/uploads\/2024\/11\/photographe-mariage-belgique-couple-nature-bonheur-500x333.jpg 500w, https:\/\/www.david-olkarny.com\/wp-content\/uploads\/2024\/11\/photographe-mariage-belgique-couple-nature-bonheur-1200x800.jpg 1200w, https:\/\/www.david-olkarny.com\/wp-content\/uploads\/2024\/11\/photographe-mariage-belgique-couple-nature-bonheur-768x512.jpg 768w, https:\/\/www.david-olkarny.com\/wp-content\/uploads\/2024\/11\/photographe-mariage-belgique-couple-nature-bonheur-1536x1024.jpg 1536w\"   data-sizes=\"(max-width: 1600px) 100vw, 1600px\"  alt=\"photographe-mariage-belgique-couple-nature-bonheur\"\/>\n\t\t\t\t\t\t\t\t\t\t\t\t\t\t\t\t\t\t\t\t\t\t\t\t\t\t\t\t\t\t\t\t\t\t<\/div>\n\t\t\t\t\t<\/div>\n\t\t\t\t\t\t\t\t<\/div>\n\t\t\t\t\t\t\t\t\t\t\t\t\t\t<\/div>\n\t\t\t\t\t\t\t\t\t\t\t\t\t\t\t<\/div>\n\t\t\t\t\t\t\t\t\t\t<\/div>\n\t\t\t\t\t\t\t\t\t\t\t\t\t\t\t\t\t\t\t<\/a>\n\t\t\t\t\t\t\t\t<\/div>\n\t\t\t\t\t\t\t<\/div>\n\t\t\t\t\t\t\t\t\t\t\t\t\t\t\t\t\t\t\t\t<div class=\"grid__item js-grid__item grid__item_desktop-4 grid__item_tablet-6 grid__item_mobile-12 \">\n\t\t\t\t\t\t\t\t\t\t\t\t\t\t\t\t<div class=\"section-grid__item\">\n\t\t\t\t\t\t\t\t\t<a data-arts-cursor=\"true\" data-arts-cursor-scale=\"1.6\" data-arts-cursor-hide-native=\"true\" data-arts-cursor-icon=\"material-icons add\" class=\"hover-zoom grid__item-link\" href=\"https:\/\/www.david-olkarny.com\/wp-content\/uploads\/2024\/11\/photographe-mariage-belgique-couple-joie-blonde.jpg\" data-size=\"1600x1067\" data-elementor-open-lightbox=\"no\">\n\t\t\t\t\t\t\t\t\t\t<div class=\"hover-zoom__inner\">\n\t\t\t\t\t\t\t\t\t\t\t<div class=\"hover-zoom__zoom\">\n\t\t\t\t\t\t\t\t\t\t\t\t\t\t\t\t\t<div class=\"section section-image figure-image\" data-arts-parallax=true data-arts-parallax-factor=0.1>\n\t\t\t\t\t\t\t\t\t\t\t\t\t\t<div class=\"section-image__wrapper overflow mask-reveal lazy\"  style=\"padding-bottom: calc( (1067 \/ 1600) * 100% ); height: 0;\">\n\t\t\t\t\t\t\t\t\t\t\t\t\t<div class=\"mask-reveal__layer mask-reveal__layer-1\">\n\t\t\t\t\t\t<div class=\"mask-reveal__layer mask-reveal__layer-2\">\n\t\t\t\t\t\t\t\t\t\t\t\t\t\t\t\t\t\t<img loading=\"lazy\" decoding=\"async\" class=\"\" src=\"data:image\/png;base64,iVBORw0KGgoAAAANSUhEUgAAAAEAAAABCAQAAAHCGzyUAAAABGdBTUEAALGPC\/xhBQAAADhlWElmTU0AKgAAAAgAAYdpAAQAAAABAAAAGgAAAAAAAqACAAQAAAABAAAAAaADAAQAAAABAAAAAQAAAADa6r\/EAAAAC0lEQVQI12NolQQAASYAn89qhTcAAAAASUVORK5CYII=\" data-id=\"3009\" data-src=\"https:\/\/www.david-olkarny.com\/wp-content\/uploads\/2024\/11\/photographe-mariage-belgique-couple-joie-blonde.jpg\" width=\"1600\" height=\"1067\"  data-srcset=\"https:\/\/www.david-olkarny.com\/wp-content\/uploads\/2024\/11\/photographe-mariage-belgique-couple-joie-blonde.jpg 1600w, https:\/\/www.david-olkarny.com\/wp-content\/uploads\/2024\/11\/photographe-mariage-belgique-couple-joie-blonde-600x400.jpg 600w, https:\/\/www.david-olkarny.com\/wp-content\/uploads\/2024\/11\/photographe-mariage-belgique-couple-joie-blonde-500x333.jpg 500w, https:\/\/www.david-olkarny.com\/wp-content\/uploads\/2024\/11\/photographe-mariage-belgique-couple-joie-blonde-1200x800.jpg 1200w, https:\/\/www.david-olkarny.com\/wp-content\/uploads\/2024\/11\/photographe-mariage-belgique-couple-joie-blonde-768x512.jpg 768w, https:\/\/www.david-olkarny.com\/wp-content\/uploads\/2024\/11\/photographe-mariage-belgique-couple-joie-blonde-1536x1024.jpg 1536w\"   data-sizes=\"(max-width: 1600px) 100vw, 1600px\"  alt=\"photographe-mariage-belgique-couple-joie-blonde\"\/>\n\t\t\t\t\t\t\t\t\t\t\t\t\t\t\t\t\t\t\t\t\t\t\t\t\t\t\t\t\t\t\t\t\t\t<\/div>\n\t\t\t\t\t<\/div>\n\t\t\t\t\t\t\t\t<\/div>\n\t\t\t\t\t\t\t\t\t\t\t\t\t\t<\/div>\n\t\t\t\t\t\t\t\t\t\t\t\t\t\t\t<\/div>\n\t\t\t\t\t\t\t\t\t\t<\/div>\n\t\t\t\t\t\t\t\t\t\t\t\t\t\t\t\t\t\t\t<\/a>\n\t\t\t\t\t\t\t\t<\/div>\n\t\t\t\t\t\t\t<\/div>\n\t\t\t\t\t\t\t\t\t\t\t\t\t\t\t\t\t\t\t\t<div class=\"grid__item js-grid__item grid__item_desktop-4 grid__item_tablet-6 grid__item_mobile-12 \">\n\t\t\t\t\t\t\t\t\t\t\t\t\t\t\t\t<div class=\"section-grid__item\">\n\t\t\t\t\t\t\t\t\t<a data-arts-cursor=\"true\" data-arts-cursor-scale=\"1.6\" data-arts-cursor-hide-native=\"true\" data-arts-cursor-icon=\"material-icons add\" class=\"hover-zoom grid__item-link\" href=\"https:\/\/www.david-olkarny.com\/wp-content\/uploads\/2024\/11\/photographe-mariage-belgique-couple-ile-de-la-reunion.jpg\" data-size=\"1067x1600\" data-elementor-open-lightbox=\"no\">\n\t\t\t\t\t\t\t\t\t\t<div class=\"hover-zoom__inner\">\n\t\t\t\t\t\t\t\t\t\t\t<div class=\"hover-zoom__zoom\">\n\t\t\t\t\t\t\t\t\t\t\t\t\t\t\t\t\t<div class=\"section section-image figure-image\" data-arts-parallax=true data-arts-parallax-factor=0.1>\n\t\t\t\t\t\t\t\t\t\t\t\t\t\t<div class=\"section-image__wrapper overflow mask-reveal lazy\"  style=\"padding-bottom: calc( (1600 \/ 1067) * 100% ); height: 0;\">\n\t\t\t\t\t\t\t\t\t\t\t\t\t<div class=\"mask-reveal__layer mask-reveal__layer-1\">\n\t\t\t\t\t\t<div class=\"mask-reveal__layer mask-reveal__layer-2\">\n\t\t\t\t\t\t\t\t\t\t\t\t\t\t\t\t\t\t<img loading=\"lazy\" decoding=\"async\" class=\"\" src=\"data:image\/png;base64,iVBORw0KGgoAAAANSUhEUgAAAAEAAAABCAQAAAHCGzyUAAAABGdBTUEAALGPC\/xhBQAAADhlWElmTU0AKgAAAAgAAYdpAAQAAAABAAAAGgAAAAAAAqACAAQAAAABAAAAAaADAAQAAAABAAAAAQAAAADa6r\/EAAAAC0lEQVQI12NolQQAASYAn89qhTcAAAAASUVORK5CYII=\" data-id=\"3008\" data-src=\"https:\/\/www.david-olkarny.com\/wp-content\/uploads\/2024\/11\/photographe-mariage-belgique-couple-ile-de-la-reunion.jpg\" width=\"1067\" height=\"1600\"  data-srcset=\"https:\/\/www.david-olkarny.com\/wp-content\/uploads\/2024\/11\/photographe-mariage-belgique-couple-ile-de-la-reunion.jpg 1067w, https:\/\/www.david-olkarny.com\/wp-content\/uploads\/2024\/11\/photographe-mariage-belgique-couple-ile-de-la-reunion-600x900.jpg 600w, https:\/\/www.david-olkarny.com\/wp-content\/uploads\/2024\/11\/photographe-mariage-belgique-couple-ile-de-la-reunion-333x500.jpg 333w, https:\/\/www.david-olkarny.com\/wp-content\/uploads\/2024\/11\/photographe-mariage-belgique-couple-ile-de-la-reunion-800x1200.jpg 800w, https:\/\/www.david-olkarny.com\/wp-content\/uploads\/2024\/11\/photographe-mariage-belgique-couple-ile-de-la-reunion-768x1152.jpg 768w, https:\/\/www.david-olkarny.com\/wp-content\/uploads\/2024\/11\/photographe-mariage-belgique-couple-ile-de-la-reunion-1024x1536.jpg 1024w\"   data-sizes=\"(max-width: 1067px) 100vw, 1067px\"  alt=\"photographe-mariage-belgique-couple-ile-de-la-reunion\"\/>\n\t\t\t\t\t\t\t\t\t\t\t\t\t\t\t\t\t\t\t\t\t\t\t\t\t\t\t\t\t\t\t\t\t\t<\/div>\n\t\t\t\t\t<\/div>\n\t\t\t\t\t\t\t\t<\/div>\n\t\t\t\t\t\t\t\t\t\t\t\t\t\t<\/div>\n\t\t\t\t\t\t\t\t\t\t\t\t\t\t\t<\/div>\n\t\t\t\t\t\t\t\t\t\t<\/div>\n\t\t\t\t\t\t\t\t\t\t\t\t\t\t\t\t\t\t\t<\/a>\n\t\t\t\t\t\t\t\t<\/div>\n\t\t\t\t\t\t\t<\/div>\n\t\t\t\t\t\t\t\t\t\t\t\t\t\t\t\t\t\t\t\t<div class=\"grid__item js-grid__item grid__item_desktop-4 grid__item_tablet-6 grid__item_mobile-12 \">\n\t\t\t\t\t\t\t\t\t\t\t\t\t\t\t\t<div class=\"section-grid__item\">\n\t\t\t\t\t\t\t\t\t<a data-arts-cursor=\"true\" data-arts-cursor-scale=\"1.6\" data-arts-cursor-hide-native=\"true\" data-arts-cursor-icon=\"material-icons add\" class=\"hover-zoom grid__item-link\" href=\"https:\/\/www.david-olkarny.com\/wp-content\/uploads\/2024\/11\/photographe-mariage-belgique-couple-ile-de-la-reunion-joie.jpg\" data-size=\"1600x1067\" data-elementor-open-lightbox=\"no\">\n\t\t\t\t\t\t\t\t\t\t<div class=\"hover-zoom__inner\">\n\t\t\t\t\t\t\t\t\t\t\t<div class=\"hover-zoom__zoom\">\n\t\t\t\t\t\t\t\t\t\t\t\t\t\t\t\t\t<div class=\"section section-image figure-image\" data-arts-parallax=true data-arts-parallax-factor=0.1>\n\t\t\t\t\t\t\t\t\t\t\t\t\t\t<div class=\"section-image__wrapper overflow mask-reveal lazy\"  style=\"padding-bottom: calc( (1067 \/ 1600) * 100% ); height: 0;\">\n\t\t\t\t\t\t\t\t\t\t\t\t\t<div class=\"mask-reveal__layer mask-reveal__layer-1\">\n\t\t\t\t\t\t<div class=\"mask-reveal__layer mask-reveal__layer-2\">\n\t\t\t\t\t\t\t\t\t\t\t\t\t\t\t\t\t\t<img loading=\"lazy\" decoding=\"async\" class=\"\" src=\"data:image\/png;base64,iVBORw0KGgoAAAANSUhEUgAAAAEAAAABCAQAAAHCGzyUAAAABGdBTUEAALGPC\/xhBQAAADhlWElmTU0AKgAAAAgAAYdpAAQAAAABAAAAGgAAAAAAAqACAAQAAAABAAAAAaADAAQAAAABAAAAAQAAAADa6r\/EAAAAC0lEQVQI12NolQQAASYAn89qhTcAAAAASUVORK5CYII=\" data-id=\"3007\" data-src=\"https:\/\/www.david-olkarny.com\/wp-content\/uploads\/2024\/11\/photographe-mariage-belgique-couple-ile-de-la-reunion-joie.jpg\" width=\"1600\" height=\"1067\"  data-srcset=\"https:\/\/www.david-olkarny.com\/wp-content\/uploads\/2024\/11\/photographe-mariage-belgique-couple-ile-de-la-reunion-joie.jpg 1600w, https:\/\/www.david-olkarny.com\/wp-content\/uploads\/2024\/11\/photographe-mariage-belgique-couple-ile-de-la-reunion-joie-600x400.jpg 600w, https:\/\/www.david-olkarny.com\/wp-content\/uploads\/2024\/11\/photographe-mariage-belgique-couple-ile-de-la-reunion-joie-500x333.jpg 500w, https:\/\/www.david-olkarny.com\/wp-content\/uploads\/2024\/11\/photographe-mariage-belgique-couple-ile-de-la-reunion-joie-1200x800.jpg 1200w, https:\/\/www.david-olkarny.com\/wp-content\/uploads\/2024\/11\/photographe-mariage-belgique-couple-ile-de-la-reunion-joie-768x512.jpg 768w, https:\/\/www.david-olkarny.com\/wp-content\/uploads\/2024\/11\/photographe-mariage-belgique-couple-ile-de-la-reunion-joie-1536x1024.jpg 1536w\"   data-sizes=\"(max-width: 1600px) 100vw, 1600px\"  alt=\"photographe-mariage-belgique-couple-ile-de-la-reunion-joie\"\/>\n\t\t\t\t\t\t\t\t\t\t\t\t\t\t\t\t\t\t\t\t\t\t\t\t\t\t\t\t\t\t\t\t\t\t<\/div>\n\t\t\t\t\t<\/div>\n\t\t\t\t\t\t\t\t<\/div>\n\t\t\t\t\t\t\t\t\t\t\t\t\t\t<\/div>\n\t\t\t\t\t\t\t\t\t\t\t\t\t\t\t<\/div>\n\t\t\t\t\t\t\t\t\t\t<\/div>\n\t\t\t\t\t\t\t\t\t\t\t\t\t\t\t\t\t\t\t<\/a>\n\t\t\t\t\t\t\t\t<\/div>\n\t\t\t\t\t\t\t<\/div>\n\t\t\t\t\t\t\t\t\t\t\t\t\t\t\t\t\t\t\t\t<div class=\"grid__item js-grid__item grid__item_desktop-4 grid__item_tablet-6 grid__item_mobile-12 \">\n\t\t\t\t\t\t\t\t\t\t\t\t\t\t\t\t<div class=\"section-grid__item\">\n\t\t\t\t\t\t\t\t\t<a data-arts-cursor=\"true\" data-arts-cursor-scale=\"1.6\" data-arts-cursor-hide-native=\"true\" data-arts-cursor-icon=\"material-icons add\" class=\"hover-zoom grid__item-link\" href=\"https:\/\/www.david-olkarny.com\/wp-content\/uploads\/2024\/11\/photographe-mariage-belgique-couple-groupe-soleil.jpg\" data-size=\"1600x1067\" data-elementor-open-lightbox=\"no\">\n\t\t\t\t\t\t\t\t\t\t<div class=\"hover-zoom__inner\">\n\t\t\t\t\t\t\t\t\t\t\t<div class=\"hover-zoom__zoom\">\n\t\t\t\t\t\t\t\t\t\t\t\t\t\t\t\t\t<div class=\"section section-image figure-image\" data-arts-parallax=true data-arts-parallax-factor=0.1>\n\t\t\t\t\t\t\t\t\t\t\t\t\t\t<div class=\"section-image__wrapper overflow mask-reveal lazy\"  style=\"padding-bottom: calc( (1067 \/ 1600) * 100% ); height: 0;\">\n\t\t\t\t\t\t\t\t\t\t\t\t\t<div class=\"mask-reveal__layer mask-reveal__layer-1\">\n\t\t\t\t\t\t<div class=\"mask-reveal__layer mask-reveal__layer-2\">\n\t\t\t\t\t\t\t\t\t\t\t\t\t\t\t\t\t\t<img loading=\"lazy\" decoding=\"async\" class=\"\" src=\"data:image\/png;base64,iVBORw0KGgoAAAANSUhEUgAAAAEAAAABCAQAAAHCGzyUAAAABGdBTUEAALGPC\/xhBQAAADhlWElmTU0AKgAAAAgAAYdpAAQAAAABAAAAGgAAAAAAAqACAAQAAAABAAAAAaADAAQAAAABAAAAAQAAAADa6r\/EAAAAC0lEQVQI12NolQQAASYAn89qhTcAAAAASUVORK5CYII=\" data-id=\"3006\" data-src=\"https:\/\/www.david-olkarny.com\/wp-content\/uploads\/2024\/11\/photographe-mariage-belgique-couple-groupe-soleil.jpg\" width=\"1600\" height=\"1067\"  data-srcset=\"https:\/\/www.david-olkarny.com\/wp-content\/uploads\/2024\/11\/photographe-mariage-belgique-couple-groupe-soleil.jpg 1600w, https:\/\/www.david-olkarny.com\/wp-content\/uploads\/2024\/11\/photographe-mariage-belgique-couple-groupe-soleil-600x400.jpg 600w, https:\/\/www.david-olkarny.com\/wp-content\/uploads\/2024\/11\/photographe-mariage-belgique-couple-groupe-soleil-500x333.jpg 500w, https:\/\/www.david-olkarny.com\/wp-content\/uploads\/2024\/11\/photographe-mariage-belgique-couple-groupe-soleil-1200x800.jpg 1200w, https:\/\/www.david-olkarny.com\/wp-content\/uploads\/2024\/11\/photographe-mariage-belgique-couple-groupe-soleil-768x512.jpg 768w, https:\/\/www.david-olkarny.com\/wp-content\/uploads\/2024\/11\/photographe-mariage-belgique-couple-groupe-soleil-1536x1024.jpg 1536w\"   data-sizes=\"(max-width: 1600px) 100vw, 1600px\"  alt=\"photographe-mariage-belgique-couple-groupe-soleil\"\/>\n\t\t\t\t\t\t\t\t\t\t\t\t\t\t\t\t\t\t\t\t\t\t\t\t\t\t\t\t\t\t\t\t\t\t<\/div>\n\t\t\t\t\t<\/div>\n\t\t\t\t\t\t\t\t<\/div>\n\t\t\t\t\t\t\t\t\t\t\t\t\t\t<\/div>\n\t\t\t\t\t\t\t\t\t\t\t\t\t\t\t<\/div>\n\t\t\t\t\t\t\t\t\t\t<\/div>\n\t\t\t\t\t\t\t\t\t\t\t\t\t\t\t\t\t\t\t<\/a>\n\t\t\t\t\t\t\t\t<\/div>\n\t\t\t\t\t\t\t<\/div>\n\t\t\t\t\t\t\t\t\t\t\t\t\t\t\t\t\t\t\t\t<div class=\"grid__item js-grid__item grid__item_desktop-4 grid__item_tablet-6 grid__item_mobile-12 \">\n\t\t\t\t\t\t\t\t\t\t\t\t\t\t\t\t<div class=\"section-grid__item\">\n\t\t\t\t\t\t\t\t\t<a data-arts-cursor=\"true\" data-arts-cursor-scale=\"1.6\" data-arts-cursor-hide-native=\"true\" data-arts-cursor-icon=\"material-icons add\" class=\"hover-zoom grid__item-link\" href=\"https:\/\/www.david-olkarny.com\/wp-content\/uploads\/2024\/11\/photographe-mariage-belgique-couple-ceremonie-1.jpg\" data-size=\"1600x1067\" data-elementor-open-lightbox=\"no\">\n\t\t\t\t\t\t\t\t\t\t<div class=\"hover-zoom__inner\">\n\t\t\t\t\t\t\t\t\t\t\t<div class=\"hover-zoom__zoom\">\n\t\t\t\t\t\t\t\t\t\t\t\t\t\t\t\t\t<div class=\"section section-image figure-image\" data-arts-parallax=true data-arts-parallax-factor=0.1>\n\t\t\t\t\t\t\t\t\t\t\t\t\t\t<div class=\"section-image__wrapper overflow mask-reveal lazy\"  style=\"padding-bottom: calc( (1067 \/ 1600) * 100% ); height: 0;\">\n\t\t\t\t\t\t\t\t\t\t\t\t\t<div class=\"mask-reveal__layer mask-reveal__layer-1\">\n\t\t\t\t\t\t<div class=\"mask-reveal__layer mask-reveal__layer-2\">\n\t\t\t\t\t\t\t\t\t\t\t\t\t\t\t\t\t\t<img loading=\"lazy\" decoding=\"async\" class=\"\" src=\"data:image\/png;base64,iVBORw0KGgoAAAANSUhEUgAAAAEAAAABCAQAAAHCGzyUAAAABGdBTUEAALGPC\/xhBQAAADhlWElmTU0AKgAAAAgAAYdpAAQAAAABAAAAGgAAAAAAAqACAAQAAAABAAAAAaADAAQAAAABAAAAAQAAAADa6r\/EAAAAC0lEQVQI12NolQQAASYAn89qhTcAAAAASUVORK5CYII=\" data-id=\"2987\" data-src=\"https:\/\/www.david-olkarny.com\/wp-content\/uploads\/2024\/11\/photographe-mariage-belgique-couple-ceremonie-1.jpg\" width=\"1600\" height=\"1067\"  data-srcset=\"https:\/\/www.david-olkarny.com\/wp-content\/uploads\/2024\/11\/photographe-mariage-belgique-couple-ceremonie-1.jpg 1600w, https:\/\/www.david-olkarny.com\/wp-content\/uploads\/2024\/11\/photographe-mariage-belgique-couple-ceremonie-1-600x400.jpg 600w, https:\/\/www.david-olkarny.com\/wp-content\/uploads\/2024\/11\/photographe-mariage-belgique-couple-ceremonie-1-500x333.jpg 500w, https:\/\/www.david-olkarny.com\/wp-content\/uploads\/2024\/11\/photographe-mariage-belgique-couple-ceremonie-1-1200x800.jpg 1200w, https:\/\/www.david-olkarny.com\/wp-content\/uploads\/2024\/11\/photographe-mariage-belgique-couple-ceremonie-1-768x512.jpg 768w, https:\/\/www.david-olkarny.com\/wp-content\/uploads\/2024\/11\/photographe-mariage-belgique-couple-ceremonie-1-1536x1024.jpg 1536w\"   data-sizes=\"(max-width: 1600px) 100vw, 1600px\"  alt=\"photographe-mariage-belgique-couple-ceremonie\"\/>\n\t\t\t\t\t\t\t\t\t\t\t\t\t\t\t\t\t\t\t\t\t\t\t\t\t\t\t\t\t\t\t\t\t\t<\/div>\n\t\t\t\t\t<\/div>\n\t\t\t\t\t\t\t\t<\/div>\n\t\t\t\t\t\t\t\t\t\t\t\t\t\t<\/div>\n\t\t\t\t\t\t\t\t\t\t\t\t\t\t\t<\/div>\n\t\t\t\t\t\t\t\t\t\t<\/div>\n\t\t\t\t\t\t\t\t\t\t\t\t\t\t\t\t\t\t\t<\/a>\n\t\t\t\t\t\t\t\t<\/div>\n\t\t\t\t\t\t\t<\/div>\n\t\t\t\t\t\t\t\t\t\t\t\t\t\t\t\t\t\t\t\t<div class=\"grid__item js-grid__item grid__item_desktop-4 grid__item_tablet-6 grid__item_mobile-12 \">\n\t\t\t\t\t\t\t\t\t\t\t\t\t\t\t\t<div class=\"section-grid__item\">\n\t\t\t\t\t\t\t\t\t<a data-arts-cursor=\"true\" data-arts-cursor-scale=\"1.6\" data-arts-cursor-hide-native=\"true\" data-arts-cursor-icon=\"material-icons add\" class=\"hover-zoom grid__item-link\" href=\"https:\/\/www.david-olkarny.com\/wp-content\/uploads\/2024\/11\/photographe-mariage-belgique-couple-ceremonie-bulle.jpg\" data-size=\"1600x1067\" data-elementor-open-lightbox=\"no\">\n\t\t\t\t\t\t\t\t\t\t<div class=\"hover-zoom__inner\">\n\t\t\t\t\t\t\t\t\t\t\t<div class=\"hover-zoom__zoom\">\n\t\t\t\t\t\t\t\t\t\t\t\t\t\t\t\t\t<div class=\"section section-image figure-image\" data-arts-parallax=true data-arts-parallax-factor=0.1>\n\t\t\t\t\t\t\t\t\t\t\t\t\t\t<div class=\"section-image__wrapper overflow mask-reveal lazy\"  style=\"padding-bottom: calc( (1067 \/ 1600) * 100% ); height: 0;\">\n\t\t\t\t\t\t\t\t\t\t\t\t\t<div class=\"mask-reveal__layer mask-reveal__layer-1\">\n\t\t\t\t\t\t<div class=\"mask-reveal__layer mask-reveal__layer-2\">\n\t\t\t\t\t\t\t\t\t\t\t\t\t\t\t\t\t\t<img loading=\"lazy\" decoding=\"async\" class=\"\" src=\"data:image\/png;base64,iVBORw0KGgoAAAANSUhEUgAAAAEAAAABCAQAAAHCGzyUAAAABGdBTUEAALGPC\/xhBQAAADhlWElmTU0AKgAAAAgAAYdpAAQAAAABAAAAGgAAAAAAAqACAAQAAAABAAAAAaADAAQAAAABAAAAAQAAAADa6r\/EAAAAC0lEQVQI12NolQQAASYAn89qhTcAAAAASUVORK5CYII=\" data-id=\"2986\" data-src=\"https:\/\/www.david-olkarny.com\/wp-content\/uploads\/2024\/11\/photographe-mariage-belgique-couple-ceremonie-bulle.jpg\" width=\"1600\" height=\"1067\"  data-srcset=\"https:\/\/www.david-olkarny.com\/wp-content\/uploads\/2024\/11\/photographe-mariage-belgique-couple-ceremonie-bulle.jpg 1600w, https:\/\/www.david-olkarny.com\/wp-content\/uploads\/2024\/11\/photographe-mariage-belgique-couple-ceremonie-bulle-600x400.jpg 600w, https:\/\/www.david-olkarny.com\/wp-content\/uploads\/2024\/11\/photographe-mariage-belgique-couple-ceremonie-bulle-500x333.jpg 500w, https:\/\/www.david-olkarny.com\/wp-content\/uploads\/2024\/11\/photographe-mariage-belgique-couple-ceremonie-bulle-1200x800.jpg 1200w, https:\/\/www.david-olkarny.com\/wp-content\/uploads\/2024\/11\/photographe-mariage-belgique-couple-ceremonie-bulle-768x512.jpg 768w, https:\/\/www.david-olkarny.com\/wp-content\/uploads\/2024\/11\/photographe-mariage-belgique-couple-ceremonie-bulle-1536x1024.jpg 1536w\"   data-sizes=\"(max-width: 1600px) 100vw, 1600px\"  alt=\"photographe-mariage-belgique-couple-ceremonie-bulle\"\/>\n\t\t\t\t\t\t\t\t\t\t\t\t\t\t\t\t\t\t\t\t\t\t\t\t\t\t\t\t\t\t\t\t\t\t<\/div>\n\t\t\t\t\t<\/div>\n\t\t\t\t\t\t\t\t<\/div>\n\t\t\t\t\t\t\t\t\t\t\t\t\t\t<\/div>\n\t\t\t\t\t\t\t\t\t\t\t\t\t\t\t<\/div>\n\t\t\t\t\t\t\t\t\t\t<\/div>\n\t\t\t\t\t\t\t\t\t\t\t\t\t\t\t\t\t\t\t<\/a>\n\t\t\t\t\t\t\t\t<\/div>\n\t\t\t\t\t\t\t<\/div>\n\t\t\t\t\t\t\t\t\t\t\t\t\t\t\t\t\t\t\t\t<div class=\"grid__item js-grid__item grid__item_desktop-4 grid__item_tablet-6 grid__item_mobile-12 \">\n\t\t\t\t\t\t\t\t\t\t\t\t\t\t\t\t<div class=\"section-grid__item\">\n\t\t\t\t\t\t\t\t\t<a data-arts-cursor=\"true\" data-arts-cursor-scale=\"1.6\" data-arts-cursor-hide-native=\"true\" data-arts-cursor-icon=\"material-icons add\" class=\"hover-zoom grid__item-link\" href=\"https:\/\/www.david-olkarny.com\/wp-content\/uploads\/2024\/11\/photographe-mariage-belgique-couple-bouquet-rire.jpg\" data-size=\"1107x1600\" data-elementor-open-lightbox=\"no\">\n\t\t\t\t\t\t\t\t\t\t<div class=\"hover-zoom__inner\">\n\t\t\t\t\t\t\t\t\t\t\t<div class=\"hover-zoom__zoom\">\n\t\t\t\t\t\t\t\t\t\t\t\t\t\t\t\t\t<div class=\"section section-image figure-image\" data-arts-parallax=true data-arts-parallax-factor=0.1>\n\t\t\t\t\t\t\t\t\t\t\t\t\t\t<div class=\"section-image__wrapper overflow mask-reveal lazy\"  style=\"padding-bottom: calc( (1600 \/ 1107) * 100% ); height: 0;\">\n\t\t\t\t\t\t\t\t\t\t\t\t\t<div class=\"mask-reveal__layer mask-reveal__layer-1\">\n\t\t\t\t\t\t<div class=\"mask-reveal__layer mask-reveal__layer-2\">\n\t\t\t\t\t\t\t\t\t\t\t\t\t\t\t\t\t\t<img loading=\"lazy\" decoding=\"async\" class=\"\" src=\"data:image\/png;base64,iVBORw0KGgoAAAANSUhEUgAAAAEAAAABCAQAAAHCGzyUAAAABGdBTUEAALGPC\/xhBQAAADhlWElmTU0AKgAAAAgAAYdpAAQAAAABAAAAGgAAAAAAAqACAAQAAAABAAAAAaADAAQAAAABAAAAAQAAAADa6r\/EAAAAC0lEQVQI12NolQQAASYAn89qhTcAAAAASUVORK5CYII=\" data-id=\"2985\" data-src=\"https:\/\/www.david-olkarny.com\/wp-content\/uploads\/2024\/11\/photographe-mariage-belgique-couple-bouquet-rire.jpg\" width=\"1107\" height=\"1600\"  data-srcset=\"https:\/\/www.david-olkarny.com\/wp-content\/uploads\/2024\/11\/photographe-mariage-belgique-couple-bouquet-rire.jpg 1107w, https:\/\/www.david-olkarny.com\/wp-content\/uploads\/2024\/11\/photographe-mariage-belgique-couple-bouquet-rire-600x867.jpg 600w, https:\/\/www.david-olkarny.com\/wp-content\/uploads\/2024\/11\/photographe-mariage-belgique-couple-bouquet-rire-346x500.jpg 346w, https:\/\/www.david-olkarny.com\/wp-content\/uploads\/2024\/11\/photographe-mariage-belgique-couple-bouquet-rire-830x1200.jpg 830w, https:\/\/www.david-olkarny.com\/wp-content\/uploads\/2024\/11\/photographe-mariage-belgique-couple-bouquet-rire-768x1110.jpg 768w, https:\/\/www.david-olkarny.com\/wp-content\/uploads\/2024\/11\/photographe-mariage-belgique-couple-bouquet-rire-1063x1536.jpg 1063w\"   data-sizes=\"(max-width: 1107px) 100vw, 1107px\"  alt=\"photographe-mariage-belgique-couple-bouquet-rire\"\/>\n\t\t\t\t\t\t\t\t\t\t\t\t\t\t\t\t\t\t\t\t\t\t\t\t\t\t\t\t\t\t\t\t\t\t<\/div>\n\t\t\t\t\t<\/div>\n\t\t\t\t\t\t\t\t<\/div>\n\t\t\t\t\t\t\t\t\t\t\t\t\t\t<\/div>\n\t\t\t\t\t\t\t\t\t\t\t\t\t\t\t<\/div>\n\t\t\t\t\t\t\t\t\t\t<\/div>\n\t\t\t\t\t\t\t\t\t\t\t\t\t\t\t\t\t\t\t<\/a>\n\t\t\t\t\t\t\t\t<\/div>\n\t\t\t\t\t\t\t<\/div>\n\t\t\t\t\t\t\t\t\t\t\t\t\t\t\t\t\t\t\t\t<div class=\"grid__item js-grid__item grid__item_desktop-4 grid__item_tablet-6 grid__item_mobile-12 \">\n\t\t\t\t\t\t\t\t\t\t\t\t\t\t\t\t<div class=\"section-grid__item\">\n\t\t\t\t\t\t\t\t\t<a data-arts-cursor=\"true\" data-arts-cursor-scale=\"1.6\" data-arts-cursor-hide-native=\"true\" data-arts-cursor-icon=\"material-icons add\" class=\"hover-zoom grid__item-link\" href=\"https:\/\/www.david-olkarny.com\/wp-content\/uploads\/2024\/11\/photographe-mariage-belgique-couple-danse-bonheur.jpg\" data-size=\"1600x1067\" data-elementor-open-lightbox=\"no\">\n\t\t\t\t\t\t\t\t\t\t<div class=\"hover-zoom__inner\">\n\t\t\t\t\t\t\t\t\t\t\t<div class=\"hover-zoom__zoom\">\n\t\t\t\t\t\t\t\t\t\t\t\t\t\t\t\t\t<div class=\"section section-image figure-image\" data-arts-parallax=true data-arts-parallax-factor=0.1>\n\t\t\t\t\t\t\t\t\t\t\t\t\t\t<div class=\"section-image__wrapper overflow mask-reveal lazy\"  style=\"padding-bottom: calc( (1067 \/ 1600) * 100% ); height: 0;\">\n\t\t\t\t\t\t\t\t\t\t\t\t\t<div class=\"mask-reveal__layer mask-reveal__layer-1\">\n\t\t\t\t\t\t<div class=\"mask-reveal__layer mask-reveal__layer-2\">\n\t\t\t\t\t\t\t\t\t\t\t\t\t\t\t\t\t\t<img loading=\"lazy\" decoding=\"async\" class=\"\" src=\"data:image\/png;base64,iVBORw0KGgoAAAANSUhEUgAAAAEAAAABCAQAAAHCGzyUAAAABGdBTUEAALGPC\/xhBQAAADhlWElmTU0AKgAAAAgAAYdpAAQAAAABAAAAGgAAAAAAAqACAAQAAAABAAAAAaADAAQAAAABAAAAAQAAAADa6r\/EAAAAC0lEQVQI12NolQQAASYAn89qhTcAAAAASUVORK5CYII=\" data-id=\"2994\" data-src=\"https:\/\/www.david-olkarny.com\/wp-content\/uploads\/2024\/11\/photographe-mariage-belgique-couple-danse-bonheur.jpg\" width=\"1600\" height=\"1067\"  data-srcset=\"https:\/\/www.david-olkarny.com\/wp-content\/uploads\/2024\/11\/photographe-mariage-belgique-couple-danse-bonheur.jpg 1600w, https:\/\/www.david-olkarny.com\/wp-content\/uploads\/2024\/11\/photographe-mariage-belgique-couple-danse-bonheur-600x400.jpg 600w, https:\/\/www.david-olkarny.com\/wp-content\/uploads\/2024\/11\/photographe-mariage-belgique-couple-danse-bonheur-500x333.jpg 500w, https:\/\/www.david-olkarny.com\/wp-content\/uploads\/2024\/11\/photographe-mariage-belgique-couple-danse-bonheur-1200x800.jpg 1200w, https:\/\/www.david-olkarny.com\/wp-content\/uploads\/2024\/11\/photographe-mariage-belgique-couple-danse-bonheur-768x512.jpg 768w, https:\/\/www.david-olkarny.com\/wp-content\/uploads\/2024\/11\/photographe-mariage-belgique-couple-danse-bonheur-1536x1024.jpg 1536w\"   data-sizes=\"(max-width: 1600px) 100vw, 1600px\"  alt=\"photographe-mariage-belgique-couple-danse-bonheur\"\/>\n\t\t\t\t\t\t\t\t\t\t\t\t\t\t\t\t\t\t\t\t\t\t\t\t\t\t\t\t\t\t\t\t\t\t<\/div>\n\t\t\t\t\t<\/div>\n\t\t\t\t\t\t\t\t<\/div>\n\t\t\t\t\t\t\t\t\t\t\t\t\t\t<\/div>\n\t\t\t\t\t\t\t\t\t\t\t\t\t\t\t<\/div>\n\t\t\t\t\t\t\t\t\t\t<\/div>\n\t\t\t\t\t\t\t\t\t\t\t\t\t\t\t\t\t\t\t<\/a>\n\t\t\t\t\t\t\t\t<\/div>\n\t\t\t\t\t\t\t<\/div>\n\t\t\t\t\t\t\t\t\t\t\t\t\t\t\t\t\t\t\t\t<div class=\"grid__item js-grid__item grid__item_desktop-4 grid__item_tablet-6 grid__item_mobile-12 \">\n\t\t\t\t\t\t\t\t\t\t\t\t\t\t\t\t<div class=\"section-grid__item\">\n\t\t\t\t\t\t\t\t\t<a data-arts-cursor=\"true\" data-arts-cursor-scale=\"1.6\" data-arts-cursor-hide-native=\"true\" data-arts-cursor-icon=\"material-icons add\" class=\"hover-zoom grid__item-link\" href=\"https:\/\/www.david-olkarny.com\/wp-content\/uploads\/2024\/11\/photographe-mariage-belgique-couple-danse-france.jpg\" data-size=\"1067x1600\" data-elementor-open-lightbox=\"no\">\n\t\t\t\t\t\t\t\t\t\t<div class=\"hover-zoom__inner\">\n\t\t\t\t\t\t\t\t\t\t\t<div class=\"hover-zoom__zoom\">\n\t\t\t\t\t\t\t\t\t\t\t\t\t\t\t\t\t<div class=\"section section-image figure-image\" data-arts-parallax=true data-arts-parallax-factor=0.1>\n\t\t\t\t\t\t\t\t\t\t\t\t\t\t<div class=\"section-image__wrapper overflow mask-reveal lazy\"  style=\"padding-bottom: calc( (1600 \/ 1067) * 100% ); height: 0;\">\n\t\t\t\t\t\t\t\t\t\t\t\t\t<div class=\"mask-reveal__layer mask-reveal__layer-1\">\n\t\t\t\t\t\t<div class=\"mask-reveal__layer mask-reveal__layer-2\">\n\t\t\t\t\t\t\t\t\t\t\t\t\t\t\t\t\t\t<img loading=\"lazy\" decoding=\"async\" class=\"\" src=\"data:image\/png;base64,iVBORw0KGgoAAAANSUhEUgAAAAEAAAABCAQAAAHCGzyUAAAABGdBTUEAALGPC\/xhBQAAADhlWElmTU0AKgAAAAgAAYdpAAQAAAABAAAAGgAAAAAAAqACAAQAAAABAAAAAaADAAQAAAABAAAAAQAAAADa6r\/EAAAAC0lEQVQI12NolQQAASYAn89qhTcAAAAASUVORK5CYII=\" data-id=\"2995\" data-src=\"https:\/\/www.david-olkarny.com\/wp-content\/uploads\/2024\/11\/photographe-mariage-belgique-couple-danse-france.jpg\" width=\"1067\" height=\"1600\"  data-srcset=\"https:\/\/www.david-olkarny.com\/wp-content\/uploads\/2024\/11\/photographe-mariage-belgique-couple-danse-france.jpg 1067w, https:\/\/www.david-olkarny.com\/wp-content\/uploads\/2024\/11\/photographe-mariage-belgique-couple-danse-france-600x900.jpg 600w, https:\/\/www.david-olkarny.com\/wp-content\/uploads\/2024\/11\/photographe-mariage-belgique-couple-danse-france-333x500.jpg 333w, https:\/\/www.david-olkarny.com\/wp-content\/uploads\/2024\/11\/photographe-mariage-belgique-couple-danse-france-800x1200.jpg 800w, https:\/\/www.david-olkarny.com\/wp-content\/uploads\/2024\/11\/photographe-mariage-belgique-couple-danse-france-768x1152.jpg 768w, https:\/\/www.david-olkarny.com\/wp-content\/uploads\/2024\/11\/photographe-mariage-belgique-couple-danse-france-1024x1536.jpg 1024w\"   data-sizes=\"(max-width: 1067px) 100vw, 1067px\"  alt=\"photographe-mariage-belgique-couple-danse-france\"\/>\n\t\t\t\t\t\t\t\t\t\t\t\t\t\t\t\t\t\t\t\t\t\t\t\t\t\t\t\t\t\t\t\t\t\t<\/div>\n\t\t\t\t\t<\/div>\n\t\t\t\t\t\t\t\t<\/div>\n\t\t\t\t\t\t\t\t\t\t\t\t\t\t<\/div>\n\t\t\t\t\t\t\t\t\t\t\t\t\t\t\t<\/div>\n\t\t\t\t\t\t\t\t\t\t<\/div>\n\t\t\t\t\t\t\t\t\t\t\t\t\t\t\t\t\t\t\t<\/a>\n\t\t\t\t\t\t\t\t<\/div>\n\t\t\t\t\t\t\t<\/div>\n\t\t\t\t\t\t\t\t\t\t\t\t\t\t\t\t\t\t\t\t<div class=\"grid__item js-grid__item grid__item_desktop-4 grid__item_tablet-6 grid__item_mobile-12 \">\n\t\t\t\t\t\t\t\t\t\t\t\t\t\t\t\t<div class=\"section-grid__item\">\n\t\t\t\t\t\t\t\t\t<a data-arts-cursor=\"true\" data-arts-cursor-scale=\"1.6\" data-arts-cursor-hide-native=\"true\" data-arts-cursor-icon=\"material-icons add\" class=\"hover-zoom grid__item-link\" href=\"https:\/\/www.david-olkarny.com\/wp-content\/uploads\/2024\/11\/photographe-mariage-belgique-couple-eau-fontaine.jpg\" data-size=\"1067x1600\" data-elementor-open-lightbox=\"no\">\n\t\t\t\t\t\t\t\t\t\t<div class=\"hover-zoom__inner\">\n\t\t\t\t\t\t\t\t\t\t\t<div class=\"hover-zoom__zoom\">\n\t\t\t\t\t\t\t\t\t\t\t\t\t\t\t\t\t<div class=\"section section-image figure-image\" data-arts-parallax=true data-arts-parallax-factor=0.1>\n\t\t\t\t\t\t\t\t\t\t\t\t\t\t<div class=\"section-image__wrapper overflow mask-reveal lazy\"  style=\"padding-bottom: calc( (1600 \/ 1067) * 100% ); height: 0;\">\n\t\t\t\t\t\t\t\t\t\t\t\t\t<div class=\"mask-reveal__layer mask-reveal__layer-1\">\n\t\t\t\t\t\t<div class=\"mask-reveal__layer mask-reveal__layer-2\">\n\t\t\t\t\t\t\t\t\t\t\t\t\t\t\t\t\t\t<img loading=\"lazy\" decoding=\"async\" class=\"\" src=\"data:image\/png;base64,iVBORw0KGgoAAAANSUhEUgAAAAEAAAABCAQAAAHCGzyUAAAABGdBTUEAALGPC\/xhBQAAADhlWElmTU0AKgAAAAgAAYdpAAQAAAABAAAAGgAAAAAAAqACAAQAAAABAAAAAaADAAQAAAABAAAAAQAAAADa6r\/EAAAAC0lEQVQI12NolQQAASYAn89qhTcAAAAASUVORK5CYII=\" data-id=\"2996\" data-src=\"https:\/\/www.david-olkarny.com\/wp-content\/uploads\/2024\/11\/photographe-mariage-belgique-couple-eau-fontaine.jpg\" width=\"1067\" height=\"1600\"  data-srcset=\"https:\/\/www.david-olkarny.com\/wp-content\/uploads\/2024\/11\/photographe-mariage-belgique-couple-eau-fontaine.jpg 1067w, https:\/\/www.david-olkarny.com\/wp-content\/uploads\/2024\/11\/photographe-mariage-belgique-couple-eau-fontaine-600x900.jpg 600w, https:\/\/www.david-olkarny.com\/wp-content\/uploads\/2024\/11\/photographe-mariage-belgique-couple-eau-fontaine-333x500.jpg 333w, https:\/\/www.david-olkarny.com\/wp-content\/uploads\/2024\/11\/photographe-mariage-belgique-couple-eau-fontaine-800x1200.jpg 800w, https:\/\/www.david-olkarny.com\/wp-content\/uploads\/2024\/11\/photographe-mariage-belgique-couple-eau-fontaine-768x1152.jpg 768w, https:\/\/www.david-olkarny.com\/wp-content\/uploads\/2024\/11\/photographe-mariage-belgique-couple-eau-fontaine-1024x1536.jpg 1024w\"   data-sizes=\"(max-width: 1067px) 100vw, 1067px\"  alt=\"photographe-mariage-belgique-couple-eau-fontaine\"\/>\n\t\t\t\t\t\t\t\t\t\t\t\t\t\t\t\t\t\t\t\t\t\t\t\t\t\t\t\t\t\t\t\t\t\t<\/div>\n\t\t\t\t\t<\/div>\n\t\t\t\t\t\t\t\t<\/div>\n\t\t\t\t\t\t\t\t\t\t\t\t\t\t<\/div>\n\t\t\t\t\t\t\t\t\t\t\t\t\t\t\t<\/div>\n\t\t\t\t\t\t\t\t\t\t<\/div>\n\t\t\t\t\t\t\t\t\t\t\t\t\t\t\t\t\t\t\t<\/a>\n\t\t\t\t\t\t\t\t<\/div>\n\t\t\t\t\t\t\t<\/div>\n\t\t\t\t\t\t\t\t\t\t\t\t\t\t\t\t\t\t\t\t<div class=\"grid__item js-grid__item grid__item_desktop-4 grid__item_tablet-6 grid__item_mobile-12 \">\n\t\t\t\t\t\t\t\t\t\t\t\t\t\t\t\t<div class=\"section-grid__item\">\n\t\t\t\t\t\t\t\t\t<a data-arts-cursor=\"true\" data-arts-cursor-scale=\"1.6\" data-arts-cursor-hide-native=\"true\" data-arts-cursor-icon=\"material-icons add\" class=\"hover-zoom grid__item-link\" href=\"https:\/\/www.david-olkarny.com\/wp-content\/uploads\/2024\/11\/photographe-mariage-belgique-couple-gazon-folie.jpg\" data-size=\"1600x1067\" data-elementor-open-lightbox=\"no\">\n\t\t\t\t\t\t\t\t\t\t<div class=\"hover-zoom__inner\">\n\t\t\t\t\t\t\t\t\t\t\t<div class=\"hover-zoom__zoom\">\n\t\t\t\t\t\t\t\t\t\t\t\t\t\t\t\t\t<div class=\"section section-image figure-image\" data-arts-parallax=true data-arts-parallax-factor=0.1>\n\t\t\t\t\t\t\t\t\t\t\t\t\t\t<div class=\"section-image__wrapper overflow mask-reveal lazy\"  style=\"padding-bottom: calc( (1067 \/ 1600) * 100% ); height: 0;\">\n\t\t\t\t\t\t\t\t\t\t\t\t\t<div class=\"mask-reveal__layer mask-reveal__layer-1\">\n\t\t\t\t\t\t<div class=\"mask-reveal__layer mask-reveal__layer-2\">\n\t\t\t\t\t\t\t\t\t\t\t\t\t\t\t\t\t\t<img loading=\"lazy\" decoding=\"async\" class=\"\" src=\"data:image\/png;base64,iVBORw0KGgoAAAANSUhEUgAAAAEAAAABCAQAAAHCGzyUAAAABGdBTUEAALGPC\/xhBQAAADhlWElmTU0AKgAAAAgAAYdpAAQAAAABAAAAGgAAAAAAAqACAAQAAAABAAAAAaADAAQAAAABAAAAAQAAAADa6r\/EAAAAC0lEQVQI12NolQQAASYAn89qhTcAAAAASUVORK5CYII=\" data-id=\"3005\" data-src=\"https:\/\/www.david-olkarny.com\/wp-content\/uploads\/2024\/11\/photographe-mariage-belgique-couple-gazon-folie.jpg\" width=\"1600\" height=\"1067\"  data-srcset=\"https:\/\/www.david-olkarny.com\/wp-content\/uploads\/2024\/11\/photographe-mariage-belgique-couple-gazon-folie.jpg 1600w, https:\/\/www.david-olkarny.com\/wp-content\/uploads\/2024\/11\/photographe-mariage-belgique-couple-gazon-folie-600x400.jpg 600w, https:\/\/www.david-olkarny.com\/wp-content\/uploads\/2024\/11\/photographe-mariage-belgique-couple-gazon-folie-500x333.jpg 500w, https:\/\/www.david-olkarny.com\/wp-content\/uploads\/2024\/11\/photographe-mariage-belgique-couple-gazon-folie-1200x800.jpg 1200w, https:\/\/www.david-olkarny.com\/wp-content\/uploads\/2024\/11\/photographe-mariage-belgique-couple-gazon-folie-768x512.jpg 768w, https:\/\/www.david-olkarny.com\/wp-content\/uploads\/2024\/11\/photographe-mariage-belgique-couple-gazon-folie-1536x1024.jpg 1536w\"   data-sizes=\"(max-width: 1600px) 100vw, 1600px\"  alt=\"photographe-mariage-belgique-couple-gazon-folie\"\/>\n\t\t\t\t\t\t\t\t\t\t\t\t\t\t\t\t\t\t\t\t\t\t\t\t\t\t\t\t\t\t\t\t\t\t<\/div>\n\t\t\t\t\t<\/div>\n\t\t\t\t\t\t\t\t<\/div>\n\t\t\t\t\t\t\t\t\t\t\t\t\t\t<\/div>\n\t\t\t\t\t\t\t\t\t\t\t\t\t\t\t<\/div>\n\t\t\t\t\t\t\t\t\t\t<\/div>\n\t\t\t\t\t\t\t\t\t\t\t\t\t\t\t\t\t\t\t<\/a>\n\t\t\t\t\t\t\t\t<\/div>\n\t\t\t\t\t\t\t<\/div>\n\t\t\t\t\t\t\t\t\t\t\t\t\t\t\t\t\t\t\t\t<div class=\"grid__item js-grid__item grid__item_desktop-4 grid__item_tablet-6 grid__item_mobile-12 \">\n\t\t\t\t\t\t\t\t\t\t\t\t\t\t\t\t<div class=\"section-grid__item\">\n\t\t\t\t\t\t\t\t\t<a data-arts-cursor=\"true\" data-arts-cursor-scale=\"1.6\" data-arts-cursor-hide-native=\"true\" data-arts-cursor-icon=\"material-icons add\" class=\"hover-zoom grid__item-link\" href=\"https:\/\/www.david-olkarny.com\/wp-content\/uploads\/2024\/11\/photographe-mariage-belgique-couple-fumigene-bonheur.jpg\" data-size=\"1067x1600\" data-elementor-open-lightbox=\"no\">\n\t\t\t\t\t\t\t\t\t\t<div class=\"hover-zoom__inner\">\n\t\t\t\t\t\t\t\t\t\t\t<div class=\"hover-zoom__zoom\">\n\t\t\t\t\t\t\t\t\t\t\t\t\t\t\t\t\t<div class=\"section section-image figure-image\" data-arts-parallax=true data-arts-parallax-factor=0.1>\n\t\t\t\t\t\t\t\t\t\t\t\t\t\t<div class=\"section-image__wrapper overflow mask-reveal lazy\"  style=\"padding-bottom: calc( (1600 \/ 1067) * 100% ); height: 0;\">\n\t\t\t\t\t\t\t\t\t\t\t\t\t<div class=\"mask-reveal__layer mask-reveal__layer-1\">\n\t\t\t\t\t\t<div class=\"mask-reveal__layer mask-reveal__layer-2\">\n\t\t\t\t\t\t\t\t\t\t\t\t\t\t\t\t\t\t<img loading=\"lazy\" decoding=\"async\" class=\"\" src=\"data:image\/png;base64,iVBORw0KGgoAAAANSUhEUgAAAAEAAAABCAQAAAHCGzyUAAAABGdBTUEAALGPC\/xhBQAAADhlWElmTU0AKgAAAAgAAYdpAAQAAAABAAAAGgAAAAAAAqACAAQAAAABAAAAAaADAAQAAAABAAAAAQAAAADa6r\/EAAAAC0lEQVQI12NolQQAASYAn89qhTcAAAAASUVORK5CYII=\" data-id=\"3004\" data-src=\"https:\/\/www.david-olkarny.com\/wp-content\/uploads\/2024\/11\/photographe-mariage-belgique-couple-fumigene-bonheur.jpg\" width=\"1067\" height=\"1600\"  data-srcset=\"https:\/\/www.david-olkarny.com\/wp-content\/uploads\/2024\/11\/photographe-mariage-belgique-couple-fumigene-bonheur.jpg 1067w, https:\/\/www.david-olkarny.com\/wp-content\/uploads\/2024\/11\/photographe-mariage-belgique-couple-fumigene-bonheur-600x900.jpg 600w, https:\/\/www.david-olkarny.com\/wp-content\/uploads\/2024\/11\/photographe-mariage-belgique-couple-fumigene-bonheur-333x500.jpg 333w, https:\/\/www.david-olkarny.com\/wp-content\/uploads\/2024\/11\/photographe-mariage-belgique-couple-fumigene-bonheur-800x1200.jpg 800w, https:\/\/www.david-olkarny.com\/wp-content\/uploads\/2024\/11\/photographe-mariage-belgique-couple-fumigene-bonheur-768x1152.jpg 768w, https:\/\/www.david-olkarny.com\/wp-content\/uploads\/2024\/11\/photographe-mariage-belgique-couple-fumigene-bonheur-1024x1536.jpg 1024w\"   data-sizes=\"(max-width: 1067px) 100vw, 1067px\"  alt=\"photographe-mariage-belgique-couple-fumigene-bonheur\"\/>\n\t\t\t\t\t\t\t\t\t\t\t\t\t\t\t\t\t\t\t\t\t\t\t\t\t\t\t\t\t\t\t\t\t\t<\/div>\n\t\t\t\t\t<\/div>\n\t\t\t\t\t\t\t\t<\/div>\n\t\t\t\t\t\t\t\t\t\t\t\t\t\t<\/div>\n\t\t\t\t\t\t\t\t\t\t\t\t\t\t\t<\/div>\n\t\t\t\t\t\t\t\t\t\t<\/div>\n\t\t\t\t\t\t\t\t\t\t\t\t\t\t\t\t\t\t\t<\/a>\n\t\t\t\t\t\t\t\t<\/div>\n\t\t\t\t\t\t\t<\/div>\n\t\t\t\t\t\t\t\t\t\t\t\t\t\t\t\t\t\t\t\t<div class=\"grid__item js-grid__item grid__item_desktop-4 grid__item_tablet-6 grid__item_mobile-12 \">\n\t\t\t\t\t\t\t\t\t\t\t\t\t\t\t\t<div class=\"section-grid__item\">\n\t\t\t\t\t\t\t\t\t<a data-arts-cursor=\"true\" data-arts-cursor-scale=\"1.6\" data-arts-cursor-hide-native=\"true\" data-arts-cursor-icon=\"material-icons add\" class=\"hover-zoom grid__item-link\" href=\"https:\/\/www.david-olkarny.com\/wp-content\/uploads\/2024\/11\/photographe-mariage-belgique-couple-fumigene-bleu.jpg\" data-size=\"1280x1600\" data-elementor-open-lightbox=\"no\">\n\t\t\t\t\t\t\t\t\t\t<div class=\"hover-zoom__inner\">\n\t\t\t\t\t\t\t\t\t\t\t<div class=\"hover-zoom__zoom\">\n\t\t\t\t\t\t\t\t\t\t\t\t\t\t\t\t\t<div class=\"section section-image figure-image\" data-arts-parallax=true data-arts-parallax-factor=0.1>\n\t\t\t\t\t\t\t\t\t\t\t\t\t\t<div class=\"section-image__wrapper overflow mask-reveal lazy\"  style=\"padding-bottom: calc( (1600 \/ 1280) * 100% ); height: 0;\">\n\t\t\t\t\t\t\t\t\t\t\t\t\t<div class=\"mask-reveal__layer mask-reveal__layer-1\">\n\t\t\t\t\t\t<div class=\"mask-reveal__layer mask-reveal__layer-2\">\n\t\t\t\t\t\t\t\t\t\t\t\t\t\t\t\t\t\t<img loading=\"lazy\" decoding=\"async\" class=\"\" src=\"data:image\/png;base64,iVBORw0KGgoAAAANSUhEUgAAAAEAAAABCAQAAAHCGzyUAAAABGdBTUEAALGPC\/xhBQAAADhlWElmTU0AKgAAAAgAAYdpAAQAAAABAAAAGgAAAAAAAqACAAQAAAABAAAAAaADAAQAAAABAAAAAQAAAADa6r\/EAAAAC0lEQVQI12NolQQAASYAn89qhTcAAAAASUVORK5CYII=\" data-id=\"3003\" data-src=\"https:\/\/www.david-olkarny.com\/wp-content\/uploads\/2024\/11\/photographe-mariage-belgique-couple-fumigene-bleu.jpg\" width=\"1280\" height=\"1600\"  data-srcset=\"https:\/\/www.david-olkarny.com\/wp-content\/uploads\/2024\/11\/photographe-mariage-belgique-couple-fumigene-bleu.jpg 1280w, https:\/\/www.david-olkarny.com\/wp-content\/uploads\/2024\/11\/photographe-mariage-belgique-couple-fumigene-bleu-600x750.jpg 600w, https:\/\/www.david-olkarny.com\/wp-content\/uploads\/2024\/11\/photographe-mariage-belgique-couple-fumigene-bleu-400x500.jpg 400w, https:\/\/www.david-olkarny.com\/wp-content\/uploads\/2024\/11\/photographe-mariage-belgique-couple-fumigene-bleu-960x1200.jpg 960w, https:\/\/www.david-olkarny.com\/wp-content\/uploads\/2024\/11\/photographe-mariage-belgique-couple-fumigene-bleu-768x960.jpg 768w, https:\/\/www.david-olkarny.com\/wp-content\/uploads\/2024\/11\/photographe-mariage-belgique-couple-fumigene-bleu-1229x1536.jpg 1229w\"   data-sizes=\"(max-width: 1280px) 100vw, 1280px\"  alt=\"photographe-mariage-belgique-couple-fumigene-bleu\"\/>\n\t\t\t\t\t\t\t\t\t\t\t\t\t\t\t\t\t\t\t\t\t\t\t\t\t\t\t\t\t\t\t\t\t\t<\/div>\n\t\t\t\t\t<\/div>\n\t\t\t\t\t\t\t\t<\/div>\n\t\t\t\t\t\t\t\t\t\t\t\t\t\t<\/div>\n\t\t\t\t\t\t\t\t\t\t\t\t\t\t\t<\/div>\n\t\t\t\t\t\t\t\t\t\t<\/div>\n\t\t\t\t\t\t\t\t\t\t\t\t\t\t\t\t\t\t\t<\/a>\n\t\t\t\t\t\t\t\t<\/div>\n\t\t\t\t\t\t\t<\/div>\n\t\t\t\t\t\t\t\t\t\t\t\t\t\t\t\t\t\t\t\t<div class=\"grid__item js-grid__item grid__item_desktop-4 grid__item_tablet-6 grid__item_mobile-12 \">\n\t\t\t\t\t\t\t\t\t\t\t\t\t\t\t\t<div class=\"section-grid__item\">\n\t\t\t\t\t\t\t\t\t<a data-arts-cursor=\"true\" data-arts-cursor-scale=\"1.6\" data-arts-cursor-hide-native=\"true\" data-arts-cursor-icon=\"material-icons add\" class=\"hover-zoom grid__item-link\" href=\"https:\/\/www.david-olkarny.com\/wp-content\/uploads\/2024\/11\/photographe-mariage-belgique-couple-explosion-couleur.jpg\" data-size=\"1280x1600\" data-elementor-open-lightbox=\"no\">\n\t\t\t\t\t\t\t\t\t\t<div class=\"hover-zoom__inner\">\n\t\t\t\t\t\t\t\t\t\t\t<div class=\"hover-zoom__zoom\">\n\t\t\t\t\t\t\t\t\t\t\t\t\t\t\t\t\t<div class=\"section section-image figure-image\" data-arts-parallax=true data-arts-parallax-factor=0.1>\n\t\t\t\t\t\t\t\t\t\t\t\t\t\t<div class=\"section-image__wrapper overflow mask-reveal lazy\"  style=\"padding-bottom: calc( (1600 \/ 1280) * 100% ); height: 0;\">\n\t\t\t\t\t\t\t\t\t\t\t\t\t<div class=\"mask-reveal__layer mask-reveal__layer-1\">\n\t\t\t\t\t\t<div class=\"mask-reveal__layer mask-reveal__layer-2\">\n\t\t\t\t\t\t\t\t\t\t\t\t\t\t\t\t\t\t<img loading=\"lazy\" decoding=\"async\" class=\"\" src=\"data:image\/png;base64,iVBORw0KGgoAAAANSUhEUgAAAAEAAAABCAQAAAHCGzyUAAAABGdBTUEAALGPC\/xhBQAAADhlWElmTU0AKgAAAAgAAYdpAAQAAAABAAAAGgAAAAAAAqACAAQAAAABAAAAAaADAAQAAAABAAAAAQAAAADa6r\/EAAAAC0lEQVQI12NolQQAASYAn89qhTcAAAAASUVORK5CYII=\" data-id=\"2997\" data-src=\"https:\/\/www.david-olkarny.com\/wp-content\/uploads\/2024\/11\/photographe-mariage-belgique-couple-explosion-couleur.jpg\" width=\"1280\" height=\"1600\"  data-srcset=\"https:\/\/www.david-olkarny.com\/wp-content\/uploads\/2024\/11\/photographe-mariage-belgique-couple-explosion-couleur.jpg 1280w, https:\/\/www.david-olkarny.com\/wp-content\/uploads\/2024\/11\/photographe-mariage-belgique-couple-explosion-couleur-600x750.jpg 600w, https:\/\/www.david-olkarny.com\/wp-content\/uploads\/2024\/11\/photographe-mariage-belgique-couple-explosion-couleur-400x500.jpg 400w, https:\/\/www.david-olkarny.com\/wp-content\/uploads\/2024\/11\/photographe-mariage-belgique-couple-explosion-couleur-960x1200.jpg 960w, https:\/\/www.david-olkarny.com\/wp-content\/uploads\/2024\/11\/photographe-mariage-belgique-couple-explosion-couleur-768x960.jpg 768w, https:\/\/www.david-olkarny.com\/wp-content\/uploads\/2024\/11\/photographe-mariage-belgique-couple-explosion-couleur-1229x1536.jpg 1229w\"   data-sizes=\"(max-width: 1280px) 100vw, 1280px\"  alt=\"photographe-mariage-belgique-couple-explosion-couleur\"\/>\n\t\t\t\t\t\t\t\t\t\t\t\t\t\t\t\t\t\t\t\t\t\t\t\t\t\t\t\t\t\t\t\t\t\t<\/div>\n\t\t\t\t\t<\/div>\n\t\t\t\t\t\t\t\t<\/div>\n\t\t\t\t\t\t\t\t\t\t\t\t\t\t<\/div>\n\t\t\t\t\t\t\t\t\t\t\t\t\t\t\t<\/div>\n\t\t\t\t\t\t\t\t\t\t<\/div>\n\t\t\t\t\t\t\t\t\t\t\t\t\t\t\t\t\t\t\t<\/a>\n\t\t\t\t\t\t\t\t<\/div>\n\t\t\t\t\t\t\t<\/div>\n\t\t\t\t\t\t\t\t\t\t\t\t\t\t\t\t\t\t\t\t<div class=\"grid__item js-grid__item grid__item_desktop-4 grid__item_tablet-6 grid__item_mobile-12 \">\n\t\t\t\t\t\t\t\t\t\t\t\t\t\t\t\t<div class=\"section-grid__item\">\n\t\t\t\t\t\t\t\t\t<a data-arts-cursor=\"true\" data-arts-cursor-scale=\"1.6\" data-arts-cursor-hide-native=\"true\" data-arts-cursor-icon=\"material-icons add\" class=\"hover-zoom grid__item-link\" href=\"https:\/\/www.david-olkarny.com\/wp-content\/uploads\/2024\/11\/photographe-mariage-belgique-couple-explosion-folie.jpg\" data-size=\"1067x1600\" data-elementor-open-lightbox=\"no\">\n\t\t\t\t\t\t\t\t\t\t<div class=\"hover-zoom__inner\">\n\t\t\t\t\t\t\t\t\t\t\t<div class=\"hover-zoom__zoom\">\n\t\t\t\t\t\t\t\t\t\t\t\t\t\t\t\t\t<div class=\"section section-image figure-image\" data-arts-parallax=true data-arts-parallax-factor=0.1>\n\t\t\t\t\t\t\t\t\t\t\t\t\t\t<div class=\"section-image__wrapper overflow mask-reveal lazy\"  style=\"padding-bottom: calc( (1600 \/ 1067) * 100% ); height: 0;\">\n\t\t\t\t\t\t\t\t\t\t\t\t\t<div class=\"mask-reveal__layer mask-reveal__layer-1\">\n\t\t\t\t\t\t<div class=\"mask-reveal__layer mask-reveal__layer-2\">\n\t\t\t\t\t\t\t\t\t\t\t\t\t\t\t\t\t\t<img loading=\"lazy\" decoding=\"async\" class=\"\" src=\"data:image\/png;base64,iVBORw0KGgoAAAANSUhEUgAAAAEAAAABCAQAAAHCGzyUAAAABGdBTUEAALGPC\/xhBQAAADhlWElmTU0AKgAAAAgAAYdpAAQAAAABAAAAGgAAAAAAAqACAAQAAAABAAAAAaADAAQAAAABAAAAAQAAAADa6r\/EAAAAC0lEQVQI12NolQQAASYAn89qhTcAAAAASUVORK5CYII=\" data-id=\"2998\" data-src=\"https:\/\/www.david-olkarny.com\/wp-content\/uploads\/2024\/11\/photographe-mariage-belgique-couple-explosion-folie.jpg\" width=\"1067\" height=\"1600\"  data-srcset=\"https:\/\/www.david-olkarny.com\/wp-content\/uploads\/2024\/11\/photographe-mariage-belgique-couple-explosion-folie.jpg 1067w, https:\/\/www.david-olkarny.com\/wp-content\/uploads\/2024\/11\/photographe-mariage-belgique-couple-explosion-folie-600x900.jpg 600w, https:\/\/www.david-olkarny.com\/wp-content\/uploads\/2024\/11\/photographe-mariage-belgique-couple-explosion-folie-333x500.jpg 333w, https:\/\/www.david-olkarny.com\/wp-content\/uploads\/2024\/11\/photographe-mariage-belgique-couple-explosion-folie-800x1200.jpg 800w, https:\/\/www.david-olkarny.com\/wp-content\/uploads\/2024\/11\/photographe-mariage-belgique-couple-explosion-folie-768x1152.jpg 768w, https:\/\/www.david-olkarny.com\/wp-content\/uploads\/2024\/11\/photographe-mariage-belgique-couple-explosion-folie-1024x1536.jpg 1024w\"   data-sizes=\"(max-width: 1067px) 100vw, 1067px\"  alt=\"photographe-mariage-belgique-couple-explosion-folie\"\/>\n\t\t\t\t\t\t\t\t\t\t\t\t\t\t\t\t\t\t\t\t\t\t\t\t\t\t\t\t\t\t\t\t\t\t<\/div>\n\t\t\t\t\t<\/div>\n\t\t\t\t\t\t\t\t<\/div>\n\t\t\t\t\t\t\t\t\t\t\t\t\t\t<\/div>\n\t\t\t\t\t\t\t\t\t\t\t\t\t\t\t<\/div>\n\t\t\t\t\t\t\t\t\t\t<\/div>\n\t\t\t\t\t\t\t\t\t\t\t\t\t\t\t\t\t\t\t<\/a>\n\t\t\t\t\t\t\t\t<\/div>\n\t\t\t\t\t\t\t<\/div>\n\t\t\t\t\t\t\t\t\t\t\t\t\t\t\t\t\t\t\t\t<div class=\"grid__item js-grid__item grid__item_desktop-4 grid__item_tablet-6 grid__item_mobile-12 \">\n\t\t\t\t\t\t\t\t\t\t\t\t\t\t\t\t<div class=\"section-grid__item\">\n\t\t\t\t\t\t\t\t\t<a data-arts-cursor=\"true\" data-arts-cursor-scale=\"1.6\" data-arts-cursor-hide-native=\"true\" data-arts-cursor-icon=\"material-icons add\" class=\"hover-zoom grid__item-link\" href=\"https:\/\/www.david-olkarny.com\/wp-content\/uploads\/2024\/11\/photographe-mariage-belgique-couple-famille-enfant.jpg\" data-size=\"1600x1041\" data-elementor-open-lightbox=\"no\">\n\t\t\t\t\t\t\t\t\t\t<div class=\"hover-zoom__inner\">\n\t\t\t\t\t\t\t\t\t\t\t<div class=\"hover-zoom__zoom\">\n\t\t\t\t\t\t\t\t\t\t\t\t\t\t\t\t\t<div class=\"section section-image figure-image\" data-arts-parallax=true data-arts-parallax-factor=0.1>\n\t\t\t\t\t\t\t\t\t\t\t\t\t\t<div class=\"section-image__wrapper overflow mask-reveal lazy\"  style=\"padding-bottom: calc( (1041 \/ 1600) * 100% ); height: 0;\">\n\t\t\t\t\t\t\t\t\t\t\t\t\t<div class=\"mask-reveal__layer mask-reveal__layer-1\">\n\t\t\t\t\t\t<div class=\"mask-reveal__layer mask-reveal__layer-2\">\n\t\t\t\t\t\t\t\t\t\t\t\t\t\t\t\t\t\t<img loading=\"lazy\" decoding=\"async\" class=\"\" src=\"data:image\/png;base64,iVBORw0KGgoAAAANSUhEUgAAAAEAAAABCAQAAAHCGzyUAAAABGdBTUEAALGPC\/xhBQAAADhlWElmTU0AKgAAAAgAAYdpAAQAAAABAAAAGgAAAAAAAqACAAQAAAABAAAAAaADAAQAAAABAAAAAQAAAADa6r\/EAAAAC0lEQVQI12NolQQAASYAn89qhTcAAAAASUVORK5CYII=\" data-id=\"2999\" data-src=\"https:\/\/www.david-olkarny.com\/wp-content\/uploads\/2024\/11\/photographe-mariage-belgique-couple-famille-enfant.jpg\" width=\"1600\" height=\"1041\"  data-srcset=\"https:\/\/www.david-olkarny.com\/wp-content\/uploads\/2024\/11\/photographe-mariage-belgique-couple-famille-enfant.jpg 1600w, https:\/\/www.david-olkarny.com\/wp-content\/uploads\/2024\/11\/photographe-mariage-belgique-couple-famille-enfant-600x390.jpg 600w, https:\/\/www.david-olkarny.com\/wp-content\/uploads\/2024\/11\/photographe-mariage-belgique-couple-famille-enfant-500x325.jpg 500w, https:\/\/www.david-olkarny.com\/wp-content\/uploads\/2024\/11\/photographe-mariage-belgique-couple-famille-enfant-1200x781.jpg 1200w, https:\/\/www.david-olkarny.com\/wp-content\/uploads\/2024\/11\/photographe-mariage-belgique-couple-famille-enfant-768x500.jpg 768w, https:\/\/www.david-olkarny.com\/wp-content\/uploads\/2024\/11\/photographe-mariage-belgique-couple-famille-enfant-1536x999.jpg 1536w\"   data-sizes=\"(max-width: 1600px) 100vw, 1600px\"  alt=\"photographe-mariage-belgique-couple-famille-enfant\"\/>\n\t\t\t\t\t\t\t\t\t\t\t\t\t\t\t\t\t\t\t\t\t\t\t\t\t\t\t\t\t\t\t\t\t\t<\/div>\n\t\t\t\t\t<\/div>\n\t\t\t\t\t\t\t\t<\/div>\n\t\t\t\t\t\t\t\t\t\t\t\t\t\t<\/div>\n\t\t\t\t\t\t\t\t\t\t\t\t\t\t\t<\/div>\n\t\t\t\t\t\t\t\t\t\t<\/div>\n\t\t\t\t\t\t\t\t\t\t\t\t\t\t\t\t\t\t\t<\/a>\n\t\t\t\t\t\t\t\t<\/div>\n\t\t\t\t\t\t\t<\/div>\n\t\t\t\t\t\t\t\t\t\t\t\t\t\t\t\t\t\t\t\t<div class=\"grid__item js-grid__item grid__item_desktop-4 grid__item_tablet-6 grid__item_mobile-12 \">\n\t\t\t\t\t\t\t\t\t\t\t\t\t\t\t\t<div class=\"section-grid__item\">\n\t\t\t\t\t\t\t\t\t<a data-arts-cursor=\"true\" data-arts-cursor-scale=\"1.6\" data-arts-cursor-hide-native=\"true\" data-arts-cursor-icon=\"material-icons add\" class=\"hover-zoom grid__item-link\" href=\"https:\/\/www.david-olkarny.com\/wp-content\/uploads\/2024\/11\/photographe-mariage-belgique-couple-fleur-champ.jpg\" data-size=\"1600x1066\" data-elementor-open-lightbox=\"no\">\n\t\t\t\t\t\t\t\t\t\t<div class=\"hover-zoom__inner\">\n\t\t\t\t\t\t\t\t\t\t\t<div class=\"hover-zoom__zoom\">\n\t\t\t\t\t\t\t\t\t\t\t\t\t\t\t\t\t<div class=\"section section-image figure-image\" data-arts-parallax=true data-arts-parallax-factor=0.1>\n\t\t\t\t\t\t\t\t\t\t\t\t\t\t<div class=\"section-image__wrapper overflow mask-reveal lazy\"  style=\"padding-bottom: calc( (1066 \/ 1600) * 100% ); height: 0;\">\n\t\t\t\t\t\t\t\t\t\t\t\t\t<div class=\"mask-reveal__layer mask-reveal__layer-1\">\n\t\t\t\t\t\t<div class=\"mask-reveal__layer mask-reveal__layer-2\">\n\t\t\t\t\t\t\t\t\t\t\t\t\t\t\t\t\t\t<img loading=\"lazy\" decoding=\"async\" class=\"\" src=\"data:image\/png;base64,iVBORw0KGgoAAAANSUhEUgAAAAEAAAABCAQAAAHCGzyUAAAABGdBTUEAALGPC\/xhBQAAADhlWElmTU0AKgAAAAgAAYdpAAQAAAABAAAAGgAAAAAAAqACAAQAAAABAAAAAaADAAQAAAABAAAAAQAAAADa6r\/EAAAAC0lEQVQI12NolQQAASYAn89qhTcAAAAASUVORK5CYII=\" data-id=\"3000\" data-src=\"https:\/\/www.david-olkarny.com\/wp-content\/uploads\/2024\/11\/photographe-mariage-belgique-couple-fleur-champ.jpg\" width=\"1600\" height=\"1066\"  data-srcset=\"https:\/\/www.david-olkarny.com\/wp-content\/uploads\/2024\/11\/photographe-mariage-belgique-couple-fleur-champ.jpg 1600w, https:\/\/www.david-olkarny.com\/wp-content\/uploads\/2024\/11\/photographe-mariage-belgique-couple-fleur-champ-600x400.jpg 600w, https:\/\/www.david-olkarny.com\/wp-content\/uploads\/2024\/11\/photographe-mariage-belgique-couple-fleur-champ-500x333.jpg 500w, https:\/\/www.david-olkarny.com\/wp-content\/uploads\/2024\/11\/photographe-mariage-belgique-couple-fleur-champ-1200x800.jpg 1200w, https:\/\/www.david-olkarny.com\/wp-content\/uploads\/2024\/11\/photographe-mariage-belgique-couple-fleur-champ-768x512.jpg 768w, https:\/\/www.david-olkarny.com\/wp-content\/uploads\/2024\/11\/photographe-mariage-belgique-couple-fleur-champ-1536x1023.jpg 1536w\"   data-sizes=\"(max-width: 1600px) 100vw, 1600px\"  alt=\"photographe-mariage-belgique-couple-fleur-champ\"\/>\n\t\t\t\t\t\t\t\t\t\t\t\t\t\t\t\t\t\t\t\t\t\t\t\t\t\t\t\t\t\t\t\t\t\t<\/div>\n\t\t\t\t\t<\/div>\n\t\t\t\t\t\t\t\t<\/div>\n\t\t\t\t\t\t\t\t\t\t\t\t\t\t<\/div>\n\t\t\t\t\t\t\t\t\t\t\t\t\t\t\t<\/div>\n\t\t\t\t\t\t\t\t\t\t<\/div>\n\t\t\t\t\t\t\t\t\t\t\t\t\t\t\t\t\t\t\t<\/a>\n\t\t\t\t\t\t\t\t<\/div>\n\t\t\t\t\t\t\t<\/div>\n\t\t\t\t\t\t\t\t\t\t\t\t\t\t\t\t\t\t\t\t<div class=\"grid__item js-grid__item grid__item_desktop-4 grid__item_tablet-6 grid__item_mobile-12 \">\n\t\t\t\t\t\t\t\t\t\t\t\t\t\t\t\t<div class=\"section-grid__item\">\n\t\t\t\t\t\t\t\t\t<a data-arts-cursor=\"true\" data-arts-cursor-scale=\"1.6\" data-arts-cursor-hide-native=\"true\" data-arts-cursor-icon=\"material-icons add\" class=\"hover-zoom grid__item-link\" href=\"https:\/\/www.david-olkarny.com\/wp-content\/uploads\/2024\/11\/photographe-mariage-belgique-couple-fontaine-folie.jpg\" data-size=\"1600x1067\" data-elementor-open-lightbox=\"no\">\n\t\t\t\t\t\t\t\t\t\t<div class=\"hover-zoom__inner\">\n\t\t\t\t\t\t\t\t\t\t\t<div class=\"hover-zoom__zoom\">\n\t\t\t\t\t\t\t\t\t\t\t\t\t\t\t\t\t<div class=\"section section-image figure-image\" data-arts-parallax=true data-arts-parallax-factor=0.1>\n\t\t\t\t\t\t\t\t\t\t\t\t\t\t<div class=\"section-image__wrapper overflow mask-reveal lazy\"  style=\"padding-bottom: calc( (1067 \/ 1600) * 100% ); height: 0;\">\n\t\t\t\t\t\t\t\t\t\t\t\t\t<div class=\"mask-reveal__layer mask-reveal__layer-1\">\n\t\t\t\t\t\t<div class=\"mask-reveal__layer mask-reveal__layer-2\">\n\t\t\t\t\t\t\t\t\t\t\t\t\t\t\t\t\t\t<img loading=\"lazy\" decoding=\"async\" class=\"\" src=\"data:image\/png;base64,iVBORw0KGgoAAAANSUhEUgAAAAEAAAABCAQAAAHCGzyUAAAABGdBTUEAALGPC\/xhBQAAADhlWElmTU0AKgAAAAgAAYdpAAQAAAABAAAAGgAAAAAAAqACAAQAAAABAAAAAaADAAQAAAABAAAAAQAAAADa6r\/EAAAAC0lEQVQI12NolQQAASYAn89qhTcAAAAASUVORK5CYII=\" data-id=\"3001\" data-src=\"https:\/\/www.david-olkarny.com\/wp-content\/uploads\/2024\/11\/photographe-mariage-belgique-couple-fontaine-folie.jpg\" width=\"1600\" height=\"1067\"  data-srcset=\"https:\/\/www.david-olkarny.com\/wp-content\/uploads\/2024\/11\/photographe-mariage-belgique-couple-fontaine-folie.jpg 1600w, https:\/\/www.david-olkarny.com\/wp-content\/uploads\/2024\/11\/photographe-mariage-belgique-couple-fontaine-folie-600x400.jpg 600w, https:\/\/www.david-olkarny.com\/wp-content\/uploads\/2024\/11\/photographe-mariage-belgique-couple-fontaine-folie-500x333.jpg 500w, https:\/\/www.david-olkarny.com\/wp-content\/uploads\/2024\/11\/photographe-mariage-belgique-couple-fontaine-folie-1200x800.jpg 1200w, https:\/\/www.david-olkarny.com\/wp-content\/uploads\/2024\/11\/photographe-mariage-belgique-couple-fontaine-folie-768x512.jpg 768w, https:\/\/www.david-olkarny.com\/wp-content\/uploads\/2024\/11\/photographe-mariage-belgique-couple-fontaine-folie-1536x1024.jpg 1536w\"   data-sizes=\"(max-width: 1600px) 100vw, 1600px\"  alt=\"photographe-mariage-belgique-couple-fontaine-folie\"\/>\n\t\t\t\t\t\t\t\t\t\t\t\t\t\t\t\t\t\t\t\t\t\t\t\t\t\t\t\t\t\t\t\t\t\t<\/div>\n\t\t\t\t\t<\/div>\n\t\t\t\t\t\t\t\t<\/div>\n\t\t\t\t\t\t\t\t\t\t\t\t\t\t<\/div>\n\t\t\t\t\t\t\t\t\t\t\t\t\t\t\t<\/div>\n\t\t\t\t\t\t\t\t\t\t<\/div>\n\t\t\t\t\t\t\t\t\t\t\t\t\t\t\t\t\t\t\t<\/a>\n\t\t\t\t\t\t\t\t<\/div>\n\t\t\t\t\t\t\t<\/div>\n\t\t\t\t\t\t\t\t\t\t\t\t\t\t\t\t\t\t\t\t<div class=\"grid__item js-grid__item grid__item_desktop-4 grid__item_tablet-6 grid__item_mobile-12 \">\n\t\t\t\t\t\t\t\t\t\t\t\t\t\t\t\t<div class=\"section-grid__item\">\n\t\t\t\t\t\t\t\t\t<a data-arts-cursor=\"true\" data-arts-cursor-scale=\"1.6\" data-arts-cursor-hide-native=\"true\" data-arts-cursor-icon=\"material-icons add\" class=\"hover-zoom grid__item-link\" href=\"https:\/\/www.david-olkarny.com\/wp-content\/uploads\/2024\/11\/photographe-mariage-belgique-couple-france.jpg\" data-size=\"1164x1600\" data-elementor-open-lightbox=\"no\">\n\t\t\t\t\t\t\t\t\t\t<div class=\"hover-zoom__inner\">\n\t\t\t\t\t\t\t\t\t\t\t<div class=\"hover-zoom__zoom\">\n\t\t\t\t\t\t\t\t\t\t\t\t\t\t\t\t\t<div class=\"section section-image figure-image\" data-arts-parallax=true data-arts-parallax-factor=0.1>\n\t\t\t\t\t\t\t\t\t\t\t\t\t\t<div class=\"section-image__wrapper overflow mask-reveal lazy\"  style=\"padding-bottom: calc( (1600 \/ 1164) * 100% ); height: 0;\">\n\t\t\t\t\t\t\t\t\t\t\t\t\t<div class=\"mask-reveal__layer mask-reveal__layer-1\">\n\t\t\t\t\t\t<div class=\"mask-reveal__layer mask-reveal__layer-2\">\n\t\t\t\t\t\t\t\t\t\t\t\t\t\t\t\t\t\t<img loading=\"lazy\" decoding=\"async\" class=\"\" src=\"data:image\/png;base64,iVBORw0KGgoAAAANSUhEUgAAAAEAAAABCAQAAAHCGzyUAAAABGdBTUEAALGPC\/xhBQAAADhlWElmTU0AKgAAAAgAAYdpAAQAAAABAAAAGgAAAAAAAqACAAQAAAABAAAAAaADAAQAAAABAAAAAQAAAADa6r\/EAAAAC0lEQVQI12NolQQAASYAn89qhTcAAAAASUVORK5CYII=\" data-id=\"3002\" data-src=\"https:\/\/www.david-olkarny.com\/wp-content\/uploads\/2024\/11\/photographe-mariage-belgique-couple-france.jpg\" width=\"1164\" height=\"1600\"  data-srcset=\"https:\/\/www.david-olkarny.com\/wp-content\/uploads\/2024\/11\/photographe-mariage-belgique-couple-france.jpg 1164w, https:\/\/www.david-olkarny.com\/wp-content\/uploads\/2024\/11\/photographe-mariage-belgique-couple-france-600x825.jpg 600w, https:\/\/www.david-olkarny.com\/wp-content\/uploads\/2024\/11\/photographe-mariage-belgique-couple-france-364x500.jpg 364w, https:\/\/www.david-olkarny.com\/wp-content\/uploads\/2024\/11\/photographe-mariage-belgique-couple-france-873x1200.jpg 873w, https:\/\/www.david-olkarny.com\/wp-content\/uploads\/2024\/11\/photographe-mariage-belgique-couple-france-768x1056.jpg 768w, https:\/\/www.david-olkarny.com\/wp-content\/uploads\/2024\/11\/photographe-mariage-belgique-couple-france-1117x1536.jpg 1117w\"   data-sizes=\"(max-width: 1164px) 100vw, 1164px\"  alt=\"photographe-mariage-belgique-couple-france\"\/>\n\t\t\t\t\t\t\t\t\t\t\t\t\t\t\t\t\t\t\t\t\t\t\t\t\t\t\t\t\t\t\t\t\t\t<\/div>\n\t\t\t\t\t<\/div>\n\t\t\t\t\t\t\t\t<\/div>\n\t\t\t\t\t\t\t\t\t\t\t\t\t\t<\/div>\n\t\t\t\t\t\t\t\t\t\t\t\t\t\t\t<\/div>\n\t\t\t\t\t\t\t\t\t\t<\/div>\n\t\t\t\t\t\t\t\t\t\t\t\t\t\t\t\t\t\t\t<\/a>\n\t\t\t\t\t\t\t\t<\/div>\n\t\t\t\t\t\t\t<\/div>\n\t\t\t\t\t\t\t\t\t\t\t\t\t\t\t\t\t\t\t\t<div class=\"grid__item js-grid__item grid__item_desktop-4 grid__item_tablet-6 grid__item_mobile-12 \">\n\t\t\t\t\t\t\t\t\t\t\t\t\t\t\t\t<div class=\"section-grid__item\">\n\t\t\t\t\t\t\t\t\t<a data-arts-cursor=\"true\" data-arts-cursor-scale=\"1.6\" data-arts-cursor-hide-native=\"true\" data-arts-cursor-icon=\"material-icons add\" class=\"hover-zoom grid__item-link\" href=\"https:\/\/www.david-olkarny.com\/wp-content\/uploads\/2024\/11\/photographe-mariage-belgique-couple-coucher-de-soleil.jpg\" data-size=\"1430x1600\" data-elementor-open-lightbox=\"no\">\n\t\t\t\t\t\t\t\t\t\t<div class=\"hover-zoom__inner\">\n\t\t\t\t\t\t\t\t\t\t\t<div class=\"hover-zoom__zoom\">\n\t\t\t\t\t\t\t\t\t\t\t\t\t\t\t\t\t<div class=\"section section-image figure-image\" data-arts-parallax=true data-arts-parallax-factor=0.1>\n\t\t\t\t\t\t\t\t\t\t\t\t\t\t<div class=\"section-image__wrapper overflow mask-reveal lazy\"  style=\"padding-bottom: calc( (1600 \/ 1430) * 100% ); height: 0;\">\n\t\t\t\t\t\t\t\t\t\t\t\t\t<div class=\"mask-reveal__layer mask-reveal__layer-1\">\n\t\t\t\t\t\t<div class=\"mask-reveal__layer mask-reveal__layer-2\">\n\t\t\t\t\t\t\t\t\t\t\t\t\t\t\t\t\t\t<img loading=\"lazy\" decoding=\"async\" class=\"\" src=\"data:image\/png;base64,iVBORw0KGgoAAAANSUhEUgAAAAEAAAABCAQAAAHCGzyUAAAABGdBTUEAALGPC\/xhBQAAADhlWElmTU0AKgAAAAgAAYdpAAQAAAABAAAAGgAAAAAAAqACAAQAAAABAAAAAaADAAQAAAABAAAAAQAAAADa6r\/EAAAAC0lEQVQI12NolQQAASYAn89qhTcAAAAASUVORK5CYII=\" data-id=\"2993\" data-src=\"https:\/\/www.david-olkarny.com\/wp-content\/uploads\/2024\/11\/photographe-mariage-belgique-couple-coucher-de-soleil.jpg\" width=\"1430\" height=\"1600\"  data-srcset=\"https:\/\/www.david-olkarny.com\/wp-content\/uploads\/2024\/11\/photographe-mariage-belgique-couple-coucher-de-soleil.jpg 1430w, https:\/\/www.david-olkarny.com\/wp-content\/uploads\/2024\/11\/photographe-mariage-belgique-couple-coucher-de-soleil-600x671.jpg 600w, https:\/\/www.david-olkarny.com\/wp-content\/uploads\/2024\/11\/photographe-mariage-belgique-couple-coucher-de-soleil-447x500.jpg 447w, https:\/\/www.david-olkarny.com\/wp-content\/uploads\/2024\/11\/photographe-mariage-belgique-couple-coucher-de-soleil-1073x1200.jpg 1073w, https:\/\/www.david-olkarny.com\/wp-content\/uploads\/2024\/11\/photographe-mariage-belgique-couple-coucher-de-soleil-768x859.jpg 768w, https:\/\/www.david-olkarny.com\/wp-content\/uploads\/2024\/11\/photographe-mariage-belgique-couple-coucher-de-soleil-1373x1536.jpg 1373w\"   data-sizes=\"(max-width: 1430px) 100vw, 1430px\"  alt=\"photographe-mariage-belgique-couple-coucher-de-soleil\"\/>\n\t\t\t\t\t\t\t\t\t\t\t\t\t\t\t\t\t\t\t\t\t\t\t\t\t\t\t\t\t\t\t\t\t\t<\/div>\n\t\t\t\t\t<\/div>\n\t\t\t\t\t\t\t\t<\/div>\n\t\t\t\t\t\t\t\t\t\t\t\t\t\t<\/div>\n\t\t\t\t\t\t\t\t\t\t\t\t\t\t\t<\/div>\n\t\t\t\t\t\t\t\t\t\t<\/div>\n\t\t\t\t\t\t\t\t\t\t\t\t\t\t\t\t\t\t\t<\/a>\n\t\t\t\t\t\t\t\t<\/div>\n\t\t\t\t\t\t\t<\/div>\n\t\t\t\t\t\t\t\t\t\t\t\t\t\t\t\t\t\t\t\t<div class=\"grid__item js-grid__item grid__item_desktop-4 grid__item_tablet-6 grid__item_mobile-12 \">\n\t\t\t\t\t\t\t\t\t\t\t\t\t\t\t\t<div class=\"section-grid__item\">\n\t\t\t\t\t\t\t\t\t<a data-arts-cursor=\"true\" data-arts-cursor-scale=\"1.6\" data-arts-cursor-hide-native=\"true\" data-arts-cursor-icon=\"material-icons add\" class=\"hover-zoom grid__item-link\" href=\"https:\/\/www.david-olkarny.com\/wp-content\/uploads\/2024\/11\/photographe-mariage-belgique-couple-costume-robe.jpg\" data-size=\"1600x1067\" data-elementor-open-lightbox=\"no\">\n\t\t\t\t\t\t\t\t\t\t<div class=\"hover-zoom__inner\">\n\t\t\t\t\t\t\t\t\t\t\t<div class=\"hover-zoom__zoom\">\n\t\t\t\t\t\t\t\t\t\t\t\t\t\t\t\t\t<div class=\"section section-image figure-image\" data-arts-parallax=true data-arts-parallax-factor=0.1>\n\t\t\t\t\t\t\t\t\t\t\t\t\t\t<div class=\"section-image__wrapper overflow mask-reveal lazy\"  style=\"padding-bottom: calc( (1067 \/ 1600) * 100% ); height: 0;\">\n\t\t\t\t\t\t\t\t\t\t\t\t\t<div class=\"mask-reveal__layer mask-reveal__layer-1\">\n\t\t\t\t\t\t<div class=\"mask-reveal__layer mask-reveal__layer-2\">\n\t\t\t\t\t\t\t\t\t\t\t\t\t\t\t\t\t\t<img loading=\"lazy\" decoding=\"async\" class=\"\" src=\"data:image\/png;base64,iVBORw0KGgoAAAANSUhEUgAAAAEAAAABCAQAAAHCGzyUAAAABGdBTUEAALGPC\/xhBQAAADhlWElmTU0AKgAAAAgAAYdpAAQAAAABAAAAGgAAAAAAAqACAAQAAAABAAAAAaADAAQAAAABAAAAAQAAAADa6r\/EAAAAC0lEQVQI12NolQQAASYAn89qhTcAAAAASUVORK5CYII=\" data-id=\"2992\" data-src=\"https:\/\/www.david-olkarny.com\/wp-content\/uploads\/2024\/11\/photographe-mariage-belgique-couple-costume-robe.jpg\" width=\"1600\" height=\"1067\"  data-srcset=\"https:\/\/www.david-olkarny.com\/wp-content\/uploads\/2024\/11\/photographe-mariage-belgique-couple-costume-robe.jpg 1600w, https:\/\/www.david-olkarny.com\/wp-content\/uploads\/2024\/11\/photographe-mariage-belgique-couple-costume-robe-600x400.jpg 600w, https:\/\/www.david-olkarny.com\/wp-content\/uploads\/2024\/11\/photographe-mariage-belgique-couple-costume-robe-500x333.jpg 500w, https:\/\/www.david-olkarny.com\/wp-content\/uploads\/2024\/11\/photographe-mariage-belgique-couple-costume-robe-1200x800.jpg 1200w, https:\/\/www.david-olkarny.com\/wp-content\/uploads\/2024\/11\/photographe-mariage-belgique-couple-costume-robe-768x512.jpg 768w, https:\/\/www.david-olkarny.com\/wp-content\/uploads\/2024\/11\/photographe-mariage-belgique-couple-costume-robe-1536x1024.jpg 1536w\"   data-sizes=\"(max-width: 1600px) 100vw, 1600px\"  alt=\"photographe-mariage-belgique-couple-costume-robe\"\/>\n\t\t\t\t\t\t\t\t\t\t\t\t\t\t\t\t\t\t\t\t\t\t\t\t\t\t\t\t\t\t\t\t\t\t<\/div>\n\t\t\t\t\t<\/div>\n\t\t\t\t\t\t\t\t<\/div>\n\t\t\t\t\t\t\t\t\t\t\t\t\t\t<\/div>\n\t\t\t\t\t\t\t\t\t\t\t\t\t\t\t<\/div>\n\t\t\t\t\t\t\t\t\t\t<\/div>\n\t\t\t\t\t\t\t\t\t\t\t\t\t\t\t\t\t\t\t<\/a>\n\t\t\t\t\t\t\t\t<\/div>\n\t\t\t\t\t\t\t<\/div>\n\t\t\t\t\t\t\t\t\t\t\t\t\t\t\t\t\t\t\t\t<div class=\"grid__item js-grid__item grid__item_desktop-4 grid__item_tablet-6 grid__item_mobile-12 \">\n\t\t\t\t\t\t\t\t\t\t\t\t\t\t\t\t<div class=\"section-grid__item\">\n\t\t\t\t\t\t\t\t\t<a data-arts-cursor=\"true\" data-arts-cursor-scale=\"1.6\" data-arts-cursor-hide-native=\"true\" data-arts-cursor-icon=\"material-icons add\" class=\"hover-zoom grid__item-link\" href=\"https:\/\/www.david-olkarny.com\/wp-content\/uploads\/2024\/11\/photographe-mariage-belgique-couple-confetti.jpg\" data-size=\"1600x1069\" data-elementor-open-lightbox=\"no\">\n\t\t\t\t\t\t\t\t\t\t<div class=\"hover-zoom__inner\">\n\t\t\t\t\t\t\t\t\t\t\t<div class=\"hover-zoom__zoom\">\n\t\t\t\t\t\t\t\t\t\t\t\t\t\t\t\t\t<div class=\"section section-image figure-image\" data-arts-parallax=true data-arts-parallax-factor=0.1>\n\t\t\t\t\t\t\t\t\t\t\t\t\t\t<div class=\"section-image__wrapper overflow mask-reveal lazy\"  style=\"padding-bottom: calc( (1069 \/ 1600) * 100% ); height: 0;\">\n\t\t\t\t\t\t\t\t\t\t\t\t\t<div class=\"mask-reveal__layer mask-reveal__layer-1\">\n\t\t\t\t\t\t<div class=\"mask-reveal__layer mask-reveal__layer-2\">\n\t\t\t\t\t\t\t\t\t\t\t\t\t\t\t\t\t\t<img loading=\"lazy\" decoding=\"async\" class=\"\" src=\"data:image\/png;base64,iVBORw0KGgoAAAANSUhEUgAAAAEAAAABCAQAAAHCGzyUAAAABGdBTUEAALGPC\/xhBQAAADhlWElmTU0AKgAAAAgAAYdpAAQAAAABAAAAGgAAAAAAAqACAAQAAAABAAAAAaADAAQAAAABAAAAAQAAAADa6r\/EAAAAC0lEQVQI12NolQQAASYAn89qhTcAAAAASUVORK5CYII=\" data-id=\"2991\" data-src=\"https:\/\/www.david-olkarny.com\/wp-content\/uploads\/2024\/11\/photographe-mariage-belgique-couple-confetti.jpg\" width=\"1600\" height=\"1069\"  data-srcset=\"https:\/\/www.david-olkarny.com\/wp-content\/uploads\/2024\/11\/photographe-mariage-belgique-couple-confetti.jpg 1600w, https:\/\/www.david-olkarny.com\/wp-content\/uploads\/2024\/11\/photographe-mariage-belgique-couple-confetti-600x401.jpg 600w, https:\/\/www.david-olkarny.com\/wp-content\/uploads\/2024\/11\/photographe-mariage-belgique-couple-confetti-500x334.jpg 500w, https:\/\/www.david-olkarny.com\/wp-content\/uploads\/2024\/11\/photographe-mariage-belgique-couple-confetti-1200x802.jpg 1200w, https:\/\/www.david-olkarny.com\/wp-content\/uploads\/2024\/11\/photographe-mariage-belgique-couple-confetti-768x513.jpg 768w, https:\/\/www.david-olkarny.com\/wp-content\/uploads\/2024\/11\/photographe-mariage-belgique-couple-confetti-1536x1026.jpg 1536w\"   data-sizes=\"(max-width: 1600px) 100vw, 1600px\"  alt=\"photographe-mariage-belgique-couple-confetti\"\/>\n\t\t\t\t\t\t\t\t\t\t\t\t\t\t\t\t\t\t\t\t\t\t\t\t\t\t\t\t\t\t\t\t\t\t<\/div>\n\t\t\t\t\t<\/div>\n\t\t\t\t\t\t\t\t<\/div>\n\t\t\t\t\t\t\t\t\t\t\t\t\t\t<\/div>\n\t\t\t\t\t\t\t\t\t\t\t\t\t\t\t<\/div>\n\t\t\t\t\t\t\t\t\t\t<\/div>\n\t\t\t\t\t\t\t\t\t\t\t\t\t\t\t\t\t\t\t<\/a>\n\t\t\t\t\t\t\t\t<\/div>\n\t\t\t\t\t\t\t<\/div>\n\t\t\t\t\t\t\t\t\t\t\t\t\t\t\t\t\t\t\t\t<div class=\"grid__item js-grid__item grid__item_desktop-4 grid__item_tablet-6 grid__item_mobile-12 \">\n\t\t\t\t\t\t\t\t\t\t\t\t\t\t\t\t<div class=\"section-grid__item\">\n\t\t\t\t\t\t\t\t\t<a data-arts-cursor=\"true\" data-arts-cursor-scale=\"1.6\" data-arts-cursor-hide-native=\"true\" data-arts-cursor-icon=\"material-icons add\" class=\"hover-zoom grid__item-link\" href=\"https:\/\/www.david-olkarny.com\/wp-content\/uploads\/2024\/11\/photographe-mariage-belgique-couple-cinema.jpg\" data-size=\"1600x1067\" data-elementor-open-lightbox=\"no\">\n\t\t\t\t\t\t\t\t\t\t<div class=\"hover-zoom__inner\">\n\t\t\t\t\t\t\t\t\t\t\t<div class=\"hover-zoom__zoom\">\n\t\t\t\t\t\t\t\t\t\t\t\t\t\t\t\t\t<div class=\"section section-image figure-image\" data-arts-parallax=true data-arts-parallax-factor=0.1>\n\t\t\t\t\t\t\t\t\t\t\t\t\t\t<div class=\"section-image__wrapper overflow mask-reveal lazy\"  style=\"padding-bottom: calc( (1067 \/ 1600) * 100% ); height: 0;\">\n\t\t\t\t\t\t\t\t\t\t\t\t\t<div class=\"mask-reveal__layer mask-reveal__layer-1\">\n\t\t\t\t\t\t<div class=\"mask-reveal__layer mask-reveal__layer-2\">\n\t\t\t\t\t\t\t\t\t\t\t\t\t\t\t\t\t\t<img loading=\"lazy\" decoding=\"async\" class=\"\" src=\"data:image\/png;base64,iVBORw0KGgoAAAANSUhEUgAAAAEAAAABCAQAAAHCGzyUAAAABGdBTUEAALGPC\/xhBQAAADhlWElmTU0AKgAAAAgAAYdpAAQAAAABAAAAGgAAAAAAAqACAAQAAAABAAAAAaADAAQAAAABAAAAAQAAAADa6r\/EAAAAC0lEQVQI12NolQQAASYAn89qhTcAAAAASUVORK5CYII=\" data-id=\"2990\" data-src=\"https:\/\/www.david-olkarny.com\/wp-content\/uploads\/2024\/11\/photographe-mariage-belgique-couple-cinema.jpg\" width=\"1600\" height=\"1067\"  data-srcset=\"https:\/\/www.david-olkarny.com\/wp-content\/uploads\/2024\/11\/photographe-mariage-belgique-couple-cinema.jpg 1600w, https:\/\/www.david-olkarny.com\/wp-content\/uploads\/2024\/11\/photographe-mariage-belgique-couple-cinema-600x400.jpg 600w, https:\/\/www.david-olkarny.com\/wp-content\/uploads\/2024\/11\/photographe-mariage-belgique-couple-cinema-500x333.jpg 500w, https:\/\/www.david-olkarny.com\/wp-content\/uploads\/2024\/11\/photographe-mariage-belgique-couple-cinema-1200x800.jpg 1200w, https:\/\/www.david-olkarny.com\/wp-content\/uploads\/2024\/11\/photographe-mariage-belgique-couple-cinema-768x512.jpg 768w, https:\/\/www.david-olkarny.com\/wp-content\/uploads\/2024\/11\/photographe-mariage-belgique-couple-cinema-1536x1024.jpg 1536w\"   data-sizes=\"(max-width: 1600px) 100vw, 1600px\"  alt=\"photographe-mariage-belgique-couple-cinema\"\/>\n\t\t\t\t\t\t\t\t\t\t\t\t\t\t\t\t\t\t\t\t\t\t\t\t\t\t\t\t\t\t\t\t\t\t<\/div>\n\t\t\t\t\t<\/div>\n\t\t\t\t\t\t\t\t<\/div>\n\t\t\t\t\t\t\t\t\t\t\t\t\t\t<\/div>\n\t\t\t\t\t\t\t\t\t\t\t\t\t\t\t<\/div>\n\t\t\t\t\t\t\t\t\t\t<\/div>\n\t\t\t\t\t\t\t\t\t\t\t\t\t\t\t\t\t\t\t<\/a>\n\t\t\t\t\t\t\t\t<\/div>\n\t\t\t\t\t\t\t<\/div>\n\t\t\t\t\t\t\t\t\t\t\t\t\t\t\t\t\t\t\t\t<div class=\"grid__item js-grid__item grid__item_desktop-4 grid__item_tablet-6 grid__item_mobile-12 \">\n\t\t\t\t\t\t\t\t\t\t\t\t\t\t\t\t<div class=\"section-grid__item\">\n\t\t\t\t\t\t\t\t\t<a data-arts-cursor=\"true\" data-arts-cursor-scale=\"1.6\" data-arts-cursor-hide-native=\"true\" data-arts-cursor-icon=\"material-icons add\" class=\"hover-zoom grid__item-link\" href=\"https:\/\/www.david-olkarny.com\/wp-content\/uploads\/2024\/11\/photographe-mariage-belgique-couple-ciel-bonheur.jpg\" data-size=\"1600x1067\" data-elementor-open-lightbox=\"no\">\n\t\t\t\t\t\t\t\t\t\t<div class=\"hover-zoom__inner\">\n\t\t\t\t\t\t\t\t\t\t\t<div class=\"hover-zoom__zoom\">\n\t\t\t\t\t\t\t\t\t\t\t\t\t\t\t\t\t<div class=\"section section-image figure-image\" data-arts-parallax=true data-arts-parallax-factor=0.1>\n\t\t\t\t\t\t\t\t\t\t\t\t\t\t<div class=\"section-image__wrapper overflow mask-reveal lazy\"  style=\"padding-bottom: calc( (1067 \/ 1600) * 100% ); height: 0;\">\n\t\t\t\t\t\t\t\t\t\t\t\t\t<div class=\"mask-reveal__layer mask-reveal__layer-1\">\n\t\t\t\t\t\t<div class=\"mask-reveal__layer mask-reveal__layer-2\">\n\t\t\t\t\t\t\t\t\t\t\t\t\t\t\t\t\t\t<img loading=\"lazy\" decoding=\"async\" class=\"\" src=\"data:image\/png;base64,iVBORw0KGgoAAAANSUhEUgAAAAEAAAABCAQAAAHCGzyUAAAABGdBTUEAALGPC\/xhBQAAADhlWElmTU0AKgAAAAgAAYdpAAQAAAABAAAAGgAAAAAAAqACAAQAAAABAAAAAaADAAQAAAABAAAAAQAAAADa6r\/EAAAAC0lEQVQI12NolQQAASYAn89qhTcAAAAASUVORK5CYII=\" data-id=\"2989\" data-src=\"https:\/\/www.david-olkarny.com\/wp-content\/uploads\/2024\/11\/photographe-mariage-belgique-couple-ciel-bonheur.jpg\" width=\"1600\" height=\"1067\"  data-srcset=\"https:\/\/www.david-olkarny.com\/wp-content\/uploads\/2024\/11\/photographe-mariage-belgique-couple-ciel-bonheur.jpg 1600w, https:\/\/www.david-olkarny.com\/wp-content\/uploads\/2024\/11\/photographe-mariage-belgique-couple-ciel-bonheur-600x400.jpg 600w, https:\/\/www.david-olkarny.com\/wp-content\/uploads\/2024\/11\/photographe-mariage-belgique-couple-ciel-bonheur-500x333.jpg 500w, https:\/\/www.david-olkarny.com\/wp-content\/uploads\/2024\/11\/photographe-mariage-belgique-couple-ciel-bonheur-1200x800.jpg 1200w, https:\/\/www.david-olkarny.com\/wp-content\/uploads\/2024\/11\/photographe-mariage-belgique-couple-ciel-bonheur-768x512.jpg 768w, https:\/\/www.david-olkarny.com\/wp-content\/uploads\/2024\/11\/photographe-mariage-belgique-couple-ciel-bonheur-1536x1024.jpg 1536w\"   data-sizes=\"(max-width: 1600px) 100vw, 1600px\"  alt=\"photographe-mariage-belgique-couple-ciel-bonheur\"\/>\n\t\t\t\t\t\t\t\t\t\t\t\t\t\t\t\t\t\t\t\t\t\t\t\t\t\t\t\t\t\t\t\t\t\t<\/div>\n\t\t\t\t\t<\/div>\n\t\t\t\t\t\t\t\t<\/div>\n\t\t\t\t\t\t\t\t\t\t\t\t\t\t<\/div>\n\t\t\t\t\t\t\t\t\t\t\t\t\t\t\t<\/div>\n\t\t\t\t\t\t\t\t\t\t<\/div>\n\t\t\t\t\t\t\t\t\t\t\t\t\t\t\t\t\t\t\t<\/a>\n\t\t\t\t\t\t\t\t<\/div>\n\t\t\t\t\t\t\t<\/div>\n\t\t\t\t\t\t\t\t\t\t\t\t\t\t\t\t\t\t\t\t<div class=\"grid__item js-grid__item grid__item_desktop-4 grid__item_tablet-6 grid__item_mobile-12 \">\n\t\t\t\t\t\t\t\t\t\t\t\t\t\t\t\t<div class=\"section-grid__item\">\n\t\t\t\t\t\t\t\t\t<a data-arts-cursor=\"true\" data-arts-cursor-scale=\"1.6\" data-arts-cursor-hide-native=\"true\" data-arts-cursor-icon=\"material-icons add\" class=\"hover-zoom grid__item-link\" href=\"https:\/\/www.david-olkarny.com\/wp-content\/uploads\/2024\/11\/photographe-mariage-belgique-couple-champ-bonheur.jpg\" data-size=\"1133x1600\" data-elementor-open-lightbox=\"no\">\n\t\t\t\t\t\t\t\t\t\t<div class=\"hover-zoom__inner\">\n\t\t\t\t\t\t\t\t\t\t\t<div class=\"hover-zoom__zoom\">\n\t\t\t\t\t\t\t\t\t\t\t\t\t\t\t\t\t<div class=\"section section-image figure-image\" data-arts-parallax=true data-arts-parallax-factor=0.1>\n\t\t\t\t\t\t\t\t\t\t\t\t\t\t<div class=\"section-image__wrapper overflow mask-reveal lazy\"  style=\"padding-bottom: calc( (1600 \/ 1133) * 100% ); height: 0;\">\n\t\t\t\t\t\t\t\t\t\t\t\t\t<div class=\"mask-reveal__layer mask-reveal__layer-1\">\n\t\t\t\t\t\t<div class=\"mask-reveal__layer mask-reveal__layer-2\">\n\t\t\t\t\t\t\t\t\t\t\t\t\t\t\t\t\t\t<img loading=\"lazy\" decoding=\"async\" class=\"\" src=\"data:image\/png;base64,iVBORw0KGgoAAAANSUhEUgAAAAEAAAABCAQAAAHCGzyUAAAABGdBTUEAALGPC\/xhBQAAADhlWElmTU0AKgAAAAgAAYdpAAQAAAABAAAAGgAAAAAAAqACAAQAAAABAAAAAaADAAQAAAABAAAAAQAAAADa6r\/EAAAAC0lEQVQI12NolQQAASYAn89qhTcAAAAASUVORK5CYII=\" data-id=\"2988\" data-src=\"https:\/\/www.david-olkarny.com\/wp-content\/uploads\/2024\/11\/photographe-mariage-belgique-couple-champ-bonheur.jpg\" width=\"1133\" height=\"1600\"  data-srcset=\"https:\/\/www.david-olkarny.com\/wp-content\/uploads\/2024\/11\/photographe-mariage-belgique-couple-champ-bonheur.jpg 1133w, https:\/\/www.david-olkarny.com\/wp-content\/uploads\/2024\/11\/photographe-mariage-belgique-couple-champ-bonheur-600x847.jpg 600w, https:\/\/www.david-olkarny.com\/wp-content\/uploads\/2024\/11\/photographe-mariage-belgique-couple-champ-bonheur-354x500.jpg 354w, https:\/\/www.david-olkarny.com\/wp-content\/uploads\/2024\/11\/photographe-mariage-belgique-couple-champ-bonheur-850x1200.jpg 850w, https:\/\/www.david-olkarny.com\/wp-content\/uploads\/2024\/11\/photographe-mariage-belgique-couple-champ-bonheur-768x1085.jpg 768w, https:\/\/www.david-olkarny.com\/wp-content\/uploads\/2024\/11\/photographe-mariage-belgique-couple-champ-bonheur-1088x1536.jpg 1088w\"   data-sizes=\"(max-width: 1133px) 100vw, 1133px\"  alt=\"photographe-mariage-belgique-couple-champ-bonheur\"\/>\n\t\t\t\t\t\t\t\t\t\t\t\t\t\t\t\t\t\t\t\t\t\t\t\t\t\t\t\t\t\t\t\t\t\t<\/div>\n\t\t\t\t\t<\/div>\n\t\t\t\t\t\t\t\t<\/div>\n\t\t\t\t\t\t\t\t\t\t\t\t\t\t<\/div>\n\t\t\t\t\t\t\t\t\t\t\t\t\t\t\t<\/div>\n\t\t\t\t\t\t\t\t\t\t<\/div>\n\t\t\t\t\t\t\t\t\t\t\t\t\t\t\t\t\t\t\t<\/a>\n\t\t\t\t\t\t\t\t<\/div>\n\t\t\t\t\t\t\t<\/div>\n\t\t\t\t\t\t\t\t\t\t\t\t\t\t\t\t\t\t\t\t<div class=\"grid__item js-grid__item grid__item_desktop-4 grid__item_tablet-6 grid__item_mobile-12 \">\n\t\t\t\t\t\t\t\t\t\t\t\t\t\t\t\t<div class=\"section-grid__item\">\n\t\t\t\t\t\t\t\t\t<a data-arts-cursor=\"true\" data-arts-cursor-scale=\"1.6\" data-arts-cursor-hide-native=\"true\" data-arts-cursor-icon=\"material-icons add\" class=\"hover-zoom grid__item-link\" href=\"https:\/\/www.david-olkarny.com\/wp-content\/uploads\/2024\/11\/photographe-mariage-belgique-couple-bisou-champ.jpg\" data-size=\"1066x1600\" data-elementor-open-lightbox=\"no\">\n\t\t\t\t\t\t\t\t\t\t<div class=\"hover-zoom__inner\">\n\t\t\t\t\t\t\t\t\t\t\t<div class=\"hover-zoom__zoom\">\n\t\t\t\t\t\t\t\t\t\t\t\t\t\t\t\t\t<div class=\"section section-image figure-image\" data-arts-parallax=true data-arts-parallax-factor=0.1>\n\t\t\t\t\t\t\t\t\t\t\t\t\t\t<div class=\"section-image__wrapper overflow mask-reveal lazy\"  style=\"padding-bottom: calc( (1600 \/ 1066) * 100% ); height: 0;\">\n\t\t\t\t\t\t\t\t\t\t\t\t\t<div class=\"mask-reveal__layer mask-reveal__layer-1\">\n\t\t\t\t\t\t<div class=\"mask-reveal__layer mask-reveal__layer-2\">\n\t\t\t\t\t\t\t\t\t\t\t\t\t\t\t\t\t\t<img loading=\"lazy\" decoding=\"async\" class=\"\" src=\"data:image\/png;base64,iVBORw0KGgoAAAANSUhEUgAAAAEAAAABCAQAAAHCGzyUAAAABGdBTUEAALGPC\/xhBQAAADhlWElmTU0AKgAAAAgAAYdpAAQAAAABAAAAGgAAAAAAAqACAAQAAAABAAAAAaADAAQAAAABAAAAAQAAAADa6r\/EAAAAC0lEQVQI12NolQQAASYAn89qhTcAAAAASUVORK5CYII=\" data-id=\"2976\" data-src=\"https:\/\/www.david-olkarny.com\/wp-content\/uploads\/2024\/11\/photographe-mariage-belgique-couple-bisou-champ.jpg\" width=\"1066\" height=\"1600\"  data-srcset=\"https:\/\/www.david-olkarny.com\/wp-content\/uploads\/2024\/11\/photographe-mariage-belgique-couple-bisou-champ.jpg 1066w, https:\/\/www.david-olkarny.com\/wp-content\/uploads\/2024\/11\/photographe-mariage-belgique-couple-bisou-champ-600x901.jpg 600w, https:\/\/www.david-olkarny.com\/wp-content\/uploads\/2024\/11\/photographe-mariage-belgique-couple-bisou-champ-333x500.jpg 333w, https:\/\/www.david-olkarny.com\/wp-content\/uploads\/2024\/11\/photographe-mariage-belgique-couple-bisou-champ-800x1200.jpg 800w, https:\/\/www.david-olkarny.com\/wp-content\/uploads\/2024\/11\/photographe-mariage-belgique-couple-bisou-champ-768x1153.jpg 768w, https:\/\/www.david-olkarny.com\/wp-content\/uploads\/2024\/11\/photographe-mariage-belgique-couple-bisou-champ-1023x1536.jpg 1023w\"   data-sizes=\"(max-width: 1066px) 100vw, 1066px\"  alt=\"photographe-mariage-belgique-couple-bisou-champ\"\/>\n\t\t\t\t\t\t\t\t\t\t\t\t\t\t\t\t\t\t\t\t\t\t\t\t\t\t\t\t\t\t\t\t\t\t<\/div>\n\t\t\t\t\t<\/div>\n\t\t\t\t\t\t\t\t<\/div>\n\t\t\t\t\t\t\t\t\t\t\t\t\t\t<\/div>\n\t\t\t\t\t\t\t\t\t\t\t\t\t\t\t<\/div>\n\t\t\t\t\t\t\t\t\t\t<\/div>\n\t\t\t\t\t\t\t\t\t\t\t\t\t\t\t\t\t\t\t<\/a>\n\t\t\t\t\t\t\t\t<\/div>\n\t\t\t\t\t\t\t<\/div>\n\t\t\t\t\t\t\t\t\t\t\t\t\t\t\t\t\t\t\t\t<div class=\"grid__item js-grid__item grid__item_desktop-4 grid__item_tablet-6 grid__item_mobile-12 \">\n\t\t\t\t\t\t\t\t\t\t\t\t\t\t\t\t<div class=\"section-grid__item\">\n\t\t\t\t\t\t\t\t\t<a data-arts-cursor=\"true\" data-arts-cursor-scale=\"1.6\" data-arts-cursor-hide-native=\"true\" data-arts-cursor-icon=\"material-icons add\" class=\"hover-zoom grid__item-link\" href=\"https:\/\/www.david-olkarny.com\/wp-content\/uploads\/2024\/11\/photographe-mariage-belgique-couple-bleu-feerique.jpg\" data-size=\"1532x1600\" data-elementor-open-lightbox=\"no\">\n\t\t\t\t\t\t\t\t\t\t<div class=\"hover-zoom__inner\">\n\t\t\t\t\t\t\t\t\t\t\t<div class=\"hover-zoom__zoom\">\n\t\t\t\t\t\t\t\t\t\t\t\t\t\t\t\t\t<div class=\"section section-image figure-image\" data-arts-parallax=true data-arts-parallax-factor=0.1>\n\t\t\t\t\t\t\t\t\t\t\t\t\t\t<div class=\"section-image__wrapper overflow mask-reveal lazy\"  style=\"padding-bottom: calc( (1600 \/ 1532) * 100% ); height: 0;\">\n\t\t\t\t\t\t\t\t\t\t\t\t\t<div class=\"mask-reveal__layer mask-reveal__layer-1\">\n\t\t\t\t\t\t<div class=\"mask-reveal__layer mask-reveal__layer-2\">\n\t\t\t\t\t\t\t\t\t\t\t\t\t\t\t\t\t\t<img loading=\"lazy\" decoding=\"async\" class=\"\" src=\"data:image\/png;base64,iVBORw0KGgoAAAANSUhEUgAAAAEAAAABCAQAAAHCGzyUAAAABGdBTUEAALGPC\/xhBQAAADhlWElmTU0AKgAAAAgAAYdpAAQAAAABAAAAGgAAAAAAAqACAAQAAAABAAAAAaADAAQAAAABAAAAAQAAAADa6r\/EAAAAC0lEQVQI12NolQQAASYAn89qhTcAAAAASUVORK5CYII=\" data-id=\"2977\" data-src=\"https:\/\/www.david-olkarny.com\/wp-content\/uploads\/2024\/11\/photographe-mariage-belgique-couple-bleu-feerique.jpg\" width=\"1532\" height=\"1600\"  data-srcset=\"https:\/\/www.david-olkarny.com\/wp-content\/uploads\/2024\/11\/photographe-mariage-belgique-couple-bleu-feerique.jpg 1532w, https:\/\/www.david-olkarny.com\/wp-content\/uploads\/2024\/11\/photographe-mariage-belgique-couple-bleu-feerique-600x627.jpg 600w, https:\/\/www.david-olkarny.com\/wp-content\/uploads\/2024\/11\/photographe-mariage-belgique-couple-bleu-feerique-479x500.jpg 479w, https:\/\/www.david-olkarny.com\/wp-content\/uploads\/2024\/11\/photographe-mariage-belgique-couple-bleu-feerique-1149x1200.jpg 1149w, https:\/\/www.david-olkarny.com\/wp-content\/uploads\/2024\/11\/photographe-mariage-belgique-couple-bleu-feerique-768x802.jpg 768w, https:\/\/www.david-olkarny.com\/wp-content\/uploads\/2024\/11\/photographe-mariage-belgique-couple-bleu-feerique-1471x1536.jpg 1471w\"   data-sizes=\"(max-width: 1532px) 100vw, 1532px\"  alt=\"photographe-mariage-belgique-couple-bleu-feerique\"\/>\n\t\t\t\t\t\t\t\t\t\t\t\t\t\t\t\t\t\t\t\t\t\t\t\t\t\t\t\t\t\t\t\t\t\t<\/div>\n\t\t\t\t\t<\/div>\n\t\t\t\t\t\t\t\t<\/div>\n\t\t\t\t\t\t\t\t\t\t\t\t\t\t<\/div>\n\t\t\t\t\t\t\t\t\t\t\t\t\t\t\t<\/div>\n\t\t\t\t\t\t\t\t\t\t<\/div>\n\t\t\t\t\t\t\t\t\t\t\t\t\t\t\t\t\t\t\t<\/a>\n\t\t\t\t\t\t\t\t<\/div>\n\t\t\t\t\t\t\t<\/div>\n\t\t\t\t\t\t\t\t\t\t\t\t\t\t\t\t\t\t\t\t<div class=\"grid__item js-grid__item grid__item_desktop-4 grid__item_tablet-6 grid__item_mobile-12 \">\n\t\t\t\t\t\t\t\t\t\t\t\t\t\t\t\t<div class=\"section-grid__item\">\n\t\t\t\t\t\t\t\t\t<a data-arts-cursor=\"true\" data-arts-cursor-scale=\"1.6\" data-arts-cursor-hide-native=\"true\" data-arts-cursor-icon=\"material-icons add\" class=\"hover-zoom grid__item-link\" href=\"https:\/\/www.david-olkarny.com\/wp-content\/uploads\/2024\/11\/photographe-mariage-belgique-couple-blonde.jpg\" data-size=\"1600x1044\" data-elementor-open-lightbox=\"no\">\n\t\t\t\t\t\t\t\t\t\t<div class=\"hover-zoom__inner\">\n\t\t\t\t\t\t\t\t\t\t\t<div class=\"hover-zoom__zoom\">\n\t\t\t\t\t\t\t\t\t\t\t\t\t\t\t\t\t<div class=\"section section-image figure-image\" data-arts-parallax=true data-arts-parallax-factor=0.1>\n\t\t\t\t\t\t\t\t\t\t\t\t\t\t<div class=\"section-image__wrapper overflow mask-reveal lazy\"  style=\"padding-bottom: calc( (1044 \/ 1600) * 100% ); height: 0;\">\n\t\t\t\t\t\t\t\t\t\t\t\t\t<div class=\"mask-reveal__layer mask-reveal__layer-1\">\n\t\t\t\t\t\t<div class=\"mask-reveal__layer mask-reveal__layer-2\">\n\t\t\t\t\t\t\t\t\t\t\t\t\t\t\t\t\t\t<img loading=\"lazy\" decoding=\"async\" class=\"\" src=\"data:image\/png;base64,iVBORw0KGgoAAAANSUhEUgAAAAEAAAABCAQAAAHCGzyUAAAABGdBTUEAALGPC\/xhBQAAADhlWElmTU0AKgAAAAgAAYdpAAQAAAABAAAAGgAAAAAAAqACAAQAAAABAAAAAaADAAQAAAABAAAAAQAAAADa6r\/EAAAAC0lEQVQI12NolQQAASYAn89qhTcAAAAASUVORK5CYII=\" data-id=\"2978\" data-src=\"https:\/\/www.david-olkarny.com\/wp-content\/uploads\/2024\/11\/photographe-mariage-belgique-couple-blonde.jpg\" width=\"1600\" height=\"1044\"  data-srcset=\"https:\/\/www.david-olkarny.com\/wp-content\/uploads\/2024\/11\/photographe-mariage-belgique-couple-blonde.jpg 1600w, https:\/\/www.david-olkarny.com\/wp-content\/uploads\/2024\/11\/photographe-mariage-belgique-couple-blonde-600x392.jpg 600w, https:\/\/www.david-olkarny.com\/wp-content\/uploads\/2024\/11\/photographe-mariage-belgique-couple-blonde-500x326.jpg 500w, https:\/\/www.david-olkarny.com\/wp-content\/uploads\/2024\/11\/photographe-mariage-belgique-couple-blonde-1200x783.jpg 1200w, https:\/\/www.david-olkarny.com\/wp-content\/uploads\/2024\/11\/photographe-mariage-belgique-couple-blonde-768x501.jpg 768w, https:\/\/www.david-olkarny.com\/wp-content\/uploads\/2024\/11\/photographe-mariage-belgique-couple-blonde-1536x1002.jpg 1536w\"   data-sizes=\"(max-width: 1600px) 100vw, 1600px\"  alt=\"photographe-mariage-belgique-couple-blonde\"\/>\n\t\t\t\t\t\t\t\t\t\t\t\t\t\t\t\t\t\t\t\t\t\t\t\t\t\t\t\t\t\t\t\t\t\t<\/div>\n\t\t\t\t\t<\/div>\n\t\t\t\t\t\t\t\t<\/div>\n\t\t\t\t\t\t\t\t\t\t\t\t\t\t<\/div>\n\t\t\t\t\t\t\t\t\t\t\t\t\t\t\t<\/div>\n\t\t\t\t\t\t\t\t\t\t<\/div>\n\t\t\t\t\t\t\t\t\t\t\t\t\t\t\t\t\t\t\t<\/a>\n\t\t\t\t\t\t\t\t<\/div>\n\t\t\t\t\t\t\t<\/div>\n\t\t\t\t\t\t\t\t\t\t\t\t\t\t\t\t\t\t\t\t<div class=\"grid__item js-grid__item grid__item_desktop-4 grid__item_tablet-6 grid__item_mobile-12 \">\n\t\t\t\t\t\t\t\t\t\t\t\t\t\t\t\t<div class=\"section-grid__item\">\n\t\t\t\t\t\t\t\t\t<a data-arts-cursor=\"true\" data-arts-cursor-scale=\"1.6\" data-arts-cursor-hide-native=\"true\" data-arts-cursor-icon=\"material-icons add\" class=\"hover-zoom grid__item-link\" href=\"https:\/\/www.david-olkarny.com\/wp-content\/uploads\/2024\/11\/photographe-mariage-belgique-couple-bonheur-champ.jpg\" data-size=\"1600x980\" data-elementor-open-lightbox=\"no\">\n\t\t\t\t\t\t\t\t\t\t<div class=\"hover-zoom__inner\">\n\t\t\t\t\t\t\t\t\t\t\t<div class=\"hover-zoom__zoom\">\n\t\t\t\t\t\t\t\t\t\t\t\t\t\t\t\t\t<div class=\"section section-image figure-image\" data-arts-parallax=true data-arts-parallax-factor=0.1>\n\t\t\t\t\t\t\t\t\t\t\t\t\t\t<div class=\"section-image__wrapper overflow mask-reveal lazy\"  style=\"padding-bottom: calc( (980 \/ 1600) * 100% ); height: 0;\">\n\t\t\t\t\t\t\t\t\t\t\t\t\t<div class=\"mask-reveal__layer mask-reveal__layer-1\">\n\t\t\t\t\t\t<div class=\"mask-reveal__layer mask-reveal__layer-2\">\n\t\t\t\t\t\t\t\t\t\t\t\t\t\t\t\t\t\t<img loading=\"lazy\" decoding=\"async\" class=\"\" src=\"data:image\/png;base64,iVBORw0KGgoAAAANSUhEUgAAAAEAAAABCAQAAAHCGzyUAAAABGdBTUEAALGPC\/xhBQAAADhlWElmTU0AKgAAAAgAAYdpAAQAAAABAAAAGgAAAAAAAqACAAQAAAABAAAAAaADAAQAAAABAAAAAQAAAADa6r\/EAAAAC0lEQVQI12NolQQAASYAn89qhTcAAAAASUVORK5CYII=\" data-id=\"2979\" data-src=\"https:\/\/www.david-olkarny.com\/wp-content\/uploads\/2024\/11\/photographe-mariage-belgique-couple-bonheur-champ.jpg\" width=\"1600\" height=\"980\"  data-srcset=\"https:\/\/www.david-olkarny.com\/wp-content\/uploads\/2024\/11\/photographe-mariage-belgique-couple-bonheur-champ.jpg 1600w, https:\/\/www.david-olkarny.com\/wp-content\/uploads\/2024\/11\/photographe-mariage-belgique-couple-bonheur-champ-600x368.jpg 600w, https:\/\/www.david-olkarny.com\/wp-content\/uploads\/2024\/11\/photographe-mariage-belgique-couple-bonheur-champ-500x306.jpg 500w, https:\/\/www.david-olkarny.com\/wp-content\/uploads\/2024\/11\/photographe-mariage-belgique-couple-bonheur-champ-1200x735.jpg 1200w, https:\/\/www.david-olkarny.com\/wp-content\/uploads\/2024\/11\/photographe-mariage-belgique-couple-bonheur-champ-768x470.jpg 768w, https:\/\/www.david-olkarny.com\/wp-content\/uploads\/2024\/11\/photographe-mariage-belgique-couple-bonheur-champ-1536x941.jpg 1536w\"   data-sizes=\"(max-width: 1600px) 100vw, 1600px\"  alt=\"photographe-mariage-belgique-couple-bonheur-champ\"\/>\n\t\t\t\t\t\t\t\t\t\t\t\t\t\t\t\t\t\t\t\t\t\t\t\t\t\t\t\t\t\t\t\t\t\t<\/div>\n\t\t\t\t\t<\/div>\n\t\t\t\t\t\t\t\t<\/div>\n\t\t\t\t\t\t\t\t\t\t\t\t\t\t<\/div>\n\t\t\t\t\t\t\t\t\t\t\t\t\t\t\t<\/div>\n\t\t\t\t\t\t\t\t\t\t<\/div>\n\t\t\t\t\t\t\t\t\t\t\t\t\t\t\t\t\t\t\t<\/a>\n\t\t\t\t\t\t\t\t<\/div>\n\t\t\t\t\t\t\t<\/div>\n\t\t\t\t\t\t\t\t\t\t\t\t\t\t\t\t\t\t\t\t<div class=\"grid__item js-grid__item grid__item_desktop-4 grid__item_tablet-6 grid__item_mobile-12 \">\n\t\t\t\t\t\t\t\t\t\t\t\t\t\t\t\t<div class=\"section-grid__item\">\n\t\t\t\t\t\t\t\t\t<a data-arts-cursor=\"true\" data-arts-cursor-scale=\"1.6\" data-arts-cursor-hide-native=\"true\" data-arts-cursor-icon=\"material-icons add\" class=\"hover-zoom grid__item-link\" href=\"https:\/\/www.david-olkarny.com\/wp-content\/uploads\/2024\/11\/photographe-mariage-belgique-couple-bonheur-costume-bouquet.jpg\" data-size=\"1172x1600\" data-elementor-open-lightbox=\"no\">\n\t\t\t\t\t\t\t\t\t\t<div class=\"hover-zoom__inner\">\n\t\t\t\t\t\t\t\t\t\t\t<div class=\"hover-zoom__zoom\">\n\t\t\t\t\t\t\t\t\t\t\t\t\t\t\t\t\t<div class=\"section section-image figure-image\" data-arts-parallax=true data-arts-parallax-factor=0.1>\n\t\t\t\t\t\t\t\t\t\t\t\t\t\t<div class=\"section-image__wrapper overflow mask-reveal lazy\"  style=\"padding-bottom: calc( (1600 \/ 1172) * 100% ); height: 0;\">\n\t\t\t\t\t\t\t\t\t\t\t\t\t<div class=\"mask-reveal__layer mask-reveal__layer-1\">\n\t\t\t\t\t\t<div class=\"mask-reveal__layer mask-reveal__layer-2\">\n\t\t\t\t\t\t\t\t\t\t\t\t\t\t\t\t\t\t<img loading=\"lazy\" decoding=\"async\" class=\"\" src=\"data:image\/png;base64,iVBORw0KGgoAAAANSUhEUgAAAAEAAAABCAQAAAHCGzyUAAAABGdBTUEAALGPC\/xhBQAAADhlWElmTU0AKgAAAAgAAYdpAAQAAAABAAAAGgAAAAAAAqACAAQAAAABAAAAAaADAAQAAAABAAAAAQAAAADa6r\/EAAAAC0lEQVQI12NolQQAASYAn89qhTcAAAAASUVORK5CYII=\" data-id=\"2980\" data-src=\"https:\/\/www.david-olkarny.com\/wp-content\/uploads\/2024\/11\/photographe-mariage-belgique-couple-bonheur-costume-bouquet.jpg\" width=\"1172\" height=\"1600\"  data-srcset=\"https:\/\/www.david-olkarny.com\/wp-content\/uploads\/2024\/11\/photographe-mariage-belgique-couple-bonheur-costume-bouquet.jpg 1172w, https:\/\/www.david-olkarny.com\/wp-content\/uploads\/2024\/11\/photographe-mariage-belgique-couple-bonheur-costume-bouquet-600x819.jpg 600w, https:\/\/www.david-olkarny.com\/wp-content\/uploads\/2024\/11\/photographe-mariage-belgique-couple-bonheur-costume-bouquet-366x500.jpg 366w, https:\/\/www.david-olkarny.com\/wp-content\/uploads\/2024\/11\/photographe-mariage-belgique-couple-bonheur-costume-bouquet-879x1200.jpg 879w, https:\/\/www.david-olkarny.com\/wp-content\/uploads\/2024\/11\/photographe-mariage-belgique-couple-bonheur-costume-bouquet-768x1048.jpg 768w, https:\/\/www.david-olkarny.com\/wp-content\/uploads\/2024\/11\/photographe-mariage-belgique-couple-bonheur-costume-bouquet-1125x1536.jpg 1125w\"   data-sizes=\"(max-width: 1172px) 100vw, 1172px\"  alt=\"photographe-mariage-belgique-couple-bonheur-costume-bouquet\"\/>\n\t\t\t\t\t\t\t\t\t\t\t\t\t\t\t\t\t\t\t\t\t\t\t\t\t\t\t\t\t\t\t\t\t\t<\/div>\n\t\t\t\t\t<\/div>\n\t\t\t\t\t\t\t\t<\/div>\n\t\t\t\t\t\t\t\t\t\t\t\t\t\t<\/div>\n\t\t\t\t\t\t\t\t\t\t\t\t\t\t\t<\/div>\n\t\t\t\t\t\t\t\t\t\t<\/div>\n\t\t\t\t\t\t\t\t\t\t\t\t\t\t\t\t\t\t\t<\/a>\n\t\t\t\t\t\t\t\t<\/div>\n\t\t\t\t\t\t\t<\/div>\n\t\t\t\t\t\t\t\t\t\t\t\t\t\t\t\t\t\t\t\t<div class=\"grid__item js-grid__item grid__item_desktop-4 grid__item_tablet-6 grid__item_mobile-12 \">\n\t\t\t\t\t\t\t\t\t\t\t\t\t\t\t\t<div class=\"section-grid__item\">\n\t\t\t\t\t\t\t\t\t<a data-arts-cursor=\"true\" data-arts-cursor-scale=\"1.6\" data-arts-cursor-hide-native=\"true\" data-arts-cursor-icon=\"material-icons add\" class=\"hover-zoom grid__item-link\" href=\"https:\/\/www.david-olkarny.com\/wp-content\/uploads\/2024\/11\/photographe-mariage-belgique-couple-bonheur-fumigene.jpg\" data-size=\"1600x1067\" data-elementor-open-lightbox=\"no\">\n\t\t\t\t\t\t\t\t\t\t<div class=\"hover-zoom__inner\">\n\t\t\t\t\t\t\t\t\t\t\t<div class=\"hover-zoom__zoom\">\n\t\t\t\t\t\t\t\t\t\t\t\t\t\t\t\t\t<div class=\"section section-image figure-image\" data-arts-parallax=true data-arts-parallax-factor=0.1>\n\t\t\t\t\t\t\t\t\t\t\t\t\t\t<div class=\"section-image__wrapper overflow mask-reveal lazy\"  style=\"padding-bottom: calc( (1067 \/ 1600) * 100% ); height: 0;\">\n\t\t\t\t\t\t\t\t\t\t\t\t\t<div class=\"mask-reveal__layer mask-reveal__layer-1\">\n\t\t\t\t\t\t<div class=\"mask-reveal__layer mask-reveal__layer-2\">\n\t\t\t\t\t\t\t\t\t\t\t\t\t\t\t\t\t\t<img loading=\"lazy\" decoding=\"async\" class=\"\" src=\"data:image\/png;base64,iVBORw0KGgoAAAANSUhEUgAAAAEAAAABCAQAAAHCGzyUAAAABGdBTUEAALGPC\/xhBQAAADhlWElmTU0AKgAAAAgAAYdpAAQAAAABAAAAGgAAAAAAAqACAAQAAAABAAAAAaADAAQAAAABAAAAAQAAAADa6r\/EAAAAC0lEQVQI12NolQQAASYAn89qhTcAAAAASUVORK5CYII=\" data-id=\"2981\" data-src=\"https:\/\/www.david-olkarny.com\/wp-content\/uploads\/2024\/11\/photographe-mariage-belgique-couple-bonheur-fumigene.jpg\" width=\"1600\" height=\"1067\"  data-srcset=\"https:\/\/www.david-olkarny.com\/wp-content\/uploads\/2024\/11\/photographe-mariage-belgique-couple-bonheur-fumigene.jpg 1600w, https:\/\/www.david-olkarny.com\/wp-content\/uploads\/2024\/11\/photographe-mariage-belgique-couple-bonheur-fumigene-600x400.jpg 600w, https:\/\/www.david-olkarny.com\/wp-content\/uploads\/2024\/11\/photographe-mariage-belgique-couple-bonheur-fumigene-500x333.jpg 500w, https:\/\/www.david-olkarny.com\/wp-content\/uploads\/2024\/11\/photographe-mariage-belgique-couple-bonheur-fumigene-1200x800.jpg 1200w, https:\/\/www.david-olkarny.com\/wp-content\/uploads\/2024\/11\/photographe-mariage-belgique-couple-bonheur-fumigene-768x512.jpg 768w, https:\/\/www.david-olkarny.com\/wp-content\/uploads\/2024\/11\/photographe-mariage-belgique-couple-bonheur-fumigene-1536x1024.jpg 1536w\"   data-sizes=\"(max-width: 1600px) 100vw, 1600px\"  alt=\"photographe-mariage-belgique-couple-bonheur-fumigene\"\/>\n\t\t\t\t\t\t\t\t\t\t\t\t\t\t\t\t\t\t\t\t\t\t\t\t\t\t\t\t\t\t\t\t\t\t<\/div>\n\t\t\t\t\t<\/div>\n\t\t\t\t\t\t\t\t<\/div>\n\t\t\t\t\t\t\t\t\t\t\t\t\t\t<\/div>\n\t\t\t\t\t\t\t\t\t\t\t\t\t\t\t<\/div>\n\t\t\t\t\t\t\t\t\t\t<\/div>\n\t\t\t\t\t\t\t\t\t\t\t\t\t\t\t\t\t\t\t<\/a>\n\t\t\t\t\t\t\t\t<\/div>\n\t\t\t\t\t\t\t<\/div>\n\t\t\t\t\t\t\t\t\t\t\t\t\t\t\t\t\t\t\t\t<div class=\"grid__item js-grid__item grid__item_desktop-4 grid__item_tablet-6 grid__item_mobile-12 \">\n\t\t\t\t\t\t\t\t\t\t\t\t\t\t\t\t<div class=\"section-grid__item\">\n\t\t\t\t\t\t\t\t\t<a data-arts-cursor=\"true\" data-arts-cursor-scale=\"1.6\" data-arts-cursor-hide-native=\"true\" data-arts-cursor-icon=\"material-icons add\" class=\"hover-zoom grid__item-link\" href=\"https:\/\/www.david-olkarny.com\/wp-content\/uploads\/2024\/11\/photographe-mariage-belgique-couple-bonheur-julie-taton.jpg\" data-size=\"1600x1011\" data-elementor-open-lightbox=\"no\">\n\t\t\t\t\t\t\t\t\t\t<div class=\"hover-zoom__inner\">\n\t\t\t\t\t\t\t\t\t\t\t<div class=\"hover-zoom__zoom\">\n\t\t\t\t\t\t\t\t\t\t\t\t\t\t\t\t\t<div class=\"section section-image figure-image\" data-arts-parallax=true data-arts-parallax-factor=0.1>\n\t\t\t\t\t\t\t\t\t\t\t\t\t\t<div class=\"section-image__wrapper overflow mask-reveal lazy\"  style=\"padding-bottom: calc( (1011 \/ 1600) * 100% ); height: 0;\">\n\t\t\t\t\t\t\t\t\t\t\t\t\t<div class=\"mask-reveal__layer mask-reveal__layer-1\">\n\t\t\t\t\t\t<div class=\"mask-reveal__layer mask-reveal__layer-2\">\n\t\t\t\t\t\t\t\t\t\t\t\t\t\t\t\t\t\t<img loading=\"lazy\" decoding=\"async\" class=\"\" src=\"data:image\/png;base64,iVBORw0KGgoAAAANSUhEUgAAAAEAAAABCAQAAAHCGzyUAAAABGdBTUEAALGPC\/xhBQAAADhlWElmTU0AKgAAAAgAAYdpAAQAAAABAAAAGgAAAAAAAqACAAQAAAABAAAAAaADAAQAAAABAAAAAQAAAADa6r\/EAAAAC0lEQVQI12NolQQAASYAn89qhTcAAAAASUVORK5CYII=\" data-id=\"2982\" data-src=\"https:\/\/www.david-olkarny.com\/wp-content\/uploads\/2024\/11\/photographe-mariage-belgique-couple-bonheur-julie-taton.jpg\" width=\"1600\" height=\"1011\"  data-srcset=\"https:\/\/www.david-olkarny.com\/wp-content\/uploads\/2024\/11\/photographe-mariage-belgique-couple-bonheur-julie-taton.jpg 1600w, https:\/\/www.david-olkarny.com\/wp-content\/uploads\/2024\/11\/photographe-mariage-belgique-couple-bonheur-julie-taton-600x379.jpg 600w, https:\/\/www.david-olkarny.com\/wp-content\/uploads\/2024\/11\/photographe-mariage-belgique-couple-bonheur-julie-taton-500x316.jpg 500w, https:\/\/www.david-olkarny.com\/wp-content\/uploads\/2024\/11\/photographe-mariage-belgique-couple-bonheur-julie-taton-1200x758.jpg 1200w, https:\/\/www.david-olkarny.com\/wp-content\/uploads\/2024\/11\/photographe-mariage-belgique-couple-bonheur-julie-taton-768x485.jpg 768w, https:\/\/www.david-olkarny.com\/wp-content\/uploads\/2024\/11\/photographe-mariage-belgique-couple-bonheur-julie-taton-1536x971.jpg 1536w\"   data-sizes=\"(max-width: 1600px) 100vw, 1600px\"  alt=\"photographe-mariage-belgique-couple-bonheur-julie-taton\"\/>\n\t\t\t\t\t\t\t\t\t\t\t\t\t\t\t\t\t\t\t\t\t\t\t\t\t\t\t\t\t\t\t\t\t\t<\/div>\n\t\t\t\t\t<\/div>\n\t\t\t\t\t\t\t\t<\/div>\n\t\t\t\t\t\t\t\t\t\t\t\t\t\t<\/div>\n\t\t\t\t\t\t\t\t\t\t\t\t\t\t\t<\/div>\n\t\t\t\t\t\t\t\t\t\t<\/div>\n\t\t\t\t\t\t\t\t\t\t\t\t\t\t\t\t\t\t\t<\/a>\n\t\t\t\t\t\t\t\t<\/div>\n\t\t\t\t\t\t\t<\/div>\n\t\t\t\t\t\t\t\t\t\t\t\t\t\t\t\t\t\t\t\t<div class=\"grid__item js-grid__item grid__item_desktop-4 grid__item_tablet-6 grid__item_mobile-12 \">\n\t\t\t\t\t\t\t\t\t\t\t\t\t\t\t\t<div class=\"section-grid__item\">\n\t\t\t\t\t\t\t\t\t<a data-arts-cursor=\"true\" data-arts-cursor-scale=\"1.6\" data-arts-cursor-hide-native=\"true\" data-arts-cursor-icon=\"material-icons add\" class=\"hover-zoom grid__item-link\" href=\"https:\/\/www.david-olkarny.com\/wp-content\/uploads\/2024\/11\/photographe-mariage-belgique-couple-bonheur-rire.jpg\" data-size=\"1600x1067\" data-elementor-open-lightbox=\"no\">\n\t\t\t\t\t\t\t\t\t\t<div class=\"hover-zoom__inner\">\n\t\t\t\t\t\t\t\t\t\t\t<div class=\"hover-zoom__zoom\">\n\t\t\t\t\t\t\t\t\t\t\t\t\t\t\t\t\t<div class=\"section section-image figure-image\" data-arts-parallax=true data-arts-parallax-factor=0.1>\n\t\t\t\t\t\t\t\t\t\t\t\t\t\t<div class=\"section-image__wrapper overflow mask-reveal lazy\"  style=\"padding-bottom: calc( (1067 \/ 1600) * 100% ); height: 0;\">\n\t\t\t\t\t\t\t\t\t\t\t\t\t<div class=\"mask-reveal__layer mask-reveal__layer-1\">\n\t\t\t\t\t\t<div class=\"mask-reveal__layer mask-reveal__layer-2\">\n\t\t\t\t\t\t\t\t\t\t\t\t\t\t\t\t\t\t<img loading=\"lazy\" decoding=\"async\" class=\"\" src=\"data:image\/png;base64,iVBORw0KGgoAAAANSUhEUgAAAAEAAAABCAQAAAHCGzyUAAAABGdBTUEAALGPC\/xhBQAAADhlWElmTU0AKgAAAAgAAYdpAAQAAAABAAAAGgAAAAAAAqACAAQAAAABAAAAAaADAAQAAAABAAAAAQAAAADa6r\/EAAAAC0lEQVQI12NolQQAASYAn89qhTcAAAAASUVORK5CYII=\" data-id=\"2983\" data-src=\"https:\/\/www.david-olkarny.com\/wp-content\/uploads\/2024\/11\/photographe-mariage-belgique-couple-bonheur-rire.jpg\" width=\"1600\" height=\"1067\"  data-srcset=\"https:\/\/www.david-olkarny.com\/wp-content\/uploads\/2024\/11\/photographe-mariage-belgique-couple-bonheur-rire.jpg 1600w, https:\/\/www.david-olkarny.com\/wp-content\/uploads\/2024\/11\/photographe-mariage-belgique-couple-bonheur-rire-600x400.jpg 600w, https:\/\/www.david-olkarny.com\/wp-content\/uploads\/2024\/11\/photographe-mariage-belgique-couple-bonheur-rire-500x333.jpg 500w, https:\/\/www.david-olkarny.com\/wp-content\/uploads\/2024\/11\/photographe-mariage-belgique-couple-bonheur-rire-1200x800.jpg 1200w, https:\/\/www.david-olkarny.com\/wp-content\/uploads\/2024\/11\/photographe-mariage-belgique-couple-bonheur-rire-768x512.jpg 768w, https:\/\/www.david-olkarny.com\/wp-content\/uploads\/2024\/11\/photographe-mariage-belgique-couple-bonheur-rire-1536x1024.jpg 1536w\"   data-sizes=\"(max-width: 1600px) 100vw, 1600px\"  alt=\"photographe-mariage-belgique-couple-bonheur-rire\"\/>\n\t\t\t\t\t\t\t\t\t\t\t\t\t\t\t\t\t\t\t\t\t\t\t\t\t\t\t\t\t\t\t\t\t\t<\/div>\n\t\t\t\t\t<\/div>\n\t\t\t\t\t\t\t\t<\/div>\n\t\t\t\t\t\t\t\t\t\t\t\t\t\t<\/div>\n\t\t\t\t\t\t\t\t\t\t\t\t\t\t\t<\/div>\n\t\t\t\t\t\t\t\t\t\t<\/div>\n\t\t\t\t\t\t\t\t\t\t\t\t\t\t\t\t\t\t\t<\/a>\n\t\t\t\t\t\t\t\t<\/div>\n\t\t\t\t\t\t\t<\/div>\n\t\t\t\t\t\t\t\t\t\t\t\t\t\t\t\t\t\t\t\t<div class=\"grid__item js-grid__item grid__item_desktop-4 grid__item_tablet-6 grid__item_mobile-12 \">\n\t\t\t\t\t\t\t\t\t\t\t\t\t\t\t\t<div class=\"section-grid__item\">\n\t\t\t\t\t\t\t\t\t<a data-arts-cursor=\"true\" data-arts-cursor-scale=\"1.6\" data-arts-cursor-hide-native=\"true\" data-arts-cursor-icon=\"material-icons add\" class=\"hover-zoom grid__item-link\" href=\"https:\/\/www.david-olkarny.com\/wp-content\/uploads\/2024\/11\/photographe-mariage-belgique-couple-bonheur.jpg\" data-size=\"1600x1067\" data-elementor-open-lightbox=\"no\">\n\t\t\t\t\t\t\t\t\t\t<div class=\"hover-zoom__inner\">\n\t\t\t\t\t\t\t\t\t\t\t<div class=\"hover-zoom__zoom\">\n\t\t\t\t\t\t\t\t\t\t\t\t\t\t\t\t\t<div class=\"section section-image figure-image\" data-arts-parallax=true data-arts-parallax-factor=0.1>\n\t\t\t\t\t\t\t\t\t\t\t\t\t\t<div class=\"section-image__wrapper overflow mask-reveal lazy\"  style=\"padding-bottom: calc( (1067 \/ 1600) * 100% ); height: 0;\">\n\t\t\t\t\t\t\t\t\t\t\t\t\t<div class=\"mask-reveal__layer mask-reveal__layer-1\">\n\t\t\t\t\t\t<div class=\"mask-reveal__layer mask-reveal__layer-2\">\n\t\t\t\t\t\t\t\t\t\t\t\t\t\t\t\t\t\t<img loading=\"lazy\" decoding=\"async\" class=\"\" src=\"data:image\/png;base64,iVBORw0KGgoAAAANSUhEUgAAAAEAAAABCAQAAAHCGzyUAAAABGdBTUEAALGPC\/xhBQAAADhlWElmTU0AKgAAAAgAAYdpAAQAAAABAAAAGgAAAAAAAqACAAQAAAABAAAAAaADAAQAAAABAAAAAQAAAADa6r\/EAAAAC0lEQVQI12NolQQAASYAn89qhTcAAAAASUVORK5CYII=\" data-id=\"2984\" data-src=\"https:\/\/www.david-olkarny.com\/wp-content\/uploads\/2024\/11\/photographe-mariage-belgique-couple-bonheur.jpg\" width=\"1600\" height=\"1067\"  data-srcset=\"https:\/\/www.david-olkarny.com\/wp-content\/uploads\/2024\/11\/photographe-mariage-belgique-couple-bonheur.jpg 1600w, https:\/\/www.david-olkarny.com\/wp-content\/uploads\/2024\/11\/photographe-mariage-belgique-couple-bonheur-600x400.jpg 600w, https:\/\/www.david-olkarny.com\/wp-content\/uploads\/2024\/11\/photographe-mariage-belgique-couple-bonheur-500x333.jpg 500w, https:\/\/www.david-olkarny.com\/wp-content\/uploads\/2024\/11\/photographe-mariage-belgique-couple-bonheur-1200x800.jpg 1200w, https:\/\/www.david-olkarny.com\/wp-content\/uploads\/2024\/11\/photographe-mariage-belgique-couple-bonheur-768x512.jpg 768w, https:\/\/www.david-olkarny.com\/wp-content\/uploads\/2024\/11\/photographe-mariage-belgique-couple-bonheur-1536x1024.jpg 1536w\"   data-sizes=\"(max-width: 1600px) 100vw, 1600px\"  alt=\"photographe-mariage-belgique-couple-bonheur\"\/>\n\t\t\t\t\t\t\t\t\t\t\t\t\t\t\t\t\t\t\t\t\t\t\t\t\t\t\t\t\t\t\t\t\t\t<\/div>\n\t\t\t\t\t<\/div>\n\t\t\t\t\t\t\t\t<\/div>\n\t\t\t\t\t\t\t\t\t\t\t\t\t\t<\/div>\n\t\t\t\t\t\t\t\t\t\t\t\t\t\t\t<\/div>\n\t\t\t\t\t\t\t\t\t\t<\/div>\n\t\t\t\t\t\t\t\t\t\t\t\t\t\t\t\t\t\t\t<\/a>\n\t\t\t\t\t\t\t\t<\/div>\n\t\t\t\t\t\t\t<\/div>\n\t\t\t\t\t\t\t\t\t\t\t\t\t\t\t\t\t\t\t\t<div class=\"grid__item js-grid__item grid__item_desktop-4 grid__item_tablet-6 grid__item_mobile-12 \">\n\t\t\t\t\t\t\t\t\t\t\t\t\t\t\t\t<div class=\"section-grid__item\">\n\t\t\t\t\t\t\t\t\t<a data-arts-cursor=\"true\" data-arts-cursor-scale=\"1.6\" data-arts-cursor-hide-native=\"true\" data-arts-cursor-icon=\"material-icons add\" class=\"hover-zoom grid__item-link\" href=\"https:\/\/www.david-olkarny.com\/wp-content\/uploads\/2024\/11\/photographe-mariage-belgique-couple-barque-soleil-lac.jpg\" data-size=\"1058x1600\" data-elementor-open-lightbox=\"no\">\n\t\t\t\t\t\t\t\t\t\t<div class=\"hover-zoom__inner\">\n\t\t\t\t\t\t\t\t\t\t\t<div class=\"hover-zoom__zoom\">\n\t\t\t\t\t\t\t\t\t\t\t\t\t\t\t\t\t<div class=\"section section-image figure-image\" data-arts-parallax=true data-arts-parallax-factor=0.1>\n\t\t\t\t\t\t\t\t\t\t\t\t\t\t<div class=\"section-image__wrapper overflow mask-reveal lazy\"  style=\"padding-bottom: calc( (1600 \/ 1058) * 100% ); height: 0;\">\n\t\t\t\t\t\t\t\t\t\t\t\t\t<div class=\"mask-reveal__layer mask-reveal__layer-1\">\n\t\t\t\t\t\t<div class=\"mask-reveal__layer mask-reveal__layer-2\">\n\t\t\t\t\t\t\t\t\t\t\t\t\t\t\t\t\t\t<img loading=\"lazy\" decoding=\"async\" class=\"\" src=\"data:image\/png;base64,iVBORw0KGgoAAAANSUhEUgAAAAEAAAABCAQAAAHCGzyUAAAABGdBTUEAALGPC\/xhBQAAADhlWElmTU0AKgAAAAgAAYdpAAQAAAABAAAAGgAAAAAAAqACAAQAAAABAAAAAaADAAQAAAABAAAAAQAAAADa6r\/EAAAAC0lEQVQI12NolQQAASYAn89qhTcAAAAASUVORK5CYII=\" data-id=\"2975\" data-src=\"https:\/\/www.david-olkarny.com\/wp-content\/uploads\/2024\/11\/photographe-mariage-belgique-couple-barque-soleil-lac.jpg\" width=\"1058\" height=\"1600\"  data-srcset=\"https:\/\/www.david-olkarny.com\/wp-content\/uploads\/2024\/11\/photographe-mariage-belgique-couple-barque-soleil-lac.jpg 1058w, https:\/\/www.david-olkarny.com\/wp-content\/uploads\/2024\/11\/photographe-mariage-belgique-couple-barque-soleil-lac-600x907.jpg 600w, https:\/\/www.david-olkarny.com\/wp-content\/uploads\/2024\/11\/photographe-mariage-belgique-couple-barque-soleil-lac-331x500.jpg 331w, https:\/\/www.david-olkarny.com\/wp-content\/uploads\/2024\/11\/photographe-mariage-belgique-couple-barque-soleil-lac-794x1200.jpg 794w, https:\/\/www.david-olkarny.com\/wp-content\/uploads\/2024\/11\/photographe-mariage-belgique-couple-barque-soleil-lac-768x1161.jpg 768w, https:\/\/www.david-olkarny.com\/wp-content\/uploads\/2024\/11\/photographe-mariage-belgique-couple-barque-soleil-lac-1016x1536.jpg 1016w\"   data-sizes=\"(max-width: 1058px) 100vw, 1058px\"  alt=\"photographe-mariage-belgique-couple-barque-soleil-lac\"\/>\n\t\t\t\t\t\t\t\t\t\t\t\t\t\t\t\t\t\t\t\t\t\t\t\t\t\t\t\t\t\t\t\t\t\t<\/div>\n\t\t\t\t\t<\/div>\n\t\t\t\t\t\t\t\t<\/div>\n\t\t\t\t\t\t\t\t\t\t\t\t\t\t<\/div>\n\t\t\t\t\t\t\t\t\t\t\t\t\t\t\t<\/div>\n\t\t\t\t\t\t\t\t\t\t<\/div>\n\t\t\t\t\t\t\t\t\t\t\t\t\t\t\t\t\t\t\t<\/a>\n\t\t\t\t\t\t\t\t<\/div>\n\t\t\t\t\t\t\t<\/div>\n\t\t\t\t\t\t\t\t\t\t\t\t\t\t\t\t\t\t\t\t<div class=\"grid__item js-grid__item grid__item_desktop-4 grid__item_tablet-6 grid__item_mobile-12 \">\n\t\t\t\t\t\t\t\t\t\t\t\t\t\t\t\t<div class=\"section-grid__item\">\n\t\t\t\t\t\t\t\t\t<a data-arts-cursor=\"true\" data-arts-cursor-scale=\"1.6\" data-arts-cursor-hide-native=\"true\" data-arts-cursor-icon=\"material-icons add\" class=\"hover-zoom grid__item-link\" href=\"https:\/\/www.david-olkarny.com\/wp-content\/uploads\/2024\/11\/photographe-mariage-belgique-couple-automne.jpg\" data-size=\"1175x1600\" data-elementor-open-lightbox=\"no\">\n\t\t\t\t\t\t\t\t\t\t<div class=\"hover-zoom__inner\">\n\t\t\t\t\t\t\t\t\t\t\t<div class=\"hover-zoom__zoom\">\n\t\t\t\t\t\t\t\t\t\t\t\t\t\t\t\t\t<div class=\"section section-image figure-image\" data-arts-parallax=true data-arts-parallax-factor=0.1>\n\t\t\t\t\t\t\t\t\t\t\t\t\t\t<div class=\"section-image__wrapper overflow mask-reveal lazy\"  style=\"padding-bottom: calc( (1600 \/ 1175) * 100% ); height: 0;\">\n\t\t\t\t\t\t\t\t\t\t\t\t\t<div class=\"mask-reveal__layer mask-reveal__layer-1\">\n\t\t\t\t\t\t<div class=\"mask-reveal__layer mask-reveal__layer-2\">\n\t\t\t\t\t\t\t\t\t\t\t\t\t\t\t\t\t\t<img loading=\"lazy\" decoding=\"async\" class=\"\" src=\"data:image\/png;base64,iVBORw0KGgoAAAANSUhEUgAAAAEAAAABCAQAAAHCGzyUAAAABGdBTUEAALGPC\/xhBQAAADhlWElmTU0AKgAAAAgAAYdpAAQAAAABAAAAGgAAAAAAAqACAAQAAAABAAAAAaADAAQAAAABAAAAAQAAAADa6r\/EAAAAC0lEQVQI12NolQQAASYAn89qhTcAAAAASUVORK5CYII=\" data-id=\"2974\" data-src=\"https:\/\/www.david-olkarny.com\/wp-content\/uploads\/2024\/11\/photographe-mariage-belgique-couple-automne.jpg\" width=\"1175\" height=\"1600\"  data-srcset=\"https:\/\/www.david-olkarny.com\/wp-content\/uploads\/2024\/11\/photographe-mariage-belgique-couple-automne.jpg 1175w, https:\/\/www.david-olkarny.com\/wp-content\/uploads\/2024\/11\/photographe-mariage-belgique-couple-automne-600x817.jpg 600w, https:\/\/www.david-olkarny.com\/wp-content\/uploads\/2024\/11\/photographe-mariage-belgique-couple-automne-367x500.jpg 367w, https:\/\/www.david-olkarny.com\/wp-content\/uploads\/2024\/11\/photographe-mariage-belgique-couple-automne-881x1200.jpg 881w, https:\/\/www.david-olkarny.com\/wp-content\/uploads\/2024\/11\/photographe-mariage-belgique-couple-automne-768x1046.jpg 768w, https:\/\/www.david-olkarny.com\/wp-content\/uploads\/2024\/11\/photographe-mariage-belgique-couple-automne-1128x1536.jpg 1128w\"   data-sizes=\"(max-width: 1175px) 100vw, 1175px\"  alt=\"photographe-mariage-belgique-couple-automne\"\/>\n\t\t\t\t\t\t\t\t\t\t\t\t\t\t\t\t\t\t\t\t\t\t\t\t\t\t\t\t\t\t\t\t\t\t<\/div>\n\t\t\t\t\t<\/div>\n\t\t\t\t\t\t\t\t<\/div>\n\t\t\t\t\t\t\t\t\t\t\t\t\t\t<\/div>\n\t\t\t\t\t\t\t\t\t\t\t\t\t\t\t<\/div>\n\t\t\t\t\t\t\t\t\t\t<\/div>\n\t\t\t\t\t\t\t\t\t\t\t\t\t\t\t\t\t\t\t<\/a>\n\t\t\t\t\t\t\t\t<\/div>\n\t\t\t\t\t\t\t<\/div>\n\t\t\t\t\t\t\t\t\t\t\t\t\t\t\t\t\t\t\t\t<div class=\"grid__item js-grid__item grid__item_desktop-4 grid__item_tablet-6 grid__item_mobile-12 \">\n\t\t\t\t\t\t\t\t\t\t\t\t\t\t\t\t<div class=\"section-grid__item\">\n\t\t\t\t\t\t\t\t\t<a data-arts-cursor=\"true\" data-arts-cursor-scale=\"1.6\" data-arts-cursor-hide-native=\"true\" data-arts-cursor-icon=\"material-icons add\" class=\"hover-zoom grid__item-link\" href=\"https:\/\/www.david-olkarny.com\/wp-content\/uploads\/2024\/11\/photographe-mariage-belgique-couple-amour.jpg\" data-size=\"1600x1067\" data-elementor-open-lightbox=\"no\">\n\t\t\t\t\t\t\t\t\t\t<div class=\"hover-zoom__inner\">\n\t\t\t\t\t\t\t\t\t\t\t<div class=\"hover-zoom__zoom\">\n\t\t\t\t\t\t\t\t\t\t\t\t\t\t\t\t\t<div class=\"section section-image figure-image\" data-arts-parallax=true data-arts-parallax-factor=0.1>\n\t\t\t\t\t\t\t\t\t\t\t\t\t\t<div class=\"section-image__wrapper overflow mask-reveal lazy\"  style=\"padding-bottom: calc( (1067 \/ 1600) * 100% ); height: 0;\">\n\t\t\t\t\t\t\t\t\t\t\t\t\t<div class=\"mask-reveal__layer mask-reveal__layer-1\">\n\t\t\t\t\t\t<div class=\"mask-reveal__layer mask-reveal__layer-2\">\n\t\t\t\t\t\t\t\t\t\t\t\t\t\t\t\t\t\t<img loading=\"lazy\" decoding=\"async\" class=\"\" src=\"data:image\/png;base64,iVBORw0KGgoAAAANSUhEUgAAAAEAAAABCAQAAAHCGzyUAAAABGdBTUEAALGPC\/xhBQAAADhlWElmTU0AKgAAAAgAAYdpAAQAAAABAAAAGgAAAAAAAqACAAQAAAABAAAAAaADAAQAAAABAAAAAQAAAADa6r\/EAAAAC0lEQVQI12NolQQAASYAn89qhTcAAAAASUVORK5CYII=\" data-id=\"2973\" data-src=\"https:\/\/www.david-olkarny.com\/wp-content\/uploads\/2024\/11\/photographe-mariage-belgique-couple-amour.jpg\" width=\"1600\" height=\"1067\"  data-srcset=\"https:\/\/www.david-olkarny.com\/wp-content\/uploads\/2024\/11\/photographe-mariage-belgique-couple-amour.jpg 1600w, https:\/\/www.david-olkarny.com\/wp-content\/uploads\/2024\/11\/photographe-mariage-belgique-couple-amour-600x400.jpg 600w, https:\/\/www.david-olkarny.com\/wp-content\/uploads\/2024\/11\/photographe-mariage-belgique-couple-amour-500x333.jpg 500w, https:\/\/www.david-olkarny.com\/wp-content\/uploads\/2024\/11\/photographe-mariage-belgique-couple-amour-1200x800.jpg 1200w, https:\/\/www.david-olkarny.com\/wp-content\/uploads\/2024\/11\/photographe-mariage-belgique-couple-amour-768x512.jpg 768w, https:\/\/www.david-olkarny.com\/wp-content\/uploads\/2024\/11\/photographe-mariage-belgique-couple-amour-1536x1024.jpg 1536w\"   data-sizes=\"(max-width: 1600px) 100vw, 1600px\"  alt=\"photographe-mariage-belgique-couple-amour\"\/>\n\t\t\t\t\t\t\t\t\t\t\t\t\t\t\t\t\t\t\t\t\t\t\t\t\t\t\t\t\t\t\t\t\t\t<\/div>\n\t\t\t\t\t<\/div>\n\t\t\t\t\t\t\t\t<\/div>\n\t\t\t\t\t\t\t\t\t\t\t\t\t\t<\/div>\n\t\t\t\t\t\t\t\t\t\t\t\t\t\t\t<\/div>\n\t\t\t\t\t\t\t\t\t\t<\/div>\n\t\t\t\t\t\t\t\t\t\t\t\t\t\t\t\t\t\t\t<\/a>\n\t\t\t\t\t\t\t\t<\/div>\n\t\t\t\t\t\t\t<\/div>\n\t\t\t\t\t\t\t\t\t\t\t\t\t\t\t\t\t\t\t\t<div class=\"grid__item js-grid__item grid__item_desktop-4 grid__item_tablet-6 grid__item_mobile-12 \">\n\t\t\t\t\t\t\t\t\t\t\t\t\t\t\t\t<div class=\"section-grid__item\">\n\t\t\t\t\t\t\t\t\t<a data-arts-cursor=\"true\" data-arts-cursor-scale=\"1.6\" data-arts-cursor-hide-native=\"true\" data-arts-cursor-icon=\"material-icons add\" class=\"hover-zoom grid__item-link\" href=\"https:\/\/www.david-olkarny.com\/wp-content\/uploads\/2024\/11\/photographe-mariage-belgique-couple-amour-tendressejpg.jpg\" data-size=\"1600x1067\" data-elementor-open-lightbox=\"no\">\n\t\t\t\t\t\t\t\t\t\t<div class=\"hover-zoom__inner\">\n\t\t\t\t\t\t\t\t\t\t\t<div class=\"hover-zoom__zoom\">\n\t\t\t\t\t\t\t\t\t\t\t\t\t\t\t\t\t<div class=\"section section-image figure-image\" data-arts-parallax=true data-arts-parallax-factor=0.1>\n\t\t\t\t\t\t\t\t\t\t\t\t\t\t<div class=\"section-image__wrapper overflow mask-reveal lazy\"  style=\"padding-bottom: calc( (1067 \/ 1600) * 100% ); height: 0;\">\n\t\t\t\t\t\t\t\t\t\t\t\t\t<div class=\"mask-reveal__layer mask-reveal__layer-1\">\n\t\t\t\t\t\t<div class=\"mask-reveal__layer mask-reveal__layer-2\">\n\t\t\t\t\t\t\t\t\t\t\t\t\t\t\t\t\t\t<img loading=\"lazy\" decoding=\"async\" class=\"\" src=\"data:image\/png;base64,iVBORw0KGgoAAAANSUhEUgAAAAEAAAABCAQAAAHCGzyUAAAABGdBTUEAALGPC\/xhBQAAADhlWElmTU0AKgAAAAgAAYdpAAQAAAABAAAAGgAAAAAAAqACAAQAAAABAAAAAaADAAQAAAABAAAAAQAAAADa6r\/EAAAAC0lEQVQI12NolQQAASYAn89qhTcAAAAASUVORK5CYII=\" data-id=\"2972\" data-src=\"https:\/\/www.david-olkarny.com\/wp-content\/uploads\/2024\/11\/photographe-mariage-belgique-couple-amour-tendressejpg.jpg\" width=\"1600\" height=\"1067\"  data-srcset=\"https:\/\/www.david-olkarny.com\/wp-content\/uploads\/2024\/11\/photographe-mariage-belgique-couple-amour-tendressejpg.jpg 1600w, https:\/\/www.david-olkarny.com\/wp-content\/uploads\/2024\/11\/photographe-mariage-belgique-couple-amour-tendressejpg-600x400.jpg 600w, https:\/\/www.david-olkarny.com\/wp-content\/uploads\/2024\/11\/photographe-mariage-belgique-couple-amour-tendressejpg-500x333.jpg 500w, https:\/\/www.david-olkarny.com\/wp-content\/uploads\/2024\/11\/photographe-mariage-belgique-couple-amour-tendressejpg-1200x800.jpg 1200w, https:\/\/www.david-olkarny.com\/wp-content\/uploads\/2024\/11\/photographe-mariage-belgique-couple-amour-tendressejpg-768x512.jpg 768w, https:\/\/www.david-olkarny.com\/wp-content\/uploads\/2024\/11\/photographe-mariage-belgique-couple-amour-tendressejpg-1536x1024.jpg 1536w\"   data-sizes=\"(max-width: 1600px) 100vw, 1600px\"  alt=\"photographe-mariage-belgique-couple-amour-tendressejpg\"\/>\n\t\t\t\t\t\t\t\t\t\t\t\t\t\t\t\t\t\t\t\t\t\t\t\t\t\t\t\t\t\t\t\t\t\t<\/div>\n\t\t\t\t\t<\/div>\n\t\t\t\t\t\t\t\t<\/div>\n\t\t\t\t\t\t\t\t\t\t\t\t\t\t<\/div>\n\t\t\t\t\t\t\t\t\t\t\t\t\t\t\t<\/div>\n\t\t\t\t\t\t\t\t\t\t<\/div>\n\t\t\t\t\t\t\t\t\t\t\t\t\t\t\t\t\t\t\t<\/a>\n\t\t\t\t\t\t\t\t<\/div>\n\t\t\t\t\t\t\t<\/div>\n\t\t\t\t\t\t\t\t\t\t\t\t\t\t\t\t\t\t\t\t<div class=\"grid__item js-grid__item grid__item_desktop-4 grid__item_tablet-6 grid__item_mobile-12 \">\n\t\t\t\t\t\t\t\t\t\t\t\t\t\t\t\t<div class=\"section-grid__item\">\n\t\t\t\t\t\t\t\t\t<a data-arts-cursor=\"true\" data-arts-cursor-scale=\"1.6\" data-arts-cursor-hide-native=\"true\" data-arts-cursor-icon=\"material-icons add\" class=\"hover-zoom grid__item-link\" href=\"https:\/\/www.david-olkarny.com\/wp-content\/uploads\/2024\/11\/photographe-mariage-belgique-couple-amour-soleiljpg.jpg\" data-size=\"1067x1600\" data-elementor-open-lightbox=\"no\">\n\t\t\t\t\t\t\t\t\t\t<div class=\"hover-zoom__inner\">\n\t\t\t\t\t\t\t\t\t\t\t<div class=\"hover-zoom__zoom\">\n\t\t\t\t\t\t\t\t\t\t\t\t\t\t\t\t\t<div class=\"section section-image figure-image\" data-arts-parallax=true data-arts-parallax-factor=0.1>\n\t\t\t\t\t\t\t\t\t\t\t\t\t\t<div class=\"section-image__wrapper overflow mask-reveal lazy\"  style=\"padding-bottom: calc( (1600 \/ 1067) * 100% ); height: 0;\">\n\t\t\t\t\t\t\t\t\t\t\t\t\t<div class=\"mask-reveal__layer mask-reveal__layer-1\">\n\t\t\t\t\t\t<div class=\"mask-reveal__layer mask-reveal__layer-2\">\n\t\t\t\t\t\t\t\t\t\t\t\t\t\t\t\t\t\t<img loading=\"lazy\" decoding=\"async\" class=\"\" src=\"data:image\/png;base64,iVBORw0KGgoAAAANSUhEUgAAAAEAAAABCAQAAAHCGzyUAAAABGdBTUEAALGPC\/xhBQAAADhlWElmTU0AKgAAAAgAAYdpAAQAAAABAAAAGgAAAAAAAqACAAQAAAABAAAAAaADAAQAAAABAAAAAQAAAADa6r\/EAAAAC0lEQVQI12NolQQAASYAn89qhTcAAAAASUVORK5CYII=\" data-id=\"2971\" data-src=\"https:\/\/www.david-olkarny.com\/wp-content\/uploads\/2024\/11\/photographe-mariage-belgique-couple-amour-soleiljpg.jpg\" width=\"1067\" height=\"1600\"  data-srcset=\"https:\/\/www.david-olkarny.com\/wp-content\/uploads\/2024\/11\/photographe-mariage-belgique-couple-amour-soleiljpg.jpg 1067w, https:\/\/www.david-olkarny.com\/wp-content\/uploads\/2024\/11\/photographe-mariage-belgique-couple-amour-soleiljpg-600x900.jpg 600w, https:\/\/www.david-olkarny.com\/wp-content\/uploads\/2024\/11\/photographe-mariage-belgique-couple-amour-soleiljpg-333x500.jpg 333w, https:\/\/www.david-olkarny.com\/wp-content\/uploads\/2024\/11\/photographe-mariage-belgique-couple-amour-soleiljpg-800x1200.jpg 800w, https:\/\/www.david-olkarny.com\/wp-content\/uploads\/2024\/11\/photographe-mariage-belgique-couple-amour-soleiljpg-768x1152.jpg 768w, https:\/\/www.david-olkarny.com\/wp-content\/uploads\/2024\/11\/photographe-mariage-belgique-couple-amour-soleiljpg-1024x1536.jpg 1024w\"   data-sizes=\"(max-width: 1067px) 100vw, 1067px\"  alt=\"photographe-mariage-belgique-couple-amour-soleiljpg\"\/>\n\t\t\t\t\t\t\t\t\t\t\t\t\t\t\t\t\t\t\t\t\t\t\t\t\t\t\t\t\t\t\t\t\t\t<\/div>\n\t\t\t\t\t<\/div>\n\t\t\t\t\t\t\t\t<\/div>\n\t\t\t\t\t\t\t\t\t\t\t\t\t\t<\/div>\n\t\t\t\t\t\t\t\t\t\t\t\t\t\t\t<\/div>\n\t\t\t\t\t\t\t\t\t\t<\/div>\n\t\t\t\t\t\t\t\t\t\t\t\t\t\t\t\t\t\t\t<\/a>\n\t\t\t\t\t\t\t\t<\/div>\n\t\t\t\t\t\t\t<\/div>\n\t\t\t\t\t\t\t\t\t\t\t\t\t\t\t\t\t\t\t\t<div class=\"grid__item js-grid__item grid__item_desktop-4 grid__item_tablet-6 grid__item_mobile-12 \">\n\t\t\t\t\t\t\t\t\t\t\t\t\t\t\t\t<div class=\"section-grid__item\">\n\t\t\t\t\t\t\t\t\t<a data-arts-cursor=\"true\" data-arts-cursor-scale=\"1.6\" data-arts-cursor-hide-native=\"true\" data-arts-cursor-icon=\"material-icons add\" class=\"hover-zoom grid__item-link\" href=\"https:\/\/www.david-olkarny.com\/wp-content\/uploads\/2024\/11\/photographe-mariage-belgique-couple-amour-nature.jpg\" data-size=\"1600x988\" data-elementor-open-lightbox=\"no\">\n\t\t\t\t\t\t\t\t\t\t<div class=\"hover-zoom__inner\">\n\t\t\t\t\t\t\t\t\t\t\t<div class=\"hover-zoom__zoom\">\n\t\t\t\t\t\t\t\t\t\t\t\t\t\t\t\t\t<div class=\"section section-image figure-image\" data-arts-parallax=true data-arts-parallax-factor=0.1>\n\t\t\t\t\t\t\t\t\t\t\t\t\t\t<div class=\"section-image__wrapper overflow mask-reveal lazy\"  style=\"padding-bottom: calc( (988 \/ 1600) * 100% ); height: 0;\">\n\t\t\t\t\t\t\t\t\t\t\t\t\t<div class=\"mask-reveal__layer mask-reveal__layer-1\">\n\t\t\t\t\t\t<div class=\"mask-reveal__layer mask-reveal__layer-2\">\n\t\t\t\t\t\t\t\t\t\t\t\t\t\t\t\t\t\t<img loading=\"lazy\" decoding=\"async\" class=\"\" src=\"data:image\/png;base64,iVBORw0KGgoAAAANSUhEUgAAAAEAAAABCAQAAAHCGzyUAAAABGdBTUEAALGPC\/xhBQAAADhlWElmTU0AKgAAAAgAAYdpAAQAAAABAAAAGgAAAAAAAqACAAQAAAABAAAAAaADAAQAAAABAAAAAQAAAADa6r\/EAAAAC0lEQVQI12NolQQAASYAn89qhTcAAAAASUVORK5CYII=\" data-id=\"2970\" data-src=\"https:\/\/www.david-olkarny.com\/wp-content\/uploads\/2024\/11\/photographe-mariage-belgique-couple-amour-nature.jpg\" width=\"1600\" height=\"988\"  data-srcset=\"https:\/\/www.david-olkarny.com\/wp-content\/uploads\/2024\/11\/photographe-mariage-belgique-couple-amour-nature.jpg 1600w, https:\/\/www.david-olkarny.com\/wp-content\/uploads\/2024\/11\/photographe-mariage-belgique-couple-amour-nature-600x371.jpg 600w, https:\/\/www.david-olkarny.com\/wp-content\/uploads\/2024\/11\/photographe-mariage-belgique-couple-amour-nature-500x309.jpg 500w, https:\/\/www.david-olkarny.com\/wp-content\/uploads\/2024\/11\/photographe-mariage-belgique-couple-amour-nature-1200x741.jpg 1200w, https:\/\/www.david-olkarny.com\/wp-content\/uploads\/2024\/11\/photographe-mariage-belgique-couple-amour-nature-768x474.jpg 768w, https:\/\/www.david-olkarny.com\/wp-content\/uploads\/2024\/11\/photographe-mariage-belgique-couple-amour-nature-1536x948.jpg 1536w\"   data-sizes=\"(max-width: 1600px) 100vw, 1600px\"  alt=\"photographe-mariage-belgique-couple-amour-nature\"\/>\n\t\t\t\t\t\t\t\t\t\t\t\t\t\t\t\t\t\t\t\t\t\t\t\t\t\t\t\t\t\t\t\t\t\t<\/div>\n\t\t\t\t\t<\/div>\n\t\t\t\t\t\t\t\t<\/div>\n\t\t\t\t\t\t\t\t\t\t\t\t\t\t<\/div>\n\t\t\t\t\t\t\t\t\t\t\t\t\t\t\t<\/div>\n\t\t\t\t\t\t\t\t\t\t<\/div>\n\t\t\t\t\t\t\t\t\t\t\t\t\t\t\t\t\t\t\t<\/a>\n\t\t\t\t\t\t\t\t<\/div>\n\t\t\t\t\t\t\t<\/div>\n\t\t\t\t\t\t\t\t\t\t\t\t\t\t\t\t\t\t\t\t<div class=\"grid__item js-grid__item grid__item_desktop-4 grid__item_tablet-6 grid__item_mobile-12 \">\n\t\t\t\t\t\t\t\t\t\t\t\t\t\t\t\t<div class=\"section-grid__item\">\n\t\t\t\t\t\t\t\t\t<a data-arts-cursor=\"true\" data-arts-cursor-scale=\"1.6\" data-arts-cursor-hide-native=\"true\" data-arts-cursor-icon=\"material-icons add\" class=\"hover-zoom grid__item-link\" href=\"https:\/\/www.david-olkarny.com\/wp-content\/uploads\/2024\/11\/photographe-mariage-belgique-couple-amour-fumigene.jpg\" data-size=\"1067x1600\" data-elementor-open-lightbox=\"no\">\n\t\t\t\t\t\t\t\t\t\t<div class=\"hover-zoom__inner\">\n\t\t\t\t\t\t\t\t\t\t\t<div class=\"hover-zoom__zoom\">\n\t\t\t\t\t\t\t\t\t\t\t\t\t\t\t\t\t<div class=\"section section-image figure-image\" data-arts-parallax=true data-arts-parallax-factor=0.1>\n\t\t\t\t\t\t\t\t\t\t\t\t\t\t<div class=\"section-image__wrapper overflow mask-reveal lazy\"  style=\"padding-bottom: calc( (1600 \/ 1067) * 100% ); height: 0;\">\n\t\t\t\t\t\t\t\t\t\t\t\t\t<div class=\"mask-reveal__layer mask-reveal__layer-1\">\n\t\t\t\t\t\t<div class=\"mask-reveal__layer mask-reveal__layer-2\">\n\t\t\t\t\t\t\t\t\t\t\t\t\t\t\t\t\t\t<img loading=\"lazy\" decoding=\"async\" class=\"\" src=\"data:image\/png;base64,iVBORw0KGgoAAAANSUhEUgAAAAEAAAABCAQAAAHCGzyUAAAABGdBTUEAALGPC\/xhBQAAADhlWElmTU0AKgAAAAgAAYdpAAQAAAABAAAAGgAAAAAAAqACAAQAAAABAAAAAaADAAQAAAABAAAAAQAAAADa6r\/EAAAAC0lEQVQI12NolQQAASYAn89qhTcAAAAASUVORK5CYII=\" data-id=\"2969\" data-src=\"https:\/\/www.david-olkarny.com\/wp-content\/uploads\/2024\/11\/photographe-mariage-belgique-couple-amour-fumigene.jpg\" width=\"1067\" height=\"1600\"  data-srcset=\"https:\/\/www.david-olkarny.com\/wp-content\/uploads\/2024\/11\/photographe-mariage-belgique-couple-amour-fumigene.jpg 1067w, https:\/\/www.david-olkarny.com\/wp-content\/uploads\/2024\/11\/photographe-mariage-belgique-couple-amour-fumigene-600x900.jpg 600w, https:\/\/www.david-olkarny.com\/wp-content\/uploads\/2024\/11\/photographe-mariage-belgique-couple-amour-fumigene-333x500.jpg 333w, https:\/\/www.david-olkarny.com\/wp-content\/uploads\/2024\/11\/photographe-mariage-belgique-couple-amour-fumigene-800x1200.jpg 800w, https:\/\/www.david-olkarny.com\/wp-content\/uploads\/2024\/11\/photographe-mariage-belgique-couple-amour-fumigene-768x1152.jpg 768w, https:\/\/www.david-olkarny.com\/wp-content\/uploads\/2024\/11\/photographe-mariage-belgique-couple-amour-fumigene-1024x1536.jpg 1024w\"   data-sizes=\"(max-width: 1067px) 100vw, 1067px\"  alt=\"photographe-mariage-belgique-couple-amour-fumigene\"\/>\n\t\t\t\t\t\t\t\t\t\t\t\t\t\t\t\t\t\t\t\t\t\t\t\t\t\t\t\t\t\t\t\t\t\t<\/div>\n\t\t\t\t\t<\/div>\n\t\t\t\t\t\t\t\t<\/div>\n\t\t\t\t\t\t\t\t\t\t\t\t\t\t<\/div>\n\t\t\t\t\t\t\t\t\t\t\t\t\t\t\t<\/div>\n\t\t\t\t\t\t\t\t\t\t<\/div>\n\t\t\t\t\t\t\t\t\t\t\t\t\t\t\t\t\t\t\t<\/a>\n\t\t\t\t\t\t\t\t<\/div>\n\t\t\t\t\t\t\t<\/div>\n\t\t\t\t\t\t\t\t\t\t\t\t\t\t\t\t\t\t\t\t<div class=\"grid__item js-grid__item grid__item_desktop-4 grid__item_tablet-6 grid__item_mobile-12 \">\n\t\t\t\t\t\t\t\t\t\t\t\t\t\t\t\t<div class=\"section-grid__item\">\n\t\t\t\t\t\t\t\t\t<a data-arts-cursor=\"true\" data-arts-cursor-scale=\"1.6\" data-arts-cursor-hide-native=\"true\" data-arts-cursor-icon=\"material-icons add\" class=\"hover-zoom grid__item-link\" href=\"https:\/\/www.david-olkarny.com\/wp-content\/uploads\/2024\/11\/photographe-mariage-belgique-couple-amour-echange.jpg\" data-size=\"1600x1039\" data-elementor-open-lightbox=\"no\">\n\t\t\t\t\t\t\t\t\t\t<div class=\"hover-zoom__inner\">\n\t\t\t\t\t\t\t\t\t\t\t<div class=\"hover-zoom__zoom\">\n\t\t\t\t\t\t\t\t\t\t\t\t\t\t\t\t\t<div class=\"section section-image figure-image\" data-arts-parallax=true data-arts-parallax-factor=0.1>\n\t\t\t\t\t\t\t\t\t\t\t\t\t\t<div class=\"section-image__wrapper overflow mask-reveal lazy\"  style=\"padding-bottom: calc( (1039 \/ 1600) * 100% ); height: 0;\">\n\t\t\t\t\t\t\t\t\t\t\t\t\t<div class=\"mask-reveal__layer mask-reveal__layer-1\">\n\t\t\t\t\t\t<div class=\"mask-reveal__layer mask-reveal__layer-2\">\n\t\t\t\t\t\t\t\t\t\t\t\t\t\t\t\t\t\t<img loading=\"lazy\" decoding=\"async\" class=\"\" src=\"data:image\/png;base64,iVBORw0KGgoAAAANSUhEUgAAAAEAAAABCAQAAAHCGzyUAAAABGdBTUEAALGPC\/xhBQAAADhlWElmTU0AKgAAAAgAAYdpAAQAAAABAAAAGgAAAAAAAqACAAQAAAABAAAAAaADAAQAAAABAAAAAQAAAADa6r\/EAAAAC0lEQVQI12NolQQAASYAn89qhTcAAAAASUVORK5CYII=\" data-id=\"2968\" data-src=\"https:\/\/www.david-olkarny.com\/wp-content\/uploads\/2024\/11\/photographe-mariage-belgique-couple-amour-echange.jpg\" width=\"1600\" height=\"1039\"  data-srcset=\"https:\/\/www.david-olkarny.com\/wp-content\/uploads\/2024\/11\/photographe-mariage-belgique-couple-amour-echange.jpg 1600w, https:\/\/www.david-olkarny.com\/wp-content\/uploads\/2024\/11\/photographe-mariage-belgique-couple-amour-echange-600x390.jpg 600w, https:\/\/www.david-olkarny.com\/wp-content\/uploads\/2024\/11\/photographe-mariage-belgique-couple-amour-echange-500x325.jpg 500w, https:\/\/www.david-olkarny.com\/wp-content\/uploads\/2024\/11\/photographe-mariage-belgique-couple-amour-echange-1200x779.jpg 1200w, https:\/\/www.david-olkarny.com\/wp-content\/uploads\/2024\/11\/photographe-mariage-belgique-couple-amour-echange-768x499.jpg 768w, https:\/\/www.david-olkarny.com\/wp-content\/uploads\/2024\/11\/photographe-mariage-belgique-couple-amour-echange-1536x997.jpg 1536w\"   data-sizes=\"(max-width: 1600px) 100vw, 1600px\"  alt=\"photographe-mariage-belgique-couple-amour-echange\"\/>\n\t\t\t\t\t\t\t\t\t\t\t\t\t\t\t\t\t\t\t\t\t\t\t\t\t\t\t\t\t\t\t\t\t\t<\/div>\n\t\t\t\t\t<\/div>\n\t\t\t\t\t\t\t\t<\/div>\n\t\t\t\t\t\t\t\t\t\t\t\t\t\t<\/div>\n\t\t\t\t\t\t\t\t\t\t\t\t\t\t\t<\/div>\n\t\t\t\t\t\t\t\t\t\t<\/div>\n\t\t\t\t\t\t\t\t\t\t\t\t\t\t\t\t\t\t\t<\/a>\n\t\t\t\t\t\t\t\t<\/div>\n\t\t\t\t\t\t\t<\/div>\n\t\t\t\t\t\t\t\t\t\t\t\t\t\t\t\t\t\t\t\t<div class=\"grid__item js-grid__item grid__item_desktop-4 grid__item_tablet-6 grid__item_mobile-12 \">\n\t\t\t\t\t\t\t\t\t\t\t\t\t\t\t\t<div class=\"section-grid__item\">\n\t\t\t\t\t\t\t\t\t<a data-arts-cursor=\"true\" data-arts-cursor-scale=\"1.6\" data-arts-cursor-hide-native=\"true\" data-arts-cursor-icon=\"material-icons add\" class=\"hover-zoom grid__item-link\" href=\"https:\/\/www.david-olkarny.com\/wp-content\/uploads\/2024\/11\/photographe-mariage-belgique-couple-amour-amour-bisou.jpg\" data-size=\"1600x995\" data-elementor-open-lightbox=\"no\">\n\t\t\t\t\t\t\t\t\t\t<div class=\"hover-zoom__inner\">\n\t\t\t\t\t\t\t\t\t\t\t<div class=\"hover-zoom__zoom\">\n\t\t\t\t\t\t\t\t\t\t\t\t\t\t\t\t\t<div class=\"section section-image figure-image\" data-arts-parallax=true data-arts-parallax-factor=0.1>\n\t\t\t\t\t\t\t\t\t\t\t\t\t\t<div class=\"section-image__wrapper overflow mask-reveal lazy\"  style=\"padding-bottom: calc( (995 \/ 1600) * 100% ); height: 0;\">\n\t\t\t\t\t\t\t\t\t\t\t\t\t<div class=\"mask-reveal__layer mask-reveal__layer-1\">\n\t\t\t\t\t\t<div class=\"mask-reveal__layer mask-reveal__layer-2\">\n\t\t\t\t\t\t\t\t\t\t\t\t\t\t\t\t\t\t<img loading=\"lazy\" decoding=\"async\" class=\"\" src=\"data:image\/png;base64,iVBORw0KGgoAAAANSUhEUgAAAAEAAAABCAQAAAHCGzyUAAAABGdBTUEAALGPC\/xhBQAAADhlWElmTU0AKgAAAAgAAYdpAAQAAAABAAAAGgAAAAAAAqACAAQAAAABAAAAAaADAAQAAAABAAAAAQAAAADa6r\/EAAAAC0lEQVQI12NolQQAASYAn89qhTcAAAAASUVORK5CYII=\" data-id=\"2967\" data-src=\"https:\/\/www.david-olkarny.com\/wp-content\/uploads\/2024\/11\/photographe-mariage-belgique-couple-amour-amour-bisou.jpg\" width=\"1600\" height=\"995\"  data-srcset=\"https:\/\/www.david-olkarny.com\/wp-content\/uploads\/2024\/11\/photographe-mariage-belgique-couple-amour-amour-bisou.jpg 1600w, https:\/\/www.david-olkarny.com\/wp-content\/uploads\/2024\/11\/photographe-mariage-belgique-couple-amour-amour-bisou-600x373.jpg 600w, https:\/\/www.david-olkarny.com\/wp-content\/uploads\/2024\/11\/photographe-mariage-belgique-couple-amour-amour-bisou-500x311.jpg 500w, https:\/\/www.david-olkarny.com\/wp-content\/uploads\/2024\/11\/photographe-mariage-belgique-couple-amour-amour-bisou-1200x746.jpg 1200w, https:\/\/www.david-olkarny.com\/wp-content\/uploads\/2024\/11\/photographe-mariage-belgique-couple-amour-amour-bisou-768x478.jpg 768w, https:\/\/www.david-olkarny.com\/wp-content\/uploads\/2024\/11\/photographe-mariage-belgique-couple-amour-amour-bisou-1536x955.jpg 1536w\"   data-sizes=\"(max-width: 1600px) 100vw, 1600px\"  alt=\"photographe-mariage-belgique-couple-amour-amour-bisou\"\/>\n\t\t\t\t\t\t\t\t\t\t\t\t\t\t\t\t\t\t\t\t\t\t\t\t\t\t\t\t\t\t\t\t\t\t<\/div>\n\t\t\t\t\t<\/div>\n\t\t\t\t\t\t\t\t<\/div>\n\t\t\t\t\t\t\t\t\t\t\t\t\t\t<\/div>\n\t\t\t\t\t\t\t\t\t\t\t\t\t\t\t<\/div>\n\t\t\t\t\t\t\t\t\t\t<\/div>\n\t\t\t\t\t\t\t\t\t\t\t\t\t\t\t\t\t\t\t<\/a>\n\t\t\t\t\t\t\t\t<\/div>\n\t\t\t\t\t\t\t<\/div>\n\t\t\t\t\t\t\t\t\t\t\t\t\t\t\t\t\t\t\t\t<div class=\"grid__item js-grid__item grid__item_desktop-4 grid__item_tablet-6 grid__item_mobile-12 \">\n\t\t\t\t\t\t\t\t\t\t\t\t\t\t\t\t<div class=\"section-grid__item\">\n\t\t\t\t\t\t\t\t\t<a data-arts-cursor=\"true\" data-arts-cursor-scale=\"1.6\" data-arts-cursor-hide-native=\"true\" data-arts-cursor-icon=\"material-icons add\" class=\"hover-zoom grid__item-link\" href=\"https:\/\/www.david-olkarny.com\/wp-content\/uploads\/2024\/11\/photographe-mariage-belgique-ceremonie-couple-bisou.jpg\" data-size=\"1600x1067\" data-elementor-open-lightbox=\"no\">\n\t\t\t\t\t\t\t\t\t\t<div class=\"hover-zoom__inner\">\n\t\t\t\t\t\t\t\t\t\t\t<div class=\"hover-zoom__zoom\">\n\t\t\t\t\t\t\t\t\t\t\t\t\t\t\t\t\t<div class=\"section section-image figure-image\" data-arts-parallax=true data-arts-parallax-factor=0.1>\n\t\t\t\t\t\t\t\t\t\t\t\t\t\t<div class=\"section-image__wrapper overflow mask-reveal lazy\"  style=\"padding-bottom: calc( (1067 \/ 1600) * 100% ); height: 0;\">\n\t\t\t\t\t\t\t\t\t\t\t\t\t<div class=\"mask-reveal__layer mask-reveal__layer-1\">\n\t\t\t\t\t\t<div class=\"mask-reveal__layer mask-reveal__layer-2\">\n\t\t\t\t\t\t\t\t\t\t\t\t\t\t\t\t\t\t<img loading=\"lazy\" decoding=\"async\" class=\"\" src=\"data:image\/png;base64,iVBORw0KGgoAAAANSUhEUgAAAAEAAAABCAQAAAHCGzyUAAAABGdBTUEAALGPC\/xhBQAAADhlWElmTU0AKgAAAAgAAYdpAAQAAAABAAAAGgAAAAAAAqACAAQAAAABAAAAAaADAAQAAAABAAAAAQAAAADa6r\/EAAAAC0lEQVQI12NolQQAASYAn89qhTcAAAAASUVORK5CYII=\" data-id=\"2958\" data-src=\"https:\/\/www.david-olkarny.com\/wp-content\/uploads\/2024\/11\/photographe-mariage-belgique-ceremonie-couple-bisou.jpg\" width=\"1600\" height=\"1067\"  data-srcset=\"https:\/\/www.david-olkarny.com\/wp-content\/uploads\/2024\/11\/photographe-mariage-belgique-ceremonie-couple-bisou.jpg 1600w, https:\/\/www.david-olkarny.com\/wp-content\/uploads\/2024\/11\/photographe-mariage-belgique-ceremonie-couple-bisou-600x400.jpg 600w, https:\/\/www.david-olkarny.com\/wp-content\/uploads\/2024\/11\/photographe-mariage-belgique-ceremonie-couple-bisou-500x333.jpg 500w, https:\/\/www.david-olkarny.com\/wp-content\/uploads\/2024\/11\/photographe-mariage-belgique-ceremonie-couple-bisou-1200x800.jpg 1200w, https:\/\/www.david-olkarny.com\/wp-content\/uploads\/2024\/11\/photographe-mariage-belgique-ceremonie-couple-bisou-768x512.jpg 768w, https:\/\/www.david-olkarny.com\/wp-content\/uploads\/2024\/11\/photographe-mariage-belgique-ceremonie-couple-bisou-1536x1024.jpg 1536w\"   data-sizes=\"(max-width: 1600px) 100vw, 1600px\"  alt=\"photographe-mariage-belgique-ceremonie-couple-bisou\"\/>\n\t\t\t\t\t\t\t\t\t\t\t\t\t\t\t\t\t\t\t\t\t\t\t\t\t\t\t\t\t\t\t\t\t\t<\/div>\n\t\t\t\t\t<\/div>\n\t\t\t\t\t\t\t\t<\/div>\n\t\t\t\t\t\t\t\t\t\t\t\t\t\t<\/div>\n\t\t\t\t\t\t\t\t\t\t\t\t\t\t\t<\/div>\n\t\t\t\t\t\t\t\t\t\t<\/div>\n\t\t\t\t\t\t\t\t\t\t\t\t\t\t\t\t\t\t\t<\/a>\n\t\t\t\t\t\t\t\t<\/div>\n\t\t\t\t\t\t\t<\/div>\n\t\t\t\t\t\t\t\t\t\t\t\t\t\t\t\t\t\t\t\t<div class=\"grid__item js-grid__item grid__item_desktop-4 grid__item_tablet-6 grid__item_mobile-12 \">\n\t\t\t\t\t\t\t\t\t\t\t\t\t\t\t\t<div class=\"section-grid__item\">\n\t\t\t\t\t\t\t\t\t<a data-arts-cursor=\"true\" data-arts-cursor-scale=\"1.6\" data-arts-cursor-hide-native=\"true\" data-arts-cursor-icon=\"material-icons add\" class=\"hover-zoom grid__item-link\" href=\"https:\/\/www.david-olkarny.com\/wp-content\/uploads\/2024\/11\/photographe-mariage-belgique-ceremonie-eglise-couple.jpg\" data-size=\"1600x1066\" data-elementor-open-lightbox=\"no\">\n\t\t\t\t\t\t\t\t\t\t<div class=\"hover-zoom__inner\">\n\t\t\t\t\t\t\t\t\t\t\t<div class=\"hover-zoom__zoom\">\n\t\t\t\t\t\t\t\t\t\t\t\t\t\t\t\t\t<div class=\"section section-image figure-image\" data-arts-parallax=true data-arts-parallax-factor=0.1>\n\t\t\t\t\t\t\t\t\t\t\t\t\t\t<div class=\"section-image__wrapper overflow mask-reveal lazy\"  style=\"padding-bottom: calc( (1066 \/ 1600) * 100% ); height: 0;\">\n\t\t\t\t\t\t\t\t\t\t\t\t\t<div class=\"mask-reveal__layer mask-reveal__layer-1\">\n\t\t\t\t\t\t<div class=\"mask-reveal__layer mask-reveal__layer-2\">\n\t\t\t\t\t\t\t\t\t\t\t\t\t\t\t\t\t\t<img loading=\"lazy\" decoding=\"async\" class=\"\" src=\"data:image\/png;base64,iVBORw0KGgoAAAANSUhEUgAAAAEAAAABCAQAAAHCGzyUAAAABGdBTUEAALGPC\/xhBQAAADhlWElmTU0AKgAAAAgAAYdpAAQAAAABAAAAGgAAAAAAAqACAAQAAAABAAAAAaADAAQAAAABAAAAAQAAAADa6r\/EAAAAC0lEQVQI12NolQQAASYAn89qhTcAAAAASUVORK5CYII=\" data-id=\"2959\" data-src=\"https:\/\/www.david-olkarny.com\/wp-content\/uploads\/2024\/11\/photographe-mariage-belgique-ceremonie-eglise-couple.jpg\" width=\"1600\" height=\"1066\"  data-srcset=\"https:\/\/www.david-olkarny.com\/wp-content\/uploads\/2024\/11\/photographe-mariage-belgique-ceremonie-eglise-couple.jpg 1600w, https:\/\/www.david-olkarny.com\/wp-content\/uploads\/2024\/11\/photographe-mariage-belgique-ceremonie-eglise-couple-600x400.jpg 600w, https:\/\/www.david-olkarny.com\/wp-content\/uploads\/2024\/11\/photographe-mariage-belgique-ceremonie-eglise-couple-500x333.jpg 500w, https:\/\/www.david-olkarny.com\/wp-content\/uploads\/2024\/11\/photographe-mariage-belgique-ceremonie-eglise-couple-1200x800.jpg 1200w, https:\/\/www.david-olkarny.com\/wp-content\/uploads\/2024\/11\/photographe-mariage-belgique-ceremonie-eglise-couple-768x512.jpg 768w, https:\/\/www.david-olkarny.com\/wp-content\/uploads\/2024\/11\/photographe-mariage-belgique-ceremonie-eglise-couple-1536x1023.jpg 1536w\"   data-sizes=\"(max-width: 1600px) 100vw, 1600px\"  alt=\"photographe-mariage-belgique-ceremonie-eglise-couple\"\/>\n\t\t\t\t\t\t\t\t\t\t\t\t\t\t\t\t\t\t\t\t\t\t\t\t\t\t\t\t\t\t\t\t\t\t<\/div>\n\t\t\t\t\t<\/div>\n\t\t\t\t\t\t\t\t<\/div>\n\t\t\t\t\t\t\t\t\t\t\t\t\t\t<\/div>\n\t\t\t\t\t\t\t\t\t\t\t\t\t\t\t<\/div>\n\t\t\t\t\t\t\t\t\t\t<\/div>\n\t\t\t\t\t\t\t\t\t\t\t\t\t\t\t\t\t\t\t<\/a>\n\t\t\t\t\t\t\t\t<\/div>\n\t\t\t\t\t\t\t<\/div>\n\t\t\t\t\t\t\t\t\t\t\t\t\t\t\t\t\t\t\t\t<div class=\"grid__item js-grid__item grid__item_desktop-4 grid__item_tablet-6 grid__item_mobile-12 \">\n\t\t\t\t\t\t\t\t\t\t\t\t\t\t\t\t<div class=\"section-grid__item\">\n\t\t\t\t\t\t\t\t\t<a data-arts-cursor=\"true\" data-arts-cursor-scale=\"1.6\" data-arts-cursor-hide-native=\"true\" data-arts-cursor-icon=\"material-icons add\" class=\"hover-zoom grid__item-link\" href=\"https:\/\/www.david-olkarny.com\/wp-content\/uploads\/2024\/11\/photographe-mariage-belgique-chien-amour-foret.jpg\" data-size=\"1600x1085\" data-elementor-open-lightbox=\"no\">\n\t\t\t\t\t\t\t\t\t\t<div class=\"hover-zoom__inner\">\n\t\t\t\t\t\t\t\t\t\t\t<div class=\"hover-zoom__zoom\">\n\t\t\t\t\t\t\t\t\t\t\t\t\t\t\t\t\t<div class=\"section section-image figure-image\" data-arts-parallax=true data-arts-parallax-factor=0.1>\n\t\t\t\t\t\t\t\t\t\t\t\t\t\t<div class=\"section-image__wrapper overflow mask-reveal lazy\"  style=\"padding-bottom: calc( (1085 \/ 1600) * 100% ); height: 0;\">\n\t\t\t\t\t\t\t\t\t\t\t\t\t<div class=\"mask-reveal__layer mask-reveal__layer-1\">\n\t\t\t\t\t\t<div class=\"mask-reveal__layer mask-reveal__layer-2\">\n\t\t\t\t\t\t\t\t\t\t\t\t\t\t\t\t\t\t<img loading=\"lazy\" decoding=\"async\" class=\"\" src=\"data:image\/png;base64,iVBORw0KGgoAAAANSUhEUgAAAAEAAAABCAQAAAHCGzyUAAAABGdBTUEAALGPC\/xhBQAAADhlWElmTU0AKgAAAAgAAYdpAAQAAAABAAAAGgAAAAAAAqACAAQAAAABAAAAAaADAAQAAAABAAAAAQAAAADa6r\/EAAAAC0lEQVQI12NolQQAASYAn89qhTcAAAAASUVORK5CYII=\" data-id=\"2960\" data-src=\"https:\/\/www.david-olkarny.com\/wp-content\/uploads\/2024\/11\/photographe-mariage-belgique-chien-amour-foret.jpg\" width=\"1600\" height=\"1085\"  data-srcset=\"https:\/\/www.david-olkarny.com\/wp-content\/uploads\/2024\/11\/photographe-mariage-belgique-chien-amour-foret.jpg 1600w, https:\/\/www.david-olkarny.com\/wp-content\/uploads\/2024\/11\/photographe-mariage-belgique-chien-amour-foret-600x407.jpg 600w, https:\/\/www.david-olkarny.com\/wp-content\/uploads\/2024\/11\/photographe-mariage-belgique-chien-amour-foret-500x339.jpg 500w, https:\/\/www.david-olkarny.com\/wp-content\/uploads\/2024\/11\/photographe-mariage-belgique-chien-amour-foret-1200x814.jpg 1200w, https:\/\/www.david-olkarny.com\/wp-content\/uploads\/2024\/11\/photographe-mariage-belgique-chien-amour-foret-768x521.jpg 768w, https:\/\/www.david-olkarny.com\/wp-content\/uploads\/2024\/11\/photographe-mariage-belgique-chien-amour-foret-1536x1042.jpg 1536w\"   data-sizes=\"(max-width: 1600px) 100vw, 1600px\"  alt=\"photographe-mariage-belgique-chien-amour-foret\"\/>\n\t\t\t\t\t\t\t\t\t\t\t\t\t\t\t\t\t\t\t\t\t\t\t\t\t\t\t\t\t\t\t\t\t\t<\/div>\n\t\t\t\t\t<\/div>\n\t\t\t\t\t\t\t\t<\/div>\n\t\t\t\t\t\t\t\t\t\t\t\t\t\t<\/div>\n\t\t\t\t\t\t\t\t\t\t\t\t\t\t\t<\/div>\n\t\t\t\t\t\t\t\t\t\t<\/div>\n\t\t\t\t\t\t\t\t\t\t\t\t\t\t\t\t\t\t\t<\/a>\n\t\t\t\t\t\t\t\t<\/div>\n\t\t\t\t\t\t\t<\/div>\n\t\t\t\t\t\t\t\t\t\t\t\t\t\t\t\t\t\t\t\t<div class=\"grid__item js-grid__item grid__item_desktop-4 grid__item_tablet-6 grid__item_mobile-12 \">\n\t\t\t\t\t\t\t\t\t\t\t\t\t\t\t\t<div class=\"section-grid__item\">\n\t\t\t\t\t\t\t\t\t<a data-arts-cursor=\"true\" data-arts-cursor-scale=\"1.6\" data-arts-cursor-hide-native=\"true\" data-arts-cursor-icon=\"material-icons add\" class=\"hover-zoom grid__item-link\" href=\"https:\/\/www.david-olkarny.com\/wp-content\/uploads\/2024\/11\/photographe-mariage-belgique-cinema-couple.jpg\" data-size=\"1600x1126\" data-elementor-open-lightbox=\"no\">\n\t\t\t\t\t\t\t\t\t\t<div class=\"hover-zoom__inner\">\n\t\t\t\t\t\t\t\t\t\t\t<div class=\"hover-zoom__zoom\">\n\t\t\t\t\t\t\t\t\t\t\t\t\t\t\t\t\t<div class=\"section section-image figure-image\" data-arts-parallax=true data-arts-parallax-factor=0.1>\n\t\t\t\t\t\t\t\t\t\t\t\t\t\t<div class=\"section-image__wrapper overflow mask-reveal lazy\"  style=\"padding-bottom: calc( (1126 \/ 1600) * 100% ); height: 0;\">\n\t\t\t\t\t\t\t\t\t\t\t\t\t<div class=\"mask-reveal__layer mask-reveal__layer-1\">\n\t\t\t\t\t\t<div class=\"mask-reveal__layer mask-reveal__layer-2\">\n\t\t\t\t\t\t\t\t\t\t\t\t\t\t\t\t\t\t<img loading=\"lazy\" decoding=\"async\" class=\"\" src=\"data:image\/png;base64,iVBORw0KGgoAAAANSUhEUgAAAAEAAAABCAQAAAHCGzyUAAAABGdBTUEAALGPC\/xhBQAAADhlWElmTU0AKgAAAAgAAYdpAAQAAAABAAAAGgAAAAAAAqACAAQAAAABAAAAAaADAAQAAAABAAAAAQAAAADa6r\/EAAAAC0lEQVQI12NolQQAASYAn89qhTcAAAAASUVORK5CYII=\" data-id=\"2961\" data-src=\"https:\/\/www.david-olkarny.com\/wp-content\/uploads\/2024\/11\/photographe-mariage-belgique-cinema-couple.jpg\" width=\"1600\" height=\"1126\"  data-srcset=\"https:\/\/www.david-olkarny.com\/wp-content\/uploads\/2024\/11\/photographe-mariage-belgique-cinema-couple.jpg 1600w, https:\/\/www.david-olkarny.com\/wp-content\/uploads\/2024\/11\/photographe-mariage-belgique-cinema-couple-600x422.jpg 600w, https:\/\/www.david-olkarny.com\/wp-content\/uploads\/2024\/11\/photographe-mariage-belgique-cinema-couple-500x352.jpg 500w, https:\/\/www.david-olkarny.com\/wp-content\/uploads\/2024\/11\/photographe-mariage-belgique-cinema-couple-1200x845.jpg 1200w, https:\/\/www.david-olkarny.com\/wp-content\/uploads\/2024\/11\/photographe-mariage-belgique-cinema-couple-768x540.jpg 768w, https:\/\/www.david-olkarny.com\/wp-content\/uploads\/2024\/11\/photographe-mariage-belgique-cinema-couple-1536x1081.jpg 1536w\"   data-sizes=\"(max-width: 1600px) 100vw, 1600px\"  alt=\"photographe-mariage-belgique-cinema-couple\"\/>\n\t\t\t\t\t\t\t\t\t\t\t\t\t\t\t\t\t\t\t\t\t\t\t\t\t\t\t\t\t\t\t\t\t\t<\/div>\n\t\t\t\t\t<\/div>\n\t\t\t\t\t\t\t\t<\/div>\n\t\t\t\t\t\t\t\t\t\t\t\t\t\t<\/div>\n\t\t\t\t\t\t\t\t\t\t\t\t\t\t\t<\/div>\n\t\t\t\t\t\t\t\t\t\t<\/div>\n\t\t\t\t\t\t\t\t\t\t\t\t\t\t\t\t\t\t\t<\/a>\n\t\t\t\t\t\t\t\t<\/div>\n\t\t\t\t\t\t\t<\/div>\n\t\t\t\t\t\t\t\t\t\t\t\t\t\t\t\t\t\t\t\t<div class=\"grid__item js-grid__item grid__item_desktop-4 grid__item_tablet-6 grid__item_mobile-12 \">\n\t\t\t\t\t\t\t\t\t\t\t\t\t\t\t\t<div class=\"section-grid__item\">\n\t\t\t\t\t\t\t\t\t<a data-arts-cursor=\"true\" data-arts-cursor-scale=\"1.6\" data-arts-cursor-hide-native=\"true\" data-arts-cursor-icon=\"material-icons add\" class=\"hover-zoom grid__item-link\" href=\"https:\/\/www.david-olkarny.com\/wp-content\/uploads\/2024\/11\/photographe-mariage-belgique-confetti-doree-couple.jpg\" data-size=\"1600x957\" data-elementor-open-lightbox=\"no\">\n\t\t\t\t\t\t\t\t\t\t<div class=\"hover-zoom__inner\">\n\t\t\t\t\t\t\t\t\t\t\t<div class=\"hover-zoom__zoom\">\n\t\t\t\t\t\t\t\t\t\t\t\t\t\t\t\t\t<div class=\"section section-image figure-image\" data-arts-parallax=true data-arts-parallax-factor=0.1>\n\t\t\t\t\t\t\t\t\t\t\t\t\t\t<div class=\"section-image__wrapper overflow mask-reveal lazy\"  style=\"padding-bottom: calc( (957 \/ 1600) * 100% ); height: 0;\">\n\t\t\t\t\t\t\t\t\t\t\t\t\t<div class=\"mask-reveal__layer mask-reveal__layer-1\">\n\t\t\t\t\t\t<div class=\"mask-reveal__layer mask-reveal__layer-2\">\n\t\t\t\t\t\t\t\t\t\t\t\t\t\t\t\t\t\t<img loading=\"lazy\" decoding=\"async\" class=\"\" src=\"data:image\/png;base64,iVBORw0KGgoAAAANSUhEUgAAAAEAAAABCAQAAAHCGzyUAAAABGdBTUEAALGPC\/xhBQAAADhlWElmTU0AKgAAAAgAAYdpAAQAAAABAAAAGgAAAAAAAqACAAQAAAABAAAAAaADAAQAAAABAAAAAQAAAADa6r\/EAAAAC0lEQVQI12NolQQAASYAn89qhTcAAAAASUVORK5CYII=\" data-id=\"2962\" data-src=\"https:\/\/www.david-olkarny.com\/wp-content\/uploads\/2024\/11\/photographe-mariage-belgique-confetti-doree-couple.jpg\" width=\"1600\" height=\"957\"  data-srcset=\"https:\/\/www.david-olkarny.com\/wp-content\/uploads\/2024\/11\/photographe-mariage-belgique-confetti-doree-couple.jpg 1600w, https:\/\/www.david-olkarny.com\/wp-content\/uploads\/2024\/11\/photographe-mariage-belgique-confetti-doree-couple-600x359.jpg 600w, https:\/\/www.david-olkarny.com\/wp-content\/uploads\/2024\/11\/photographe-mariage-belgique-confetti-doree-couple-500x299.jpg 500w, https:\/\/www.david-olkarny.com\/wp-content\/uploads\/2024\/11\/photographe-mariage-belgique-confetti-doree-couple-1200x718.jpg 1200w, https:\/\/www.david-olkarny.com\/wp-content\/uploads\/2024\/11\/photographe-mariage-belgique-confetti-doree-couple-768x459.jpg 768w, https:\/\/www.david-olkarny.com\/wp-content\/uploads\/2024\/11\/photographe-mariage-belgique-confetti-doree-couple-1536x919.jpg 1536w\"   data-sizes=\"(max-width: 1600px) 100vw, 1600px\"  alt=\"photographe-mariage-belgique-confetti-doree-couple\"\/>\n\t\t\t\t\t\t\t\t\t\t\t\t\t\t\t\t\t\t\t\t\t\t\t\t\t\t\t\t\t\t\t\t\t\t<\/div>\n\t\t\t\t\t<\/div>\n\t\t\t\t\t\t\t\t<\/div>\n\t\t\t\t\t\t\t\t\t\t\t\t\t\t<\/div>\n\t\t\t\t\t\t\t\t\t\t\t\t\t\t\t<\/div>\n\t\t\t\t\t\t\t\t\t\t<\/div>\n\t\t\t\t\t\t\t\t\t\t\t\t\t\t\t\t\t\t\t<\/a>\n\t\t\t\t\t\t\t\t<\/div>\n\t\t\t\t\t\t\t<\/div>\n\t\t\t\t\t\t\t\t\t\t\t\t\t\t\t\t\t\t\t\t<div class=\"grid__item js-grid__item grid__item_desktop-4 grid__item_tablet-6 grid__item_mobile-12 \">\n\t\t\t\t\t\t\t\t\t\t\t\t\t\t\t\t<div class=\"section-grid__item\">\n\t\t\t\t\t\t\t\t\t<a data-arts-cursor=\"true\" data-arts-cursor-scale=\"1.6\" data-arts-cursor-hide-native=\"true\" data-arts-cursor-icon=\"material-icons add\" class=\"hover-zoom grid__item-link\" href=\"https:\/\/www.david-olkarny.com\/wp-content\/uploads\/2024\/11\/photographe-mariage-belgique-confetti-sourire-couple.jpg\" data-size=\"1600x1067\" data-elementor-open-lightbox=\"no\">\n\t\t\t\t\t\t\t\t\t\t<div class=\"hover-zoom__inner\">\n\t\t\t\t\t\t\t\t\t\t\t<div class=\"hover-zoom__zoom\">\n\t\t\t\t\t\t\t\t\t\t\t\t\t\t\t\t\t<div class=\"section section-image figure-image\" data-arts-parallax=true data-arts-parallax-factor=0.1>\n\t\t\t\t\t\t\t\t\t\t\t\t\t\t<div class=\"section-image__wrapper overflow mask-reveal lazy\"  style=\"padding-bottom: calc( (1067 \/ 1600) * 100% ); height: 0;\">\n\t\t\t\t\t\t\t\t\t\t\t\t\t<div class=\"mask-reveal__layer mask-reveal__layer-1\">\n\t\t\t\t\t\t<div class=\"mask-reveal__layer mask-reveal__layer-2\">\n\t\t\t\t\t\t\t\t\t\t\t\t\t\t\t\t\t\t<img loading=\"lazy\" decoding=\"async\" class=\"\" src=\"data:image\/png;base64,iVBORw0KGgoAAAANSUhEUgAAAAEAAAABCAQAAAHCGzyUAAAABGdBTUEAALGPC\/xhBQAAADhlWElmTU0AKgAAAAgAAYdpAAQAAAABAAAAGgAAAAAAAqACAAQAAAABAAAAAaADAAQAAAABAAAAAQAAAADa6r\/EAAAAC0lEQVQI12NolQQAASYAn89qhTcAAAAASUVORK5CYII=\" data-id=\"2963\" data-src=\"https:\/\/www.david-olkarny.com\/wp-content\/uploads\/2024\/11\/photographe-mariage-belgique-confetti-sourire-couple.jpg\" width=\"1600\" height=\"1067\"  data-srcset=\"https:\/\/www.david-olkarny.com\/wp-content\/uploads\/2024\/11\/photographe-mariage-belgique-confetti-sourire-couple.jpg 1600w, https:\/\/www.david-olkarny.com\/wp-content\/uploads\/2024\/11\/photographe-mariage-belgique-confetti-sourire-couple-600x400.jpg 600w, https:\/\/www.david-olkarny.com\/wp-content\/uploads\/2024\/11\/photographe-mariage-belgique-confetti-sourire-couple-500x333.jpg 500w, https:\/\/www.david-olkarny.com\/wp-content\/uploads\/2024\/11\/photographe-mariage-belgique-confetti-sourire-couple-1200x800.jpg 1200w, https:\/\/www.david-olkarny.com\/wp-content\/uploads\/2024\/11\/photographe-mariage-belgique-confetti-sourire-couple-768x512.jpg 768w, https:\/\/www.david-olkarny.com\/wp-content\/uploads\/2024\/11\/photographe-mariage-belgique-confetti-sourire-couple-1536x1024.jpg 1536w\"   data-sizes=\"(max-width: 1600px) 100vw, 1600px\"  alt=\"photographe-mariage-belgique-confetti-sourire-couple\"\/>\n\t\t\t\t\t\t\t\t\t\t\t\t\t\t\t\t\t\t\t\t\t\t\t\t\t\t\t\t\t\t\t\t\t\t<\/div>\n\t\t\t\t\t<\/div>\n\t\t\t\t\t\t\t\t<\/div>\n\t\t\t\t\t\t\t\t\t\t\t\t\t\t<\/div>\n\t\t\t\t\t\t\t\t\t\t\t\t\t\t\t<\/div>\n\t\t\t\t\t\t\t\t\t\t<\/div>\n\t\t\t\t\t\t\t\t\t\t\t\t\t\t\t\t\t\t\t<\/a>\n\t\t\t\t\t\t\t\t<\/div>\n\t\t\t\t\t\t\t<\/div>\n\t\t\t\t\t\t\t\t\t\t\t\t\t\t\t\t\t\t\t\t<div class=\"grid__item js-grid__item grid__item_desktop-4 grid__item_tablet-6 grid__item_mobile-12 \">\n\t\t\t\t\t\t\t\t\t\t\t\t\t\t\t\t<div class=\"section-grid__item\">\n\t\t\t\t\t\t\t\t\t<a data-arts-cursor=\"true\" data-arts-cursor-scale=\"1.6\" data-arts-cursor-hide-native=\"true\" data-arts-cursor-icon=\"material-icons add\" class=\"hover-zoom grid__item-link\" href=\"https:\/\/www.david-olkarny.com\/wp-content\/uploads\/2024\/11\/photographe-mariage-belgique-couple-.jpg\" data-size=\"1067x1600\" data-elementor-open-lightbox=\"no\">\n\t\t\t\t\t\t\t\t\t\t<div class=\"hover-zoom__inner\">\n\t\t\t\t\t\t\t\t\t\t\t<div class=\"hover-zoom__zoom\">\n\t\t\t\t\t\t\t\t\t\t\t\t\t\t\t\t\t<div class=\"section section-image figure-image\" data-arts-parallax=true data-arts-parallax-factor=0.1>\n\t\t\t\t\t\t\t\t\t\t\t\t\t\t<div class=\"section-image__wrapper overflow mask-reveal lazy\"  style=\"padding-bottom: calc( (1600 \/ 1067) * 100% ); height: 0;\">\n\t\t\t\t\t\t\t\t\t\t\t\t\t<div class=\"mask-reveal__layer mask-reveal__layer-1\">\n\t\t\t\t\t\t<div class=\"mask-reveal__layer mask-reveal__layer-2\">\n\t\t\t\t\t\t\t\t\t\t\t\t\t\t\t\t\t\t<img loading=\"lazy\" decoding=\"async\" class=\"\" src=\"data:image\/png;base64,iVBORw0KGgoAAAANSUhEUgAAAAEAAAABCAQAAAHCGzyUAAAABGdBTUEAALGPC\/xhBQAAADhlWElmTU0AKgAAAAgAAYdpAAQAAAABAAAAGgAAAAAAAqACAAQAAAABAAAAAaADAAQAAAABAAAAAQAAAADa6r\/EAAAAC0lEQVQI12NolQQAASYAn89qhTcAAAAASUVORK5CYII=\" data-id=\"2964\" data-src=\"https:\/\/www.david-olkarny.com\/wp-content\/uploads\/2024\/11\/photographe-mariage-belgique-couple-.jpg\" width=\"1067\" height=\"1600\"  data-srcset=\"https:\/\/www.david-olkarny.com\/wp-content\/uploads\/2024\/11\/photographe-mariage-belgique-couple-.jpg 1067w, https:\/\/www.david-olkarny.com\/wp-content\/uploads\/2024\/11\/photographe-mariage-belgique-couple--600x900.jpg 600w, https:\/\/www.david-olkarny.com\/wp-content\/uploads\/2024\/11\/photographe-mariage-belgique-couple--333x500.jpg 333w, https:\/\/www.david-olkarny.com\/wp-content\/uploads\/2024\/11\/photographe-mariage-belgique-couple--800x1200.jpg 800w, https:\/\/www.david-olkarny.com\/wp-content\/uploads\/2024\/11\/photographe-mariage-belgique-couple--768x1152.jpg 768w, https:\/\/www.david-olkarny.com\/wp-content\/uploads\/2024\/11\/photographe-mariage-belgique-couple--1024x1536.jpg 1024w\"   data-sizes=\"(max-width: 1067px) 100vw, 1067px\"  alt=\"photographe-mariage-belgique-couple\"\/>\n\t\t\t\t\t\t\t\t\t\t\t\t\t\t\t\t\t\t\t\t\t\t\t\t\t\t\t\t\t\t\t\t\t\t<\/div>\n\t\t\t\t\t<\/div>\n\t\t\t\t\t\t\t\t<\/div>\n\t\t\t\t\t\t\t\t\t\t\t\t\t\t<\/div>\n\t\t\t\t\t\t\t\t\t\t\t\t\t\t\t<\/div>\n\t\t\t\t\t\t\t\t\t\t<\/div>\n\t\t\t\t\t\t\t\t\t\t\t\t\t\t\t\t\t\t\t<\/a>\n\t\t\t\t\t\t\t\t<\/div>\n\t\t\t\t\t\t\t<\/div>\n\t\t\t\t\t\t\t\t\t\t\t\t\t\t\t\t\t\t\t\t<div class=\"grid__item js-grid__item grid__item_desktop-4 grid__item_tablet-6 grid__item_mobile-12 \">\n\t\t\t\t\t\t\t\t\t\t\t\t\t\t\t\t<div class=\"section-grid__item\">\n\t\t\t\t\t\t\t\t\t<a data-arts-cursor=\"true\" data-arts-cursor-scale=\"1.6\" data-arts-cursor-hide-native=\"true\" data-arts-cursor-icon=\"material-icons add\" class=\"hover-zoom grid__item-link\" href=\"https:\/\/www.david-olkarny.com\/wp-content\/uploads\/2024\/11\/photographe-mariage-belgique-couple-abbaye-rire.jpg\" data-size=\"1067x1600\" data-elementor-open-lightbox=\"no\">\n\t\t\t\t\t\t\t\t\t\t<div class=\"hover-zoom__inner\">\n\t\t\t\t\t\t\t\t\t\t\t<div class=\"hover-zoom__zoom\">\n\t\t\t\t\t\t\t\t\t\t\t\t\t\t\t\t\t<div class=\"section section-image figure-image\" data-arts-parallax=true data-arts-parallax-factor=0.1>\n\t\t\t\t\t\t\t\t\t\t\t\t\t\t<div class=\"section-image__wrapper overflow mask-reveal lazy\"  style=\"padding-bottom: calc( (1600 \/ 1067) * 100% ); height: 0;\">\n\t\t\t\t\t\t\t\t\t\t\t\t\t<div class=\"mask-reveal__layer mask-reveal__layer-1\">\n\t\t\t\t\t\t<div class=\"mask-reveal__layer mask-reveal__layer-2\">\n\t\t\t\t\t\t\t\t\t\t\t\t\t\t\t\t\t\t<img loading=\"lazy\" decoding=\"async\" class=\"\" src=\"data:image\/png;base64,iVBORw0KGgoAAAANSUhEUgAAAAEAAAABCAQAAAHCGzyUAAAABGdBTUEAALGPC\/xhBQAAADhlWElmTU0AKgAAAAgAAYdpAAQAAAABAAAAGgAAAAAAAqACAAQAAAABAAAAAaADAAQAAAABAAAAAQAAAADa6r\/EAAAAC0lEQVQI12NolQQAASYAn89qhTcAAAAASUVORK5CYII=\" data-id=\"2965\" data-src=\"https:\/\/www.david-olkarny.com\/wp-content\/uploads\/2024\/11\/photographe-mariage-belgique-couple-abbaye-rire.jpg\" width=\"1067\" height=\"1600\"  data-srcset=\"https:\/\/www.david-olkarny.com\/wp-content\/uploads\/2024\/11\/photographe-mariage-belgique-couple-abbaye-rire.jpg 1067w, https:\/\/www.david-olkarny.com\/wp-content\/uploads\/2024\/11\/photographe-mariage-belgique-couple-abbaye-rire-600x900.jpg 600w, https:\/\/www.david-olkarny.com\/wp-content\/uploads\/2024\/11\/photographe-mariage-belgique-couple-abbaye-rire-333x500.jpg 333w, https:\/\/www.david-olkarny.com\/wp-content\/uploads\/2024\/11\/photographe-mariage-belgique-couple-abbaye-rire-800x1200.jpg 800w, https:\/\/www.david-olkarny.com\/wp-content\/uploads\/2024\/11\/photographe-mariage-belgique-couple-abbaye-rire-768x1152.jpg 768w, https:\/\/www.david-olkarny.com\/wp-content\/uploads\/2024\/11\/photographe-mariage-belgique-couple-abbaye-rire-1024x1536.jpg 1024w\"   data-sizes=\"(max-width: 1067px) 100vw, 1067px\"  alt=\"photographe-mariage-belgique-couple-abbaye-rire\"\/>\n\t\t\t\t\t\t\t\t\t\t\t\t\t\t\t\t\t\t\t\t\t\t\t\t\t\t\t\t\t\t\t\t\t\t<\/div>\n\t\t\t\t\t<\/div>\n\t\t\t\t\t\t\t\t<\/div>\n\t\t\t\t\t\t\t\t\t\t\t\t\t\t<\/div>\n\t\t\t\t\t\t\t\t\t\t\t\t\t\t\t<\/div>\n\t\t\t\t\t\t\t\t\t\t<\/div>\n\t\t\t\t\t\t\t\t\t\t\t\t\t\t\t\t\t\t\t<\/a>\n\t\t\t\t\t\t\t\t<\/div>\n\t\t\t\t\t\t\t<\/div>\n\t\t\t\t\t\t\t\t\t\t\t\t\t\t\t\t\t\t\t\t<div class=\"grid__item js-grid__item grid__item_desktop-4 grid__item_tablet-6 grid__item_mobile-12 \">\n\t\t\t\t\t\t\t\t\t\t\t\t\t\t\t\t<div class=\"section-grid__item\">\n\t\t\t\t\t\t\t\t\t<a data-arts-cursor=\"true\" data-arts-cursor-scale=\"1.6\" data-arts-cursor-hide-native=\"true\" data-arts-cursor-icon=\"material-icons add\" class=\"hover-zoom grid__item-link\" href=\"https:\/\/www.david-olkarny.com\/wp-content\/uploads\/2024\/11\/photographe-mariage-belgique-couple-alliance-detail.jpg\" data-size=\"1067x1600\" data-elementor-open-lightbox=\"no\">\n\t\t\t\t\t\t\t\t\t\t<div class=\"hover-zoom__inner\">\n\t\t\t\t\t\t\t\t\t\t\t<div class=\"hover-zoom__zoom\">\n\t\t\t\t\t\t\t\t\t\t\t\t\t\t\t\t\t<div class=\"section section-image figure-image\" data-arts-parallax=true data-arts-parallax-factor=0.1>\n\t\t\t\t\t\t\t\t\t\t\t\t\t\t<div class=\"section-image__wrapper overflow mask-reveal lazy\"  style=\"padding-bottom: calc( (1600 \/ 1067) * 100% ); height: 0;\">\n\t\t\t\t\t\t\t\t\t\t\t\t\t<div class=\"mask-reveal__layer mask-reveal__layer-1\">\n\t\t\t\t\t\t<div class=\"mask-reveal__layer mask-reveal__layer-2\">\n\t\t\t\t\t\t\t\t\t\t\t\t\t\t\t\t\t\t<img loading=\"lazy\" decoding=\"async\" class=\"\" src=\"data:image\/png;base64,iVBORw0KGgoAAAANSUhEUgAAAAEAAAABCAQAAAHCGzyUAAAABGdBTUEAALGPC\/xhBQAAADhlWElmTU0AKgAAAAgAAYdpAAQAAAABAAAAGgAAAAAAAqACAAQAAAABAAAAAaADAAQAAAABAAAAAQAAAADa6r\/EAAAAC0lEQVQI12NolQQAASYAn89qhTcAAAAASUVORK5CYII=\" data-id=\"2966\" data-src=\"https:\/\/www.david-olkarny.com\/wp-content\/uploads\/2024\/11\/photographe-mariage-belgique-couple-alliance-detail.jpg\" width=\"1067\" height=\"1600\"  data-srcset=\"https:\/\/www.david-olkarny.com\/wp-content\/uploads\/2024\/11\/photographe-mariage-belgique-couple-alliance-detail.jpg 1067w, https:\/\/www.david-olkarny.com\/wp-content\/uploads\/2024\/11\/photographe-mariage-belgique-couple-alliance-detail-600x900.jpg 600w, https:\/\/www.david-olkarny.com\/wp-content\/uploads\/2024\/11\/photographe-mariage-belgique-couple-alliance-detail-333x500.jpg 333w, https:\/\/www.david-olkarny.com\/wp-content\/uploads\/2024\/11\/photographe-mariage-belgique-couple-alliance-detail-800x1200.jpg 800w, https:\/\/www.david-olkarny.com\/wp-content\/uploads\/2024\/11\/photographe-mariage-belgique-couple-alliance-detail-768x1152.jpg 768w, https:\/\/www.david-olkarny.com\/wp-content\/uploads\/2024\/11\/photographe-mariage-belgique-couple-alliance-detail-1024x1536.jpg 1024w\"   data-sizes=\"(max-width: 1067px) 100vw, 1067px\"  alt=\"photographe-mariage-belgique-couple-alliance-detail\"\/>\n\t\t\t\t\t\t\t\t\t\t\t\t\t\t\t\t\t\t\t\t\t\t\t\t\t\t\t\t\t\t\t\t\t\t<\/div>\n\t\t\t\t\t<\/div>\n\t\t\t\t\t\t\t\t<\/div>\n\t\t\t\t\t\t\t\t\t\t\t\t\t\t<\/div>\n\t\t\t\t\t\t\t\t\t\t\t\t\t\t\t<\/div>\n\t\t\t\t\t\t\t\t\t\t<\/div>\n\t\t\t\t\t\t\t\t\t\t\t\t\t\t\t\t\t\t\t<\/a>\n\t\t\t\t\t\t\t\t<\/div>\n\t\t\t\t\t\t\t<\/div>\n\t\t\t\t\t\t\t\t\t\t\t\t\t\t\t\t\t\t\t\t<div class=\"grid__item js-grid__item grid__item_desktop-4 grid__item_tablet-6 grid__item_mobile-12 \">\n\t\t\t\t\t\t\t\t\t\t\t\t\t\t\t\t<div class=\"section-grid__item\">\n\t\t\t\t\t\t\t\t\t<a data-arts-cursor=\"true\" data-arts-cursor-scale=\"1.6\" data-arts-cursor-hide-native=\"true\" data-arts-cursor-icon=\"material-icons add\" class=\"hover-zoom grid__item-link\" href=\"https:\/\/www.david-olkarny.com\/wp-content\/uploads\/2024\/11\/photographe-mariage-belgique-cascade-rire-couple.jpg\" data-size=\"1108x1600\" data-elementor-open-lightbox=\"no\">\n\t\t\t\t\t\t\t\t\t\t<div class=\"hover-zoom__inner\">\n\t\t\t\t\t\t\t\t\t\t\t<div class=\"hover-zoom__zoom\">\n\t\t\t\t\t\t\t\t\t\t\t\t\t\t\t\t\t<div class=\"section section-image figure-image\" data-arts-parallax=true data-arts-parallax-factor=0.1>\n\t\t\t\t\t\t\t\t\t\t\t\t\t\t<div class=\"section-image__wrapper overflow mask-reveal lazy\"  style=\"padding-bottom: calc( (1600 \/ 1108) * 100% ); height: 0;\">\n\t\t\t\t\t\t\t\t\t\t\t\t\t<div class=\"mask-reveal__layer mask-reveal__layer-1\">\n\t\t\t\t\t\t<div class=\"mask-reveal__layer mask-reveal__layer-2\">\n\t\t\t\t\t\t\t\t\t\t\t\t\t\t\t\t\t\t<img loading=\"lazy\" decoding=\"async\" class=\"\" src=\"data:image\/png;base64,iVBORw0KGgoAAAANSUhEUgAAAAEAAAABCAQAAAHCGzyUAAAABGdBTUEAALGPC\/xhBQAAADhlWElmTU0AKgAAAAgAAYdpAAQAAAABAAAAGgAAAAAAAqACAAQAAAABAAAAAaADAAQAAAABAAAAAQAAAADa6r\/EAAAAC0lEQVQI12NolQQAASYAn89qhTcAAAAASUVORK5CYII=\" data-id=\"2957\" data-src=\"https:\/\/www.david-olkarny.com\/wp-content\/uploads\/2024\/11\/photographe-mariage-belgique-cascade-rire-couple.jpg\" width=\"1108\" height=\"1600\"  data-srcset=\"https:\/\/www.david-olkarny.com\/wp-content\/uploads\/2024\/11\/photographe-mariage-belgique-cascade-rire-couple.jpg 1108w, https:\/\/www.david-olkarny.com\/wp-content\/uploads\/2024\/11\/photographe-mariage-belgique-cascade-rire-couple-600x866.jpg 600w, https:\/\/www.david-olkarny.com\/wp-content\/uploads\/2024\/11\/photographe-mariage-belgique-cascade-rire-couple-346x500.jpg 346w, https:\/\/www.david-olkarny.com\/wp-content\/uploads\/2024\/11\/photographe-mariage-belgique-cascade-rire-couple-831x1200.jpg 831w, https:\/\/www.david-olkarny.com\/wp-content\/uploads\/2024\/11\/photographe-mariage-belgique-cascade-rire-couple-768x1109.jpg 768w, https:\/\/www.david-olkarny.com\/wp-content\/uploads\/2024\/11\/photographe-mariage-belgique-cascade-rire-couple-1064x1536.jpg 1064w\"   data-sizes=\"(max-width: 1108px) 100vw, 1108px\"  alt=\"photographe-mariage-belgique-cascade-rire-couple\"\/>\n\t\t\t\t\t\t\t\t\t\t\t\t\t\t\t\t\t\t\t\t\t\t\t\t\t\t\t\t\t\t\t\t\t\t<\/div>\n\t\t\t\t\t<\/div>\n\t\t\t\t\t\t\t\t<\/div>\n\t\t\t\t\t\t\t\t\t\t\t\t\t\t<\/div>\n\t\t\t\t\t\t\t\t\t\t\t\t\t\t\t<\/div>\n\t\t\t\t\t\t\t\t\t\t<\/div>\n\t\t\t\t\t\t\t\t\t\t\t\t\t\t\t\t\t\t\t<\/a>\n\t\t\t\t\t\t\t\t<\/div>\n\t\t\t\t\t\t\t<\/div>\n\t\t\t\t\t\t\t\t\t\t\t\t\t\t\t\t\t\t\t\t<div class=\"grid__item js-grid__item grid__item_desktop-4 grid__item_tablet-6 grid__item_mobile-12 \">\n\t\t\t\t\t\t\t\t\t\t\t\t\t\t\t\t<div class=\"section-grid__item\">\n\t\t\t\t\t\t\t\t\t<a data-arts-cursor=\"true\" data-arts-cursor-scale=\"1.6\" data-arts-cursor-hide-native=\"true\" data-arts-cursor-icon=\"material-icons add\" class=\"hover-zoom grid__item-link\" href=\"https:\/\/www.david-olkarny.com\/wp-content\/uploads\/2024\/11\/photographe-mariage-belgique-mer-couple-vague.jpg\" data-size=\"1600x1159\" data-elementor-open-lightbox=\"no\">\n\t\t\t\t\t\t\t\t\t\t<div class=\"hover-zoom__inner\">\n\t\t\t\t\t\t\t\t\t\t\t<div class=\"hover-zoom__zoom\">\n\t\t\t\t\t\t\t\t\t\t\t\t\t\t\t\t\t<div class=\"section section-image figure-image\" data-arts-parallax=true data-arts-parallax-factor=0.1>\n\t\t\t\t\t\t\t\t\t\t\t\t\t\t<div class=\"section-image__wrapper overflow mask-reveal lazy\"  style=\"padding-bottom: calc( (1159 \/ 1600) * 100% ); height: 0;\">\n\t\t\t\t\t\t\t\t\t\t\t\t\t<div class=\"mask-reveal__layer mask-reveal__layer-1\">\n\t\t\t\t\t\t<div class=\"mask-reveal__layer mask-reveal__layer-2\">\n\t\t\t\t\t\t\t\t\t\t\t\t\t\t\t\t\t\t<img loading=\"lazy\" decoding=\"async\" class=\"\" src=\"data:image\/png;base64,iVBORw0KGgoAAAANSUhEUgAAAAEAAAABCAQAAAHCGzyUAAAABGdBTUEAALGPC\/xhBQAAADhlWElmTU0AKgAAAAgAAYdpAAQAAAABAAAAGgAAAAAAAqACAAQAAAABAAAAAaADAAQAAAABAAAAAQAAAADa6r\/EAAAAC0lEQVQI12NolQQAASYAn89qhTcAAAAASUVORK5CYII=\" data-id=\"2948\" data-src=\"https:\/\/www.david-olkarny.com\/wp-content\/uploads\/2024\/11\/photographe-mariage-belgique-mer-couple-vague.jpg\" width=\"1600\" height=\"1159\"  data-srcset=\"https:\/\/www.david-olkarny.com\/wp-content\/uploads\/2024\/11\/photographe-mariage-belgique-mer-couple-vague.jpg 1600w, https:\/\/www.david-olkarny.com\/wp-content\/uploads\/2024\/11\/photographe-mariage-belgique-mer-couple-vague-600x435.jpg 600w, https:\/\/www.david-olkarny.com\/wp-content\/uploads\/2024\/11\/photographe-mariage-belgique-mer-couple-vague-500x362.jpg 500w, https:\/\/www.david-olkarny.com\/wp-content\/uploads\/2024\/11\/photographe-mariage-belgique-mer-couple-vague-1200x869.jpg 1200w, https:\/\/www.david-olkarny.com\/wp-content\/uploads\/2024\/11\/photographe-mariage-belgique-mer-couple-vague-768x556.jpg 768w, https:\/\/www.david-olkarny.com\/wp-content\/uploads\/2024\/11\/photographe-mariage-belgique-mer-couple-vague-1536x1113.jpg 1536w\"   data-sizes=\"(max-width: 1600px) 100vw, 1600px\"  alt=\"photographe-mariage-belgique-mer-couple-vague\"\/>\n\t\t\t\t\t\t\t\t\t\t\t\t\t\t\t\t\t\t\t\t\t\t\t\t\t\t\t\t\t\t\t\t\t\t<\/div>\n\t\t\t\t\t<\/div>\n\t\t\t\t\t\t\t\t<\/div>\n\t\t\t\t\t\t\t\t\t\t\t\t\t\t<\/div>\n\t\t\t\t\t\t\t\t\t\t\t\t\t\t\t<\/div>\n\t\t\t\t\t\t\t\t\t\t<\/div>\n\t\t\t\t\t\t\t\t\t\t\t\t\t\t\t\t\t\t\t<\/a>\n\t\t\t\t\t\t\t\t<\/div>\n\t\t\t\t\t\t\t<\/div>\n\t\t\t\t\t\t\t\t\t\t\t\t\t\t\t\t\t\t\t\t<div class=\"grid__item js-grid__item grid__item_desktop-4 grid__item_tablet-6 grid__item_mobile-12 \">\n\t\t\t\t\t\t\t\t\t\t\t\t\t\t\t\t<div class=\"section-grid__item\">\n\t\t\t\t\t\t\t\t\t<a data-arts-cursor=\"true\" data-arts-cursor-scale=\"1.6\" data-arts-cursor-hide-native=\"true\" data-arts-cursor-icon=\"material-icons add\" class=\"hover-zoom grid__item-link\" href=\"https:\/\/www.david-olkarny.com\/wp-content\/uploads\/2024\/11\/photographe-mariage-belgique-couple-ceremonie.jpg\" data-size=\"1600x1067\" data-elementor-open-lightbox=\"no\">\n\t\t\t\t\t\t\t\t\t\t<div class=\"hover-zoom__inner\">\n\t\t\t\t\t\t\t\t\t\t\t<div class=\"hover-zoom__zoom\">\n\t\t\t\t\t\t\t\t\t\t\t\t\t\t\t\t\t<div class=\"section section-image figure-image\" data-arts-parallax=true data-arts-parallax-factor=0.1>\n\t\t\t\t\t\t\t\t\t\t\t\t\t\t<div class=\"section-image__wrapper overflow mask-reveal lazy\"  style=\"padding-bottom: calc( (1067 \/ 1600) * 100% ); height: 0;\">\n\t\t\t\t\t\t\t\t\t\t\t\t\t<div class=\"mask-reveal__layer mask-reveal__layer-1\">\n\t\t\t\t\t\t<div class=\"mask-reveal__layer mask-reveal__layer-2\">\n\t\t\t\t\t\t\t\t\t\t\t\t\t\t\t\t\t\t<img loading=\"lazy\" decoding=\"async\" class=\"\" src=\"data:image\/png;base64,iVBORw0KGgoAAAANSUhEUgAAAAEAAAABCAQAAAHCGzyUAAAABGdBTUEAALGPC\/xhBQAAADhlWElmTU0AKgAAAAgAAYdpAAQAAAABAAAAGgAAAAAAAqACAAQAAAABAAAAAaADAAQAAAABAAAAAQAAAADa6r\/EAAAAC0lEQVQI12NolQQAASYAn89qhTcAAAAASUVORK5CYII=\" data-id=\"2947\" data-src=\"https:\/\/www.david-olkarny.com\/wp-content\/uploads\/2024\/11\/photographe-mariage-belgique-couple-ceremonie.jpg\" width=\"1600\" height=\"1067\"  data-srcset=\"https:\/\/www.david-olkarny.com\/wp-content\/uploads\/2024\/11\/photographe-mariage-belgique-couple-ceremonie.jpg 1600w, https:\/\/www.david-olkarny.com\/wp-content\/uploads\/2024\/11\/photographe-mariage-belgique-couple-ceremonie-600x400.jpg 600w, https:\/\/www.david-olkarny.com\/wp-content\/uploads\/2024\/11\/photographe-mariage-belgique-couple-ceremonie-500x333.jpg 500w, https:\/\/www.david-olkarny.com\/wp-content\/uploads\/2024\/11\/photographe-mariage-belgique-couple-ceremonie-1200x800.jpg 1200w, https:\/\/www.david-olkarny.com\/wp-content\/uploads\/2024\/11\/photographe-mariage-belgique-couple-ceremonie-768x512.jpg 768w, https:\/\/www.david-olkarny.com\/wp-content\/uploads\/2024\/11\/photographe-mariage-belgique-couple-ceremonie-1536x1024.jpg 1536w\"   data-sizes=\"(max-width: 1600px) 100vw, 1600px\"  alt=\"photographe-mariage-belgique-couple-ceremonie\"\/>\n\t\t\t\t\t\t\t\t\t\t\t\t\t\t\t\t\t\t\t\t\t\t\t\t\t\t\t\t\t\t\t\t\t\t<\/div>\n\t\t\t\t\t<\/div>\n\t\t\t\t\t\t\t\t<\/div>\n\t\t\t\t\t\t\t\t\t\t\t\t\t\t<\/div>\n\t\t\t\t\t\t\t\t\t\t\t\t\t\t\t<\/div>\n\t\t\t\t\t\t\t\t\t\t<\/div>\n\t\t\t\t\t\t\t\t\t\t\t\t\t\t\t\t\t\t\t<\/a>\n\t\t\t\t\t\t\t\t<\/div>\n\t\t\t\t\t\t\t<\/div>\n\t\t\t\t\t\t\t\t\t\t\t\t\t\t\t\t\t\t\t\t<div class=\"grid__item js-grid__item grid__item_desktop-4 grid__item_tablet-6 grid__item_mobile-12 \">\n\t\t\t\t\t\t\t\t\t\t\t\t\t\t\t\t<div class=\"section-grid__item\">\n\t\t\t\t\t\t\t\t\t<a data-arts-cursor=\"true\" data-arts-cursor-scale=\"1.6\" data-arts-cursor-hide-native=\"true\" data-arts-cursor-icon=\"material-icons add\" class=\"hover-zoom grid__item-link\" href=\"https:\/\/www.david-olkarny.com\/wp-content\/uploads\/2024\/11\/photographe-mariage-belgique-caddie-rire-folie-couple.jpg\" data-size=\"1600x1036\" data-elementor-open-lightbox=\"no\">\n\t\t\t\t\t\t\t\t\t\t<div class=\"hover-zoom__inner\">\n\t\t\t\t\t\t\t\t\t\t\t<div class=\"hover-zoom__zoom\">\n\t\t\t\t\t\t\t\t\t\t\t\t\t\t\t\t\t<div class=\"section section-image figure-image\" data-arts-parallax=true data-arts-parallax-factor=0.1>\n\t\t\t\t\t\t\t\t\t\t\t\t\t\t<div class=\"section-image__wrapper overflow mask-reveal lazy\"  style=\"padding-bottom: calc( (1036 \/ 1600) * 100% ); height: 0;\">\n\t\t\t\t\t\t\t\t\t\t\t\t\t<div class=\"mask-reveal__layer mask-reveal__layer-1\">\n\t\t\t\t\t\t<div class=\"mask-reveal__layer mask-reveal__layer-2\">\n\t\t\t\t\t\t\t\t\t\t\t\t\t\t\t\t\t\t<img loading=\"lazy\" decoding=\"async\" class=\"\" src=\"data:image\/png;base64,iVBORw0KGgoAAAANSUhEUgAAAAEAAAABCAQAAAHCGzyUAAAABGdBTUEAALGPC\/xhBQAAADhlWElmTU0AKgAAAAgAAYdpAAQAAAABAAAAGgAAAAAAAqACAAQAAAABAAAAAaADAAQAAAABAAAAAQAAAADa6r\/EAAAAC0lEQVQI12NolQQAASYAn89qhTcAAAAASUVORK5CYII=\" data-id=\"2956\" data-src=\"https:\/\/www.david-olkarny.com\/wp-content\/uploads\/2024\/11\/photographe-mariage-belgique-caddie-rire-folie-couple.jpg\" width=\"1600\" height=\"1036\"  data-srcset=\"https:\/\/www.david-olkarny.com\/wp-content\/uploads\/2024\/11\/photographe-mariage-belgique-caddie-rire-folie-couple.jpg 1600w, https:\/\/www.david-olkarny.com\/wp-content\/uploads\/2024\/11\/photographe-mariage-belgique-caddie-rire-folie-couple-600x389.jpg 600w, https:\/\/www.david-olkarny.com\/wp-content\/uploads\/2024\/11\/photographe-mariage-belgique-caddie-rire-folie-couple-500x324.jpg 500w, https:\/\/www.david-olkarny.com\/wp-content\/uploads\/2024\/11\/photographe-mariage-belgique-caddie-rire-folie-couple-1200x777.jpg 1200w, https:\/\/www.david-olkarny.com\/wp-content\/uploads\/2024\/11\/photographe-mariage-belgique-caddie-rire-folie-couple-768x497.jpg 768w, https:\/\/www.david-olkarny.com\/wp-content\/uploads\/2024\/11\/photographe-mariage-belgique-caddie-rire-folie-couple-1536x995.jpg 1536w\"   data-sizes=\"(max-width: 1600px) 100vw, 1600px\"  alt=\"photographe-mariage-belgique-caddie-rire-folie-couple\"\/>\n\t\t\t\t\t\t\t\t\t\t\t\t\t\t\t\t\t\t\t\t\t\t\t\t\t\t\t\t\t\t\t\t\t\t<\/div>\n\t\t\t\t\t<\/div>\n\t\t\t\t\t\t\t\t<\/div>\n\t\t\t\t\t\t\t\t\t\t\t\t\t\t<\/div>\n\t\t\t\t\t\t\t\t\t\t\t\t\t\t\t<\/div>\n\t\t\t\t\t\t\t\t\t\t<\/div>\n\t\t\t\t\t\t\t\t\t\t\t\t\t\t\t\t\t\t\t<\/a>\n\t\t\t\t\t\t\t\t<\/div>\n\t\t\t\t\t\t\t<\/div>\n\t\t\t\t\t\t\t\t\t\t\t\t\t\t\t\t\t\t\t\t<div class=\"grid__item js-grid__item grid__item_desktop-4 grid__item_tablet-6 grid__item_mobile-12 \">\n\t\t\t\t\t\t\t\t\t\t\t\t\t\t\t\t<div class=\"section-grid__item\">\n\t\t\t\t\t\t\t\t\t<a data-arts-cursor=\"true\" data-arts-cursor-scale=\"1.6\" data-arts-cursor-hide-native=\"true\" data-arts-cursor-icon=\"material-icons add\" class=\"hover-zoom grid__item-link\" href=\"https:\/\/www.david-olkarny.com\/wp-content\/uploads\/2024\/11\/photographe-mariage-belgique-bulle-robe-femme.jpg\" data-size=\"1600x1018\" data-elementor-open-lightbox=\"no\">\n\t\t\t\t\t\t\t\t\t\t<div class=\"hover-zoom__inner\">\n\t\t\t\t\t\t\t\t\t\t\t<div class=\"hover-zoom__zoom\">\n\t\t\t\t\t\t\t\t\t\t\t\t\t\t\t\t\t<div class=\"section section-image figure-image\" data-arts-parallax=true data-arts-parallax-factor=0.1>\n\t\t\t\t\t\t\t\t\t\t\t\t\t\t<div class=\"section-image__wrapper overflow mask-reveal lazy\"  style=\"padding-bottom: calc( (1018 \/ 1600) * 100% ); height: 0;\">\n\t\t\t\t\t\t\t\t\t\t\t\t\t<div class=\"mask-reveal__layer mask-reveal__layer-1\">\n\t\t\t\t\t\t<div class=\"mask-reveal__layer mask-reveal__layer-2\">\n\t\t\t\t\t\t\t\t\t\t\t\t\t\t\t\t\t\t<img loading=\"lazy\" decoding=\"async\" class=\"\" src=\"data:image\/png;base64,iVBORw0KGgoAAAANSUhEUgAAAAEAAAABCAQAAAHCGzyUAAAABGdBTUEAALGPC\/xhBQAAADhlWElmTU0AKgAAAAgAAYdpAAQAAAABAAAAGgAAAAAAAqACAAQAAAABAAAAAaADAAQAAAABAAAAAQAAAADa6r\/EAAAAC0lEQVQI12NolQQAASYAn89qhTcAAAAASUVORK5CYII=\" data-id=\"2955\" data-src=\"https:\/\/www.david-olkarny.com\/wp-content\/uploads\/2024\/11\/photographe-mariage-belgique-bulle-robe-femme.jpg\" width=\"1600\" height=\"1018\"  data-srcset=\"https:\/\/www.david-olkarny.com\/wp-content\/uploads\/2024\/11\/photographe-mariage-belgique-bulle-robe-femme.jpg 1600w, https:\/\/www.david-olkarny.com\/wp-content\/uploads\/2024\/11\/photographe-mariage-belgique-bulle-robe-femme-600x382.jpg 600w, https:\/\/www.david-olkarny.com\/wp-content\/uploads\/2024\/11\/photographe-mariage-belgique-bulle-robe-femme-500x318.jpg 500w, https:\/\/www.david-olkarny.com\/wp-content\/uploads\/2024\/11\/photographe-mariage-belgique-bulle-robe-femme-1200x764.jpg 1200w, https:\/\/www.david-olkarny.com\/wp-content\/uploads\/2024\/11\/photographe-mariage-belgique-bulle-robe-femme-768x489.jpg 768w, https:\/\/www.david-olkarny.com\/wp-content\/uploads\/2024\/11\/photographe-mariage-belgique-bulle-robe-femme-1536x977.jpg 1536w\"   data-sizes=\"(max-width: 1600px) 100vw, 1600px\"  alt=\"photographe-mariage-belgique-bulle-robe-femme\"\/>\n\t\t\t\t\t\t\t\t\t\t\t\t\t\t\t\t\t\t\t\t\t\t\t\t\t\t\t\t\t\t\t\t\t\t<\/div>\n\t\t\t\t\t<\/div>\n\t\t\t\t\t\t\t\t<\/div>\n\t\t\t\t\t\t\t\t\t\t\t\t\t\t<\/div>\n\t\t\t\t\t\t\t\t\t\t\t\t\t\t\t<\/div>\n\t\t\t\t\t\t\t\t\t\t<\/div>\n\t\t\t\t\t\t\t\t\t\t\t\t\t\t\t\t\t\t\t<\/a>\n\t\t\t\t\t\t\t\t<\/div>\n\t\t\t\t\t\t\t<\/div>\n\t\t\t\t\t\t\t\t\t\t\t\t\t\t\t\t\t\t\t\t<div class=\"grid__item js-grid__item grid__item_desktop-4 grid__item_tablet-6 grid__item_mobile-12 \">\n\t\t\t\t\t\t\t\t\t\t\t\t\t\t\t\t<div class=\"section-grid__item\">\n\t\t\t\t\t\t\t\t\t<a data-arts-cursor=\"true\" data-arts-cursor-scale=\"1.6\" data-arts-cursor-hide-native=\"true\" data-arts-cursor-icon=\"material-icons add\" class=\"hover-zoom grid__item-link\" href=\"https:\/\/www.david-olkarny.com\/wp-content\/uploads\/2024\/11\/photographe-mariage-belgique-blonde-couple-peniche.jpg\" data-size=\"1600x1067\" data-elementor-open-lightbox=\"no\">\n\t\t\t\t\t\t\t\t\t\t<div class=\"hover-zoom__inner\">\n\t\t\t\t\t\t\t\t\t\t\t<div class=\"hover-zoom__zoom\">\n\t\t\t\t\t\t\t\t\t\t\t\t\t\t\t\t\t<div class=\"section section-image figure-image\" data-arts-parallax=true data-arts-parallax-factor=0.1>\n\t\t\t\t\t\t\t\t\t\t\t\t\t\t<div class=\"section-image__wrapper overflow mask-reveal lazy\"  style=\"padding-bottom: calc( (1067 \/ 1600) * 100% ); height: 0;\">\n\t\t\t\t\t\t\t\t\t\t\t\t\t<div class=\"mask-reveal__layer mask-reveal__layer-1\">\n\t\t\t\t\t\t<div class=\"mask-reveal__layer mask-reveal__layer-2\">\n\t\t\t\t\t\t\t\t\t\t\t\t\t\t\t\t\t\t<img loading=\"lazy\" decoding=\"async\" class=\"\" src=\"data:image\/png;base64,iVBORw0KGgoAAAANSUhEUgAAAAEAAAABCAQAAAHCGzyUAAAABGdBTUEAALGPC\/xhBQAAADhlWElmTU0AKgAAAAgAAYdpAAQAAAABAAAAGgAAAAAAAqACAAQAAAABAAAAAaADAAQAAAABAAAAAQAAAADa6r\/EAAAAC0lEQVQI12NolQQAASYAn89qhTcAAAAASUVORK5CYII=\" data-id=\"2954\" data-src=\"https:\/\/www.david-olkarny.com\/wp-content\/uploads\/2024\/11\/photographe-mariage-belgique-blonde-couple-peniche.jpg\" width=\"1600\" height=\"1067\"  data-srcset=\"https:\/\/www.david-olkarny.com\/wp-content\/uploads\/2024\/11\/photographe-mariage-belgique-blonde-couple-peniche.jpg 1600w, https:\/\/www.david-olkarny.com\/wp-content\/uploads\/2024\/11\/photographe-mariage-belgique-blonde-couple-peniche-600x400.jpg 600w, https:\/\/www.david-olkarny.com\/wp-content\/uploads\/2024\/11\/photographe-mariage-belgique-blonde-couple-peniche-500x333.jpg 500w, https:\/\/www.david-olkarny.com\/wp-content\/uploads\/2024\/11\/photographe-mariage-belgique-blonde-couple-peniche-1200x800.jpg 1200w, https:\/\/www.david-olkarny.com\/wp-content\/uploads\/2024\/11\/photographe-mariage-belgique-blonde-couple-peniche-768x512.jpg 768w, https:\/\/www.david-olkarny.com\/wp-content\/uploads\/2024\/11\/photographe-mariage-belgique-blonde-couple-peniche-1536x1024.jpg 1536w\"   data-sizes=\"(max-width: 1600px) 100vw, 1600px\"  alt=\"photographe-mariage-belgique-blonde-couple-peniche\"\/>\n\t\t\t\t\t\t\t\t\t\t\t\t\t\t\t\t\t\t\t\t\t\t\t\t\t\t\t\t\t\t\t\t\t\t<\/div>\n\t\t\t\t\t<\/div>\n\t\t\t\t\t\t\t\t<\/div>\n\t\t\t\t\t\t\t\t\t\t\t\t\t\t<\/div>\n\t\t\t\t\t\t\t\t\t\t\t\t\t\t\t<\/div>\n\t\t\t\t\t\t\t\t\t\t<\/div>\n\t\t\t\t\t\t\t\t\t\t\t\t\t\t\t\t\t\t\t<\/a>\n\t\t\t\t\t\t\t\t<\/div>\n\t\t\t\t\t\t\t<\/div>\n\t\t\t\t\t\t\t\t\t\t\t\t\t\t\t\t\t\t\t\t<div class=\"grid__item js-grid__item grid__item_desktop-4 grid__item_tablet-6 grid__item_mobile-12 \">\n\t\t\t\t\t\t\t\t\t\t\t\t\t\t\t\t<div class=\"section-grid__item\">\n\t\t\t\t\t\t\t\t\t<a data-arts-cursor=\"true\" data-arts-cursor-scale=\"1.6\" data-arts-cursor-hide-native=\"true\" data-arts-cursor-icon=\"material-icons add\" class=\"hover-zoom grid__item-link\" href=\"https:\/\/www.david-olkarny.com\/wp-content\/uploads\/2024\/11\/photographe-mariage-belgique-amour-couple-nature.jpg\" data-size=\"1600x1067\" data-elementor-open-lightbox=\"no\">\n\t\t\t\t\t\t\t\t\t\t<div class=\"hover-zoom__inner\">\n\t\t\t\t\t\t\t\t\t\t\t<div class=\"hover-zoom__zoom\">\n\t\t\t\t\t\t\t\t\t\t\t\t\t\t\t\t\t<div class=\"section section-image figure-image\" data-arts-parallax=true data-arts-parallax-factor=0.1>\n\t\t\t\t\t\t\t\t\t\t\t\t\t\t<div class=\"section-image__wrapper overflow mask-reveal lazy\"  style=\"padding-bottom: calc( (1067 \/ 1600) * 100% ); height: 0;\">\n\t\t\t\t\t\t\t\t\t\t\t\t\t<div class=\"mask-reveal__layer mask-reveal__layer-1\">\n\t\t\t\t\t\t<div class=\"mask-reveal__layer mask-reveal__layer-2\">\n\t\t\t\t\t\t\t\t\t\t\t\t\t\t\t\t\t\t<img loading=\"lazy\" decoding=\"async\" class=\"\" src=\"data:image\/png;base64,iVBORw0KGgoAAAANSUhEUgAAAAEAAAABCAQAAAHCGzyUAAAABGdBTUEAALGPC\/xhBQAAADhlWElmTU0AKgAAAAgAAYdpAAQAAAABAAAAGgAAAAAAAqACAAQAAAABAAAAAaADAAQAAAABAAAAAQAAAADa6r\/EAAAAC0lEQVQI12NolQQAASYAn89qhTcAAAAASUVORK5CYII=\" data-id=\"2953\" data-src=\"https:\/\/www.david-olkarny.com\/wp-content\/uploads\/2024\/11\/photographe-mariage-belgique-amour-couple-nature.jpg\" width=\"1600\" height=\"1067\"  data-srcset=\"https:\/\/www.david-olkarny.com\/wp-content\/uploads\/2024\/11\/photographe-mariage-belgique-amour-couple-nature.jpg 1600w, https:\/\/www.david-olkarny.com\/wp-content\/uploads\/2024\/11\/photographe-mariage-belgique-amour-couple-nature-600x400.jpg 600w, https:\/\/www.david-olkarny.com\/wp-content\/uploads\/2024\/11\/photographe-mariage-belgique-amour-couple-nature-500x333.jpg 500w, https:\/\/www.david-olkarny.com\/wp-content\/uploads\/2024\/11\/photographe-mariage-belgique-amour-couple-nature-1200x800.jpg 1200w, https:\/\/www.david-olkarny.com\/wp-content\/uploads\/2024\/11\/photographe-mariage-belgique-amour-couple-nature-768x512.jpg 768w, https:\/\/www.david-olkarny.com\/wp-content\/uploads\/2024\/11\/photographe-mariage-belgique-amour-couple-nature-1536x1024.jpg 1536w\"   data-sizes=\"(max-width: 1600px) 100vw, 1600px\"  alt=\"photographe-mariage-belgique-amour-couple-nature\"\/>\n\t\t\t\t\t\t\t\t\t\t\t\t\t\t\t\t\t\t\t\t\t\t\t\t\t\t\t\t\t\t\t\t\t\t<\/div>\n\t\t\t\t\t<\/div>\n\t\t\t\t\t\t\t\t<\/div>\n\t\t\t\t\t\t\t\t\t\t\t\t\t\t<\/div>\n\t\t\t\t\t\t\t\t\t\t\t\t\t\t\t<\/div>\n\t\t\t\t\t\t\t\t\t\t<\/div>\n\t\t\t\t\t\t\t\t\t\t\t\t\t\t\t\t\t\t\t<\/a>\n\t\t\t\t\t\t\t\t<\/div>\n\t\t\t\t\t\t\t<\/div>\n\t\t\t\t\t\t\t\t\t\t\t\t\t\t\t\t\t\t\t\t<div class=\"grid__item js-grid__item grid__item_desktop-4 grid__item_tablet-6 grid__item_mobile-12 \">\n\t\t\t\t\t\t\t\t\t\t\t\t\t\t\t\t<div class=\"section-grid__item\">\n\t\t\t\t\t\t\t\t\t<a data-arts-cursor=\"true\" data-arts-cursor-scale=\"1.6\" data-arts-cursor-hide-native=\"true\" data-arts-cursor-icon=\"material-icons add\" class=\"hover-zoom grid__item-link\" href=\"https:\/\/www.david-olkarny.com\/wp-content\/uploads\/2024\/11\/photographe-mariage-belgique-alliance-couple-nature.jpg\" data-size=\"1067x1600\" data-elementor-open-lightbox=\"no\">\n\t\t\t\t\t\t\t\t\t\t<div class=\"hover-zoom__inner\">\n\t\t\t\t\t\t\t\t\t\t\t<div class=\"hover-zoom__zoom\">\n\t\t\t\t\t\t\t\t\t\t\t\t\t\t\t\t\t<div class=\"section section-image figure-image\" data-arts-parallax=true data-arts-parallax-factor=0.1>\n\t\t\t\t\t\t\t\t\t\t\t\t\t\t<div class=\"section-image__wrapper overflow mask-reveal lazy\"  style=\"padding-bottom: calc( (1600 \/ 1067) * 100% ); height: 0;\">\n\t\t\t\t\t\t\t\t\t\t\t\t\t<div class=\"mask-reveal__layer mask-reveal__layer-1\">\n\t\t\t\t\t\t<div class=\"mask-reveal__layer mask-reveal__layer-2\">\n\t\t\t\t\t\t\t\t\t\t\t\t\t\t\t\t\t\t<img loading=\"lazy\" decoding=\"async\" class=\"\" src=\"data:image\/png;base64,iVBORw0KGgoAAAANSUhEUgAAAAEAAAABCAQAAAHCGzyUAAAABGdBTUEAALGPC\/xhBQAAADhlWElmTU0AKgAAAAgAAYdpAAQAAAABAAAAGgAAAAAAAqACAAQAAAABAAAAAaADAAQAAAABAAAAAQAAAADa6r\/EAAAAC0lEQVQI12NolQQAASYAn89qhTcAAAAASUVORK5CYII=\" data-id=\"2952\" data-src=\"https:\/\/www.david-olkarny.com\/wp-content\/uploads\/2024\/11\/photographe-mariage-belgique-alliance-couple-nature.jpg\" width=\"1067\" height=\"1600\"  data-srcset=\"https:\/\/www.david-olkarny.com\/wp-content\/uploads\/2024\/11\/photographe-mariage-belgique-alliance-couple-nature.jpg 1067w, https:\/\/www.david-olkarny.com\/wp-content\/uploads\/2024\/11\/photographe-mariage-belgique-alliance-couple-nature-600x900.jpg 600w, https:\/\/www.david-olkarny.com\/wp-content\/uploads\/2024\/11\/photographe-mariage-belgique-alliance-couple-nature-333x500.jpg 333w, https:\/\/www.david-olkarny.com\/wp-content\/uploads\/2024\/11\/photographe-mariage-belgique-alliance-couple-nature-800x1200.jpg 800w, https:\/\/www.david-olkarny.com\/wp-content\/uploads\/2024\/11\/photographe-mariage-belgique-alliance-couple-nature-768x1152.jpg 768w, https:\/\/www.david-olkarny.com\/wp-content\/uploads\/2024\/11\/photographe-mariage-belgique-alliance-couple-nature-1024x1536.jpg 1024w\"   data-sizes=\"(max-width: 1067px) 100vw, 1067px\"  alt=\"photographe-mariage-belgique-alliance-couple-nature\"\/>\n\t\t\t\t\t\t\t\t\t\t\t\t\t\t\t\t\t\t\t\t\t\t\t\t\t\t\t\t\t\t\t\t\t\t<\/div>\n\t\t\t\t\t<\/div>\n\t\t\t\t\t\t\t\t<\/div>\n\t\t\t\t\t\t\t\t\t\t\t\t\t\t<\/div>\n\t\t\t\t\t\t\t\t\t\t\t\t\t\t\t<\/div>\n\t\t\t\t\t\t\t\t\t\t<\/div>\n\t\t\t\t\t\t\t\t\t\t\t\t\t\t\t\t\t\t\t<\/a>\n\t\t\t\t\t\t\t\t<\/div>\n\t\t\t\t\t\t\t<\/div>\n\t\t\t\t\t\t\t\t\t\t\t\t\t\t\t\t\t\t\t\t<div class=\"grid__item js-grid__item grid__item_desktop-4 grid__item_tablet-6 grid__item_mobile-12 \">\n\t\t\t\t\t\t\t\t\t\t\t\t\t\t\t\t<div class=\"section-grid__item\">\n\t\t\t\t\t\t\t\t\t<a data-arts-cursor=\"true\" data-arts-cursor-scale=\"1.6\" data-arts-cursor-hide-native=\"true\" data-arts-cursor-icon=\"material-icons add\" class=\"hover-zoom grid__item-link\" href=\"https:\/\/www.david-olkarny.com\/wp-content\/uploads\/2024\/11\/photographe-couple-amour-robe-chateau.jpg\" data-size=\"1600x1067\" data-elementor-open-lightbox=\"no\">\n\t\t\t\t\t\t\t\t\t\t<div class=\"hover-zoom__inner\">\n\t\t\t\t\t\t\t\t\t\t\t<div class=\"hover-zoom__zoom\">\n\t\t\t\t\t\t\t\t\t\t\t\t\t\t\t\t\t<div class=\"section section-image figure-image\" data-arts-parallax=true data-arts-parallax-factor=0.1>\n\t\t\t\t\t\t\t\t\t\t\t\t\t\t<div class=\"section-image__wrapper overflow mask-reveal lazy\"  style=\"padding-bottom: calc( (1067 \/ 1600) * 100% ); height: 0;\">\n\t\t\t\t\t\t\t\t\t\t\t\t\t<div class=\"mask-reveal__layer mask-reveal__layer-1\">\n\t\t\t\t\t\t<div class=\"mask-reveal__layer mask-reveal__layer-2\">\n\t\t\t\t\t\t\t\t\t\t\t\t\t\t\t\t\t\t<img loading=\"lazy\" decoding=\"async\" class=\"\" src=\"data:image\/png;base64,iVBORw0KGgoAAAANSUhEUgAAAAEAAAABCAQAAAHCGzyUAAAABGdBTUEAALGPC\/xhBQAAADhlWElmTU0AKgAAAAgAAYdpAAQAAAABAAAAGgAAAAAAAqACAAQAAAABAAAAAaADAAQAAAABAAAAAQAAAADa6r\/EAAAAC0lEQVQI12NolQQAASYAn89qhTcAAAAASUVORK5CYII=\" data-id=\"2951\" data-src=\"https:\/\/www.david-olkarny.com\/wp-content\/uploads\/2024\/11\/photographe-couple-amour-robe-chateau.jpg\" width=\"1600\" height=\"1067\"  data-srcset=\"https:\/\/www.david-olkarny.com\/wp-content\/uploads\/2024\/11\/photographe-couple-amour-robe-chateau.jpg 1600w, https:\/\/www.david-olkarny.com\/wp-content\/uploads\/2024\/11\/photographe-couple-amour-robe-chateau-600x400.jpg 600w, https:\/\/www.david-olkarny.com\/wp-content\/uploads\/2024\/11\/photographe-couple-amour-robe-chateau-500x333.jpg 500w, https:\/\/www.david-olkarny.com\/wp-content\/uploads\/2024\/11\/photographe-couple-amour-robe-chateau-1200x800.jpg 1200w, https:\/\/www.david-olkarny.com\/wp-content\/uploads\/2024\/11\/photographe-couple-amour-robe-chateau-768x512.jpg 768w, https:\/\/www.david-olkarny.com\/wp-content\/uploads\/2024\/11\/photographe-couple-amour-robe-chateau-1536x1024.jpg 1536w\"   data-sizes=\"(max-width: 1600px) 100vw, 1600px\"  alt=\"photographe-couple-amour-robe-chateau\"\/>\n\t\t\t\t\t\t\t\t\t\t\t\t\t\t\t\t\t\t\t\t\t\t\t\t\t\t\t\t\t\t\t\t\t\t<\/div>\n\t\t\t\t\t<\/div>\n\t\t\t\t\t\t\t\t<\/div>\n\t\t\t\t\t\t\t\t\t\t\t\t\t\t<\/div>\n\t\t\t\t\t\t\t\t\t\t\t\t\t\t\t<\/div>\n\t\t\t\t\t\t\t\t\t\t<\/div>\n\t\t\t\t\t\t\t\t\t\t\t\t\t\t\t\t\t\t\t<\/a>\n\t\t\t\t\t\t\t\t<\/div>\n\t\t\t\t\t\t\t<\/div>\n\t\t\t\t\t\t\t\t\t\t\t\t\t\t\t\t\t\t\t\t<div class=\"grid__item js-grid__item grid__item_desktop-4 grid__item_tablet-6 grid__item_mobile-12 \">\n\t\t\t\t\t\t\t\t\t\t\t\t\t\t\t\t<div class=\"section-grid__item\">\n\t\t\t\t\t\t\t\t\t<a data-arts-cursor=\"true\" data-arts-cursor-scale=\"1.6\" data-arts-cursor-hide-native=\"true\" data-arts-cursor-icon=\"material-icons add\" class=\"hover-zoom grid__item-link\" href=\"https:\/\/www.david-olkarny.com\/wp-content\/uploads\/2024\/11\/surreel-photoshop-feerie-ville-vertige-femme.jpg\" data-size=\"1600x1088\" data-elementor-open-lightbox=\"no\">\n\t\t\t\t\t\t\t\t\t\t<div class=\"hover-zoom__inner\">\n\t\t\t\t\t\t\t\t\t\t\t<div class=\"hover-zoom__zoom\">\n\t\t\t\t\t\t\t\t\t\t\t\t\t\t\t\t\t<div class=\"section section-image figure-image\" data-arts-parallax=true data-arts-parallax-factor=0.1>\n\t\t\t\t\t\t\t\t\t\t\t\t\t\t<div class=\"section-image__wrapper overflow mask-reveal lazy\"  style=\"padding-bottom: calc( (1088 \/ 1600) * 100% ); height: 0;\">\n\t\t\t\t\t\t\t\t\t\t\t\t\t<div class=\"mask-reveal__layer mask-reveal__layer-1\">\n\t\t\t\t\t\t<div class=\"mask-reveal__layer mask-reveal__layer-2\">\n\t\t\t\t\t\t\t\t\t\t\t\t\t\t\t\t\t\t<img loading=\"lazy\" decoding=\"async\" class=\"\" src=\"data:image\/png;base64,iVBORw0KGgoAAAANSUhEUgAAAAEAAAABCAQAAAHCGzyUAAAABGdBTUEAALGPC\/xhBQAAADhlWElmTU0AKgAAAAgAAYdpAAQAAAABAAAAGgAAAAAAAqACAAQAAAABAAAAAaADAAQAAAABAAAAAQAAAADa6r\/EAAAAC0lEQVQI12NolQQAASYAn89qhTcAAAAASUVORK5CYII=\" data-id=\"2950\" data-src=\"https:\/\/www.david-olkarny.com\/wp-content\/uploads\/2024\/11\/surreel-photoshop-feerie-ville-vertige-femme.jpg\" width=\"1600\" height=\"1088\"  data-srcset=\"https:\/\/www.david-olkarny.com\/wp-content\/uploads\/2024\/11\/surreel-photoshop-feerie-ville-vertige-femme.jpg 1600w, https:\/\/www.david-olkarny.com\/wp-content\/uploads\/2024\/11\/surreel-photoshop-feerie-ville-vertige-femme-600x408.jpg 600w, https:\/\/www.david-olkarny.com\/wp-content\/uploads\/2024\/11\/surreel-photoshop-feerie-ville-vertige-femme-500x340.jpg 500w, https:\/\/www.david-olkarny.com\/wp-content\/uploads\/2024\/11\/surreel-photoshop-feerie-ville-vertige-femme-1200x816.jpg 1200w, https:\/\/www.david-olkarny.com\/wp-content\/uploads\/2024\/11\/surreel-photoshop-feerie-ville-vertige-femme-768x522.jpg 768w, https:\/\/www.david-olkarny.com\/wp-content\/uploads\/2024\/11\/surreel-photoshop-feerie-ville-vertige-femme-1536x1044.jpg 1536w\"   data-sizes=\"(max-width: 1600px) 100vw, 1600px\"  alt=\"surreel-photoshop-feerie-ville-vertige-femme\"\/>\n\t\t\t\t\t\t\t\t\t\t\t\t\t\t\t\t\t\t\t\t\t\t\t\t\t\t\t\t\t\t\t\t\t\t<\/div>\n\t\t\t\t\t<\/div>\n\t\t\t\t\t\t\t\t<\/div>\n\t\t\t\t\t\t\t\t\t\t\t\t\t\t<\/div>\n\t\t\t\t\t\t\t\t\t\t\t\t\t\t\t<\/div>\n\t\t\t\t\t\t\t\t\t\t<\/div>\n\t\t\t\t\t\t\t\t\t\t\t\t\t\t\t\t\t\t\t<\/a>\n\t\t\t\t\t\t\t\t<\/div>\n\t\t\t\t\t\t\t<\/div>\n\t\t\t\t\t\t\t\t\t\t\t\t\t\t\t\t\t\t\t\t<div class=\"grid__item js-grid__item grid__item_desktop-4 grid__item_tablet-6 grid__item_mobile-12 \">\n\t\t\t\t\t\t\t\t\t\t\t\t\t\t\t\t<div class=\"section-grid__item\">\n\t\t\t\t\t\t\t\t\t<a data-arts-cursor=\"true\" data-arts-cursor-scale=\"1.6\" data-arts-cursor-hide-native=\"true\" data-arts-cursor-icon=\"material-icons add\" class=\"hover-zoom grid__item-link\" href=\"https:\/\/www.david-olkarny.com\/wp-content\/uploads\/2024\/11\/surreel-photoshop-feerie-lion-homme.jpg\" data-size=\"1496x1600\" data-elementor-open-lightbox=\"no\">\n\t\t\t\t\t\t\t\t\t\t<div class=\"hover-zoom__inner\">\n\t\t\t\t\t\t\t\t\t\t\t<div class=\"hover-zoom__zoom\">\n\t\t\t\t\t\t\t\t\t\t\t\t\t\t\t\t\t<div class=\"section section-image figure-image\" data-arts-parallax=true data-arts-parallax-factor=0.1>\n\t\t\t\t\t\t\t\t\t\t\t\t\t\t<div class=\"section-image__wrapper overflow mask-reveal lazy\"  style=\"padding-bottom: calc( (1600 \/ 1496) * 100% ); height: 0;\">\n\t\t\t\t\t\t\t\t\t\t\t\t\t<div class=\"mask-reveal__layer mask-reveal__layer-1\">\n\t\t\t\t\t\t<div class=\"mask-reveal__layer mask-reveal__layer-2\">\n\t\t\t\t\t\t\t\t\t\t\t\t\t\t\t\t\t\t<img loading=\"lazy\" decoding=\"async\" class=\"\" src=\"data:image\/png;base64,iVBORw0KGgoAAAANSUhEUgAAAAEAAAABCAQAAAHCGzyUAAAABGdBTUEAALGPC\/xhBQAAADhlWElmTU0AKgAAAAgAAYdpAAQAAAABAAAAGgAAAAAAAqACAAQAAAABAAAAAaADAAQAAAABAAAAAQAAAADa6r\/EAAAAC0lEQVQI12NolQQAASYAn89qhTcAAAAASUVORK5CYII=\" data-id=\"2949\" data-src=\"https:\/\/www.david-olkarny.com\/wp-content\/uploads\/2024\/11\/surreel-photoshop-feerie-lion-homme.jpg\" width=\"1496\" height=\"1600\"  data-srcset=\"https:\/\/www.david-olkarny.com\/wp-content\/uploads\/2024\/11\/surreel-photoshop-feerie-lion-homme.jpg 1496w, https:\/\/www.david-olkarny.com\/wp-content\/uploads\/2024\/11\/surreel-photoshop-feerie-lion-homme-600x642.jpg 600w, https:\/\/www.david-olkarny.com\/wp-content\/uploads\/2024\/11\/surreel-photoshop-feerie-lion-homme-468x500.jpg 468w, https:\/\/www.david-olkarny.com\/wp-content\/uploads\/2024\/11\/surreel-photoshop-feerie-lion-homme-1122x1200.jpg 1122w, https:\/\/www.david-olkarny.com\/wp-content\/uploads\/2024\/11\/surreel-photoshop-feerie-lion-homme-768x821.jpg 768w, https:\/\/www.david-olkarny.com\/wp-content\/uploads\/2024\/11\/surreel-photoshop-feerie-lion-homme-1436x1536.jpg 1436w\"   data-sizes=\"(max-width: 1496px) 100vw, 1496px\"  alt=\"surreel-photoshop-feerie-lion-homme\"\/>\n\t\t\t\t\t\t\t\t\t\t\t\t\t\t\t\t\t\t\t\t\t\t\t\t\t\t\t\t\t\t\t\t\t\t<\/div>\n\t\t\t\t\t<\/div>\n\t\t\t\t\t\t\t\t<\/div>\n\t\t\t\t\t\t\t\t\t\t\t\t\t\t<\/div>\n\t\t\t\t\t\t\t\t\t\t\t\t\t\t\t<\/div>\n\t\t\t\t\t\t\t\t\t\t<\/div>\n\t\t\t\t\t\t\t\t\t\t\t\t\t\t\t\t\t\t\t<\/a>\n\t\t\t\t\t\t\t\t<\/div>\n\t\t\t\t\t\t\t<\/div>\n\t\t\t\t\t\t\t\t\t\t<\/div>\n\t\t\t<\/div>\n\t\t\n\t\t\t\t\t\t<\/div>\n\t\t\t\t<\/div>\n\t\t\t\t<\/div>\n\t\t\t\t\t<\/div>\n\t\t\t\t<\/div>\n\t\t\t\t<\/div>\n\t\t","protected":false},"excerpt":{"rendered":"<p>PORTFOLIO Wedding Photographer Your wedding deserves memories that reflect the significance of your story. My values Attentive and caring, what drives me is telling your story through my images. As a wedding photographer in Brussels, I know how to blend into the background and make you feel comfortable, capturing stolen moments, spontaneity, and authenticity. The [&hellip;]<\/p>\n","protected":false},"author":2,"featured_media":6742,"parent":0,"menu_order":0,"comment_status":"closed","ping_status":"closed","template":"","meta":{"_acf_changed":false,"footnotes":""},"class_list":["post-6945","page","type-page","status-publish","has-post-thumbnail","hentry"],"acf":[],"yoast_head":"<!-- This site is optimized with the Yoast SEO plugin v27.4 - https:\/\/yoast.com\/product\/yoast-seo-wordpress\/ -->\n<title>Photographer Wedding Brussels - David Olkarny<\/title>\n<meta name=\"description\" content=\"As a wedding photographer in Brussels, I know how to blend into the background and make you feel comfortable, capturing stolen moments, spontaneity, and authenticity.\" \/>\n<meta name=\"robots\" content=\"index, follow, max-snippet:-1, max-image-preview:large, max-video-preview:-1\" \/>\n<link rel=\"canonical\" href=\"https:\/\/www.david-olkarny.com\/en\/wedding\/\" \/>\n<meta property=\"og:locale\" content=\"en_US\" \/>\n<meta property=\"og:type\" content=\"article\" \/>\n<meta property=\"og:title\" content=\"Photographer Wedding Brussels - David Olkarny\" \/>\n<meta property=\"og:description\" content=\"As a wedding photographer in Brussels, I know how to blend into the background and make you feel comfortable, capturing stolen moments, spontaneity, and authenticity.\" \/>\n<meta property=\"og:url\" content=\"https:\/\/www.david-olkarny.com\/en\/wedding\/\" \/>\n<meta property=\"og:site_name\" content=\"David Olkarny\" \/>\n<meta property=\"article:modified_time\" content=\"2026-03-22T22:21:13+00:00\" \/>\n<meta property=\"og:image\" content=\"https:\/\/www.david-olkarny.com\/wp-content\/uploads\/2026\/02\/photographe-mariage-belgique-couple-ruelle-bonheur-robe.jpg\" \/>\n\t<meta property=\"og:image:width\" content=\"1600\" \/>\n\t<meta property=\"og:image:height\" content=\"1102\" \/>\n\t<meta property=\"og:image:type\" content=\"image\/jpeg\" \/>\n<meta name=\"twitter:card\" content=\"summary_large_image\" \/>\n<meta name=\"twitter:label1\" content=\"Est. reading time\" \/>\n\t<meta name=\"twitter:data1\" content=\"31 minutes\" \/>\n<script type=\"application\/ld+json\" class=\"yoast-schema-graph\">{\"@context\":\"https:\\\/\\\/schema.org\",\"@graph\":[{\"@type\":\"WebPage\",\"@id\":\"https:\\\/\\\/www.david-olkarny.com\\\/en\\\/wedding\\\/\",\"url\":\"https:\\\/\\\/www.david-olkarny.com\\\/en\\\/wedding\\\/\",\"name\":\"Photographer Wedding Brussels - David Olkarny\",\"isPartOf\":{\"@id\":\"https:\\\/\\\/www.david-olkarny.com\\\/en\\\/#website\"},\"primaryImageOfPage\":{\"@id\":\"https:\\\/\\\/www.david-olkarny.com\\\/en\\\/wedding\\\/#primaryimage\"},\"image\":{\"@id\":\"https:\\\/\\\/www.david-olkarny.com\\\/en\\\/wedding\\\/#primaryimage\"},\"thumbnailUrl\":\"https:\\\/\\\/www.david-olkarny.com\\\/wp-content\\\/uploads\\\/2026\\\/02\\\/photographe-mariage-belgique-couple-ruelle-bonheur-robe.jpg\",\"datePublished\":\"2026-02-27T17:55:07+00:00\",\"dateModified\":\"2026-03-22T22:21:13+00:00\",\"description\":\"As a wedding photographer in Brussels, I know how to blend into the background and make you feel comfortable, capturing stolen moments, spontaneity, and authenticity.\",\"breadcrumb\":{\"@id\":\"https:\\\/\\\/www.david-olkarny.com\\\/en\\\/wedding\\\/#breadcrumb\"},\"inLanguage\":\"en-US\",\"potentialAction\":[{\"@type\":\"ReadAction\",\"target\":[\"https:\\\/\\\/www.david-olkarny.com\\\/en\\\/wedding\\\/\"]}]},{\"@type\":\"ImageObject\",\"inLanguage\":\"en-US\",\"@id\":\"https:\\\/\\\/www.david-olkarny.com\\\/en\\\/wedding\\\/#primaryimage\",\"url\":\"https:\\\/\\\/www.david-olkarny.com\\\/wp-content\\\/uploads\\\/2026\\\/02\\\/photographe-mariage-belgique-couple-ruelle-bonheur-robe.jpg\",\"contentUrl\":\"https:\\\/\\\/www.david-olkarny.com\\\/wp-content\\\/uploads\\\/2026\\\/02\\\/photographe-mariage-belgique-couple-ruelle-bonheur-robe.jpg\",\"width\":1600,\"height\":1102},{\"@type\":\"BreadcrumbList\",\"@id\":\"https:\\\/\\\/www.david-olkarny.com\\\/en\\\/wedding\\\/#breadcrumb\",\"itemListElement\":[{\"@type\":\"ListItem\",\"position\":1,\"name\":\"Accueil\",\"item\":\"https:\\\/\\\/www.david-olkarny.com\\\/en\\\/\"},{\"@type\":\"ListItem\",\"position\":2,\"name\":\"Wedding\"}]},{\"@type\":\"WebSite\",\"@id\":\"https:\\\/\\\/www.david-olkarny.com\\\/en\\\/#website\",\"url\":\"https:\\\/\\\/www.david-olkarny.com\\\/en\\\/\",\"name\":\"David Olkarny\",\"description\":\"Photographe Bruxelles | Portrait Mariage Grossesse Culinaire | Formations\",\"publisher\":{\"@id\":\"https:\\\/\\\/www.david-olkarny.com\\\/en\\\/#\\\/schema\\\/person\\\/8129436ab9e407a71005d17d6878cf72\"},\"potentialAction\":[{\"@type\":\"SearchAction\",\"target\":{\"@type\":\"EntryPoint\",\"urlTemplate\":\"https:\\\/\\\/www.david-olkarny.com\\\/en\\\/?s={search_term_string}\"},\"query-input\":{\"@type\":\"PropertyValueSpecification\",\"valueRequired\":true,\"valueName\":\"search_term_string\"}}],\"inLanguage\":\"en-US\"},{\"@type\":[\"Person\",\"Organization\"],\"@id\":\"https:\\\/\\\/www.david-olkarny.com\\\/en\\\/#\\\/schema\\\/person\\\/8129436ab9e407a71005d17d6878cf72\",\"name\":\"David Olkarny\",\"image\":{\"@type\":\"ImageObject\",\"inLanguage\":\"en-US\",\"@id\":\"https:\\\/\\\/www.david-olkarny.com\\\/wp-content\\\/uploads\\\/2026\\\/03\\\/FRENCH-BLACK-LOGO-TEXT.png\",\"url\":\"https:\\\/\\\/www.david-olkarny.com\\\/wp-content\\\/uploads\\\/2026\\\/03\\\/FRENCH-BLACK-LOGO-TEXT.png\",\"contentUrl\":\"https:\\\/\\\/www.david-olkarny.com\\\/wp-content\\\/uploads\\\/2026\\\/03\\\/FRENCH-BLACK-LOGO-TEXT.png\",\"width\":1393,\"height\":137,\"caption\":\"David Olkarny\"},\"logo\":{\"@id\":\"https:\\\/\\\/www.david-olkarny.com\\\/wp-content\\\/uploads\\\/2026\\\/03\\\/FRENCH-BLACK-LOGO-TEXT.png\"}}]}<\/script>\n<!-- \/ Yoast SEO plugin. -->","yoast_head_json":{"title":"Photographer Wedding Brussels - David Olkarny","description":"As a wedding photographer in Brussels, I know how to blend into the background and make you feel comfortable, capturing stolen moments, spontaneity, and authenticity.","robots":{"index":"index","follow":"follow","max-snippet":"max-snippet:-1","max-image-preview":"max-image-preview:large","max-video-preview":"max-video-preview:-1"},"canonical":"https:\/\/www.david-olkarny.com\/en\/wedding\/","og_locale":"en_US","og_type":"article","og_title":"Photographer Wedding Brussels - David Olkarny","og_description":"As a wedding photographer in Brussels, I know how to blend into the background and make you feel comfortable, capturing stolen moments, spontaneity, and authenticity.","og_url":"https:\/\/www.david-olkarny.com\/en\/wedding\/","og_site_name":"David Olkarny","article_modified_time":"2026-03-22T22:21:13+00:00","og_image":[{"width":1600,"height":1102,"url":"https:\/\/www.david-olkarny.com\/wp-content\/uploads\/2026\/02\/photographe-mariage-belgique-couple-ruelle-bonheur-robe.jpg","type":"image\/jpeg"}],"twitter_card":"summary_large_image","twitter_misc":{"Est. reading time":"31 minutes"},"schema":{"@context":"https:\/\/schema.org","@graph":[{"@type":"WebPage","@id":"https:\/\/www.david-olkarny.com\/en\/wedding\/","url":"https:\/\/www.david-olkarny.com\/en\/wedding\/","name":"Photographer Wedding Brussels - David Olkarny","isPartOf":{"@id":"https:\/\/www.david-olkarny.com\/en\/#website"},"primaryImageOfPage":{"@id":"https:\/\/www.david-olkarny.com\/en\/wedding\/#primaryimage"},"image":{"@id":"https:\/\/www.david-olkarny.com\/en\/wedding\/#primaryimage"},"thumbnailUrl":"https:\/\/www.david-olkarny.com\/wp-content\/uploads\/2026\/02\/photographe-mariage-belgique-couple-ruelle-bonheur-robe.jpg","datePublished":"2026-02-27T17:55:07+00:00","dateModified":"2026-03-22T22:21:13+00:00","description":"As a wedding photographer in Brussels, I know how to blend into the background and make you feel comfortable, capturing stolen moments, spontaneity, and authenticity.","breadcrumb":{"@id":"https:\/\/www.david-olkarny.com\/en\/wedding\/#breadcrumb"},"inLanguage":"en-US","potentialAction":[{"@type":"ReadAction","target":["https:\/\/www.david-olkarny.com\/en\/wedding\/"]}]},{"@type":"ImageObject","inLanguage":"en-US","@id":"https:\/\/www.david-olkarny.com\/en\/wedding\/#primaryimage","url":"https:\/\/www.david-olkarny.com\/wp-content\/uploads\/2026\/02\/photographe-mariage-belgique-couple-ruelle-bonheur-robe.jpg","contentUrl":"https:\/\/www.david-olkarny.com\/wp-content\/uploads\/2026\/02\/photographe-mariage-belgique-couple-ruelle-bonheur-robe.jpg","width":1600,"height":1102},{"@type":"BreadcrumbList","@id":"https:\/\/www.david-olkarny.com\/en\/wedding\/#breadcrumb","itemListElement":[{"@type":"ListItem","position":1,"name":"Accueil","item":"https:\/\/www.david-olkarny.com\/en\/"},{"@type":"ListItem","position":2,"name":"Wedding"}]},{"@type":"WebSite","@id":"https:\/\/www.david-olkarny.com\/en\/#website","url":"https:\/\/www.david-olkarny.com\/en\/","name":"David Olkarny","description":"Photographe Bruxelles | Portrait Mariage Grossesse Culinaire | Formations","publisher":{"@id":"https:\/\/www.david-olkarny.com\/en\/#\/schema\/person\/8129436ab9e407a71005d17d6878cf72"},"potentialAction":[{"@type":"SearchAction","target":{"@type":"EntryPoint","urlTemplate":"https:\/\/www.david-olkarny.com\/en\/?s={search_term_string}"},"query-input":{"@type":"PropertyValueSpecification","valueRequired":true,"valueName":"search_term_string"}}],"inLanguage":"en-US"},{"@type":["Person","Organization"],"@id":"https:\/\/www.david-olkarny.com\/en\/#\/schema\/person\/8129436ab9e407a71005d17d6878cf72","name":"David Olkarny","image":{"@type":"ImageObject","inLanguage":"en-US","@id":"https:\/\/www.david-olkarny.com\/wp-content\/uploads\/2026\/03\/FRENCH-BLACK-LOGO-TEXT.png","url":"https:\/\/www.david-olkarny.com\/wp-content\/uploads\/2026\/03\/FRENCH-BLACK-LOGO-TEXT.png","contentUrl":"https:\/\/www.david-olkarny.com\/wp-content\/uploads\/2026\/03\/FRENCH-BLACK-LOGO-TEXT.png","width":1393,"height":137,"caption":"David Olkarny"},"logo":{"@id":"https:\/\/www.david-olkarny.com\/wp-content\/uploads\/2026\/03\/FRENCH-BLACK-LOGO-TEXT.png"}}]}},"_links":{"self":[{"href":"https:\/\/www.david-olkarny.com\/en\/wp-json\/wp\/v2\/pages\/6945","targetHints":{"allow":["GET"]}}],"collection":[{"href":"https:\/\/www.david-olkarny.com\/en\/wp-json\/wp\/v2\/pages"}],"about":[{"href":"https:\/\/www.david-olkarny.com\/en\/wp-json\/wp\/v2\/types\/page"}],"author":[{"embeddable":true,"href":"https:\/\/www.david-olkarny.com\/en\/wp-json\/wp\/v2\/users\/2"}],"replies":[{"embeddable":true,"href":"https:\/\/www.david-olkarny.com\/en\/wp-json\/wp\/v2\/comments?post=6945"}],"version-history":[{"count":0,"href":"https:\/\/www.david-olkarny.com\/en\/wp-json\/wp\/v2\/pages\/6945\/revisions"}],"wp:featuredmedia":[{"embeddable":true,"href":"https:\/\/www.david-olkarny.com\/en\/wp-json\/wp\/v2\/media\/6742"}],"wp:attachment":[{"href":"https:\/\/www.david-olkarny.com\/en\/wp-json\/wp\/v2\/media?parent=6945"}],"curies":[{"name":"wp","href":"https:\/\/api.w.org\/{rel}","templated":true}]}}